{"id":62,"date":"2013-08-28T18:00:44","date_gmt":"2013-08-28T16:00:44","guid":{"rendered":"http:\/\/wp.kristdemokraterna.se\/trosa\/?page_id=62"},"modified":"2026-03-06T15:25:15","modified_gmt":"2026-03-06T14:25:15","slug":"vara-politiker","status":"publish","type":"page","link":"https:\/\/wp.kristdemokraterna.se\/trosa\/vara-politiker\/","title":{"rendered":"V\u00e5ra politiker"},"content":{"rendered":"<p><a href=\"https:\/\/wp.kristdemokraterna.se\/trosa\/vara-politiker\/anders-sommar1-2\/\" rel=\"attachment wp-att-284\"><img loading=\"lazy\" decoding=\"async\" class=\"alignnone wp-image-284 size-medium\" src=\"http:\/\/wp.kristdemokraterna.se\/trosa\/files\/2023\/05\/anders_sommar1-1-scaled-e1683481723492-300x238.jpg\" alt=\"\" width=\"300\" height=\"238\" srcset=\"https:\/\/wp.kristdemokraterna.se\/trosa\/files\/2023\/05\/anders_sommar1-1-scaled-e1683481723492-300x238.jpg 300w, https:\/\/wp.kristdemokraterna.se\/trosa\/files\/2023\/05\/anders_sommar1-1-scaled-e1683481723492-540x428.jpg 540w, https:\/\/wp.kristdemokraterna.se\/trosa\/files\/2023\/05\/anders_sommar1-1-scaled-e1683481723492-768x608.jpg 768w, https:\/\/wp.kristdemokraterna.se\/trosa\/files\/2023\/05\/anders_sommar1-1-scaled-e1683481723492-1536x1217.jpg 1536w, https:\/\/wp.kristdemokraterna.se\/trosa\/files\/2023\/05\/anders_sommar1-1-scaled-e1683481723492-2048x1622.jpg 2048w, https:\/\/wp.kristdemokraterna.se\/trosa\/files\/2023\/05\/anders_sommar1-1-scaled-e1683481723492-252x200.jpg 252w, https:\/\/wp.kristdemokraterna.se\/trosa\/files\/2023\/05\/anders_sommar1-1-scaled-e1683481723492-370x293.jpg 370w, https:\/\/wp.kristdemokraterna.se\/trosa\/files\/2023\/05\/anders_sommar1-1-scaled-e1683481723492-770x610.jpg 770w, https:\/\/wp.kristdemokraterna.se\/trosa\/files\/2023\/05\/anders_sommar1-1-scaled-e1683481723492-450x356.jpg 450w, https:\/\/wp.kristdemokraterna.se\/trosa\/files\/2023\/05\/anders_sommar1-1-scaled-e1683481723492-280x222.jpg 280w, https:\/\/wp.kristdemokraterna.se\/trosa\/files\/2023\/05\/anders_sommar1-1-scaled-e1683481723492-340x269.jpg 340w, https:\/\/wp.kristdemokraterna.se\/trosa\/files\/2023\/05\/anders_sommar1-1-scaled-e1683481723492-200x158.jpg 200w, https:\/\/wp.kristdemokraterna.se\/trosa\/files\/2023\/05\/anders_sommar1-1-scaled-e1683481723492-71x56.jpg 71w\" sizes=\"auto, (max-width: 300px) 100vw, 300px\" \/><\/a><\/p>\n<p><strong>Anders Tholerud, gruppledare<br \/>\n<\/strong><a href=\"http:\/\/troint.trosa.se\/troint\/detail_namndstyrelse.asp?namnd=MILJ%D6\">Milj\u00f6n\u00e4mnden\u00a0<\/a>&#8211; ordf\u00f6rande<br \/>\n<a href=\"http:\/\/troint.trosa.se\/troint\/detail_namndstyrelse.asp?namnd=VON\">V\u00e5rd- och omsorgsn\u00e4mnden\u00a0<\/a>&#8211; ers\u00e4ttare<br \/>\n<a href=\"http:\/\/troint.trosa.se\/troint\/detail_namndstyrelse.asp?namnd=KS\">Kommunstyrelsen\u00a0<\/a>&#8211; ledamot<br \/>\n<a href=\"http:\/\/troint.trosa.se\/troint\/detail_namndstyrelse.asp?namnd=KS%20plan\">Kommunstyrelsens planutskott\u00a0<\/a>&#8211; ers\u00e4ttare<br \/>\n<a href=\"http:\/\/troint.trosa.se\/troint\/detail_namndstyrelse.asp?namnd=KF\">Kommunfullm\u00e4ktige\u00a0<\/a>&#8211; ledamot<\/p>\n<p style=\"text-align: left\"><a href=\"https:\/\/wp.kristdemokraterna.se\/trosa\/vara-politiker\/img-9417\/\" rel=\"attachment wp-att-288\"><img loading=\"lazy\" decoding=\"async\" class=\"alignnone size-medium wp-image-288\" src=\"http:\/\/wp.kristdemokraterna.se\/trosa\/files\/2026\/03\/img_9417-233x300.png\" alt=\"\" width=\"233\" height=\"300\" srcset=\"https:\/\/wp.kristdemokraterna.se\/trosa\/files\/2026\/03\/img_9417-233x300.png 233w, https:\/\/wp.kristdemokraterna.se\/trosa\/files\/2026\/03\/img_9417-155x200.png 155w, https:\/\/wp.kristdemokraterna.se\/trosa\/files\/2026\/03\/img_9417-280x361.png 280w, https:\/\/wp.kristdemokraterna.se\/trosa\/files\/2026\/03\/img_9417-43x56.png 43w, https:\/\/wp.kristdemokraterna.se\/trosa\/files\/2026\/03\/img_9417.png 330w\" sizes=\"auto, (max-width: 233px) 100vw, 233px\" \/><\/a><\/p>\n<p><strong>Sanni Schager<\/strong><\/p>\n<p><a href=\"http:\/\/troint.trosa.se\/troint\/detail_namndstyrelse.asp?namnd=HUM\">Humanistiska n\u00e4mnden\u00a0<\/a>&#8211; ledamot<br \/>\n<a href=\"http:\/\/troint.trosa.se\/troint\/detail_namndstyrelse.asp?namnd=VON\">Kultur &amp; Fritidsn\u00e4mnden <\/a>&#8211; ers\u00e4ttare<\/p>\n<p><a href=\"https:\/\/wp.kristdemokraterna.se\/trosa\/vara-politiker\/miriam-sommar1-2\/\" rel=\"attachment wp-att-285\"><img loading=\"lazy\" decoding=\"async\" class=\"alignnone wp-image-285 size-medium\" src=\"http:\/\/wp.kristdemokraterna.se\/trosa\/files\/2023\/05\/miriam_sommar1-1-scaled-e1683481848976-300x235.jpg\" alt=\"\" width=\"300\" height=\"235\" srcset=\"https:\/\/wp.kristdemokraterna.se\/trosa\/files\/2023\/05\/miriam_sommar1-1-scaled-e1683481848976-300x235.jpg 300w, https:\/\/wp.kristdemokraterna.se\/trosa\/files\/2023\/05\/miriam_sommar1-1-scaled-e1683481848976-540x422.jpg 540w, https:\/\/wp.kristdemokraterna.se\/trosa\/files\/2023\/05\/miriam_sommar1-1-scaled-e1683481848976-768x601.jpg 768w, https:\/\/wp.kristdemokraterna.se\/trosa\/files\/2023\/05\/miriam_sommar1-1-scaled-e1683481848976-1536x1202.jpg 1536w, https:\/\/wp.kristdemokraterna.se\/trosa\/files\/2023\/05\/miriam_sommar1-1-scaled-e1683481848976-256x200.jpg 256w, https:\/\/wp.kristdemokraterna.se\/trosa\/files\/2023\/05\/miriam_sommar1-1-scaled-e1683481848976-370x289.jpg 370w, https:\/\/wp.kristdemokraterna.se\/trosa\/files\/2023\/05\/miriam_sommar1-1-scaled-e1683481848976-770x602.jpg 770w, https:\/\/wp.kristdemokraterna.se\/trosa\/files\/2023\/05\/miriam_sommar1-1-scaled-e1683481848976-450x352.jpg 450w, https:\/\/wp.kristdemokraterna.se\/trosa\/files\/2023\/05\/miriam_sommar1-1-scaled-e1683481848976-280x219.jpg 280w, https:\/\/wp.kristdemokraterna.se\/trosa\/files\/2023\/05\/miriam_sommar1-1-scaled-e1683481848976-340x266.jpg 340w, https:\/\/wp.kristdemokraterna.se\/trosa\/files\/2023\/05\/miriam_sommar1-1-scaled-e1683481848976-200x156.jpg 200w, https:\/\/wp.kristdemokraterna.se\/trosa\/files\/2023\/05\/miriam_sommar1-1-scaled-e1683481848976-72x56.jpg 72w, https:\/\/wp.kristdemokraterna.se\/trosa\/files\/2023\/05\/miriam_sommar1-1-scaled-e1683481848976.jpg 2016w\" sizes=\"auto, (max-width: 300px) 100vw, 300px\" \/><\/a><\/p>\n<p><strong>Miriam Tingl\u00f6f<\/strong><br \/>\n<a href=\"http:\/\/troint.trosa.se\/troint\/detail_namndstyrelse.asp?namnd=KF\">Kommunfullm\u00e4ktige\u00a0<\/a> &#8211; ers\u00e4ttare<\/p>\n<p><strong>Arne Karlsson<br \/>\n<\/strong><a href=\"http:\/\/troint.trosa.se\/troint\/detail_namndstyrelse.asp?namnd=KF\">Kommunfullm\u00e4ktige\u00a0<\/a>&#8211; ers\u00e4ttare<br \/>\n<a href=\"http:\/\/troint.trosa.se\/troint\/detail_namndstyrelse.asp?namnd=KS\">Kommunstyrelsen\u00a0<\/a>&#8211; ers\u00e4ttare<\/p>\n<p><strong>Mats Johansson<br \/>\n<\/strong><a href=\"http:\/\/troint.trosa.se\/troint\/detail_namndstyrelse.asp?namnd=TSN\">Teknik- och servicen\u00e4mnden <\/a>&#8211; ledamot<br \/>\n<a href=\"http:\/\/troint.trosa.se\/troint\/detail_namndstyrelse.asp?namnd=SBN\">Samh\u00e4llsbyggnadsn\u00e4mnden\u00a0<\/a>&#8211; ledamot<\/p>\n<p><strong>Kenneth Tingl\u00f6f<br \/>\n<\/strong><a href=\"http:\/\/troint.trosa.se\/troint\/detail_namndstyrelse.asp?namnd=VALN%C4MND\">Valn\u00e4mnden\u00a0<\/a>&#8211; ers\u00e4ttare<\/p>\n","protected":false},"excerpt":{"rendered":"<p>Anders Tholerud, gruppledare Milj\u00f6n\u00e4mnden\u00a0&#8211; ordf\u00f6rande V\u00e5rd- och omsorgsn\u00e4mnden\u00a0&#8211; ers\u00e4ttare Kommunstyrelsen\u00a0&#8211; ledamot Kommunstyrelsens planutskott\u00a0&#8211; ers\u00e4ttare Kommunfullm\u00e4ktige\u00a0&#8211; ledamot Sanni Schager Humanistiska n\u00e4mnden\u00a0&#8211; ledamot Kultur &amp; Fritidsn\u00e4mnden &#8211; ers\u00e4ttare Miriam Tingl\u00f6f Kommunfullm\u00e4ktige\u00a0 &#8211; ers\u00e4ttare Arne Karlsson Kommunfullm\u00e4ktige\u00a0&#8211; ers\u00e4ttare Kommunstyrelsen\u00a0&#8211; ers\u00e4ttare Mats Johansson Teknik- och servicen\u00e4mnden &#8211; ledamot Samh\u00e4llsbyggnadsn\u00e4mnden\u00a0&#8211; ledamot Kenneth Tingl\u00f6f Valn\u00e4mnden\u00a0&#8211; ers\u00e4ttare<\/p>\n","protected":false},"author":406,"featured_media":0,"parent":0,"menu_order":1,"comment_status":"closed","ping_status":"closed","template":"","meta":{"_acf_changed":false,"footnotes":""},"class_list":["post-62","page","type-page","status-publish","hentry"],"acf":[],"yoast_head":"<!-- This site is optimized with the Yoast SEO plugin v27.4 - https:\/\/yoast.com\/product\/yoast-seo-wordpress\/ -->\n<title>V\u00e5ra politiker - Trosa<\/title>\n<meta name=\"robots\" content=\"index, follow, max-snippet:-1, max-image-preview:large, max-video-preview:-1\" \/>\n<link rel=\"canonical\" href=\"https:\/\/wp.kristdemokraterna.se\/trosa\/vara-politiker\/\" \/>\n<meta property=\"og:locale\" content=\"sv_SE\" \/>\n<meta property=\"og:type\" content=\"article\" \/>\n<meta property=\"og:title\" content=\"V\u00e5ra politiker - Trosa\" \/>\n<meta property=\"og:description\" content=\"Anders Tholerud, gruppledare Milj\u00f6n\u00e4mnden\u00a0&#8211; ordf\u00f6rande V\u00e5rd- och omsorgsn\u00e4mnden\u00a0&#8211; ers\u00e4ttare Kommunstyrelsen\u00a0&#8211; ledamot Kommunstyrelsens planutskott\u00a0&#8211; ers\u00e4ttare Kommunfullm\u00e4ktige\u00a0&#8211; ledamot Sanni Schager Humanistiska n\u00e4mnden\u00a0&#8211; ledamot Kultur &amp; Fritidsn\u00e4mnden &#8211; ers\u00e4ttare Miriam Tingl\u00f6f Kommunfullm\u00e4ktige\u00a0 &#8211; ers\u00e4ttare Arne Karlsson Kommunfullm\u00e4ktige\u00a0&#8211; ers\u00e4ttare Kommunstyrelsen\u00a0&#8211; ers\u00e4ttare Mats Johansson Teknik- och servicen\u00e4mnden &#8211; ledamot Samh\u00e4llsbyggnadsn\u00e4mnden\u00a0&#8211; ledamot Kenneth Tingl\u00f6f Valn\u00e4mnden\u00a0&#8211; ers\u00e4ttare\" \/>\n<meta property=\"og:url\" content=\"https:\/\/wp.kristdemokraterna.se\/trosa\/vara-politiker\/\" \/>\n<meta property=\"og:site_name\" content=\"Trosa\" \/>\n<meta property=\"article:modified_time\" content=\"2026-03-06T14:25:15+00:00\" \/>\n<meta property=\"og:image\" content=\"https:\/\/wp.kristdemokraterna.se\/trosa\/files\/2023\/05\/anders_sommar1-1-scaled-e1683481723492-540x428.jpg\" \/>\n\t<meta property=\"og:image:width\" content=\"540\" \/>\n\t<meta property=\"og:image:height\" content=\"428\" \/>\n\t<meta property=\"og:image:type\" content=\"image\/jpeg\" \/>\n<meta name=\"twitter:card\" content=\"summary_large_image\" \/>\n<meta name=\"twitter:label1\" content=\"Ber\u00e4knad l\u00e4stid\" \/>\n\t<meta name=\"twitter:data1\" content=\"1 minut\" \/>\n<script type=\"application\/ld+json\" class=\"yoast-schema-graph\">{\"@context\":\"https:\\\/\\\/schema.org\",\"@graph\":[{\"@type\":\"WebPage\",\"@id\":\"https:\\\/\\\/wp.kristdemokraterna.se\\\/trosa\\\/vara-politiker\\\/\",\"url\":\"https:\\\/\\\/wp.kristdemokraterna.se\\\/trosa\\\/vara-politiker\\\/\",\"name\":\"V\u00e5ra politiker - Trosa\",\"isPartOf\":{\"@id\":\"https:\\\/\\\/wp.kristdemokraterna.se\\\/trosa\\\/#website\"},\"primaryImageOfPage\":{\"@id\":\"https:\\\/\\\/wp.kristdemokraterna.se\\\/trosa\\\/vara-politiker\\\/#primaryimage\"},\"image\":{\"@id\":\"https:\\\/\\\/wp.kristdemokraterna.se\\\/trosa\\\/vara-politiker\\\/#primaryimage\"},\"thumbnailUrl\":\"http:\\\/\\\/wp.kristdemokraterna.se\\\/trosa\\\/files\\\/2023\\\/05\\\/anders_sommar1-1-scaled-e1683481723492-300x238.jpg\",\"datePublished\":\"2013-08-28T16:00:44+00:00\",\"dateModified\":\"2026-03-06T14:25:15+00:00\",\"breadcrumb\":{\"@id\":\"https:\\\/\\\/wp.kristdemokraterna.se\\\/trosa\\\/vara-politiker\\\/#breadcrumb\"},\"inLanguage\":\"sv-SE\",\"potentialAction\":[{\"@type\":\"ReadAction\",\"target\":[\"https:\\\/\\\/wp.kristdemokraterna.se\\\/trosa\\\/vara-politiker\\\/\"]}]},{\"@type\":\"ImageObject\",\"inLanguage\":\"sv-SE\",\"@id\":\"https:\\\/\\\/wp.kristdemokraterna.se\\\/trosa\\\/vara-politiker\\\/#primaryimage\",\"url\":\"http:\\\/\\\/wp.kristdemokraterna.se\\\/trosa\\\/files\\\/2023\\\/05\\\/anders_sommar1-1-scaled-e1683481723492-300x238.jpg\",\"contentUrl\":\"http:\\\/\\\/wp.kristdemokraterna.se\\\/trosa\\\/files\\\/2023\\\/05\\\/anders_sommar1-1-scaled-e1683481723492-300x238.jpg\"},{\"@type\":\"BreadcrumbList\",\"@id\":\"https:\\\/\\\/wp.kristdemokraterna.se\\\/trosa\\\/vara-politiker\\\/#breadcrumb\",\"itemListElement\":[{\"@type\":\"ListItem\",\"position\":1,\"name\":\"Hem\",\"item\":\"https:\\\/\\\/wp.kristdemokraterna.se\\\/trosa\\\/\"},{\"@type\":\"ListItem\",\"position\":2,\"name\":\"V\u00e5ra politiker\"}]},{\"@type\":\"WebSite\",\"@id\":\"https:\\\/\\\/wp.kristdemokraterna.se\\\/trosa\\\/#website\",\"url\":\"https:\\\/\\\/wp.kristdemokraterna.se\\\/trosa\\\/\",\"name\":\"Trosa\",\"description\":\"\",\"inLanguage\":\"sv-SE\"}]}<\/script>\n<!-- \/ Yoast SEO plugin. -->","yoast_head_json":{"title":"V\u00e5ra politiker - Trosa","robots":{"index":"index","follow":"follow","max-snippet":"max-snippet:-1","max-image-preview":"max-image-preview:large","max-video-preview":"max-video-preview:-1"},"canonical":"https:\/\/wp.kristdemokraterna.se\/trosa\/vara-politiker\/","og_locale":"sv_SE","og_type":"article","og_title":"V\u00e5ra politiker - Trosa","og_description":"Anders Tholerud, gruppledare Milj\u00f6n\u00e4mnden\u00a0&#8211; ordf\u00f6rande V\u00e5rd- och omsorgsn\u00e4mnden\u00a0&#8211; ers\u00e4ttare Kommunstyrelsen\u00a0&#8211; ledamot Kommunstyrelsens planutskott\u00a0&#8211; ers\u00e4ttare Kommunfullm\u00e4ktige\u00a0&#8211; ledamot Sanni Schager Humanistiska n\u00e4mnden\u00a0&#8211; ledamot Kultur &amp; Fritidsn\u00e4mnden &#8211; ers\u00e4ttare Miriam Tingl\u00f6f Kommunfullm\u00e4ktige\u00a0 &#8211; ers\u00e4ttare Arne Karlsson Kommunfullm\u00e4ktige\u00a0&#8211; ers\u00e4ttare Kommunstyrelsen\u00a0&#8211; ers\u00e4ttare Mats Johansson Teknik- och servicen\u00e4mnden &#8211; ledamot Samh\u00e4llsbyggnadsn\u00e4mnden\u00a0&#8211; ledamot Kenneth Tingl\u00f6f Valn\u00e4mnden\u00a0&#8211; ers\u00e4ttare","og_url":"https:\/\/wp.kristdemokraterna.se\/trosa\/vara-politiker\/","og_site_name":"Trosa","article_modified_time":"2026-03-06T14:25:15+00:00","og_image":[{"width":540,"height":428,"url":"https:\/\/wp.kristdemokraterna.se\/trosa\/files\/2023\/05\/anders_sommar1-1-scaled-e1683481723492-540x428.jpg","type":"image\/jpeg"}],"twitter_card":"summary_large_image","twitter_misc":{"Ber\u00e4knad l\u00e4stid":"1 minut"},"schema":{"@context":"https:\/\/schema.org","@graph":[{"@type":"WebPage","@id":"https:\/\/wp.kristdemokraterna.se\/trosa\/vara-politiker\/","url":"https:\/\/wp.kristdemokraterna.se\/trosa\/vara-politiker\/","name":"V\u00e5ra politiker - Trosa","isPartOf":{"@id":"https:\/\/wp.kristdemokraterna.se\/trosa\/#website"},"primaryImageOfPage":{"@id":"https:\/\/wp.kristdemokraterna.se\/trosa\/vara-politiker\/#primaryimage"},"image":{"@id":"https:\/\/wp.kristdemokraterna.se\/trosa\/vara-politiker\/#primaryimage"},"thumbnailUrl":"http:\/\/wp.kristdemokraterna.se\/trosa\/files\/2023\/05\/anders_sommar1-1-scaled-e1683481723492-300x238.jpg","datePublished":"2013-08-28T16:00:44+00:00","dateModified":"2026-03-06T14:25:15+00:00","breadcrumb":{"@id":"https:\/\/wp.kristdemokraterna.se\/trosa\/vara-politiker\/#breadcrumb"},"inLanguage":"sv-SE","potentialAction":[{"@type":"ReadAction","target":["https:\/\/wp.kristdemokraterna.se\/trosa\/vara-politiker\/"]}]},{"@type":"ImageObject","inLanguage":"sv-SE","@id":"https:\/\/wp.kristdemokraterna.se\/trosa\/vara-politiker\/#primaryimage","url":"http:\/\/wp.kristdemokraterna.se\/trosa\/files\/2023\/05\/anders_sommar1-1-scaled-e1683481723492-300x238.jpg","contentUrl":"http:\/\/wp.kristdemokraterna.se\/trosa\/files\/2023\/05\/anders_sommar1-1-scaled-e1683481723492-300x238.jpg"},{"@type":"BreadcrumbList","@id":"https:\/\/wp.kristdemokraterna.se\/trosa\/vara-politiker\/#breadcrumb","itemListElement":[{"@type":"ListItem","position":1,"name":"Hem","item":"https:\/\/wp.kristdemokraterna.se\/trosa\/"},{"@type":"ListItem","position":2,"name":"V\u00e5ra politiker"}]},{"@type":"WebSite","@id":"https:\/\/wp.kristdemokraterna.se\/trosa\/#website","url":"https:\/\/wp.kristdemokraterna.se\/trosa\/","name":"Trosa","description":"","inLanguage":"sv-SE"}]}},"_links":{"self":[{"href":"https:\/\/wp.kristdemokraterna.se\/trosa\/wp-json\/wp\/v2\/pages\/62","targetHints":{"allow":["GET"]}}],"collection":[{"href":"https:\/\/wp.kristdemokraterna.se\/trosa\/wp-json\/wp\/v2\/pages"}],"about":[{"href":"https:\/\/wp.kristdemokraterna.se\/trosa\/wp-json\/wp\/v2\/types\/page"}],"author":[{"embeddable":true,"href":"https:\/\/wp.kristdemokraterna.se\/trosa\/wp-json\/wp\/v2\/users\/406"}],"replies":[{"embeddable":true,"href":"https:\/\/wp.kristdemokraterna.se\/trosa\/wp-json\/wp\/v2\/comments?post=62"}],"version-history":[{"count":28,"href":"https:\/\/wp.kristdemokraterna.se\/trosa\/wp-json\/wp\/v2\/pages\/62\/revisions"}],"predecessor-version":[{"id":289,"href":"https:\/\/wp.kristdemokraterna.se\/trosa\/wp-json\/wp\/v2\/pages\/62\/revisions\/289"}],"wp:attachment":[{"href":"https:\/\/wp.kristdemokraterna.se\/trosa\/wp-json\/wp\/v2\/media?parent=62"}],"curies":[{"name":"wp","href":"https:\/\/api.w.org\/{rel}","templated":true}]}}