{"version":"1.0","provider_name":"Kristdemokraterna Tyres\u00f6","provider_url":"https:\/\/wp.kristdemokraterna.se\/tyreso","title":"Jag ser inte p\u00e5 partiledardebatter l\u00e4ngre - Kristdemokraterna Tyres\u00f6","type":"rich","width":600,"height":338,"html":"<blockquote class=\"wp-embedded-content\" data-secret=\"iTx8jYu6KF\"><a href=\"https:\/\/wp.kristdemokraterna.se\/tyreso\/jag-ser-inte-pa-partiledardebatter-langre\/\">Jag ser inte p\u00e5 partiledardebatter l\u00e4ngre<\/a><\/blockquote><iframe sandbox=\"allow-scripts\" security=\"restricted\" src=\"https:\/\/wp.kristdemokraterna.se\/tyreso\/jag-ser-inte-pa-partiledardebatter-langre\/embed\/#?secret=iTx8jYu6KF\" width=\"600\" height=\"338\" title=\"\u201dJag ser inte p\u00e5 partiledardebatter l\u00e4ngre\u201d &ndash; Kristdemokraterna Tyres\u00f6\" data-secret=\"iTx8jYu6KF\" frameborder=\"0\" marginwidth=\"0\" marginheight=\"0\" scrolling=\"no\" class=\"wp-embedded-content\"><\/iframe><script type=\"text\/javascript\">\n\/* <![CDATA[ *\/\n\/*! This file is auto-generated *\/\n!function(d,l){\"use strict\";l.querySelector&&d.addEventListener&&\"undefined\"!=typeof URL&&(d.wp=d.wp||{},d.wp.receiveEmbedMessage||(d.wp.receiveEmbedMessage=function(e){var t=e.data;if((t||t.secret||t.message||t.value)&&!\/[^a-zA-Z0-9]\/.test(t.secret)){for(var s,r,n,a=l.querySelectorAll('iframe[data-secret=\"'+t.secret+'\"]'),o=l.querySelectorAll('blockquote[data-secret=\"'+t.secret+'\"]'),c=new RegExp(\"^https?:$\",\"i\"),i=0;i<o.length;i++)o[i].style.display=\"none\";for(i=0;i<a.length;i++)s=a[i],e.source===s.contentWindow&&(s.removeAttribute(\"style\"),\"height\"===t.message?(1e3<(r=parseInt(t.value,10))?r=1e3:~~r<200&&(r=200),s.height=r):\"link\"===t.message&&(r=new URL(s.getAttribute(\"src\")),n=new URL(t.value),c.test(n.protocol))&&n.host===r.host&&l.activeElement===s&&(d.top.location.href=t.value))}},d.addEventListener(\"message\",d.wp.receiveEmbedMessage,!1),l.addEventListener(\"DOMContentLoaded\",function(){for(var e,t,s=l.querySelectorAll(\"iframe.wp-embedded-content\"),r=0;r<s.length;r++)(t=(e=s[r]).getAttribute(\"data-secret\"))||(t=Math.random().toString(36).substring(2,12),e.src+=\"#?secret=\"+t,e.setAttribute(\"data-secret\",t)),e.contentWindow.postMessage({message:\"ready\",secret:t},\"*\")},!1)))}(window,document);\n\/\/# sourceURL=https:\/\/wp.kristdemokraterna.se\/tyreso\/wp-includes\/js\/wp-embed.min.js\n\/* ]]> *\/\n<\/script>\n","description":"Jag ser inte p\u00e5 partiledardebatter l\u00e4ngre, s\u00e4ger Ulf Perbo, ordf\u00f6rande f\u00f6r KD Tyres\u00f6, i en debattartikel i Dagens Samh\u00e4lle. I kommunpolitiken \u00e4r det grannar som m\u00f6ts. Tar vi med oss rikspolitikens tonl\u00e4ge blir politiken om\u00f6jlig, skriver Ulf Perbo (KD) som st\u00e4nger av ljudet under politiska debatter p\u00e5 tv. \u201dGapig, tjafsig,\u00a0skrikig\u201d skriver Expressen. \u201dSt\u00f6kigt, skrikigt \u2013 Read More"}