{"version":"1.0","provider_name":"Kristdemokraterna Tyres\u00f6","provider_url":"https:\/\/wp.kristdemokraterna.se\/tyreso","title":"Var r\u00e4dda om v\u00e5ra \u00e4ldre - Bj\u00f6rkbacken - Kristdemokraterna Tyres\u00f6","type":"rich","width":600,"height":338,"html":"<blockquote class=\"wp-embedded-content\" data-secret=\"84brADYal2\"><a href=\"https:\/\/wp.kristdemokraterna.se\/tyreso\/var-radda-om-vara-aldre-bjorkbacken\/\">Var r\u00e4dda om v\u00e5ra \u00e4ldre &#8211; Bj\u00f6rkbacken<\/a><\/blockquote><iframe sandbox=\"allow-scripts\" security=\"restricted\" src=\"https:\/\/wp.kristdemokraterna.se\/tyreso\/var-radda-om-vara-aldre-bjorkbacken\/embed\/#?secret=84brADYal2\" width=\"600\" height=\"338\" title=\"\u201dVar r\u00e4dda om v\u00e5ra \u00e4ldre &#8211; Bj\u00f6rkbacken\u201d &ndash; Kristdemokraterna Tyres\u00f6\" data-secret=\"84brADYal2\" frameborder=\"0\" marginwidth=\"0\" marginheight=\"0\" scrolling=\"no\" class=\"wp-embedded-content\"><\/iframe><script type=\"text\/javascript\">\n\/* <![CDATA[ *\/\n\/*! This file is auto-generated *\/\n!function(d,l){\"use strict\";l.querySelector&&d.addEventListener&&\"undefined\"!=typeof URL&&(d.wp=d.wp||{},d.wp.receiveEmbedMessage||(d.wp.receiveEmbedMessage=function(e){var t=e.data;if((t||t.secret||t.message||t.value)&&!\/[^a-zA-Z0-9]\/.test(t.secret)){for(var s,r,n,a=l.querySelectorAll('iframe[data-secret=\"'+t.secret+'\"]'),o=l.querySelectorAll('blockquote[data-secret=\"'+t.secret+'\"]'),c=new RegExp(\"^https?:$\",\"i\"),i=0;i<o.length;i++)o[i].style.display=\"none\";for(i=0;i<a.length;i++)s=a[i],e.source===s.contentWindow&&(s.removeAttribute(\"style\"),\"height\"===t.message?(1e3<(r=parseInt(t.value,10))?r=1e3:~~r<200&&(r=200),s.height=r):\"link\"===t.message&&(r=new URL(s.getAttribute(\"src\")),n=new URL(t.value),c.test(n.protocol))&&n.host===r.host&&l.activeElement===s&&(d.top.location.href=t.value))}},d.addEventListener(\"message\",d.wp.receiveEmbedMessage,!1),l.addEventListener(\"DOMContentLoaded\",function(){for(var e,t,s=l.querySelectorAll(\"iframe.wp-embedded-content\"),r=0;r<s.length;r++)(t=(e=s[r]).getAttribute(\"data-secret\"))||(t=Math.random().toString(36).substring(2,12),e.src+=\"#?secret=\"+t,e.setAttribute(\"data-secret\",t)),e.contentWindow.postMessage({message:\"ready\",secret:t},\"*\")},!1)))}(window,document);\n\/\/# sourceURL=https:\/\/wp.kristdemokraterna.se\/tyreso\/wp-includes\/js\/wp-embed.min.js\n\/* ]]> *\/\n<\/script>\n","description":"Med anledning av den debatt som p\u00e5g\u00e5r om de boende p\u00e5 Bj\u00f6rkbackens \u00e4ldreboende skall flyttas eller ej under p\u00e5g\u00e5ende Covid-19-pandemi vill vi klarg\u00f6ra Kristdemokraternas st\u00e5ndpunkt. Grundproblemet, eller med andra ord \u201ddet stora sveket\u201d, \u00e4r att Socialdemokraterna inf\u00f6r valet lovade r\u00e4dda Bj\u00f6rkbacken s\u00e5 att ingen skulle beh\u00f6va flytta. Vi Kristdemokrater har hela tiden p\u00e5pekat att man Read More"}