{"id":122,"date":"2014-06-03T16:45:19","date_gmt":"2014-06-03T14:45:19","guid":{"rendered":"http:\/\/wp.kristdemokraterna.se\/tyreso\/?page_id=122"},"modified":"2026-01-22T14:07:36","modified_gmt":"2026-01-22T13:07:36","slug":"kommunstyrelse","status":"publish","type":"page","link":"https:\/\/wp.kristdemokraterna.se\/tyreso\/vara-uppdrag\/namnder-och-styrelser\/kommunstyrelse\/","title":{"rendered":"Kommunstyrelse"},"content":{"rendered":"<p>Kommunstyrelsen \u00e4r kommunens h\u00f6gsta verkst\u00e4llande organ. Kommunstyrelsen har 15 ledam\u00f6ter och 15 ers\u00e4ttare.<\/p>\n<p>Kommunstyrelsen ska f\u00f6lja de andra n\u00e4mndernas och de kommunala bolagens verksamheter och bevaka utvecklingen p\u00e5 omr\u00e5den som har betydelse f\u00f6r kommunen. Kommunstyrelsen har ocks\u00e5 till uppgift att bereda \u00e4renden till kommunfullm\u00e4ktige.<\/p>\n<h3>Ledamot<\/h3>\n<div id=\"attachment_1416\" style=\"width: 269px\" class=\"wp-caption alignnone\"><a href=\"http:\/\/wp.kristdemokraterna.se\/tyreso\/files\/2022\/04\/ulf-perbo-mars-2022-scaled.jpg\"><img loading=\"lazy\" decoding=\"async\" aria-describedby=\"caption-attachment-1416\" class=\" wp-image-1416\" src=\"http:\/\/wp.kristdemokraterna.se\/tyreso\/files\/2022\/04\/ulf-perbo-mars-2022-scaled.jpg\" alt=\"\" width=\"259\" height=\"324\" srcset=\"https:\/\/wp.kristdemokraterna.se\/tyreso\/files\/2022\/04\/ulf-perbo-mars-2022-scaled.jpg 2048w, https:\/\/wp.kristdemokraterna.se\/tyreso\/files\/2022\/04\/ulf-perbo-mars-2022-240x300.jpg 240w, https:\/\/wp.kristdemokraterna.se\/tyreso\/files\/2022\/04\/ulf-perbo-mars-2022-819x1024.jpg 819w, https:\/\/wp.kristdemokraterna.se\/tyreso\/files\/2022\/04\/ulf-perbo-mars-2022-768x960.jpg 768w, https:\/\/wp.kristdemokraterna.se\/tyreso\/files\/2022\/04\/ulf-perbo-mars-2022-1229x1536.jpg 1229w, https:\/\/wp.kristdemokraterna.se\/tyreso\/files\/2022\/04\/ulf-perbo-mars-2022-1638x2048.jpg 1638w, https:\/\/wp.kristdemokraterna.se\/tyreso\/files\/2022\/04\/ulf-perbo-mars-2022-160x200.jpg 160w, https:\/\/wp.kristdemokraterna.se\/tyreso\/files\/2022\/04\/ulf-perbo-mars-2022-370x463.jpg 370w, https:\/\/wp.kristdemokraterna.se\/tyreso\/files\/2022\/04\/ulf-perbo-mars-2022-770x963.jpg 770w, https:\/\/wp.kristdemokraterna.se\/tyreso\/files\/2022\/04\/ulf-perbo-mars-2022-450x563.jpg 450w, https:\/\/wp.kristdemokraterna.se\/tyreso\/files\/2022\/04\/ulf-perbo-mars-2022-280x350.jpg 280w, https:\/\/wp.kristdemokraterna.se\/tyreso\/files\/2022\/04\/ulf-perbo-mars-2022-340x425.jpg 340w, https:\/\/wp.kristdemokraterna.se\/tyreso\/files\/2022\/04\/ulf-perbo-mars-2022-45x56.jpg 45w\" sizes=\"auto, (max-width: 259px) 100vw, 259px\" \/><\/a><p id=\"caption-attachment-1416\" class=\"wp-caption-text\">Ulf Perbo<br \/>Tel: 070-9946363<br \/>Epost: ulf@perbo.nu<\/p><\/div>\n<h3>Ers\u00e4ttare<\/h3>\n<div id=\"attachment_1516\" style=\"width: 269px\" class=\"wp-caption alignnone\"><a href=\"http:\/\/wp.kristdemokraterna.se\/tyreso\/files\/2023\/01\/per-linden-scaled.jpg\"><img loading=\"lazy\" decoding=\"async\" aria-describedby=\"caption-attachment-1516\" class=\" wp-image-1516\" src=\"http:\/\/wp.kristdemokraterna.se\/tyreso\/files\/2023\/01\/per-linden-scaled.jpg\" alt=\"\" width=\"259\" height=\"324\" srcset=\"https:\/\/wp.kristdemokraterna.se\/tyreso\/files\/2023\/01\/per-linden-scaled.jpg 2048w, https:\/\/wp.kristdemokraterna.se\/tyreso\/files\/2023\/01\/per-linden-240x300.jpg 240w, https:\/\/wp.kristdemokraterna.se\/tyreso\/files\/2023\/01\/per-linden-819x1024.jpg 819w, https:\/\/wp.kristdemokraterna.se\/tyreso\/files\/2023\/01\/per-linden-768x960.jpg 768w, https:\/\/wp.kristdemokraterna.se\/tyreso\/files\/2023\/01\/per-linden-1229x1536.jpg 1229w, https:\/\/wp.kristdemokraterna.se\/tyreso\/files\/2023\/01\/per-linden-1638x2048.jpg 1638w, https:\/\/wp.kristdemokraterna.se\/tyreso\/files\/2023\/01\/per-linden-160x200.jpg 160w, https:\/\/wp.kristdemokraterna.se\/tyreso\/files\/2023\/01\/per-linden-370x463.jpg 370w, https:\/\/wp.kristdemokraterna.se\/tyreso\/files\/2023\/01\/per-linden-770x963.jpg 770w, https:\/\/wp.kristdemokraterna.se\/tyreso\/files\/2023\/01\/per-linden-450x563.jpg 450w, https:\/\/wp.kristdemokraterna.se\/tyreso\/files\/2023\/01\/per-linden-280x350.jpg 280w, https:\/\/wp.kristdemokraterna.se\/tyreso\/files\/2023\/01\/per-linden-340x425.jpg 340w, https:\/\/wp.kristdemokraterna.se\/tyreso\/files\/2023\/01\/per-linden-45x56.jpg 45w\" sizes=\"auto, (max-width: 259px) 100vw, 259px\" \/><\/a><p id=\"caption-attachment-1516\" class=\"wp-caption-text\">Per Lind\u00e9n<br \/>Tel: 08-52721937<br \/>per.linden@cgi.com<\/p><\/div>\n","protected":false},"excerpt":{"rendered":"<p>Kommunstyrelsen \u00e4r kommunens h\u00f6gsta verkst\u00e4llande organ. Kommunstyrelsen har 15 ledam\u00f6ter och 15 ers\u00e4ttare. Kommunstyrelsen ska f\u00f6lja de andra n\u00e4mndernas och de kommunala bolagens verksamheter och bevaka utvecklingen p\u00e5 omr\u00e5den som har betydelse f\u00f6r kommunen. Kommunstyrelsen har ocks\u00e5 till uppgift att bereda \u00e4renden till kommunfullm\u00e4ktige. Ledamot Ers\u00e4ttare<\/p>\n","protected":false},"author":644,"featured_media":110,"parent":806,"menu_order":6,"comment_status":"closed","ping_status":"closed","template":"","meta":{"_acf_changed":false,"footnotes":""},"class_list":["post-122","page","type-page","status-publish","hentry"],"acf":[],"yoast_head":"<!-- This site is optimized with the Yoast SEO plugin v27.4 - https:\/\/yoast.com\/product\/yoast-seo-wordpress\/ -->\n<title>Kommunstyrelse - Kristdemokraterna Tyres\u00f6<\/title>\n<meta name=\"robots\" content=\"index, follow, max-snippet:-1, max-image-preview:large, max-video-preview:-1\" \/>\n<link rel=\"canonical\" href=\"https:\/\/wp.kristdemokraterna.se\/tyreso\/vara-uppdrag\/namnder-och-styrelser\/kommunstyrelse\/\" \/>\n<meta property=\"og:locale\" content=\"sv_SE\" \/>\n<meta property=\"og:type\" content=\"article\" \/>\n<meta property=\"og:title\" content=\"Kommunstyrelse - Kristdemokraterna Tyres\u00f6\" \/>\n<meta property=\"og:description\" content=\"Kommunstyrelsen \u00e4r kommunens h\u00f6gsta verkst\u00e4llande organ. Kommunstyrelsen har 15 ledam\u00f6ter och 15 ers\u00e4ttare. Kommunstyrelsen ska f\u00f6lja de andra n\u00e4mndernas och de kommunala bolagens verksamheter och bevaka utvecklingen p\u00e5 omr\u00e5den som har betydelse f\u00f6r kommunen. Kommunstyrelsen har ocks\u00e5 till uppgift att bereda \u00e4renden till kommunfullm\u00e4ktige. Ledamot Ers\u00e4ttare\" \/>\n<meta property=\"og:url\" content=\"https:\/\/wp.kristdemokraterna.se\/tyreso\/vara-uppdrag\/namnder-och-styrelser\/kommunstyrelse\/\" \/>\n<meta property=\"og:site_name\" content=\"Kristdemokraterna Tyres\u00f6\" \/>\n<meta property=\"article:modified_time\" content=\"2026-01-22T13:07:36+00:00\" \/>\n<meta property=\"og:image\" content=\"http:\/\/wp.kristdemokraterna.se\/tyreso\/files\/2014\/06\/anna1.jpg\" \/>\n\t<meta property=\"og:image:width\" content=\"2058\" \/>\n\t<meta property=\"og:image:height\" content=\"2058\" \/>\n\t<meta property=\"og:image:type\" content=\"image\/jpeg\" \/>\n<meta name=\"twitter:card\" content=\"summary_large_image\" \/>\n<meta name=\"twitter:label1\" content=\"Ber\u00e4knad l\u00e4stid\" \/>\n\t<meta name=\"twitter:data1\" content=\"1 minut\" \/>\n<script type=\"application\/ld+json\" class=\"yoast-schema-graph\">{\"@context\":\"https:\\\/\\\/schema.org\",\"@graph\":[{\"@type\":\"WebPage\",\"@id\":\"https:\\\/\\\/wp.kristdemokraterna.se\\\/tyreso\\\/vara-uppdrag\\\/namnder-och-styrelser\\\/kommunstyrelse\\\/\",\"url\":\"https:\\\/\\\/wp.kristdemokraterna.se\\\/tyreso\\\/vara-uppdrag\\\/namnder-och-styrelser\\\/kommunstyrelse\\\/\",\"name\":\"Kommunstyrelse - Kristdemokraterna Tyres\u00f6\",\"isPartOf\":{\"@id\":\"https:\\\/\\\/wp.kristdemokraterna.se\\\/tyreso\\\/#website\"},\"primaryImageOfPage\":{\"@id\":\"https:\\\/\\\/wp.kristdemokraterna.se\\\/tyreso\\\/vara-uppdrag\\\/namnder-och-styrelser\\\/kommunstyrelse\\\/#primaryimage\"},\"image\":{\"@id\":\"https:\\\/\\\/wp.kristdemokraterna.se\\\/tyreso\\\/vara-uppdrag\\\/namnder-och-styrelser\\\/kommunstyrelse\\\/#primaryimage\"},\"thumbnailUrl\":\"https:\\\/\\\/wp.kristdemokraterna.se\\\/tyreso\\\/files\\\/2014\\\/06\\\/anna1.jpg\",\"datePublished\":\"2014-06-03T14:45:19+00:00\",\"dateModified\":\"2026-01-22T13:07:36+00:00\",\"breadcrumb\":{\"@id\":\"https:\\\/\\\/wp.kristdemokraterna.se\\\/tyreso\\\/vara-uppdrag\\\/namnder-och-styrelser\\\/kommunstyrelse\\\/#breadcrumb\"},\"inLanguage\":\"sv-SE\",\"potentialAction\":[{\"@type\":\"ReadAction\",\"target\":[\"https:\\\/\\\/wp.kristdemokraterna.se\\\/tyreso\\\/vara-uppdrag\\\/namnder-och-styrelser\\\/kommunstyrelse\\\/\"]}]},{\"@type\":\"ImageObject\",\"inLanguage\":\"sv-SE\",\"@id\":\"https:\\\/\\\/wp.kristdemokraterna.se\\\/tyreso\\\/vara-uppdrag\\\/namnder-och-styrelser\\\/kommunstyrelse\\\/#primaryimage\",\"url\":\"https:\\\/\\\/wp.kristdemokraterna.se\\\/tyreso\\\/files\\\/2014\\\/06\\\/anna1.jpg\",\"contentUrl\":\"https:\\\/\\\/wp.kristdemokraterna.se\\\/tyreso\\\/files\\\/2014\\\/06\\\/anna1.jpg\",\"width\":2058,\"height\":2058,\"caption\":\"Anna Lund Tel: 070-4889732 Epost: anna.lund@kristdemokraterna.se\"},{\"@type\":\"BreadcrumbList\",\"@id\":\"https:\\\/\\\/wp.kristdemokraterna.se\\\/tyreso\\\/vara-uppdrag\\\/namnder-och-styrelser\\\/kommunstyrelse\\\/#breadcrumb\",\"itemListElement\":[{\"@type\":\"ListItem\",\"position\":1,\"name\":\"Hem\",\"item\":\"https:\\\/\\\/wp.kristdemokraterna.se\\\/tyreso\\\/\"},{\"@type\":\"ListItem\",\"position\":2,\"name\":\"V\u00e5ra uppdrag\",\"item\":\"https:\\\/\\\/wp.kristdemokraterna.se\\\/tyreso\\\/vara-uppdrag\\\/\"},{\"@type\":\"ListItem\",\"position\":3,\"name\":\"N\u00e4mnder\",\"item\":\"https:\\\/\\\/wp.kristdemokraterna.se\\\/tyreso\\\/vara-uppdrag\\\/namnder-och-styrelser\\\/\"},{\"@type\":\"ListItem\",\"position\":4,\"name\":\"Kommunstyrelse\"}]},{\"@type\":\"WebSite\",\"@id\":\"https:\\\/\\\/wp.kristdemokraterna.se\\\/tyreso\\\/#website\",\"url\":\"https:\\\/\\\/wp.kristdemokraterna.se\\\/tyreso\\\/\",\"name\":\"Kristdemokraterna Tyres\u00f6\",\"description\":\"\",\"inLanguage\":\"sv-SE\"}]}<\/script>\n<!-- \/ Yoast SEO plugin. -->","yoast_head_json":{"title":"Kommunstyrelse - Kristdemokraterna Tyres\u00f6","robots":{"index":"index","follow":"follow","max-snippet":"max-snippet:-1","max-image-preview":"max-image-preview:large","max-video-preview":"max-video-preview:-1"},"canonical":"https:\/\/wp.kristdemokraterna.se\/tyreso\/vara-uppdrag\/namnder-och-styrelser\/kommunstyrelse\/","og_locale":"sv_SE","og_type":"article","og_title":"Kommunstyrelse - Kristdemokraterna Tyres\u00f6","og_description":"Kommunstyrelsen \u00e4r kommunens h\u00f6gsta verkst\u00e4llande organ. Kommunstyrelsen har 15 ledam\u00f6ter och 15 ers\u00e4ttare. Kommunstyrelsen ska f\u00f6lja de andra n\u00e4mndernas och de kommunala bolagens verksamheter och bevaka utvecklingen p\u00e5 omr\u00e5den som har betydelse f\u00f6r kommunen. Kommunstyrelsen har ocks\u00e5 till uppgift att bereda \u00e4renden till kommunfullm\u00e4ktige. Ledamot Ers\u00e4ttare","og_url":"https:\/\/wp.kristdemokraterna.se\/tyreso\/vara-uppdrag\/namnder-och-styrelser\/kommunstyrelse\/","og_site_name":"Kristdemokraterna Tyres\u00f6","article_modified_time":"2026-01-22T13:07:36+00:00","og_image":[{"width":2058,"height":2058,"url":"http:\/\/wp.kristdemokraterna.se\/tyreso\/files\/2014\/06\/anna1.jpg","type":"image\/jpeg"}],"twitter_card":"summary_large_image","twitter_misc":{"Ber\u00e4knad l\u00e4stid":"1 minut"},"schema":{"@context":"https:\/\/schema.org","@graph":[{"@type":"WebPage","@id":"https:\/\/wp.kristdemokraterna.se\/tyreso\/vara-uppdrag\/namnder-och-styrelser\/kommunstyrelse\/","url":"https:\/\/wp.kristdemokraterna.se\/tyreso\/vara-uppdrag\/namnder-och-styrelser\/kommunstyrelse\/","name":"Kommunstyrelse - Kristdemokraterna Tyres\u00f6","isPartOf":{"@id":"https:\/\/wp.kristdemokraterna.se\/tyreso\/#website"},"primaryImageOfPage":{"@id":"https:\/\/wp.kristdemokraterna.se\/tyreso\/vara-uppdrag\/namnder-och-styrelser\/kommunstyrelse\/#primaryimage"},"image":{"@id":"https:\/\/wp.kristdemokraterna.se\/tyreso\/vara-uppdrag\/namnder-och-styrelser\/kommunstyrelse\/#primaryimage"},"thumbnailUrl":"https:\/\/wp.kristdemokraterna.se\/tyreso\/files\/2014\/06\/anna1.jpg","datePublished":"2014-06-03T14:45:19+00:00","dateModified":"2026-01-22T13:07:36+00:00","breadcrumb":{"@id":"https:\/\/wp.kristdemokraterna.se\/tyreso\/vara-uppdrag\/namnder-och-styrelser\/kommunstyrelse\/#breadcrumb"},"inLanguage":"sv-SE","potentialAction":[{"@type":"ReadAction","target":["https:\/\/wp.kristdemokraterna.se\/tyreso\/vara-uppdrag\/namnder-och-styrelser\/kommunstyrelse\/"]}]},{"@type":"ImageObject","inLanguage":"sv-SE","@id":"https:\/\/wp.kristdemokraterna.se\/tyreso\/vara-uppdrag\/namnder-och-styrelser\/kommunstyrelse\/#primaryimage","url":"https:\/\/wp.kristdemokraterna.se\/tyreso\/files\/2014\/06\/anna1.jpg","contentUrl":"https:\/\/wp.kristdemokraterna.se\/tyreso\/files\/2014\/06\/anna1.jpg","width":2058,"height":2058,"caption":"Anna Lund Tel: 070-4889732 Epost: anna.lund@kristdemokraterna.se"},{"@type":"BreadcrumbList","@id":"https:\/\/wp.kristdemokraterna.se\/tyreso\/vara-uppdrag\/namnder-och-styrelser\/kommunstyrelse\/#breadcrumb","itemListElement":[{"@type":"ListItem","position":1,"name":"Hem","item":"https:\/\/wp.kristdemokraterna.se\/tyreso\/"},{"@type":"ListItem","position":2,"name":"V\u00e5ra uppdrag","item":"https:\/\/wp.kristdemokraterna.se\/tyreso\/vara-uppdrag\/"},{"@type":"ListItem","position":3,"name":"N\u00e4mnder","item":"https:\/\/wp.kristdemokraterna.se\/tyreso\/vara-uppdrag\/namnder-och-styrelser\/"},{"@type":"ListItem","position":4,"name":"Kommunstyrelse"}]},{"@type":"WebSite","@id":"https:\/\/wp.kristdemokraterna.se\/tyreso\/#website","url":"https:\/\/wp.kristdemokraterna.se\/tyreso\/","name":"Kristdemokraterna Tyres\u00f6","description":"","inLanguage":"sv-SE"}]}},"_links":{"self":[{"href":"https:\/\/wp.kristdemokraterna.se\/tyreso\/wp-json\/wp\/v2\/pages\/122","targetHints":{"allow":["GET"]}}],"collection":[{"href":"https:\/\/wp.kristdemokraterna.se\/tyreso\/wp-json\/wp\/v2\/pages"}],"about":[{"href":"https:\/\/wp.kristdemokraterna.se\/tyreso\/wp-json\/wp\/v2\/types\/page"}],"author":[{"embeddable":true,"href":"https:\/\/wp.kristdemokraterna.se\/tyreso\/wp-json\/wp\/v2\/users\/644"}],"replies":[{"embeddable":true,"href":"https:\/\/wp.kristdemokraterna.se\/tyreso\/wp-json\/wp\/v2\/comments?post=122"}],"version-history":[{"count":20,"href":"https:\/\/wp.kristdemokraterna.se\/tyreso\/wp-json\/wp\/v2\/pages\/122\/revisions"}],"predecessor-version":[{"id":1879,"href":"https:\/\/wp.kristdemokraterna.se\/tyreso\/wp-json\/wp\/v2\/pages\/122\/revisions\/1879"}],"up":[{"embeddable":true,"href":"https:\/\/wp.kristdemokraterna.se\/tyreso\/wp-json\/wp\/v2\/pages\/806"}],"wp:featuredmedia":[{"embeddable":true,"href":"https:\/\/wp.kristdemokraterna.se\/tyreso\/wp-json\/wp\/v2\/media\/110"}],"wp:attachment":[{"href":"https:\/\/wp.kristdemokraterna.se\/tyreso\/wp-json\/wp\/v2\/media?parent=122"}],"curies":[{"name":"wp","href":"https:\/\/api.w.org\/{rel}","templated":true}]}}