{"id":2,"date":"2014-04-04T11:34:08","date_gmt":"2014-04-04T11:34:08","guid":{"rendered":"http:\/\/wp.kristdemokraterna.se\/lokalavdelningsmall20140404\/?page_id=2"},"modified":"2026-04-15T07:10:44","modified_gmt":"2026-04-15T05:10:44","slug":"exempelsida","status":"publish","type":"page","link":"https:\/\/wp.kristdemokraterna.se\/tyreso\/vara-uppdrag\/exempelsida\/","title":{"rendered":"Personer med politiska uppdrag, A &#8211; \u00d6"},"content":{"rendered":"<h4>H\u00e4r nedan kan du se samtliga politiker i bokstavsordning. Vill du veta vem som sitter i n\u00e4mnderna g\u00e5r du in p\u00e5 respektive n\u00e4mndflik.<\/h4>\n<p>&nbsp;<\/p>\n<div id=\"attachment_1875\" style=\"width: 290px\" class=\"wp-caption alignnone\"><a href=\"http:\/\/wp.kristdemokraterna.se\/tyreso\/files\/2026\/01\/erik-scaled.jpg\"><img loading=\"lazy\" decoding=\"async\" aria-describedby=\"caption-attachment-1875\" class=\" wp-image-1875\" src=\"http:\/\/wp.kristdemokraterna.se\/tyreso\/files\/2026\/01\/erik-scaled.jpg\" alt=\"\" width=\"280\" height=\"328\" srcset=\"https:\/\/wp.kristdemokraterna.se\/tyreso\/files\/2026\/01\/erik-scaled.jpg 2190w, https:\/\/wp.kristdemokraterna.se\/tyreso\/files\/2026\/01\/erik-257x300.jpg 257w, https:\/\/wp.kristdemokraterna.se\/tyreso\/files\/2026\/01\/erik-876x1024.jpg 876w, https:\/\/wp.kristdemokraterna.se\/tyreso\/files\/2026\/01\/erik-768x898.jpg 768w, https:\/\/wp.kristdemokraterna.se\/tyreso\/files\/2026\/01\/erik-1314x1536.jpg 1314w, https:\/\/wp.kristdemokraterna.se\/tyreso\/files\/2026\/01\/erik-1752x2048.jpg 1752w, https:\/\/wp.kristdemokraterna.se\/tyreso\/files\/2026\/01\/erik-171x200.jpg 171w, https:\/\/wp.kristdemokraterna.se\/tyreso\/files\/2026\/01\/erik-370x432.jpg 370w, https:\/\/wp.kristdemokraterna.se\/tyreso\/files\/2026\/01\/erik-770x900.jpg 770w, https:\/\/wp.kristdemokraterna.se\/tyreso\/files\/2026\/01\/erik-450x526.jpg 450w, https:\/\/wp.kristdemokraterna.se\/tyreso\/files\/2026\/01\/erik-280x327.jpg 280w, https:\/\/wp.kristdemokraterna.se\/tyreso\/files\/2026\/01\/erik-340x397.jpg 340w, https:\/\/wp.kristdemokraterna.se\/tyreso\/files\/2026\/01\/erik-48x56.jpg 48w\" sizes=\"auto, (max-width: 280px) 100vw, 280px\" \/><\/a><p id=\"caption-attachment-1875\" class=\"wp-caption-text\">Erik Kainulainen<br \/>076-7624047<br \/>erkki16@hotmail.com<\/p><\/div>\n<p>&nbsp;<\/p>\n<div class=\"mceTemp\">\n<div class=\"mceTemp\">\n<div id=\"attachment_125\" style=\"width: 290px\" class=\"wp-caption alignnone\"><a href=\"http:\/\/wp.kristdemokraterna.se\/tyreso\/files\/2014\/06\/leif2.jpg\"><img loading=\"lazy\" decoding=\"async\" aria-describedby=\"caption-attachment-125\" class=\" wp-image-125\" src=\"http:\/\/wp.kristdemokraterna.se\/tyreso\/files\/2014\/06\/leif2-300x300.jpg\" alt=\"Leif Kennerberg Tel: 070-2589103 Epost: leif@kristdemokraterna.se\" width=\"280\" height=\"280\" srcset=\"https:\/\/wp.kristdemokraterna.se\/tyreso\/files\/2014\/06\/leif2-300x300.jpg 300w, https:\/\/wp.kristdemokraterna.se\/tyreso\/files\/2014\/06\/leif2-150x150.jpg 150w, https:\/\/wp.kristdemokraterna.se\/tyreso\/files\/2014\/06\/leif2-1024x1024.jpg 1024w, https:\/\/wp.kristdemokraterna.se\/tyreso\/files\/2014\/06\/leif2.jpg 1836w\" sizes=\"auto, (max-width: 280px) 100vw, 280px\" \/><\/a><p id=\"caption-attachment-125\" class=\"wp-caption-text\">Leif Kennerberg<br \/>Tel: 070-2589103<br \/>Epost: leif@kristdemokraterna.se<\/p><\/div>\n<p>&nbsp;<\/p>\n<div id=\"attachment_1516\" style=\"width: 288px\" class=\"wp-caption alignnone\"><a href=\"http:\/\/wp.kristdemokraterna.se\/tyreso\/files\/2023\/01\/per-linden-scaled.jpg\"><img loading=\"lazy\" decoding=\"async\" aria-describedby=\"caption-attachment-1516\" class=\" wp-image-1516\" src=\"http:\/\/wp.kristdemokraterna.se\/tyreso\/files\/2023\/01\/per-linden-scaled.jpg\" alt=\"\" width=\"278\" height=\"347\" srcset=\"https:\/\/wp.kristdemokraterna.se\/tyreso\/files\/2023\/01\/per-linden-scaled.jpg 2048w, https:\/\/wp.kristdemokraterna.se\/tyreso\/files\/2023\/01\/per-linden-240x300.jpg 240w, https:\/\/wp.kristdemokraterna.se\/tyreso\/files\/2023\/01\/per-linden-819x1024.jpg 819w, https:\/\/wp.kristdemokraterna.se\/tyreso\/files\/2023\/01\/per-linden-768x960.jpg 768w, https:\/\/wp.kristdemokraterna.se\/tyreso\/files\/2023\/01\/per-linden-1229x1536.jpg 1229w, https:\/\/wp.kristdemokraterna.se\/tyreso\/files\/2023\/01\/per-linden-1638x2048.jpg 1638w, https:\/\/wp.kristdemokraterna.se\/tyreso\/files\/2023\/01\/per-linden-160x200.jpg 160w, https:\/\/wp.kristdemokraterna.se\/tyreso\/files\/2023\/01\/per-linden-370x463.jpg 370w, https:\/\/wp.kristdemokraterna.se\/tyreso\/files\/2023\/01\/per-linden-770x963.jpg 770w, https:\/\/wp.kristdemokraterna.se\/tyreso\/files\/2023\/01\/per-linden-450x563.jpg 450w, https:\/\/wp.kristdemokraterna.se\/tyreso\/files\/2023\/01\/per-linden-280x350.jpg 280w, https:\/\/wp.kristdemokraterna.se\/tyreso\/files\/2023\/01\/per-linden-340x425.jpg 340w, https:\/\/wp.kristdemokraterna.se\/tyreso\/files\/2023\/01\/per-linden-45x56.jpg 45w\" sizes=\"auto, (max-width: 278px) 100vw, 278px\" \/><\/a><p id=\"caption-attachment-1516\" class=\"wp-caption-text\">Per Lind\u00e9n<br \/>Tel: 08-52721937<br \/>per.linden@cgi.com<\/p><\/div>\n<p>&nbsp;<\/p>\n<div id=\"attachment_1416\" style=\"width: 287px\" class=\"wp-caption alignnone\"><a href=\"http:\/\/wp.kristdemokraterna.se\/tyreso\/files\/2022\/04\/ulf-perbo-mars-2022-scaled.jpg\"><img loading=\"lazy\" decoding=\"async\" aria-describedby=\"caption-attachment-1416\" class=\" wp-image-1416\" src=\"http:\/\/wp.kristdemokraterna.se\/tyreso\/files\/2022\/04\/ulf-perbo-mars-2022-scaled.jpg\" alt=\"\" width=\"277\" height=\"346\" srcset=\"https:\/\/wp.kristdemokraterna.se\/tyreso\/files\/2022\/04\/ulf-perbo-mars-2022-scaled.jpg 2048w, https:\/\/wp.kristdemokraterna.se\/tyreso\/files\/2022\/04\/ulf-perbo-mars-2022-240x300.jpg 240w, https:\/\/wp.kristdemokraterna.se\/tyreso\/files\/2022\/04\/ulf-perbo-mars-2022-819x1024.jpg 819w, https:\/\/wp.kristdemokraterna.se\/tyreso\/files\/2022\/04\/ulf-perbo-mars-2022-768x960.jpg 768w, https:\/\/wp.kristdemokraterna.se\/tyreso\/files\/2022\/04\/ulf-perbo-mars-2022-1229x1536.jpg 1229w, https:\/\/wp.kristdemokraterna.se\/tyreso\/files\/2022\/04\/ulf-perbo-mars-2022-1638x2048.jpg 1638w, https:\/\/wp.kristdemokraterna.se\/tyreso\/files\/2022\/04\/ulf-perbo-mars-2022-160x200.jpg 160w, https:\/\/wp.kristdemokraterna.se\/tyreso\/files\/2022\/04\/ulf-perbo-mars-2022-370x463.jpg 370w, https:\/\/wp.kristdemokraterna.se\/tyreso\/files\/2022\/04\/ulf-perbo-mars-2022-770x963.jpg 770w, https:\/\/wp.kristdemokraterna.se\/tyreso\/files\/2022\/04\/ulf-perbo-mars-2022-450x563.jpg 450w, https:\/\/wp.kristdemokraterna.se\/tyreso\/files\/2022\/04\/ulf-perbo-mars-2022-280x350.jpg 280w, https:\/\/wp.kristdemokraterna.se\/tyreso\/files\/2022\/04\/ulf-perbo-mars-2022-340x425.jpg 340w, https:\/\/wp.kristdemokraterna.se\/tyreso\/files\/2022\/04\/ulf-perbo-mars-2022-45x56.jpg 45w\" sizes=\"auto, (max-width: 277px) 100vw, 277px\" \/><\/a><p id=\"caption-attachment-1416\" class=\"wp-caption-text\">Ulf Perbo<br \/>Tel: 070-9946363<br \/>Epost: ulf@perbo.nu<\/p><\/div>\n<p>&nbsp;<\/p>\n<div id=\"attachment_1514\" style=\"width: 294px\" class=\"wp-caption alignnone\"><a href=\"http:\/\/wp.kristdemokraterna.se\/tyreso\/files\/2023\/01\/9-janis-salts-color22-scaled.jpg\"><img loading=\"lazy\" decoding=\"async\" aria-describedby=\"caption-attachment-1514\" class=\" wp-image-1514\" src=\"http:\/\/wp.kristdemokraterna.se\/tyreso\/files\/2023\/01\/9-janis-salts-color22-scaled.jpg\" alt=\"\" width=\"284\" height=\"354\" srcset=\"https:\/\/wp.kristdemokraterna.se\/tyreso\/files\/2023\/01\/9-janis-salts-color22-scaled.jpg 2048w, https:\/\/wp.kristdemokraterna.se\/tyreso\/files\/2023\/01\/9-janis-salts-color22-240x300.jpg 240w, https:\/\/wp.kristdemokraterna.se\/tyreso\/files\/2023\/01\/9-janis-salts-color22-819x1024.jpg 819w, https:\/\/wp.kristdemokraterna.se\/tyreso\/files\/2023\/01\/9-janis-salts-color22-768x960.jpg 768w, https:\/\/wp.kristdemokraterna.se\/tyreso\/files\/2023\/01\/9-janis-salts-color22-1229x1536.jpg 1229w, https:\/\/wp.kristdemokraterna.se\/tyreso\/files\/2023\/01\/9-janis-salts-color22-1639x2048.jpg 1639w, https:\/\/wp.kristdemokraterna.se\/tyreso\/files\/2023\/01\/9-janis-salts-color22-160x200.jpg 160w, https:\/\/wp.kristdemokraterna.se\/tyreso\/files\/2023\/01\/9-janis-salts-color22-370x462.jpg 370w, https:\/\/wp.kristdemokraterna.se\/tyreso\/files\/2023\/01\/9-janis-salts-color22-770x962.jpg 770w, https:\/\/wp.kristdemokraterna.se\/tyreso\/files\/2023\/01\/9-janis-salts-color22-450x562.jpg 450w, https:\/\/wp.kristdemokraterna.se\/tyreso\/files\/2023\/01\/9-janis-salts-color22-280x350.jpg 280w, https:\/\/wp.kristdemokraterna.se\/tyreso\/files\/2023\/01\/9-janis-salts-color22-340x425.jpg 340w, https:\/\/wp.kristdemokraterna.se\/tyreso\/files\/2023\/01\/9-janis-salts-color22-45x56.jpg 45w\" sizes=\"auto, (max-width: 284px) 100vw, 284px\" \/><\/a><p id=\"caption-attachment-1514\" class=\"wp-caption-text\">Janis Salts<br \/>Tel: 070-7728068<br \/>Epost: janis.salts@tyreso.se<\/p><\/div>\n<p>&nbsp;<\/p>\n<div id=\"attachment_1413\" style=\"width: 292px\" class=\"wp-caption alignnone\"><a href=\"http:\/\/wp.kristdemokraterna.se\/tyreso\/files\/2022\/04\/cecilia-skold-scaled.jpg\"><img loading=\"lazy\" decoding=\"async\" aria-describedby=\"caption-attachment-1413\" class=\" wp-image-1413\" src=\"http:\/\/wp.kristdemokraterna.se\/tyreso\/files\/2022\/04\/cecilia-skold-scaled.jpg\" alt=\"\" width=\"282\" height=\"326\" srcset=\"https:\/\/wp.kristdemokraterna.se\/tyreso\/files\/2022\/04\/cecilia-skold-scaled.jpg 2214w, https:\/\/wp.kristdemokraterna.se\/tyreso\/files\/2022\/04\/cecilia-skold-259x300.jpg 259w, https:\/\/wp.kristdemokraterna.se\/tyreso\/files\/2022\/04\/cecilia-skold-885x1024.jpg 885w, https:\/\/wp.kristdemokraterna.se\/tyreso\/files\/2022\/04\/cecilia-skold-768x888.jpg 768w, https:\/\/wp.kristdemokraterna.se\/tyreso\/files\/2022\/04\/cecilia-skold-1328x1536.jpg 1328w, https:\/\/wp.kristdemokraterna.se\/tyreso\/files\/2022\/04\/cecilia-skold-1771x2048.jpg 1771w, https:\/\/wp.kristdemokraterna.se\/tyreso\/files\/2022\/04\/cecilia-skold-173x200.jpg 173w, https:\/\/wp.kristdemokraterna.se\/tyreso\/files\/2022\/04\/cecilia-skold-370x428.jpg 370w, https:\/\/wp.kristdemokraterna.se\/tyreso\/files\/2022\/04\/cecilia-skold-770x891.jpg 770w, https:\/\/wp.kristdemokraterna.se\/tyreso\/files\/2022\/04\/cecilia-skold-450x520.jpg 450w, https:\/\/wp.kristdemokraterna.se\/tyreso\/files\/2022\/04\/cecilia-skold-280x324.jpg 280w, https:\/\/wp.kristdemokraterna.se\/tyreso\/files\/2022\/04\/cecilia-skold-340x393.jpg 340w, https:\/\/wp.kristdemokraterna.se\/tyreso\/files\/2022\/04\/cecilia-skold-48x56.jpg 48w\" sizes=\"auto, (max-width: 282px) 100vw, 282px\" \/><\/a><p id=\"caption-attachment-1413\" class=\"wp-caption-text\">Cecilia Sk\u00f6ld<br \/>Tel: 072-193 33 33<br \/>E-post: Cecilia.Skold2015@gmail.com<\/p><\/div>\n<\/div>\n<\/div>\n","protected":false},"excerpt":{"rendered":"<p>H\u00e4r nedan kan du se samtliga politiker i bokstavsordning. Vill du veta vem som sitter i n\u00e4mnderna g\u00e5r du in p\u00e5 respektive n\u00e4mndflik. &nbsp; &nbsp; &nbsp; &nbsp; &nbsp; &nbsp;<\/p>\n","protected":false},"author":644,"featured_media":0,"parent":809,"menu_order":0,"comment_status":"closed","ping_status":"closed","template":"page.php","meta":{"_acf_changed":false,"footnotes":""},"class_list":["post-2","page","type-page","status-publish","hentry"],"acf":[],"yoast_head":"<!-- This site is optimized with the Yoast SEO plugin v27.5 - https:\/\/yoast.com\/product\/yoast-seo-wordpress\/ -->\n<title>Personer med politiska uppdrag, A - \u00d6 - Kristdemokraterna Tyres\u00f6<\/title>\n<meta name=\"robots\" content=\"index, follow, max-snippet:-1, max-image-preview:large, max-video-preview:-1\" \/>\n<link rel=\"canonical\" href=\"https:\/\/wp.kristdemokraterna.se\/tyreso\/vara-uppdrag\/exempelsida\/\" \/>\n<meta property=\"og:locale\" content=\"sv_SE\" \/>\n<meta property=\"og:type\" content=\"article\" \/>\n<meta property=\"og:title\" content=\"Personer med politiska uppdrag, A - \u00d6 - Kristdemokraterna Tyres\u00f6\" \/>\n<meta property=\"og:description\" content=\"H\u00e4r nedan kan du se samtliga politiker i bokstavsordning. Vill du veta vem som sitter i n\u00e4mnderna g\u00e5r du in p\u00e5 respektive n\u00e4mndflik. &nbsp; &nbsp; &nbsp; &nbsp; &nbsp; &nbsp;\" \/>\n<meta property=\"og:url\" content=\"https:\/\/wp.kristdemokraterna.se\/tyreso\/vara-uppdrag\/exempelsida\/\" \/>\n<meta property=\"og:site_name\" content=\"Kristdemokraterna Tyres\u00f6\" \/>\n<meta property=\"article:modified_time\" content=\"2026-04-15T05:10:44+00:00\" \/>\n<meta property=\"og:image\" content=\"https:\/\/wp.kristdemokraterna.se\/tyreso\/files\/2026\/01\/erik-876x1024.jpg\" \/>\n\t<meta property=\"og:image:width\" content=\"876\" \/>\n\t<meta property=\"og:image:height\" content=\"1024\" \/>\n\t<meta property=\"og:image:type\" content=\"image\/jpeg\" \/>\n<meta name=\"twitter:card\" content=\"summary_large_image\" \/>\n<meta name=\"twitter:label1\" content=\"Ber\u00e4knad l\u00e4stid\" \/>\n\t<meta name=\"twitter:data1\" content=\"2 minuter\" \/>\n<script type=\"application\/ld+json\" class=\"yoast-schema-graph\">{\"@context\":\"https:\\\/\\\/schema.org\",\"@graph\":[{\"@type\":\"WebPage\",\"@id\":\"https:\\\/\\\/wp.kristdemokraterna.se\\\/tyreso\\\/vara-uppdrag\\\/exempelsida\\\/\",\"url\":\"https:\\\/\\\/wp.kristdemokraterna.se\\\/tyreso\\\/vara-uppdrag\\\/exempelsida\\\/\",\"name\":\"Personer med politiska uppdrag, A - \u00d6 - Kristdemokraterna Tyres\u00f6\",\"isPartOf\":{\"@id\":\"https:\\\/\\\/wp.kristdemokraterna.se\\\/tyreso\\\/#website\"},\"primaryImageOfPage\":{\"@id\":\"https:\\\/\\\/wp.kristdemokraterna.se\\\/tyreso\\\/vara-uppdrag\\\/exempelsida\\\/#primaryimage\"},\"image\":{\"@id\":\"https:\\\/\\\/wp.kristdemokraterna.se\\\/tyreso\\\/vara-uppdrag\\\/exempelsida\\\/#primaryimage\"},\"thumbnailUrl\":\"http:\\\/\\\/wp.kristdemokraterna.se\\\/tyreso\\\/files\\\/2026\\\/01\\\/erik-scaled.jpg\",\"datePublished\":\"2014-04-04T11:34:08+00:00\",\"dateModified\":\"2026-04-15T05:10:44+00:00\",\"breadcrumb\":{\"@id\":\"https:\\\/\\\/wp.kristdemokraterna.se\\\/tyreso\\\/vara-uppdrag\\\/exempelsida\\\/#breadcrumb\"},\"inLanguage\":\"sv-SE\",\"potentialAction\":[{\"@type\":\"ReadAction\",\"target\":[\"https:\\\/\\\/wp.kristdemokraterna.se\\\/tyreso\\\/vara-uppdrag\\\/exempelsida\\\/\"]}]},{\"@type\":\"ImageObject\",\"inLanguage\":\"sv-SE\",\"@id\":\"https:\\\/\\\/wp.kristdemokraterna.se\\\/tyreso\\\/vara-uppdrag\\\/exempelsida\\\/#primaryimage\",\"url\":\"http:\\\/\\\/wp.kristdemokraterna.se\\\/tyreso\\\/files\\\/2026\\\/01\\\/erik-scaled.jpg\",\"contentUrl\":\"http:\\\/\\\/wp.kristdemokraterna.se\\\/tyreso\\\/files\\\/2026\\\/01\\\/erik-scaled.jpg\"},{\"@type\":\"BreadcrumbList\",\"@id\":\"https:\\\/\\\/wp.kristdemokraterna.se\\\/tyreso\\\/vara-uppdrag\\\/exempelsida\\\/#breadcrumb\",\"itemListElement\":[{\"@type\":\"ListItem\",\"position\":1,\"name\":\"Hem\",\"item\":\"https:\\\/\\\/wp.kristdemokraterna.se\\\/tyreso\\\/\"},{\"@type\":\"ListItem\",\"position\":2,\"name\":\"V\u00e5ra uppdrag\",\"item\":\"https:\\\/\\\/wp.kristdemokraterna.se\\\/tyreso\\\/vara-uppdrag\\\/\"},{\"@type\":\"ListItem\",\"position\":3,\"name\":\"Personer med politiska uppdrag, A &#8211; \u00d6\"}]},{\"@type\":\"WebSite\",\"@id\":\"https:\\\/\\\/wp.kristdemokraterna.se\\\/tyreso\\\/#website\",\"url\":\"https:\\\/\\\/wp.kristdemokraterna.se\\\/tyreso\\\/\",\"name\":\"Kristdemokraterna Tyres\u00f6\",\"description\":\"\",\"inLanguage\":\"sv-SE\"}]}<\/script>\n<!-- \/ Yoast SEO plugin. -->","yoast_head_json":{"title":"Personer med politiska uppdrag, A - \u00d6 - Kristdemokraterna Tyres\u00f6","robots":{"index":"index","follow":"follow","max-snippet":"max-snippet:-1","max-image-preview":"max-image-preview:large","max-video-preview":"max-video-preview:-1"},"canonical":"https:\/\/wp.kristdemokraterna.se\/tyreso\/vara-uppdrag\/exempelsida\/","og_locale":"sv_SE","og_type":"article","og_title":"Personer med politiska uppdrag, A - \u00d6 - Kristdemokraterna Tyres\u00f6","og_description":"H\u00e4r nedan kan du se samtliga politiker i bokstavsordning. Vill du veta vem som sitter i n\u00e4mnderna g\u00e5r du in p\u00e5 respektive n\u00e4mndflik. &nbsp; &nbsp; &nbsp; &nbsp; &nbsp; &nbsp;","og_url":"https:\/\/wp.kristdemokraterna.se\/tyreso\/vara-uppdrag\/exempelsida\/","og_site_name":"Kristdemokraterna Tyres\u00f6","article_modified_time":"2026-04-15T05:10:44+00:00","og_image":[{"width":876,"height":1024,"url":"https:\/\/wp.kristdemokraterna.se\/tyreso\/files\/2026\/01\/erik-876x1024.jpg","type":"image\/jpeg"}],"twitter_card":"summary_large_image","twitter_misc":{"Ber\u00e4knad l\u00e4stid":"2 minuter"},"schema":{"@context":"https:\/\/schema.org","@graph":[{"@type":"WebPage","@id":"https:\/\/wp.kristdemokraterna.se\/tyreso\/vara-uppdrag\/exempelsida\/","url":"https:\/\/wp.kristdemokraterna.se\/tyreso\/vara-uppdrag\/exempelsida\/","name":"Personer med politiska uppdrag, A - \u00d6 - Kristdemokraterna Tyres\u00f6","isPartOf":{"@id":"https:\/\/wp.kristdemokraterna.se\/tyreso\/#website"},"primaryImageOfPage":{"@id":"https:\/\/wp.kristdemokraterna.se\/tyreso\/vara-uppdrag\/exempelsida\/#primaryimage"},"image":{"@id":"https:\/\/wp.kristdemokraterna.se\/tyreso\/vara-uppdrag\/exempelsida\/#primaryimage"},"thumbnailUrl":"http:\/\/wp.kristdemokraterna.se\/tyreso\/files\/2026\/01\/erik-scaled.jpg","datePublished":"2014-04-04T11:34:08+00:00","dateModified":"2026-04-15T05:10:44+00:00","breadcrumb":{"@id":"https:\/\/wp.kristdemokraterna.se\/tyreso\/vara-uppdrag\/exempelsida\/#breadcrumb"},"inLanguage":"sv-SE","potentialAction":[{"@type":"ReadAction","target":["https:\/\/wp.kristdemokraterna.se\/tyreso\/vara-uppdrag\/exempelsida\/"]}]},{"@type":"ImageObject","inLanguage":"sv-SE","@id":"https:\/\/wp.kristdemokraterna.se\/tyreso\/vara-uppdrag\/exempelsida\/#primaryimage","url":"http:\/\/wp.kristdemokraterna.se\/tyreso\/files\/2026\/01\/erik-scaled.jpg","contentUrl":"http:\/\/wp.kristdemokraterna.se\/tyreso\/files\/2026\/01\/erik-scaled.jpg"},{"@type":"BreadcrumbList","@id":"https:\/\/wp.kristdemokraterna.se\/tyreso\/vara-uppdrag\/exempelsida\/#breadcrumb","itemListElement":[{"@type":"ListItem","position":1,"name":"Hem","item":"https:\/\/wp.kristdemokraterna.se\/tyreso\/"},{"@type":"ListItem","position":2,"name":"V\u00e5ra uppdrag","item":"https:\/\/wp.kristdemokraterna.se\/tyreso\/vara-uppdrag\/"},{"@type":"ListItem","position":3,"name":"Personer med politiska uppdrag, A &#8211; \u00d6"}]},{"@type":"WebSite","@id":"https:\/\/wp.kristdemokraterna.se\/tyreso\/#website","url":"https:\/\/wp.kristdemokraterna.se\/tyreso\/","name":"Kristdemokraterna Tyres\u00f6","description":"","inLanguage":"sv-SE"}]}},"_links":{"self":[{"href":"https:\/\/wp.kristdemokraterna.se\/tyreso\/wp-json\/wp\/v2\/pages\/2","targetHints":{"allow":["GET"]}}],"collection":[{"href":"https:\/\/wp.kristdemokraterna.se\/tyreso\/wp-json\/wp\/v2\/pages"}],"about":[{"href":"https:\/\/wp.kristdemokraterna.se\/tyreso\/wp-json\/wp\/v2\/types\/page"}],"author":[{"embeddable":true,"href":"https:\/\/wp.kristdemokraterna.se\/tyreso\/wp-json\/wp\/v2\/users\/644"}],"replies":[{"embeddable":true,"href":"https:\/\/wp.kristdemokraterna.se\/tyreso\/wp-json\/wp\/v2\/comments?post=2"}],"version-history":[{"count":37,"href":"https:\/\/wp.kristdemokraterna.se\/tyreso\/wp-json\/wp\/v2\/pages\/2\/revisions"}],"predecessor-version":[{"id":1905,"href":"https:\/\/wp.kristdemokraterna.se\/tyreso\/wp-json\/wp\/v2\/pages\/2\/revisions\/1905"}],"up":[{"embeddable":true,"href":"https:\/\/wp.kristdemokraterna.se\/tyreso\/wp-json\/wp\/v2\/pages\/809"}],"wp:attachment":[{"href":"https:\/\/wp.kristdemokraterna.se\/tyreso\/wp-json\/wp\/v2\/media?parent=2"}],"curies":[{"name":"wp","href":"https:\/\/api.w.org\/{rel}","templated":true}]}}