{"version":"1.0","provider_name":"Ulricehamn","provider_url":"https:\/\/wp.kristdemokraterna.se\/ulricehamn","title":"V\u00e5ra kandidater 2022 - Ulricehamn","type":"rich","width":600,"height":338,"html":"<blockquote class=\"wp-embedded-content\" data-secret=\"F42YXGU0pE\"><a href=\"https:\/\/wp.kristdemokraterna.se\/ulricehamn\/vara-kandidater\/\">V\u00e5ra kandidater 2022<\/a><\/blockquote><iframe sandbox=\"allow-scripts\" security=\"restricted\" src=\"https:\/\/wp.kristdemokraterna.se\/ulricehamn\/vara-kandidater\/embed\/#?secret=F42YXGU0pE\" width=\"600\" height=\"338\" title=\"\u201dV\u00e5ra kandidater 2022\u201d &ndash; Ulricehamn\" data-secret=\"F42YXGU0pE\" frameborder=\"0\" marginwidth=\"0\" marginheight=\"0\" scrolling=\"no\" class=\"wp-embedded-content\"><\/iframe><script type=\"text\/javascript\">\n\/* <![CDATA[ *\/\n\/*! This file is auto-generated *\/\n!function(d,l){\"use strict\";l.querySelector&&d.addEventListener&&\"undefined\"!=typeof URL&&(d.wp=d.wp||{},d.wp.receiveEmbedMessage||(d.wp.receiveEmbedMessage=function(e){var t=e.data;if((t||t.secret||t.message||t.value)&&!\/[^a-zA-Z0-9]\/.test(t.secret)){for(var s,r,n,a=l.querySelectorAll('iframe[data-secret=\"'+t.secret+'\"]'),o=l.querySelectorAll('blockquote[data-secret=\"'+t.secret+'\"]'),c=new RegExp(\"^https?:$\",\"i\"),i=0;i<o.length;i++)o[i].style.display=\"none\";for(i=0;i<a.length;i++)s=a[i],e.source===s.contentWindow&&(s.removeAttribute(\"style\"),\"height\"===t.message?(1e3<(r=parseInt(t.value,10))?r=1e3:~~r<200&&(r=200),s.height=r):\"link\"===t.message&&(r=new URL(s.getAttribute(\"src\")),n=new URL(t.value),c.test(n.protocol))&&n.host===r.host&&l.activeElement===s&&(d.top.location.href=t.value))}},d.addEventListener(\"message\",d.wp.receiveEmbedMessage,!1),l.addEventListener(\"DOMContentLoaded\",function(){for(var e,t,s=l.querySelectorAll(\"iframe.wp-embedded-content\"),r=0;r<s.length;r++)(t=(e=s[r]).getAttribute(\"data-secret\"))||(t=Math.random().toString(36).substring(2,12),e.src+=\"#?secret=\"+t,e.setAttribute(\"data-secret\",t)),e.contentWindow.postMessage({message:\"ready\",secret:t},\"*\")},!1)))}(window,document);\n\/\/# sourceURL=https:\/\/wp.kristdemokraterna.se\/ulricehamn\/wp-includes\/js\/wp-embed.min.js\n\/* ]]> *\/\n<\/script>\n","description":"Frida Edberg &nbsp; Runt om i v\u00e5r kommun breder fantastiska landskap ut sig. Landskap som skapar arbetstillf\u00e4llen, lockar m\u00e4nniskor till sig, ger n\u00e4ring och \u00f6kar sj\u00e4lvf\u00f6rs\u00f6rjningsgraden. Bevarar den biologiska m\u00e5ngfalden och \u00e4r en del av v\u00e5rt kulturarv. Jag vill att m\u00e4nniskor ska kunna leva och bo i hela v\u00e5r kommun, och d\u00e5 m\u00e5ste vi skapa Read More","thumbnail_url":"https:\/\/wp.kristdemokraterna.se\/ulricehamn\/files\/2022\/07\/delningsbild-kvadrat-1658671944645.jpeg","thumbnail_width":480,"thumbnail_height":480}