{"id":11,"date":"2014-05-20T17:19:58","date_gmt":"2014-05-20T15:19:58","guid":{"rendered":"http:\/\/wp.kristdemokraterna.se\/ulricehamn\/?page_id=11"},"modified":"2018-06-11T17:28:34","modified_gmt":"2018-06-11T15:28:34","slug":"kontakta-oss","status":"publish","type":"page","link":"https:\/\/wp.kristdemokraterna.se\/ulricehamn\/kontakta-oss\/","title":{"rendered":"Kontakta oss"},"content":{"rendered":"<p>Vill du ha kontakt med oss? Du kan fylla i nedanst\u00e5ende formul\u00e4r s\u00e5 kontaktar vi dig s\u00e5 snart som m\u00f6jligt.<\/p>\n\n<div class=\"wpcf7 no-js\" id=\"wpcf7-f60-o1\" lang=\"sv-SE\" dir=\"ltr\" data-wpcf7-id=\"60\">\n<div class=\"screen-reader-response\"><p role=\"status\" aria-live=\"polite\" aria-atomic=\"true\"><\/p> <ul><\/ul><\/div>\n<form action=\"\/ulricehamn\/wp-json\/wp\/v2\/pages\/11#wpcf7-f60-o1\" method=\"post\" class=\"wpcf7-form init\" aria-label=\"Kontaktformul\u00e4r\" novalidate=\"novalidate\" data-status=\"init\">\n<fieldset class=\"hidden-fields-container\"><input type=\"hidden\" name=\"_wpcf7\" value=\"60\" \/><input type=\"hidden\" name=\"_wpcf7_version\" value=\"6.1.5\" \/><input type=\"hidden\" name=\"_wpcf7_locale\" value=\"sv_SE\" \/><input type=\"hidden\" name=\"_wpcf7_unit_tag\" value=\"wpcf7-f60-o1\" \/><input type=\"hidden\" name=\"_wpcf7_container_post\" value=\"0\" \/><input type=\"hidden\" name=\"_wpcf7_posted_data_hash\" value=\"\" \/>\n<\/fieldset>\n<p>Ditt namn (obligatorisk)\n<\/p>\n<p><span class=\"wpcf7-form-control-wrap\" data-name=\"your-name\"><input size=\"40\" maxlength=\"400\" class=\"wpcf7-form-control wpcf7-text wpcf7-validates-as-required\" aria-required=\"true\" aria-invalid=\"false\" value=\"\" type=\"text\" name=\"your-name\" \/><\/span>\n<\/p>\n<p>Din epost (obligatorisk)\n<\/p>\n<p><span class=\"wpcf7-form-control-wrap\" data-name=\"your-email\"><input size=\"40\" maxlength=\"400\" class=\"wpcf7-form-control wpcf7-email wpcf7-validates-as-required wpcf7-text wpcf7-validates-as-email\" aria-required=\"true\" aria-invalid=\"false\" value=\"\" type=\"email\" name=\"your-email\" \/><\/span>\n<\/p>\n<p>\u00c4mne\n<\/p>\n<p><span class=\"wpcf7-form-control-wrap\" data-name=\"your-subject\"><input size=\"40\" maxlength=\"400\" class=\"wpcf7-form-control wpcf7-text\" aria-invalid=\"false\" value=\"\" type=\"text\" name=\"your-subject\" \/><\/span>\n<\/p>\n<p>Ditt meddelande\n<\/p>\n<p><span class=\"wpcf7-form-control-wrap\" data-name=\"your-message\"><textarea cols=\"40\" rows=\"10\" maxlength=\"2000\" class=\"wpcf7-form-control wpcf7-textarea\" aria-invalid=\"false\" name=\"your-message\"><\/textarea><\/span>\n<\/p>\n<p><input class=\"wpcf7-form-control wpcf7-submit has-spinner\" type=\"submit\" value=\"Skicka\" \/>\n<\/p><div class=\"wpcf7-response-output\" aria-hidden=\"true\"><\/div>\n<\/form>\n<\/div>\n\n<p>&nbsp;<\/p>\n<p>&nbsp;<\/p>\n","protected":false},"excerpt":{"rendered":"<p>Vill du ha kontakt med oss? Du kan fylla i nedanst\u00e5ende formul\u00e4r s\u00e5 kontaktar vi dig s\u00e5 snart som m\u00f6jligt. &nbsp; &nbsp;<\/p>\n","protected":false},"author":609,"featured_media":0,"parent":0,"menu_order":8,"comment_status":"closed","ping_status":"closed","template":"","meta":{"_acf_changed":false,"footnotes":""},"class_list":["post-11","page","type-page","status-publish","hentry"],"acf":[],"yoast_head":"<!-- This site is optimized with the Yoast SEO plugin v27.5 - https:\/\/yoast.com\/product\/yoast-seo-wordpress\/ -->\n<title>Kontakta oss - Ulricehamn<\/title>\n<meta name=\"robots\" content=\"index, follow, max-snippet:-1, max-image-preview:large, max-video-preview:-1\" \/>\n<link rel=\"canonical\" href=\"https:\/\/wp.kristdemokraterna.se\/ulricehamn\/kontakta-oss\/\" \/>\n<meta property=\"og:locale\" content=\"sv_SE\" \/>\n<meta property=\"og:type\" content=\"article\" \/>\n<meta property=\"og:title\" content=\"Kontakta oss - Ulricehamn\" \/>\n<meta property=\"og:description\" content=\"Vill du ha kontakt med oss? Du kan fylla i nedanst\u00e5ende formul\u00e4r s\u00e5 kontaktar vi dig s\u00e5 snart som m\u00f6jligt. &nbsp; &nbsp;\" \/>\n<meta property=\"og:url\" content=\"https:\/\/wp.kristdemokraterna.se\/ulricehamn\/kontakta-oss\/\" \/>\n<meta property=\"og:site_name\" content=\"Ulricehamn\" \/>\n<meta property=\"article:modified_time\" content=\"2018-06-11T15:28:34+00:00\" \/>\n<meta name=\"twitter:card\" content=\"summary_large_image\" \/>\n<script type=\"application\/ld+json\" class=\"yoast-schema-graph\">{\"@context\":\"https:\\\/\\\/schema.org\",\"@graph\":[{\"@type\":\"WebPage\",\"@id\":\"https:\\\/\\\/wp.kristdemokraterna.se\\\/ulricehamn\\\/kontakta-oss\\\/\",\"url\":\"https:\\\/\\\/wp.kristdemokraterna.se\\\/ulricehamn\\\/kontakta-oss\\\/\",\"name\":\"Kontakta oss - Ulricehamn\",\"isPartOf\":{\"@id\":\"https:\\\/\\\/wp.kristdemokraterna.se\\\/ulricehamn\\\/#website\"},\"datePublished\":\"2014-05-20T15:19:58+00:00\",\"dateModified\":\"2018-06-11T15:28:34+00:00\",\"breadcrumb\":{\"@id\":\"https:\\\/\\\/wp.kristdemokraterna.se\\\/ulricehamn\\\/kontakta-oss\\\/#breadcrumb\"},\"inLanguage\":\"sv-SE\",\"potentialAction\":[{\"@type\":\"ReadAction\",\"target\":[\"https:\\\/\\\/wp.kristdemokraterna.se\\\/ulricehamn\\\/kontakta-oss\\\/\"]}]},{\"@type\":\"BreadcrumbList\",\"@id\":\"https:\\\/\\\/wp.kristdemokraterna.se\\\/ulricehamn\\\/kontakta-oss\\\/#breadcrumb\",\"itemListElement\":[{\"@type\":\"ListItem\",\"position\":1,\"name\":\"Hem\",\"item\":\"https:\\\/\\\/wp.kristdemokraterna.se\\\/ulricehamn\\\/\"},{\"@type\":\"ListItem\",\"position\":2,\"name\":\"Kontakta oss\"}]},{\"@type\":\"WebSite\",\"@id\":\"https:\\\/\\\/wp.kristdemokraterna.se\\\/ulricehamn\\\/#website\",\"url\":\"https:\\\/\\\/wp.kristdemokraterna.se\\\/ulricehamn\\\/\",\"name\":\"Ulricehamn\",\"description\":\"En till Kristdemokraterna webbplats\",\"inLanguage\":\"sv-SE\"}]}<\/script>\n<!-- \/ Yoast SEO plugin. -->","yoast_head_json":{"title":"Kontakta oss - Ulricehamn","robots":{"index":"index","follow":"follow","max-snippet":"max-snippet:-1","max-image-preview":"max-image-preview:large","max-video-preview":"max-video-preview:-1"},"canonical":"https:\/\/wp.kristdemokraterna.se\/ulricehamn\/kontakta-oss\/","og_locale":"sv_SE","og_type":"article","og_title":"Kontakta oss - Ulricehamn","og_description":"Vill du ha kontakt med oss? Du kan fylla i nedanst\u00e5ende formul\u00e4r s\u00e5 kontaktar vi dig s\u00e5 snart som m\u00f6jligt. &nbsp; &nbsp;","og_url":"https:\/\/wp.kristdemokraterna.se\/ulricehamn\/kontakta-oss\/","og_site_name":"Ulricehamn","article_modified_time":"2018-06-11T15:28:34+00:00","twitter_card":"summary_large_image","schema":{"@context":"https:\/\/schema.org","@graph":[{"@type":"WebPage","@id":"https:\/\/wp.kristdemokraterna.se\/ulricehamn\/kontakta-oss\/","url":"https:\/\/wp.kristdemokraterna.se\/ulricehamn\/kontakta-oss\/","name":"Kontakta oss - Ulricehamn","isPartOf":{"@id":"https:\/\/wp.kristdemokraterna.se\/ulricehamn\/#website"},"datePublished":"2014-05-20T15:19:58+00:00","dateModified":"2018-06-11T15:28:34+00:00","breadcrumb":{"@id":"https:\/\/wp.kristdemokraterna.se\/ulricehamn\/kontakta-oss\/#breadcrumb"},"inLanguage":"sv-SE","potentialAction":[{"@type":"ReadAction","target":["https:\/\/wp.kristdemokraterna.se\/ulricehamn\/kontakta-oss\/"]}]},{"@type":"BreadcrumbList","@id":"https:\/\/wp.kristdemokraterna.se\/ulricehamn\/kontakta-oss\/#breadcrumb","itemListElement":[{"@type":"ListItem","position":1,"name":"Hem","item":"https:\/\/wp.kristdemokraterna.se\/ulricehamn\/"},{"@type":"ListItem","position":2,"name":"Kontakta oss"}]},{"@type":"WebSite","@id":"https:\/\/wp.kristdemokraterna.se\/ulricehamn\/#website","url":"https:\/\/wp.kristdemokraterna.se\/ulricehamn\/","name":"Ulricehamn","description":"En till Kristdemokraterna webbplats","inLanguage":"sv-SE"}]}},"_links":{"self":[{"href":"https:\/\/wp.kristdemokraterna.se\/ulricehamn\/wp-json\/wp\/v2\/pages\/11","targetHints":{"allow":["GET"]}}],"collection":[{"href":"https:\/\/wp.kristdemokraterna.se\/ulricehamn\/wp-json\/wp\/v2\/pages"}],"about":[{"href":"https:\/\/wp.kristdemokraterna.se\/ulricehamn\/wp-json\/wp\/v2\/types\/page"}],"author":[{"embeddable":true,"href":"https:\/\/wp.kristdemokraterna.se\/ulricehamn\/wp-json\/wp\/v2\/users\/609"}],"replies":[{"embeddable":true,"href":"https:\/\/wp.kristdemokraterna.se\/ulricehamn\/wp-json\/wp\/v2\/comments?post=11"}],"version-history":[{"count":4,"href":"https:\/\/wp.kristdemokraterna.se\/ulricehamn\/wp-json\/wp\/v2\/pages\/11\/revisions"}],"predecessor-version":[{"id":419,"href":"https:\/\/wp.kristdemokraterna.se\/ulricehamn\/wp-json\/wp\/v2\/pages\/11\/revisions\/419"}],"wp:attachment":[{"href":"https:\/\/wp.kristdemokraterna.se\/ulricehamn\/wp-json\/wp\/v2\/media?parent=11"}],"curies":[{"name":"wp","href":"https:\/\/api.w.org\/{rel}","templated":true}]}}