{"id":164,"date":"2018-05-28T18:36:34","date_gmt":"2018-05-28T16:36:34","guid":{"rendered":"http:\/\/wp.kristdemokraterna.se\/ulricehamn\/?page_id=164"},"modified":"2025-02-04T14:18:22","modified_gmt":"2025-02-04T13:18:22","slug":"startsida","status":"publish","type":"page","link":"https:\/\/wp.kristdemokraterna.se\/ulricehamn\/","title":{"rendered":"Startsida"},"content":{"rendered":"<p>Vi vill jobba f\u00f6r en politik som underl\u00e4ttar m\u00e4nniskors vardag. Vi vill att kommunen ska v\u00e4rna och prioritera sina k\u00e4rnverksamheter, f\u00f6re dyra skrytprojekt.<br \/>\nBarnomsorg, skolan, \u00e4ldreomsorg och annan omsorg \u00e4r grunden och dessa verksamheter m\u00e5ste f\u00e5 de resurser som kr\u00e4vs f\u00f6r att g\u00f6ra v\u00e5r kommun \u00e4nnu b\u00e4ttre.<br \/>\nVi kristdemokraterna vill att hela kommunen ska utvecklas och bli en tryggare och \u00e4nnu b\u00e4ttre kommun att \u00e5ldras, leva och v\u00e4xa upp i.<\/p>\n","protected":false},"excerpt":{"rendered":"<p>Vi vill jobba f\u00f6r en politik som underl\u00e4ttar m\u00e4nniskors vardag. Vi vill att kommunen ska v\u00e4rna och prioritera sina k\u00e4rnverksamheter, f\u00f6re dyra skrytprojekt. Barnomsorg, skolan, \u00e4ldreomsorg och annan omsorg \u00e4r grunden och dessa verksamheter m\u00e5ste f\u00e5 de resurser som kr\u00e4vs f\u00f6r att g\u00f6ra v\u00e5r kommun \u00e4nnu b\u00e4ttre. Vi kristdemokraterna vill att hela kommunen ska utvecklas <a class=\"read-more-link\" href=\"https:\/\/wp.kristdemokraterna.se\/ulricehamn\/\">Read More<\/a><\/p>\n","protected":false},"author":609,"featured_media":0,"parent":0,"menu_order":9,"comment_status":"closed","ping_status":"closed","template":"index.php","meta":{"_acf_changed":false,"footnotes":""},"class_list":["post-164","page","type-page","status-publish","hentry"],"acf":[],"yoast_head":"<!-- This site is optimized with the Yoast SEO plugin v27.5 - https:\/\/yoast.com\/product\/yoast-seo-wordpress\/ -->\n<title>Startsida - Ulricehamn<\/title>\n<meta name=\"robots\" content=\"index, follow, max-snippet:-1, max-image-preview:large, max-video-preview:-1\" \/>\n<link rel=\"canonical\" href=\"https:\/\/wp.kristdemokraterna.se\/ulricehamn\/\" \/>\n<meta property=\"og:locale\" content=\"sv_SE\" \/>\n<meta property=\"og:type\" content=\"article\" \/>\n<meta property=\"og:title\" content=\"Startsida - Ulricehamn\" \/>\n<meta property=\"og:description\" content=\"Vi vill jobba f\u00f6r en politik som underl\u00e4ttar m\u00e4nniskors vardag. Vi vill att kommunen ska v\u00e4rna och prioritera sina k\u00e4rnverksamheter, f\u00f6re dyra skrytprojekt. Barnomsorg, skolan, \u00e4ldreomsorg och annan omsorg \u00e4r grunden och dessa verksamheter m\u00e5ste f\u00e5 de resurser som kr\u00e4vs f\u00f6r att g\u00f6ra v\u00e5r kommun \u00e4nnu b\u00e4ttre. Vi kristdemokraterna vill att hela kommunen ska utvecklas Read More\" \/>\n<meta property=\"og:url\" content=\"https:\/\/wp.kristdemokraterna.se\/ulricehamn\/\" \/>\n<meta property=\"og:site_name\" content=\"Ulricehamn\" \/>\n<meta property=\"article:modified_time\" content=\"2025-02-04T13:18:22+00:00\" \/>\n<meta name=\"twitter:card\" content=\"summary_large_image\" \/>\n<meta name=\"twitter:label1\" content=\"Ber\u00e4knad l\u00e4stid\" \/>\n\t<meta name=\"twitter:data1\" content=\"1 minut\" \/>\n<script type=\"application\/ld+json\" class=\"yoast-schema-graph\">{\"@context\":\"https:\\\/\\\/schema.org\",\"@graph\":[{\"@type\":\"WebPage\",\"@id\":\"https:\\\/\\\/wp.kristdemokraterna.se\\\/ulricehamn\\\/\",\"url\":\"https:\\\/\\\/wp.kristdemokraterna.se\\\/ulricehamn\\\/\",\"name\":\"Startsida - Ulricehamn\",\"isPartOf\":{\"@id\":\"https:\\\/\\\/wp.kristdemokraterna.se\\\/ulricehamn\\\/#website\"},\"datePublished\":\"2018-05-28T16:36:34+00:00\",\"dateModified\":\"2025-02-04T13:18:22+00:00\",\"breadcrumb\":{\"@id\":\"https:\\\/\\\/wp.kristdemokraterna.se\\\/ulricehamn\\\/#breadcrumb\"},\"inLanguage\":\"sv-SE\",\"potentialAction\":[{\"@type\":\"ReadAction\",\"target\":[\"https:\\\/\\\/wp.kristdemokraterna.se\\\/ulricehamn\\\/\"]}]},{\"@type\":\"BreadcrumbList\",\"@id\":\"https:\\\/\\\/wp.kristdemokraterna.se\\\/ulricehamn\\\/#breadcrumb\",\"itemListElement\":[{\"@type\":\"ListItem\",\"position\":1,\"name\":\"Hem\",\"item\":\"https:\\\/\\\/wp.kristdemokraterna.se\\\/ulricehamn\\\/\"},{\"@type\":\"ListItem\",\"position\":2,\"name\":\"Startsida\"}]},{\"@type\":\"WebSite\",\"@id\":\"https:\\\/\\\/wp.kristdemokraterna.se\\\/ulricehamn\\\/#website\",\"url\":\"https:\\\/\\\/wp.kristdemokraterna.se\\\/ulricehamn\\\/\",\"name\":\"Ulricehamn\",\"description\":\"En till Kristdemokraterna webbplats\",\"inLanguage\":\"sv-SE\"}]}<\/script>\n<!-- \/ Yoast SEO plugin. -->","yoast_head_json":{"title":"Startsida - Ulricehamn","robots":{"index":"index","follow":"follow","max-snippet":"max-snippet:-1","max-image-preview":"max-image-preview:large","max-video-preview":"max-video-preview:-1"},"canonical":"https:\/\/wp.kristdemokraterna.se\/ulricehamn\/","og_locale":"sv_SE","og_type":"article","og_title":"Startsida - Ulricehamn","og_description":"Vi vill jobba f\u00f6r en politik som underl\u00e4ttar m\u00e4nniskors vardag. Vi vill att kommunen ska v\u00e4rna och prioritera sina k\u00e4rnverksamheter, f\u00f6re dyra skrytprojekt. Barnomsorg, skolan, \u00e4ldreomsorg och annan omsorg \u00e4r grunden och dessa verksamheter m\u00e5ste f\u00e5 de resurser som kr\u00e4vs f\u00f6r att g\u00f6ra v\u00e5r kommun \u00e4nnu b\u00e4ttre. Vi kristdemokraterna vill att hela kommunen ska utvecklas Read More","og_url":"https:\/\/wp.kristdemokraterna.se\/ulricehamn\/","og_site_name":"Ulricehamn","article_modified_time":"2025-02-04T13:18:22+00:00","twitter_card":"summary_large_image","twitter_misc":{"Ber\u00e4knad l\u00e4stid":"1 minut"},"schema":{"@context":"https:\/\/schema.org","@graph":[{"@type":"WebPage","@id":"https:\/\/wp.kristdemokraterna.se\/ulricehamn\/","url":"https:\/\/wp.kristdemokraterna.se\/ulricehamn\/","name":"Startsida - Ulricehamn","isPartOf":{"@id":"https:\/\/wp.kristdemokraterna.se\/ulricehamn\/#website"},"datePublished":"2018-05-28T16:36:34+00:00","dateModified":"2025-02-04T13:18:22+00:00","breadcrumb":{"@id":"https:\/\/wp.kristdemokraterna.se\/ulricehamn\/#breadcrumb"},"inLanguage":"sv-SE","potentialAction":[{"@type":"ReadAction","target":["https:\/\/wp.kristdemokraterna.se\/ulricehamn\/"]}]},{"@type":"BreadcrumbList","@id":"https:\/\/wp.kristdemokraterna.se\/ulricehamn\/#breadcrumb","itemListElement":[{"@type":"ListItem","position":1,"name":"Hem","item":"https:\/\/wp.kristdemokraterna.se\/ulricehamn\/"},{"@type":"ListItem","position":2,"name":"Startsida"}]},{"@type":"WebSite","@id":"https:\/\/wp.kristdemokraterna.se\/ulricehamn\/#website","url":"https:\/\/wp.kristdemokraterna.se\/ulricehamn\/","name":"Ulricehamn","description":"En till Kristdemokraterna webbplats","inLanguage":"sv-SE"}]}},"_links":{"self":[{"href":"https:\/\/wp.kristdemokraterna.se\/ulricehamn\/wp-json\/wp\/v2\/pages\/164","targetHints":{"allow":["GET"]}}],"collection":[{"href":"https:\/\/wp.kristdemokraterna.se\/ulricehamn\/wp-json\/wp\/v2\/pages"}],"about":[{"href":"https:\/\/wp.kristdemokraterna.se\/ulricehamn\/wp-json\/wp\/v2\/types\/page"}],"author":[{"embeddable":true,"href":"https:\/\/wp.kristdemokraterna.se\/ulricehamn\/wp-json\/wp\/v2\/users\/609"}],"replies":[{"embeddable":true,"href":"https:\/\/wp.kristdemokraterna.se\/ulricehamn\/wp-json\/wp\/v2\/comments?post=164"}],"version-history":[{"count":68,"href":"https:\/\/wp.kristdemokraterna.se\/ulricehamn\/wp-json\/wp\/v2\/pages\/164\/revisions"}],"predecessor-version":[{"id":668,"href":"https:\/\/wp.kristdemokraterna.se\/ulricehamn\/wp-json\/wp\/v2\/pages\/164\/revisions\/668"}],"wp:attachment":[{"href":"https:\/\/wp.kristdemokraterna.se\/ulricehamn\/wp-json\/wp\/v2\/media?parent=164"}],"curies":[{"name":"wp","href":"https:\/\/api.w.org\/{rel}","templated":true}]}}