{"id":625,"date":"2022-07-21T21:39:57","date_gmt":"2022-07-21T19:39:57","guid":{"rendered":"https:\/\/wp.kristdemokraterna.se\/ulricehamn\/?page_id=625"},"modified":"2025-02-04T14:14:02","modified_gmt":"2025-02-04T13:14:02","slug":"vara-kandidater","status":"publish","type":"page","link":"https:\/\/wp.kristdemokraterna.se\/ulricehamn\/vara-kandidater\/","title":{"rendered":"V\u00e5ra kandidater 2022"},"content":{"rendered":"<p><img loading=\"lazy\" decoding=\"async\" class=\"alignnone wp-image-631\" src=\"http:\/\/wp.kristdemokraterna.se\/ulricehamn\/files\/2022\/07\/delningsbild-kvadrat-1658671944645.jpeg\" alt=\"\" width=\"745\" height=\"745\" srcset=\"https:\/\/wp.kristdemokraterna.se\/ulricehamn\/files\/2022\/07\/delningsbild-kvadrat-1658671944645.jpeg 480w, https:\/\/wp.kristdemokraterna.se\/ulricehamn\/files\/2022\/07\/delningsbild-kvadrat-1658671944645-300x300.jpeg 300w, https:\/\/wp.kristdemokraterna.se\/ulricehamn\/files\/2022\/07\/delningsbild-kvadrat-1658671944645-150x150.jpeg 150w, https:\/\/wp.kristdemokraterna.se\/ulricehamn\/files\/2022\/07\/delningsbild-kvadrat-1658671944645-200x200.jpeg 200w, https:\/\/wp.kristdemokraterna.se\/ulricehamn\/files\/2022\/07\/delningsbild-kvadrat-1658671944645-370x370.jpeg 370w, https:\/\/wp.kristdemokraterna.se\/ulricehamn\/files\/2022\/07\/delningsbild-kvadrat-1658671944645-90x90.jpeg 90w, https:\/\/wp.kristdemokraterna.se\/ulricehamn\/files\/2022\/07\/delningsbild-kvadrat-1658671944645-450x450.jpeg 450w, https:\/\/wp.kristdemokraterna.se\/ulricehamn\/files\/2022\/07\/delningsbild-kvadrat-1658671944645-280x280.jpeg 280w, https:\/\/wp.kristdemokraterna.se\/ulricehamn\/files\/2022\/07\/delningsbild-kvadrat-1658671944645-340x340.jpeg 340w, https:\/\/wp.kristdemokraterna.se\/ulricehamn\/files\/2022\/07\/delningsbild-kvadrat-1658671944645-56x56.jpeg 56w\" sizes=\"auto, (max-width: 745px) 100vw, 745px\" \/><\/p>\n<h1><strong>Frida Edberg<\/strong><\/h1>\n<p>&nbsp;<\/p>\n<div id=\"layout-content\" class=\"selected\">\n<div class=\"content frame-content\" role=\"main\">\n<div id=\"message-content\">\n<div class=\"rightcol\" role=\"region\" aria-labelledby=\"aria-label-messagebody\">\n<div id=\"messagebody\">\n<div id=\"message-htmlpart1\" class=\"message-htmlpart\">\n<div class=\"rcmBody\">\n<div>\n<blockquote>\n<div>\n<div>\n<div>\n<div>Runt om i v\u00e5r kommun breder fantastiska landskap ut sig. Landskap som skapar arbetstillf\u00e4llen, lockar m\u00e4nniskor till sig, ger n\u00e4ring och \u00f6kar sj\u00e4lvf\u00f6rs\u00f6rjningsgraden. Bevarar den biologiska m\u00e5ngfalden och \u00e4r en del av v\u00e5rt kulturarv.<\/div>\n<\/div>\n<\/div>\n<\/div>\n<\/blockquote>\n<\/div>\n<div><\/div>\n<div>Jag vill att m\u00e4nniskor ska kunna leva och bo i hela v\u00e5r kommun, och d\u00e5 m\u00e5ste vi skapa f\u00f6ruts\u00e4ttningar f\u00f6r det med exempelvis goda kommunikationer, service och trygghet \u00e4ven utanf\u00f6r centralorten.<\/div>\n<div><\/div>\n<div>\n<blockquote>\n<div>\n<div>\n<div>\n<div>Landsbygden \u00e4r stadens &#8221;moder&#8221;, i den betydelsen att stad och land m\u00e5ste samspela f\u00f6r att skapa ett h\u00e5llbart samh\u00e4lle. Den ene klarar sig inte utan den andre, utan tillsammans skapar vi ett samh\u00e4lle d\u00e4r alla k\u00e4nner sig delaktiga<\/div>\n<\/div>\n<\/div>\n<\/div>\n<\/blockquote>\n<\/div>\n<div>Jag vill bedriva en kommunpolitik som underl\u00e4ttar m\u00e4nniskors liv, och det tror vi g\u00f6rs b\u00e4st n\u00e4r man har makten att sj\u00e4lv styra \u00f6ver s\u00e5 mycket som m\u00f6jligt.<\/div>\n<\/div>\n<\/div>\n<\/div>\n<\/div>\n<\/div>\n<\/div>\n<\/div>\n<p>_______________________________________________________________________<\/p>\n<p><img loading=\"lazy\" decoding=\"async\" class=\"alignnone size-full wp-image-639\" src=\"http:\/\/wp.kristdemokraterna.se\/ulricehamn\/files\/2022\/07\/delningsbild-kvadrat-1658692100632.jpg\" alt=\"\" width=\"1600\" height=\"1600\" srcset=\"https:\/\/wp.kristdemokraterna.se\/ulricehamn\/files\/2022\/07\/delningsbild-kvadrat-1658692100632.jpg 1600w, https:\/\/wp.kristdemokraterna.se\/ulricehamn\/files\/2022\/07\/delningsbild-kvadrat-1658692100632-300x300.jpg 300w, https:\/\/wp.kristdemokraterna.se\/ulricehamn\/files\/2022\/07\/delningsbild-kvadrat-1658692100632-1024x1024.jpg 1024w, https:\/\/wp.kristdemokraterna.se\/ulricehamn\/files\/2022\/07\/delningsbild-kvadrat-1658692100632-150x150.jpg 150w, https:\/\/wp.kristdemokraterna.se\/ulricehamn\/files\/2022\/07\/delningsbild-kvadrat-1658692100632-768x768.jpg 768w, https:\/\/wp.kristdemokraterna.se\/ulricehamn\/files\/2022\/07\/delningsbild-kvadrat-1658692100632-1536x1536.jpg 1536w, https:\/\/wp.kristdemokraterna.se\/ulricehamn\/files\/2022\/07\/delningsbild-kvadrat-1658692100632-200x200.jpg 200w, https:\/\/wp.kristdemokraterna.se\/ulricehamn\/files\/2022\/07\/delningsbild-kvadrat-1658692100632-370x370.jpg 370w, https:\/\/wp.kristdemokraterna.se\/ulricehamn\/files\/2022\/07\/delningsbild-kvadrat-1658692100632-90x90.jpg 90w, https:\/\/wp.kristdemokraterna.se\/ulricehamn\/files\/2022\/07\/delningsbild-kvadrat-1658692100632-770x770.jpg 770w, https:\/\/wp.kristdemokraterna.se\/ulricehamn\/files\/2022\/07\/delningsbild-kvadrat-1658692100632-450x450.jpg 450w, https:\/\/wp.kristdemokraterna.se\/ulricehamn\/files\/2022\/07\/delningsbild-kvadrat-1658692100632-280x280.jpg 280w, https:\/\/wp.kristdemokraterna.se\/ulricehamn\/files\/2022\/07\/delningsbild-kvadrat-1658692100632-340x340.jpg 340w, https:\/\/wp.kristdemokraterna.se\/ulricehamn\/files\/2022\/07\/delningsbild-kvadrat-1658692100632-56x56.jpg 56w\" sizes=\"auto, (max-width: 1600px) 100vw, 1600px\" \/><\/p>\n<h1><strong><span lang=\"EN-US\">Per-Ove\u00a0<\/span><span lang=\"EN-US\">St\u00e5hlbrand<\/span><\/strong><\/h1>\n<div id=\"layout\">\n<div id=\"layout-content\" class=\"selected\">\n<div class=\"content frame-content\" role=\"main\">\n<div id=\"message-content\">\n<div class=\"rightcol\" role=\"region\" aria-labelledby=\"aria-label-messagebody\">\n<div id=\"messagebody\">\n<div id=\"message-htmlpart1\" class=\"message-htmlpart\">\n<div class=\"rcmBody\">\n<div>\n<div>\n<blockquote>\n<div>\n<div>\n<div>\n<div>Den ofrivilliga ensamheten \u00e4r hemsk. Det spelar ingen roll om du \u00e4r ung eller gammal. Den \u00e4r hemsk vilket som och \u00e4r n\u00e5got som m\u00e5ste bek\u00e4mpas p\u00e5 alla t\u00e4nkbara s\u00e4tt. Kristdemokraterna i Ulricehamn vill att kommunen nu tar ett st\u00f6rre ansvar \u2013 g\u00e4rna i samarbete med civilsamh\u00e4llet. Vi vill se fler m\u00f6tesplatser, men vi vill ocks\u00e5 se en satsning p\u00e5 kontaktpersoner som f\u00e5r viss ers\u00e4ttning f\u00f6r sin insats. Och insatserna kan vara av olika slag. En fika, ett biobes\u00f6k, s\u00e4llskap till biblioteket \u2013 eller bara en pratstund. Valet ska vara den enskildes.<\/div>\n<\/div>\n<\/div>\n<\/div>\n<\/blockquote>\n<\/div>\n<div>\n<blockquote>\n<div>\n<div>\n<div>Idag k\u00e4nner m\u00e5nga \u00e4ldre att det kan vara sv\u00e5rt att f\u00e5 tillg\u00e5ng till en plats p\u00e5 kommunens \u00e4ldreboenden. M\u00e5nga k\u00e4nner sig ofrivilligt ensamma d\u00e4rf\u00f6r \u00e4r det viktigt f\u00f6r mig och oss i KD att alla \u00e4ldre \u00f6ver 85-\u00e5r skall kunna f\u00e5 en plats p\u00e5 ett av kommunens \u00e4ldreboenden n\u00e4r de k\u00e4nner ett behov av det. D\u00e4rf\u00f6r vill vi inf\u00f6ra en boendegaranti s\u00e5 att de som fyllt 85 \u00e5r sj\u00e4lv ska kunna v\u00e4lja om de vill flytta utan behovspr\u00f6vning.<\/div>\n<\/div>\n<div>________________________________________________________________<\/div>\n<\/div>\n<\/blockquote>\n<div><img loading=\"lazy\" decoding=\"async\" class=\"alignnone size-full wp-image-634\" src=\"http:\/\/wp.kristdemokraterna.se\/ulricehamn\/files\/2022\/07\/delningsbild-kvadrat-1658675017898.jpg\" alt=\"\" width=\"1600\" height=\"1600\" srcset=\"https:\/\/wp.kristdemokraterna.se\/ulricehamn\/files\/2022\/07\/delningsbild-kvadrat-1658675017898.jpg 1600w, https:\/\/wp.kristdemokraterna.se\/ulricehamn\/files\/2022\/07\/delningsbild-kvadrat-1658675017898-300x300.jpg 300w, https:\/\/wp.kristdemokraterna.se\/ulricehamn\/files\/2022\/07\/delningsbild-kvadrat-1658675017898-1024x1024.jpg 1024w, https:\/\/wp.kristdemokraterna.se\/ulricehamn\/files\/2022\/07\/delningsbild-kvadrat-1658675017898-150x150.jpg 150w, https:\/\/wp.kristdemokraterna.se\/ulricehamn\/files\/2022\/07\/delningsbild-kvadrat-1658675017898-768x768.jpg 768w, https:\/\/wp.kristdemokraterna.se\/ulricehamn\/files\/2022\/07\/delningsbild-kvadrat-1658675017898-1536x1536.jpg 1536w, https:\/\/wp.kristdemokraterna.se\/ulricehamn\/files\/2022\/07\/delningsbild-kvadrat-1658675017898-200x200.jpg 200w, https:\/\/wp.kristdemokraterna.se\/ulricehamn\/files\/2022\/07\/delningsbild-kvadrat-1658675017898-370x370.jpg 370w, https:\/\/wp.kristdemokraterna.se\/ulricehamn\/files\/2022\/07\/delningsbild-kvadrat-1658675017898-90x90.jpg 90w, https:\/\/wp.kristdemokraterna.se\/ulricehamn\/files\/2022\/07\/delningsbild-kvadrat-1658675017898-770x770.jpg 770w, https:\/\/wp.kristdemokraterna.se\/ulricehamn\/files\/2022\/07\/delningsbild-kvadrat-1658675017898-450x450.jpg 450w, https:\/\/wp.kristdemokraterna.se\/ulricehamn\/files\/2022\/07\/delningsbild-kvadrat-1658675017898-280x280.jpg 280w, https:\/\/wp.kristdemokraterna.se\/ulricehamn\/files\/2022\/07\/delningsbild-kvadrat-1658675017898-340x340.jpg 340w, https:\/\/wp.kristdemokraterna.se\/ulricehamn\/files\/2022\/07\/delningsbild-kvadrat-1658675017898-56x56.jpg 56w\" sizes=\"auto, (max-width: 1600px) 100vw, 1600px\" \/><\/div>\n<h1><strong><span lang=\"EN-US\">Cristina\u00a0<\/span><span lang=\"EN-US\">Bernev\u00e5ng<\/span><\/strong><\/h1>\n<\/div>\n<\/div>\n<div>\n<div><b><u>Prioritera de svagaste<\/u><\/b><\/div>\n<div>F\u00f6r mig betyder solidaritet att de mest utsatta i samh\u00e4llet har den st\u00f6rsta r\u00e4tten till det offentligas st\u00f6d. Hur vi behandlar de svagaste \u00e4r ett m\u00e5tt p\u00e5 hur bra v\u00e5rt samh\u00e4lle fungerar.<\/div>\n<div><\/div>\n<div>Jag vill prioritera barnen, de gamla och de sjuka i kommunen utifr\u00e5n tanken &#8221;\u00c5t var och en efter hans behov&#8221;. Alla skoleleverna ska f\u00e5 det st\u00f6d och de utmaningar de beh\u00f6ver f\u00f6r att f\u00e5 b\u00e4sta m\u00f6jliga &#8221;ryggs\u00e4ck&#8221; med sig ut i livet. V\u00e5 ra \u00e4ldre ska f\u00e5 det absolut b\u00e4sta st\u00f6d och hj\u00e4lp de kan f\u00e5. Och de som fyllt 85 ska f\u00e5 komma till s\u00e4rskilt boende om de vill, utan bist\u00e5ndsbed\u00f6mning.<\/div>\n<div><\/div>\n<div>En hj\u00e4rtefr\u00e5ga f\u00f6r mig \u00e4r att m\u00e4nniskor med olika funktionsneds\u00e4ttningar ska f\u00e5 leva ett full- v\u00e4rdigt och aktivt liv med det st\u00f6d och hj\u00e4lp som de beh\u00f6ver! St\u00f6d p\u00e5 olika vis till vuxna och barn som utsatts f\u00f6r v\u00e5ld i n\u00e4ra relationer \u00e4r en annan hj\u00e4rtefr\u00e5ga f\u00f6r mig.<\/div>\n<div>_______________________________________________________________________<\/div>\n<div><\/div>\n<div><\/div>\n<ul class=\"v1oygrvhab v1jb3vyjys v1cxmmr5t8 v1kvgmc6g5 v1hcukyx3x v1a8nywdso v1rz4wbd8a v1qt6c0cv9\">\n<li class=\"v1lfifhrf7 v1_3kq1 v1_3kq6 v1aov4n071 v1bi6gxh9e v1_3kpz\">\n<div class=\"v1_1mj v1_1mf\"><\/div>\n<div><\/div>\n<\/li>\n<\/ul>\n<p>____________________________________________________________________<\/p>\n<p><img loading=\"lazy\" decoding=\"async\" class=\"alignnone size-full wp-image-643\" src=\"http:\/\/wp.kristdemokraterna.se\/ulricehamn\/files\/2022\/07\/delningsbild-kvadrat-1658695497382.jpg\" alt=\"\" width=\"1600\" height=\"1600\" srcset=\"https:\/\/wp.kristdemokraterna.se\/ulricehamn\/files\/2022\/07\/delningsbild-kvadrat-1658695497382.jpg 1600w, https:\/\/wp.kristdemokraterna.se\/ulricehamn\/files\/2022\/07\/delningsbild-kvadrat-1658695497382-300x300.jpg 300w, https:\/\/wp.kristdemokraterna.se\/ulricehamn\/files\/2022\/07\/delningsbild-kvadrat-1658695497382-1024x1024.jpg 1024w, https:\/\/wp.kristdemokraterna.se\/ulricehamn\/files\/2022\/07\/delningsbild-kvadrat-1658695497382-150x150.jpg 150w, https:\/\/wp.kristdemokraterna.se\/ulricehamn\/files\/2022\/07\/delningsbild-kvadrat-1658695497382-768x768.jpg 768w, https:\/\/wp.kristdemokraterna.se\/ulricehamn\/files\/2022\/07\/delningsbild-kvadrat-1658695497382-1536x1536.jpg 1536w, https:\/\/wp.kristdemokraterna.se\/ulricehamn\/files\/2022\/07\/delningsbild-kvadrat-1658695497382-200x200.jpg 200w, https:\/\/wp.kristdemokraterna.se\/ulricehamn\/files\/2022\/07\/delningsbild-kvadrat-1658695497382-370x370.jpg 370w, https:\/\/wp.kristdemokraterna.se\/ulricehamn\/files\/2022\/07\/delningsbild-kvadrat-1658695497382-90x90.jpg 90w, https:\/\/wp.kristdemokraterna.se\/ulricehamn\/files\/2022\/07\/delningsbild-kvadrat-1658695497382-770x770.jpg 770w, https:\/\/wp.kristdemokraterna.se\/ulricehamn\/files\/2022\/07\/delningsbild-kvadrat-1658695497382-450x450.jpg 450w, https:\/\/wp.kristdemokraterna.se\/ulricehamn\/files\/2022\/07\/delningsbild-kvadrat-1658695497382-280x280.jpg 280w, https:\/\/wp.kristdemokraterna.se\/ulricehamn\/files\/2022\/07\/delningsbild-kvadrat-1658695497382-340x340.jpg 340w, https:\/\/wp.kristdemokraterna.se\/ulricehamn\/files\/2022\/07\/delningsbild-kvadrat-1658695497382-56x56.jpg 56w\" sizes=\"auto, (max-width: 1600px) 100vw, 1600px\" \/><\/p>\n<h1><span lang=\"EN-US\">Ingela Widell<\/span><\/h1>\n<p>F\u00f6r mig \u00e4r det viktigt att vi har en skola f\u00f6r alla, en skola som tar emot och anpassar sig efter olika barns olika behov. Alla barn \u00e4r individer med olika behov d\u00e4rf\u00f6r \u00e4r det viktigt att det finns resurser f\u00f6r alla fr\u00e5n hemmasittare till h\u00f6gpresterande och alla d\u00e4r emellan. \u00a0I detta arbete \u00e4r det \u00e4ven viktigt att man v\u00e4ver ihop samh\u00e4llets olika resursers s\u00e5 att man \u00f6ppnar d\u00f6rrar ist\u00e4llet f\u00f6r att st\u00e4nga dem och har individen i fokus.<\/p>\n<p>\u00c4ven omtanken om de \u00e4ldre, god v\u00e5rd och omsorg samt att kunna best\u00e4mma sj\u00e4lv \u00f6ver sitt eget liv. D\u00e4rf\u00f6r vill vi Kristdemokrater bl a inf\u00f6ra en boendegaranti s\u00e5 att den som fyllt 85 \u00e5r sj\u00e4lv skall kunna v\u00e4lja om den vill flytta utan behovspr\u00f6vning p\u00e5 kommunens \u00e4ldreboenden.<\/p>\n<p>____________________________________________________________________<\/p>\n<p>&nbsp;<\/p>\n<p><img loading=\"lazy\" decoding=\"async\" class=\"alignnone size-full wp-image-637\" src=\"http:\/\/wp.kristdemokraterna.se\/ulricehamn\/files\/2022\/07\/delningsbild-kvadrat-1658687213267.jpg\" alt=\"\" width=\"1600\" height=\"1600\" srcset=\"https:\/\/wp.kristdemokraterna.se\/ulricehamn\/files\/2022\/07\/delningsbild-kvadrat-1658687213267.jpg 1600w, https:\/\/wp.kristdemokraterna.se\/ulricehamn\/files\/2022\/07\/delningsbild-kvadrat-1658687213267-300x300.jpg 300w, https:\/\/wp.kristdemokraterna.se\/ulricehamn\/files\/2022\/07\/delningsbild-kvadrat-1658687213267-1024x1024.jpg 1024w, https:\/\/wp.kristdemokraterna.se\/ulricehamn\/files\/2022\/07\/delningsbild-kvadrat-1658687213267-150x150.jpg 150w, https:\/\/wp.kristdemokraterna.se\/ulricehamn\/files\/2022\/07\/delningsbild-kvadrat-1658687213267-768x768.jpg 768w, https:\/\/wp.kristdemokraterna.se\/ulricehamn\/files\/2022\/07\/delningsbild-kvadrat-1658687213267-1536x1536.jpg 1536w, https:\/\/wp.kristdemokraterna.se\/ulricehamn\/files\/2022\/07\/delningsbild-kvadrat-1658687213267-200x200.jpg 200w, https:\/\/wp.kristdemokraterna.se\/ulricehamn\/files\/2022\/07\/delningsbild-kvadrat-1658687213267-370x370.jpg 370w, https:\/\/wp.kristdemokraterna.se\/ulricehamn\/files\/2022\/07\/delningsbild-kvadrat-1658687213267-90x90.jpg 90w, https:\/\/wp.kristdemokraterna.se\/ulricehamn\/files\/2022\/07\/delningsbild-kvadrat-1658687213267-770x770.jpg 770w, https:\/\/wp.kristdemokraterna.se\/ulricehamn\/files\/2022\/07\/delningsbild-kvadrat-1658687213267-450x450.jpg 450w, https:\/\/wp.kristdemokraterna.se\/ulricehamn\/files\/2022\/07\/delningsbild-kvadrat-1658687213267-280x280.jpg 280w, https:\/\/wp.kristdemokraterna.se\/ulricehamn\/files\/2022\/07\/delningsbild-kvadrat-1658687213267-340x340.jpg 340w, https:\/\/wp.kristdemokraterna.se\/ulricehamn\/files\/2022\/07\/delningsbild-kvadrat-1658687213267-56x56.jpg 56w\" sizes=\"auto, (max-width: 1600px) 100vw, 1600px\" \/><\/p>\n<\/div>\n<h1><strong>Bo\u00a0Ekstrand<\/strong><\/h1>\n<div>\n<p>&nbsp;<\/p>\n<\/div>\n<div>\n<div>\n<blockquote>\n<div>\n<div>\n<p>Klimat och energi &#8211; Vi vill se en \u00f6kad beredskap inom kommunen f\u00f6r den omst\u00e4llning som kr\u00e4vs mot en fossilfri framtid &#8211; n\u00f6dv\u00e4ndigt f\u00f6r klimatets skull &#8211; men ocks\u00e5 f\u00f6r att skapa en \u00f6kad krisberedskap. D\u00e4rf\u00f6r vill vi inom KD att vi skapar en produktion av v\u00e4tgas som bygger p\u00e5 gr\u00f6n energi &#8211; idag \u00e4r 95 % av all v\u00e4tgas en produkt av fossil naturgas &#8211; vi vill kombinera solcellsparker och vindkraft med lokal v\u00e4tgasproduktion, som sedan kan anv\u00e4ndas till fordon, uppv\u00e4rmning och elproduktion. Vi vill ta efter exemplet Mariestad, men komplettera med fler anv\u00e4ndningsomr\u00e5den. Och ju st\u00f6rre del av fordonsflottan som st\u00e4ller om till v\u00e4tgas, desto attraktivare blir det att ta v\u00e4gen f\u00f6rbi Ulricehamn &#8211; viktigt f\u00f6r framtida logistik.<\/p>\n<p>Vi inom KD vill ocks\u00e5 att kommunen i god tid t\u00e4nker igenom vad vi kan och m\u00e5ste g\u00f6ra tillsammans f\u00f6r att vara beredda n\u00e4r det of\u00f6rutsedda intr\u00e4ffar, att skapa en krisberedskapsplan &#8211; f\u00f6r att se vad det offentliga och civilsamh\u00e4llet kan g\u00f6ra i samarbete f\u00f6r att b\u00e5de stad och landsbygd ska fungera tillsammans i kritiska situationer. Vi ser i omv\u00e4rlden att det pl\u00f6tsligt kan komma kriser, att vi kan bli avskurna fr\u00e5n el- och energif\u00f6rs\u00f6rjning, datakommunikation, mm. Det \u00e4r viktigt att i god tid skapa samarbete t ex i frivilliga insatsgrupper och att ta fram kunskap om de resurser som finns, var de finns, och hur de kan g\u00f6ras tillg\u00e4ngliga n\u00e4r behovet pl\u00f6tsligt finns d\u00e4r.<\/p>\n<\/div>\n<p>________________________________________________________________<\/p>\n<p><img loading=\"lazy\" decoding=\"async\" class=\"alignnone size-full wp-image-636\" src=\"http:\/\/wp.kristdemokraterna.se\/ulricehamn\/files\/2022\/07\/delningsbild-kvadrat-1658686951484.jpg\" alt=\"\" width=\"1600\" height=\"1600\" srcset=\"https:\/\/wp.kristdemokraterna.se\/ulricehamn\/files\/2022\/07\/delningsbild-kvadrat-1658686951484.jpg 1600w, https:\/\/wp.kristdemokraterna.se\/ulricehamn\/files\/2022\/07\/delningsbild-kvadrat-1658686951484-300x300.jpg 300w, https:\/\/wp.kristdemokraterna.se\/ulricehamn\/files\/2022\/07\/delningsbild-kvadrat-1658686951484-1024x1024.jpg 1024w, https:\/\/wp.kristdemokraterna.se\/ulricehamn\/files\/2022\/07\/delningsbild-kvadrat-1658686951484-150x150.jpg 150w, https:\/\/wp.kristdemokraterna.se\/ulricehamn\/files\/2022\/07\/delningsbild-kvadrat-1658686951484-768x768.jpg 768w, https:\/\/wp.kristdemokraterna.se\/ulricehamn\/files\/2022\/07\/delningsbild-kvadrat-1658686951484-1536x1536.jpg 1536w, https:\/\/wp.kristdemokraterna.se\/ulricehamn\/files\/2022\/07\/delningsbild-kvadrat-1658686951484-200x200.jpg 200w, https:\/\/wp.kristdemokraterna.se\/ulricehamn\/files\/2022\/07\/delningsbild-kvadrat-1658686951484-370x370.jpg 370w, https:\/\/wp.kristdemokraterna.se\/ulricehamn\/files\/2022\/07\/delningsbild-kvadrat-1658686951484-90x90.jpg 90w, https:\/\/wp.kristdemokraterna.se\/ulricehamn\/files\/2022\/07\/delningsbild-kvadrat-1658686951484-770x770.jpg 770w, https:\/\/wp.kristdemokraterna.se\/ulricehamn\/files\/2022\/07\/delningsbild-kvadrat-1658686951484-450x450.jpg 450w, https:\/\/wp.kristdemokraterna.se\/ulricehamn\/files\/2022\/07\/delningsbild-kvadrat-1658686951484-280x280.jpg 280w, https:\/\/wp.kristdemokraterna.se\/ulricehamn\/files\/2022\/07\/delningsbild-kvadrat-1658686951484-340x340.jpg 340w, https:\/\/wp.kristdemokraterna.se\/ulricehamn\/files\/2022\/07\/delningsbild-kvadrat-1658686951484-56x56.jpg 56w\" sizes=\"auto, (max-width: 1600px) 100vw, 1600px\" \/><\/p>\n<\/div>\n<h1>Bengt Andelius<\/h1>\n<blockquote><p>Idag k\u00e4nner m\u00e5nga \u00e4ldre att det kan vara sv\u00e5rt att f\u00e5 tillg\u00e5ng till en plats p\u00e5 kommunens \u00e4ldreboenden. En viktig fr\u00e5ga f\u00f6r mig och oss Kristdemokrater \u00e4r d\u00e4rf\u00f6r att alla \u00e4ldre \u00f6ver 85-\u00e5r skall kunna f\u00e5 en plats p\u00e5 ett av kommunens \u00e4ldreboenden n\u00e4r de k\u00e4nner ett behov av det. D\u00e4rf\u00f6r vill vi inf\u00f6ra en boendegaranti s\u00e5 att de som fyllt 85 \u00e5r sj\u00e4lv ska kunna v\u00e4lja om de vill flytta utan behovspr\u00f6vning.<\/p>\n<p>En annan viktig fr\u00e5ga f\u00f6r mig \u00e4r en levande landsbygd, en del i detta \u00e4r att det skall finns f\u00f6rskolor runt om i hela kommunen.<\/p><\/blockquote>\n<p>________________________________________________________________<\/p>\n<p><img loading=\"lazy\" decoding=\"async\" class=\"alignnone size-full wp-image-632\" src=\"http:\/\/wp.kristdemokraterna.se\/ulricehamn\/files\/2022\/07\/delningsbild-kvadrat-1658674182916.jpg\" alt=\"\" width=\"1600\" height=\"1600\" srcset=\"https:\/\/wp.kristdemokraterna.se\/ulricehamn\/files\/2022\/07\/delningsbild-kvadrat-1658674182916.jpg 1600w, https:\/\/wp.kristdemokraterna.se\/ulricehamn\/files\/2022\/07\/delningsbild-kvadrat-1658674182916-300x300.jpg 300w, https:\/\/wp.kristdemokraterna.se\/ulricehamn\/files\/2022\/07\/delningsbild-kvadrat-1658674182916-1024x1024.jpg 1024w, https:\/\/wp.kristdemokraterna.se\/ulricehamn\/files\/2022\/07\/delningsbild-kvadrat-1658674182916-150x150.jpg 150w, https:\/\/wp.kristdemokraterna.se\/ulricehamn\/files\/2022\/07\/delningsbild-kvadrat-1658674182916-768x768.jpg 768w, https:\/\/wp.kristdemokraterna.se\/ulricehamn\/files\/2022\/07\/delningsbild-kvadrat-1658674182916-1536x1536.jpg 1536w, https:\/\/wp.kristdemokraterna.se\/ulricehamn\/files\/2022\/07\/delningsbild-kvadrat-1658674182916-200x200.jpg 200w, https:\/\/wp.kristdemokraterna.se\/ulricehamn\/files\/2022\/07\/delningsbild-kvadrat-1658674182916-370x370.jpg 370w, https:\/\/wp.kristdemokraterna.se\/ulricehamn\/files\/2022\/07\/delningsbild-kvadrat-1658674182916-90x90.jpg 90w, https:\/\/wp.kristdemokraterna.se\/ulricehamn\/files\/2022\/07\/delningsbild-kvadrat-1658674182916-770x770.jpg 770w, https:\/\/wp.kristdemokraterna.se\/ulricehamn\/files\/2022\/07\/delningsbild-kvadrat-1658674182916-450x450.jpg 450w, https:\/\/wp.kristdemokraterna.se\/ulricehamn\/files\/2022\/07\/delningsbild-kvadrat-1658674182916-280x280.jpg 280w, https:\/\/wp.kristdemokraterna.se\/ulricehamn\/files\/2022\/07\/delningsbild-kvadrat-1658674182916-340x340.jpg 340w, https:\/\/wp.kristdemokraterna.se\/ulricehamn\/files\/2022\/07\/delningsbild-kvadrat-1658674182916-56x56.jpg 56w\" sizes=\"auto, (max-width: 1600px) 100vw, 1600px\" \/><\/p>\n<h1>Kristiana\u00a0Pepa<\/h1>\n<div>\n<div><span class=\"v1x_s2\">F\u00f6r mig \u00e4r n\u00e4sta generations utveckling och f\u00f6ruts\u00e4ttningarna en viktig politisk fr\u00e5ga. D\u00e4rf\u00f6r vill jag att skolor, ungdomsg\u00e5rdar och fritidsverksamheter st\u00f6ttas upp \u00e4nnu mer s\u00e5 att v\u00e5ra unga f\u00e5r de r\u00e4tta f\u00f6ruts\u00e4ttningarna f\u00f6r att lyckas i livet. B\u00e5de i och utanf\u00f6r skolan. Inte alla v\u00e5ra unga har l\u00e4xhj\u00e4lp i hemmen, inte alla familjer klarar av ekonomiskt att erbjuda sina barn olika sportaktiviteter. Det \u00e4r h\u00e4r som jag vill att vi g\u00e5r in och st\u00f6ttar s\u00e5 att alla f\u00e5r chansen till att lyckas p\u00e5 samtliga av dessa omr\u00e5den.\u00a0<\/span><\/div>\n<div><\/div>\n<div><span class=\"v1x_s2\">Det \u00e4r de som kommer att bygga vidare v\u00e5rt samh\u00e4lle, vilket medf\u00f6r att det blir oerh\u00f6rt viktigt att de h\u00f6rs mer och att vi investerar mer i dem och i deras f\u00f6ruts\u00e4ttningarna och m\u00f6jligheter till att lyckas.\u00a0<\/span><\/div>\n<\/div>\n<p>________________________________________________________________<\/p>\n<p><img loading=\"lazy\" decoding=\"async\" class=\"alignnone size-full wp-image-629\" src=\"http:\/\/wp.kristdemokraterna.se\/ulricehamn\/files\/2022\/07\/delningsbild-kvadrat-2-1658672690489.jpg\" alt=\"\" width=\"1600\" height=\"1600\" srcset=\"https:\/\/wp.kristdemokraterna.se\/ulricehamn\/files\/2022\/07\/delningsbild-kvadrat-2-1658672690489.jpg 1600w, https:\/\/wp.kristdemokraterna.se\/ulricehamn\/files\/2022\/07\/delningsbild-kvadrat-2-1658672690489-300x300.jpg 300w, https:\/\/wp.kristdemokraterna.se\/ulricehamn\/files\/2022\/07\/delningsbild-kvadrat-2-1658672690489-1024x1024.jpg 1024w, https:\/\/wp.kristdemokraterna.se\/ulricehamn\/files\/2022\/07\/delningsbild-kvadrat-2-1658672690489-150x150.jpg 150w, https:\/\/wp.kristdemokraterna.se\/ulricehamn\/files\/2022\/07\/delningsbild-kvadrat-2-1658672690489-768x768.jpg 768w, https:\/\/wp.kristdemokraterna.se\/ulricehamn\/files\/2022\/07\/delningsbild-kvadrat-2-1658672690489-1536x1536.jpg 1536w, https:\/\/wp.kristdemokraterna.se\/ulricehamn\/files\/2022\/07\/delningsbild-kvadrat-2-1658672690489-200x200.jpg 200w, https:\/\/wp.kristdemokraterna.se\/ulricehamn\/files\/2022\/07\/delningsbild-kvadrat-2-1658672690489-370x370.jpg 370w, https:\/\/wp.kristdemokraterna.se\/ulricehamn\/files\/2022\/07\/delningsbild-kvadrat-2-1658672690489-90x90.jpg 90w, https:\/\/wp.kristdemokraterna.se\/ulricehamn\/files\/2022\/07\/delningsbild-kvadrat-2-1658672690489-770x770.jpg 770w, https:\/\/wp.kristdemokraterna.se\/ulricehamn\/files\/2022\/07\/delningsbild-kvadrat-2-1658672690489-450x450.jpg 450w, https:\/\/wp.kristdemokraterna.se\/ulricehamn\/files\/2022\/07\/delningsbild-kvadrat-2-1658672690489-280x280.jpg 280w, https:\/\/wp.kristdemokraterna.se\/ulricehamn\/files\/2022\/07\/delningsbild-kvadrat-2-1658672690489-340x340.jpg 340w, https:\/\/wp.kristdemokraterna.se\/ulricehamn\/files\/2022\/07\/delningsbild-kvadrat-2-1658672690489-56x56.jpg 56w\" sizes=\"auto, (max-width: 1600px) 100vw, 1600px\" \/><\/p>\n<h1>Leila\u00a0llyasova<\/h1>\n<p>Av kommunens 27 000 inv\u00e5nare s\u00e5 bor 12 000 i staden och 15 000 i byarna utanf\u00f6r. Det betyder att de investeringar som kommunen g\u00f6r, betalas till en st\u00f6rre del av dem som bor utanf\u00f6r Ulricehamns stad. D\u00e5 m\u00e5ste det ocks\u00e5 vara viktigt att vi politiker ser till att det nya badhuset, det nya kulturhuset, ridskolan, idrottsanl\u00e4ggningar m.m. kan bes\u00f6kas av s\u00e5v\u00e4l stadsbor som alla de som bor utanf\u00f6r staden. P\u00e5 samma s\u00e4tt \u00e4r det viktigt att byarna runt om i kommunen f\u00e5r resurser som gagnar de som lever d\u00e4r och i n\u00e4romr\u00e5det.<\/p>\n<p>________________________________________________________________<\/p>\n<p><img loading=\"lazy\" decoding=\"async\" class=\"alignnone size-full wp-image-633\" src=\"http:\/\/wp.kristdemokraterna.se\/ulricehamn\/files\/2022\/07\/delningsbild-kvadrat-1658674497345.jpg\" alt=\"\" width=\"1600\" height=\"1600\" srcset=\"https:\/\/wp.kristdemokraterna.se\/ulricehamn\/files\/2022\/07\/delningsbild-kvadrat-1658674497345.jpg 1600w, https:\/\/wp.kristdemokraterna.se\/ulricehamn\/files\/2022\/07\/delningsbild-kvadrat-1658674497345-300x300.jpg 300w, https:\/\/wp.kristdemokraterna.se\/ulricehamn\/files\/2022\/07\/delningsbild-kvadrat-1658674497345-1024x1024.jpg 1024w, https:\/\/wp.kristdemokraterna.se\/ulricehamn\/files\/2022\/07\/delningsbild-kvadrat-1658674497345-150x150.jpg 150w, https:\/\/wp.kristdemokraterna.se\/ulricehamn\/files\/2022\/07\/delningsbild-kvadrat-1658674497345-768x768.jpg 768w, https:\/\/wp.kristdemokraterna.se\/ulricehamn\/files\/2022\/07\/delningsbild-kvadrat-1658674497345-1536x1536.jpg 1536w, https:\/\/wp.kristdemokraterna.se\/ulricehamn\/files\/2022\/07\/delningsbild-kvadrat-1658674497345-200x200.jpg 200w, https:\/\/wp.kristdemokraterna.se\/ulricehamn\/files\/2022\/07\/delningsbild-kvadrat-1658674497345-370x370.jpg 370w, https:\/\/wp.kristdemokraterna.se\/ulricehamn\/files\/2022\/07\/delningsbild-kvadrat-1658674497345-90x90.jpg 90w, https:\/\/wp.kristdemokraterna.se\/ulricehamn\/files\/2022\/07\/delningsbild-kvadrat-1658674497345-770x770.jpg 770w, https:\/\/wp.kristdemokraterna.se\/ulricehamn\/files\/2022\/07\/delningsbild-kvadrat-1658674497345-450x450.jpg 450w, https:\/\/wp.kristdemokraterna.se\/ulricehamn\/files\/2022\/07\/delningsbild-kvadrat-1658674497345-280x280.jpg 280w, https:\/\/wp.kristdemokraterna.se\/ulricehamn\/files\/2022\/07\/delningsbild-kvadrat-1658674497345-340x340.jpg 340w, https:\/\/wp.kristdemokraterna.se\/ulricehamn\/files\/2022\/07\/delningsbild-kvadrat-1658674497345-56x56.jpg 56w\" sizes=\"auto, (max-width: 1600px) 100vw, 1600px\" \/><\/p>\n<h1>Reana Engblom<\/h1>\n<div>Trygghet f\u00f6r unga och \u00e4ldre.<\/div>\n<div><\/div>\n<div>De s\u00e4gs att det \u00e4r sv\u00e5rt att vara ung, men det \u00e4r inte l\u00e4tt att vara gammal heller. S\u00e5 det \u00e4r dessa grupper som vi b\u00f6r prioritera i v\u00e5r politik. Barn m\u00e5ste vara trygga och jag tror att ju mer de \u00e4gnar sig \u00e5t olika aktiviteter i skolan, och sedan i idrottsklubbar, musikklubbar etc., desto mindre sannolikt \u00e4r det att de hamnar p\u00e5 glid. V\u00e5r uppgift \u00e4r att ge dem m\u00f6jlighet att ha s\u00e5dana kulturella, idrottsliga och kanske till och med vetenskapliga f\u00f6reningar och att de platser d\u00e4r de finns l\u00e4tt kan n\u00e5s med kommunala transporter.<\/div>\n<div><\/div>\n<div>\u00c4ldreboende\/hemtj\u00e4nsten har allvarliga bemanningsproblem, vi beh\u00f6ver rationalisera de kommunala resurserna f\u00f6r att hitta en l\u00f6sning, kanske genom att \u00f6ppna en vuxenutbildning i Ulricehamn med v\u00e5rd och\u00a0omsorgsprogram, f\u00f6rb\u00e4ttra arbetsf\u00f6rh\u00e5llandena f\u00f6r vikarie men \u00e4ven de tillsvidareanst\u00e4llda.<\/div>\n<div>________________________________________________________________<\/div>\n<div><\/div>\n<p>&nbsp;<\/p><\/blockquote>\n<\/div>\n<\/div>\n<\/div>\n<\/div>\n<\/div>\n<\/div>\n<\/div>\n<\/div>\n<\/div>\n<\/div>\n<p>&nbsp;<\/p>\n","protected":false},"excerpt":{"rendered":"<p>Frida Edberg &nbsp; Runt om i v\u00e5r kommun breder fantastiska landskap ut sig. Landskap som skapar arbetstillf\u00e4llen, lockar m\u00e4nniskor till sig, ger n\u00e4ring och \u00f6kar sj\u00e4lvf\u00f6rs\u00f6rjningsgraden. Bevarar den biologiska m\u00e5ngfalden och \u00e4r en del av v\u00e5rt kulturarv. Jag vill att m\u00e4nniskor ska kunna leva och bo i hela v\u00e5r kommun, och d\u00e5 m\u00e5ste vi skapa <a class=\"read-more-link\" href=\"https:\/\/wp.kristdemokraterna.se\/ulricehamn\/vara-kandidater\/\">Read More<\/a><\/p>\n","protected":false},"author":609,"featured_media":0,"parent":0,"menu_order":0,"comment_status":"closed","ping_status":"closed","template":"","meta":{"_acf_changed":false,"footnotes":""},"class_list":["post-625","page","type-page","status-publish","hentry"],"acf":[],"yoast_head":"<!-- This site is optimized with the Yoast SEO plugin v27.5 - https:\/\/yoast.com\/product\/yoast-seo-wordpress\/ -->\n<title>V\u00e5ra kandidater 2022 - Ulricehamn<\/title>\n<meta name=\"robots\" content=\"index, follow, max-snippet:-1, max-image-preview:large, max-video-preview:-1\" \/>\n<link rel=\"canonical\" href=\"https:\/\/wp.kristdemokraterna.se\/ulricehamn\/vara-kandidater\/\" \/>\n<meta property=\"og:locale\" content=\"sv_SE\" \/>\n<meta property=\"og:type\" content=\"article\" \/>\n<meta property=\"og:title\" content=\"V\u00e5ra kandidater 2022 - Ulricehamn\" \/>\n<meta property=\"og:description\" content=\"Frida Edberg &nbsp; Runt om i v\u00e5r kommun breder fantastiska landskap ut sig. Landskap som skapar arbetstillf\u00e4llen, lockar m\u00e4nniskor till sig, ger n\u00e4ring och \u00f6kar sj\u00e4lvf\u00f6rs\u00f6rjningsgraden. Bevarar den biologiska m\u00e5ngfalden och \u00e4r en del av v\u00e5rt kulturarv. Jag vill att m\u00e4nniskor ska kunna leva och bo i hela v\u00e5r kommun, och d\u00e5 m\u00e5ste vi skapa Read More\" \/>\n<meta property=\"og:url\" content=\"https:\/\/wp.kristdemokraterna.se\/ulricehamn\/vara-kandidater\/\" \/>\n<meta property=\"og:site_name\" content=\"Ulricehamn\" \/>\n<meta property=\"article:modified_time\" content=\"2025-02-04T13:14:02+00:00\" \/>\n<meta property=\"og:image\" content=\"https:\/\/wp.kristdemokraterna.se\/ulricehamn\/files\/2022\/07\/delningsbild-kvadrat-1658671944645.jpeg\" \/>\n\t<meta property=\"og:image:width\" content=\"480\" \/>\n\t<meta property=\"og:image:height\" content=\"480\" \/>\n\t<meta property=\"og:image:type\" content=\"image\/jpeg\" \/>\n<meta name=\"twitter:card\" content=\"summary_large_image\" \/>\n<meta name=\"twitter:label1\" content=\"Ber\u00e4knad l\u00e4stid\" \/>\n\t<meta name=\"twitter:data1\" content=\"3 minuter\" \/>\n<script type=\"application\/ld+json\" class=\"yoast-schema-graph\">{\"@context\":\"https:\\\/\\\/schema.org\",\"@graph\":[{\"@type\":\"WebPage\",\"@id\":\"https:\\\/\\\/wp.kristdemokraterna.se\\\/ulricehamn\\\/vara-kandidater\\\/\",\"url\":\"https:\\\/\\\/wp.kristdemokraterna.se\\\/ulricehamn\\\/vara-kandidater\\\/\",\"name\":\"V\u00e5ra kandidater 2022 - Ulricehamn\",\"isPartOf\":{\"@id\":\"https:\\\/\\\/wp.kristdemokraterna.se\\\/ulricehamn\\\/#website\"},\"primaryImageOfPage\":{\"@id\":\"https:\\\/\\\/wp.kristdemokraterna.se\\\/ulricehamn\\\/vara-kandidater\\\/#primaryimage\"},\"image\":{\"@id\":\"https:\\\/\\\/wp.kristdemokraterna.se\\\/ulricehamn\\\/vara-kandidater\\\/#primaryimage\"},\"thumbnailUrl\":\"http:\\\/\\\/wp.kristdemokraterna.se\\\/ulricehamn\\\/files\\\/2022\\\/07\\\/delningsbild-kvadrat-1658671944645.jpeg\",\"datePublished\":\"2022-07-21T19:39:57+00:00\",\"dateModified\":\"2025-02-04T13:14:02+00:00\",\"breadcrumb\":{\"@id\":\"https:\\\/\\\/wp.kristdemokraterna.se\\\/ulricehamn\\\/vara-kandidater\\\/#breadcrumb\"},\"inLanguage\":\"sv-SE\",\"potentialAction\":[{\"@type\":\"ReadAction\",\"target\":[\"https:\\\/\\\/wp.kristdemokraterna.se\\\/ulricehamn\\\/vara-kandidater\\\/\"]}]},{\"@type\":\"ImageObject\",\"inLanguage\":\"sv-SE\",\"@id\":\"https:\\\/\\\/wp.kristdemokraterna.se\\\/ulricehamn\\\/vara-kandidater\\\/#primaryimage\",\"url\":\"http:\\\/\\\/wp.kristdemokraterna.se\\\/ulricehamn\\\/files\\\/2022\\\/07\\\/delningsbild-kvadrat-1658671944645.jpeg\",\"contentUrl\":\"http:\\\/\\\/wp.kristdemokraterna.se\\\/ulricehamn\\\/files\\\/2022\\\/07\\\/delningsbild-kvadrat-1658671944645.jpeg\"},{\"@type\":\"BreadcrumbList\",\"@id\":\"https:\\\/\\\/wp.kristdemokraterna.se\\\/ulricehamn\\\/vara-kandidater\\\/#breadcrumb\",\"itemListElement\":[{\"@type\":\"ListItem\",\"position\":1,\"name\":\"Hem\",\"item\":\"https:\\\/\\\/wp.kristdemokraterna.se\\\/ulricehamn\\\/\"},{\"@type\":\"ListItem\",\"position\":2,\"name\":\"V\u00e5ra kandidater 2022\"}]},{\"@type\":\"WebSite\",\"@id\":\"https:\\\/\\\/wp.kristdemokraterna.se\\\/ulricehamn\\\/#website\",\"url\":\"https:\\\/\\\/wp.kristdemokraterna.se\\\/ulricehamn\\\/\",\"name\":\"Ulricehamn\",\"description\":\"En till Kristdemokraterna webbplats\",\"inLanguage\":\"sv-SE\"}]}<\/script>\n<!-- \/ Yoast SEO plugin. -->","yoast_head_json":{"title":"V\u00e5ra kandidater 2022 - Ulricehamn","robots":{"index":"index","follow":"follow","max-snippet":"max-snippet:-1","max-image-preview":"max-image-preview:large","max-video-preview":"max-video-preview:-1"},"canonical":"https:\/\/wp.kristdemokraterna.se\/ulricehamn\/vara-kandidater\/","og_locale":"sv_SE","og_type":"article","og_title":"V\u00e5ra kandidater 2022 - Ulricehamn","og_description":"Frida Edberg &nbsp; Runt om i v\u00e5r kommun breder fantastiska landskap ut sig. Landskap som skapar arbetstillf\u00e4llen, lockar m\u00e4nniskor till sig, ger n\u00e4ring och \u00f6kar sj\u00e4lvf\u00f6rs\u00f6rjningsgraden. Bevarar den biologiska m\u00e5ngfalden och \u00e4r en del av v\u00e5rt kulturarv. Jag vill att m\u00e4nniskor ska kunna leva och bo i hela v\u00e5r kommun, och d\u00e5 m\u00e5ste vi skapa Read More","og_url":"https:\/\/wp.kristdemokraterna.se\/ulricehamn\/vara-kandidater\/","og_site_name":"Ulricehamn","article_modified_time":"2025-02-04T13:14:02+00:00","og_image":[{"width":480,"height":480,"url":"https:\/\/wp.kristdemokraterna.se\/ulricehamn\/files\/2022\/07\/delningsbild-kvadrat-1658671944645.jpeg","type":"image\/jpeg"}],"twitter_card":"summary_large_image","twitter_misc":{"Ber\u00e4knad l\u00e4stid":"3 minuter"},"schema":{"@context":"https:\/\/schema.org","@graph":[{"@type":"WebPage","@id":"https:\/\/wp.kristdemokraterna.se\/ulricehamn\/vara-kandidater\/","url":"https:\/\/wp.kristdemokraterna.se\/ulricehamn\/vara-kandidater\/","name":"V\u00e5ra kandidater 2022 - Ulricehamn","isPartOf":{"@id":"https:\/\/wp.kristdemokraterna.se\/ulricehamn\/#website"},"primaryImageOfPage":{"@id":"https:\/\/wp.kristdemokraterna.se\/ulricehamn\/vara-kandidater\/#primaryimage"},"image":{"@id":"https:\/\/wp.kristdemokraterna.se\/ulricehamn\/vara-kandidater\/#primaryimage"},"thumbnailUrl":"http:\/\/wp.kristdemokraterna.se\/ulricehamn\/files\/2022\/07\/delningsbild-kvadrat-1658671944645.jpeg","datePublished":"2022-07-21T19:39:57+00:00","dateModified":"2025-02-04T13:14:02+00:00","breadcrumb":{"@id":"https:\/\/wp.kristdemokraterna.se\/ulricehamn\/vara-kandidater\/#breadcrumb"},"inLanguage":"sv-SE","potentialAction":[{"@type":"ReadAction","target":["https:\/\/wp.kristdemokraterna.se\/ulricehamn\/vara-kandidater\/"]}]},{"@type":"ImageObject","inLanguage":"sv-SE","@id":"https:\/\/wp.kristdemokraterna.se\/ulricehamn\/vara-kandidater\/#primaryimage","url":"http:\/\/wp.kristdemokraterna.se\/ulricehamn\/files\/2022\/07\/delningsbild-kvadrat-1658671944645.jpeg","contentUrl":"http:\/\/wp.kristdemokraterna.se\/ulricehamn\/files\/2022\/07\/delningsbild-kvadrat-1658671944645.jpeg"},{"@type":"BreadcrumbList","@id":"https:\/\/wp.kristdemokraterna.se\/ulricehamn\/vara-kandidater\/#breadcrumb","itemListElement":[{"@type":"ListItem","position":1,"name":"Hem","item":"https:\/\/wp.kristdemokraterna.se\/ulricehamn\/"},{"@type":"ListItem","position":2,"name":"V\u00e5ra kandidater 2022"}]},{"@type":"WebSite","@id":"https:\/\/wp.kristdemokraterna.se\/ulricehamn\/#website","url":"https:\/\/wp.kristdemokraterna.se\/ulricehamn\/","name":"Ulricehamn","description":"En till Kristdemokraterna webbplats","inLanguage":"sv-SE"}]}},"_links":{"self":[{"href":"https:\/\/wp.kristdemokraterna.se\/ulricehamn\/wp-json\/wp\/v2\/pages\/625","targetHints":{"allow":["GET"]}}],"collection":[{"href":"https:\/\/wp.kristdemokraterna.se\/ulricehamn\/wp-json\/wp\/v2\/pages"}],"about":[{"href":"https:\/\/wp.kristdemokraterna.se\/ulricehamn\/wp-json\/wp\/v2\/types\/page"}],"author":[{"embeddable":true,"href":"https:\/\/wp.kristdemokraterna.se\/ulricehamn\/wp-json\/wp\/v2\/users\/609"}],"replies":[{"embeddable":true,"href":"https:\/\/wp.kristdemokraterna.se\/ulricehamn\/wp-json\/wp\/v2\/comments?post=625"}],"version-history":[{"count":10,"href":"https:\/\/wp.kristdemokraterna.se\/ulricehamn\/wp-json\/wp\/v2\/pages\/625\/revisions"}],"predecessor-version":[{"id":667,"href":"https:\/\/wp.kristdemokraterna.se\/ulricehamn\/wp-json\/wp\/v2\/pages\/625\/revisions\/667"}],"wp:attachment":[{"href":"https:\/\/wp.kristdemokraterna.se\/ulricehamn\/wp-json\/wp\/v2\/media?parent=625"}],"curies":[{"name":"wp","href":"https:\/\/api.w.org\/{rel}","templated":true}]}}