{"id":723,"date":"2022-04-11T09:51:29","date_gmt":"2022-04-11T07:51:29","guid":{"rendered":"https:\/\/wp.kristdemokraterna.se\/upplands-bro\/?page_id=723"},"modified":"2022-04-11T09:51:29","modified_gmt":"2022-04-11T07:51:29","slug":"vi-staller-upp-i-kommunvalet-2022","status":"publish","type":"page","link":"https:\/\/wp.kristdemokraterna.se\/upplands-bro\/vi-staller-upp-i-kommunvalet-2022\/","title":{"rendered":"Vi st\u00e4ller upp i kommunvalet 2022"},"content":{"rendered":"<p><a href=\"https:\/\/wp.kristdemokraterna.se\/upplands-bro\/files\/2022\/04\/annons-ett-samhalle-for.pdf\">Annons Ett samh\u00e4lle f\u00f6r<\/a><\/p>\n<table width=\"1558\">\n<tbody>\n<tr>\n<td colspan=\"5\" width=\"951\">Valsedel Upplands-Bro kommun 2022<\/td>\n<\/tr>\n<tr>\n<td width=\"31\">1<\/td>\n<td width=\"68\">Janne<\/td>\n<td width=\"175\">Stefanson<\/td>\n<td width=\"432\">Kommunalr\u00e5d<\/td>\n<td width=\"852\">&nbsp;<\/td>\n<\/tr>\n<tr>\n<td width=\"31\">2<\/td>\n<td width=\"68\">Tina<\/td>\n<td width=\"175\">Teljstedt<\/td>\n<td width=\"432\">fd Samordnare KI<\/td>\n<td width=\"852\">&nbsp;<\/td>\n<\/tr>\n<tr>\n<td width=\"31\">3<\/td>\n<td width=\"68\">Jan-Erik<\/td>\n<td width=\"175\">Bj\u00f6rk<\/td>\n<td width=\"432\">Ingenj\u00f6r<\/td>\n<td width=\"852\">&nbsp;<\/td>\n<\/tr>\n<tr>\n<td width=\"31\">4<\/td>\n<td width=\"68\">Karl-Erik<\/td>\n<td width=\"175\">Lindholm<\/td>\n<td width=\"432\">fd kommundirekt\u00f6r<\/td>\n<td width=\"852\">&nbsp;<\/td>\n<\/tr>\n<tr>\n<td width=\"31\">5<\/td>\n<td width=\"68\">Marlene<\/td>\n<td width=\"175\">Juthstrand<\/td>\n<td width=\"432\">Pension\u00e4r<\/td>\n<td width=\"852\">&nbsp;<\/td>\n<\/tr>\n<tr>\n<td width=\"31\">6<\/td>\n<td width=\"68\">Sarah<\/td>\n<td width=\"175\">Andersson<\/td>\n<td width=\"432\">Studerande<\/td>\n<td width=\"852\">&nbsp;<\/td>\n<\/tr>\n<tr>\n<td width=\"31\">7<\/td>\n<td width=\"68\">Linus<\/td>\n<td width=\"175\">Stefanson<\/td>\n<td width=\"432\">Serviceman<\/td>\n<td width=\"852\">&nbsp;<\/td>\n<\/tr>\n<tr>\n<td width=\"31\">8<\/td>\n<td width=\"68\">Ylva<\/td>\n<td width=\"175\">Henriksson<\/td>\n<td width=\"432\">Barnsk\u00f6tare<\/td>\n<td width=\"852\">&nbsp;<\/td>\n<\/tr>\n<tr>\n<td width=\"31\">9<\/td>\n<td width=\"68\">Daniele<\/td>\n<td width=\"175\">Spagnolo<\/td>\n<td width=\"432\">Enhetschef<\/td>\n<td width=\"852\">&nbsp;<\/td>\n<\/tr>\n<tr>\n<td width=\"31\">10<\/td>\n<td width=\"68\">Milan<\/td>\n<td width=\"175\">Gergis<\/td>\n<td width=\"432\">studerande<\/td>\n<td width=\"852\">&nbsp;<\/td>\n<\/tr>\n<tr>\n<td width=\"31\">11<\/td>\n<td width=\"68\">Marianne<\/td>\n<td width=\"175\">Manell<\/td>\n<td width=\"432\">&nbsp;<\/td>\n<td width=\"852\">&nbsp;<\/td>\n<\/tr>\n<tr>\n<td width=\"31\">&nbsp;<\/td>\n<td width=\"68\">Daniel<\/td>\n<td width=\"175\">Lilja<\/td>\n<td width=\"432\">&nbsp;<\/td>\n<td width=\"852\">&nbsp;<\/td>\n<\/tr>\n<tr>\n<td width=\"31\">12<\/td>\n<td width=\"68\">AnneMaj<\/td>\n<td width=\"175\">Lilly<\/td>\n<td width=\"432\">Socionom<\/td>\n<td width=\"852\">&nbsp;<\/td>\n<\/tr>\n<tr>\n<td width=\"31\">&nbsp;<\/td>\n<td width=\"68\">Ingvar<\/td>\n<td width=\"175\">Land\u00e4lv<\/td>\n<td width=\"432\">Civilingenj\u00f6r<\/td>\n<td width=\"852\">&nbsp;<\/td>\n<\/tr>\n<tr>\n<td width=\"31\">13<\/td>\n<td width=\"68\">\u00c5sa<\/td>\n<td width=\"175\">Stefanson<\/td>\n<td width=\"432\">fd f\u00f6rskolechef<\/td>\n<td width=\"852\">&nbsp;<\/td>\n<\/tr>\n<tr>\n<td width=\"31\">14<\/td>\n<td width=\"68\">Pierre<\/td>\n<td width=\"175\">Sandvall<\/td>\n<td width=\"432\">Ekonom<\/td>\n<td width=\"852\">&nbsp;<\/td>\n<\/tr>\n<tr>\n<td width=\"31\">15<\/td>\n<td width=\"68\">&nbsp;<\/td>\n<td width=\"175\">&nbsp;<\/td>\n<td width=\"432\">&nbsp;<\/td>\n<td width=\"852\">&nbsp;<\/td>\n<\/tr>\n<tr>\n<td width=\"31\">16<\/td>\n<td width=\"68\">Jarl<\/td>\n<td width=\"175\">Teljstedt<\/td>\n<td width=\"432\">fd fastighetsm\u00e4klare<\/td>\n<td width=\"852\">&nbsp;<\/td>\n<\/tr>\n<tr>\n<td width=\"31\">17<\/td>\n<td width=\"68\">Tommy<\/td>\n<td width=\"175\">Wiberg<\/td>\n<td width=\"432\">L\u00e4rare<\/td>\n<td width=\"852\">&nbsp;<\/td>\n<\/tr>\n<tr>\n<td width=\"31\">18<\/td>\n<td width=\"68\">Per-Erik<\/td>\n<td width=\"175\">Nordell<\/td>\n<td width=\"432\">F\u00f6retagare<\/td>\n<td width=\"852\">&nbsp;<\/td>\n<\/tr>\n<tr>\n<td width=\"31\">19<\/td>\n<td width=\"68\">Bj\u00f6rn<\/td>\n<td width=\"175\">Gustavsson<\/td>\n<td width=\"432\">Ingenj\u00f6r<\/td>\n<td width=\"852\">&nbsp;<\/td>\n<\/tr>\n<\/tbody>\n<\/table>\n","protected":false},"excerpt":{"rendered":"<p>Annons Ett samh\u00e4lle f\u00f6r Valsedel Upplands-Bro kommun 2022 1 Janne Stefanson Kommunalr\u00e5d &nbsp; 2 Tina Teljstedt fd Samordnare KI &nbsp; 3 Jan-Erik Bj\u00f6rk Ingenj\u00f6r &nbsp; 4 Karl-Erik Lindholm fd kommundirekt\u00f6r &nbsp; 5 Marlene Juthstrand Pension\u00e4r &nbsp; 6 Sarah Andersson Studerande &nbsp; 7 Linus Stefanson Serviceman &nbsp; 8 Ylva Henriksson Barnsk\u00f6tare &nbsp; 9 Daniele Spagnolo Enhetschef <a class=\"read-more-link\" href=\"https:\/\/wp.kristdemokraterna.se\/upplands-bro\/vi-staller-upp-i-kommunvalet-2022\/\">L\u00e4s mer<\/a><\/p>\n","protected":false},"author":981,"featured_media":714,"parent":0,"menu_order":0,"comment_status":"closed","ping_status":"closed","template":"","meta":{"_acf_changed":false,"footnotes":""},"class_list":["post-723","page","type-page","status-publish","hentry"],"acf":[],"yoast_head":"<!-- This site is optimized with the Yoast SEO plugin v27.4 - https:\/\/yoast.com\/product\/yoast-seo-wordpress\/ -->\n<title>Vi st\u00e4ller upp i kommunvalet 2022 - Kristdemokraterna | Upplands-Bro<\/title>\n<meta name=\"robots\" content=\"index, follow, max-snippet:-1, max-image-preview:large, max-video-preview:-1\" \/>\n<link rel=\"canonical\" href=\"https:\/\/wp.kristdemokraterna.se\/upplands-bro\/vi-staller-upp-i-kommunvalet-2022\/\" \/>\n<meta property=\"og:locale\" content=\"sv_SE\" \/>\n<meta property=\"og:type\" content=\"article\" \/>\n<meta property=\"og:title\" content=\"Vi st\u00e4ller upp i kommunvalet 2022 - Kristdemokraterna | Upplands-Bro\" \/>\n<meta property=\"og:description\" content=\"Annons Ett samh\u00e4lle f\u00f6r Valsedel Upplands-Bro kommun 2022 1 Janne Stefanson Kommunalr\u00e5d &nbsp; 2 Tina Teljstedt fd Samordnare KI &nbsp; 3 Jan-Erik Bj\u00f6rk Ingenj\u00f6r &nbsp; 4 Karl-Erik Lindholm fd kommundirekt\u00f6r &nbsp; 5 Marlene Juthstrand Pension\u00e4r &nbsp; 6 Sarah Andersson Studerande &nbsp; 7 Linus Stefanson Serviceman &nbsp; 8 Ylva Henriksson Barnsk\u00f6tare &nbsp; 9 Daniele Spagnolo Enhetschef L\u00e4s mer\" \/>\n<meta property=\"og:url\" content=\"https:\/\/wp.kristdemokraterna.se\/upplands-bro\/vi-staller-upp-i-kommunvalet-2022\/\" \/>\n<meta property=\"og:site_name\" content=\"Kristdemokraterna | Upplands-Bro\" \/>\n<meta name=\"twitter:card\" content=\"summary_large_image\" \/>\n<meta name=\"twitter:label1\" content=\"Ber\u00e4knad l\u00e4stid\" \/>\n\t<meta name=\"twitter:data1\" content=\"1 minut\" \/>\n<script type=\"application\/ld+json\" class=\"yoast-schema-graph\">{\"@context\":\"https:\\\/\\\/schema.org\",\"@graph\":[{\"@type\":\"WebPage\",\"@id\":\"https:\\\/\\\/wp.kristdemokraterna.se\\\/upplands-bro\\\/vi-staller-upp-i-kommunvalet-2022\\\/\",\"url\":\"https:\\\/\\\/wp.kristdemokraterna.se\\\/upplands-bro\\\/vi-staller-upp-i-kommunvalet-2022\\\/\",\"name\":\"Vi st\u00e4ller upp i kommunvalet 2022 - Kristdemokraterna | Upplands-Bro\",\"isPartOf\":{\"@id\":\"https:\\\/\\\/wp.kristdemokraterna.se\\\/upplands-bro\\\/#website\"},\"primaryImageOfPage\":{\"@id\":\"https:\\\/\\\/wp.kristdemokraterna.se\\\/upplands-bro\\\/vi-staller-upp-i-kommunvalet-2022\\\/#primaryimage\"},\"image\":{\"@id\":\"https:\\\/\\\/wp.kristdemokraterna.se\\\/upplands-bro\\\/vi-staller-upp-i-kommunvalet-2022\\\/#primaryimage\"},\"thumbnailUrl\":\"\",\"datePublished\":\"2022-04-11T07:51:29+00:00\",\"breadcrumb\":{\"@id\":\"https:\\\/\\\/wp.kristdemokraterna.se\\\/upplands-bro\\\/vi-staller-upp-i-kommunvalet-2022\\\/#breadcrumb\"},\"inLanguage\":\"sv-SE\",\"potentialAction\":[{\"@type\":\"ReadAction\",\"target\":[\"https:\\\/\\\/wp.kristdemokraterna.se\\\/upplands-bro\\\/vi-staller-upp-i-kommunvalet-2022\\\/\"]}]},{\"@type\":\"ImageObject\",\"inLanguage\":\"sv-SE\",\"@id\":\"https:\\\/\\\/wp.kristdemokraterna.se\\\/upplands-bro\\\/vi-staller-upp-i-kommunvalet-2022\\\/#primaryimage\",\"url\":\"\",\"contentUrl\":\"\"},{\"@type\":\"BreadcrumbList\",\"@id\":\"https:\\\/\\\/wp.kristdemokraterna.se\\\/upplands-bro\\\/vi-staller-upp-i-kommunvalet-2022\\\/#breadcrumb\",\"itemListElement\":[{\"@type\":\"ListItem\",\"position\":1,\"name\":\"Hem\",\"item\":\"https:\\\/\\\/wp.kristdemokraterna.se\\\/upplands-bro\\\/\"},{\"@type\":\"ListItem\",\"position\":2,\"name\":\"Vi st\u00e4ller upp i kommunvalet 2022\"}]},{\"@type\":\"WebSite\",\"@id\":\"https:\\\/\\\/wp.kristdemokraterna.se\\\/upplands-bro\\\/#website\",\"url\":\"https:\\\/\\\/wp.kristdemokraterna.se\\\/upplands-bro\\\/\",\"name\":\"Kristdemokraterna | Upplands-Bro\",\"description\":\"En till Kristdemokraterna webbplats\",\"inLanguage\":\"sv-SE\"}]}<\/script>\n<!-- \/ Yoast SEO plugin. -->","yoast_head_json":{"title":"Vi st\u00e4ller upp i kommunvalet 2022 - Kristdemokraterna | Upplands-Bro","robots":{"index":"index","follow":"follow","max-snippet":"max-snippet:-1","max-image-preview":"max-image-preview:large","max-video-preview":"max-video-preview:-1"},"canonical":"https:\/\/wp.kristdemokraterna.se\/upplands-bro\/vi-staller-upp-i-kommunvalet-2022\/","og_locale":"sv_SE","og_type":"article","og_title":"Vi st\u00e4ller upp i kommunvalet 2022 - Kristdemokraterna | Upplands-Bro","og_description":"Annons Ett samh\u00e4lle f\u00f6r Valsedel Upplands-Bro kommun 2022 1 Janne Stefanson Kommunalr\u00e5d &nbsp; 2 Tina Teljstedt fd Samordnare KI &nbsp; 3 Jan-Erik Bj\u00f6rk Ingenj\u00f6r &nbsp; 4 Karl-Erik Lindholm fd kommundirekt\u00f6r &nbsp; 5 Marlene Juthstrand Pension\u00e4r &nbsp; 6 Sarah Andersson Studerande &nbsp; 7 Linus Stefanson Serviceman &nbsp; 8 Ylva Henriksson Barnsk\u00f6tare &nbsp; 9 Daniele Spagnolo Enhetschef L\u00e4s mer","og_url":"https:\/\/wp.kristdemokraterna.se\/upplands-bro\/vi-staller-upp-i-kommunvalet-2022\/","og_site_name":"Kristdemokraterna | Upplands-Bro","twitter_card":"summary_large_image","twitter_misc":{"Ber\u00e4knad l\u00e4stid":"1 minut"},"schema":{"@context":"https:\/\/schema.org","@graph":[{"@type":"WebPage","@id":"https:\/\/wp.kristdemokraterna.se\/upplands-bro\/vi-staller-upp-i-kommunvalet-2022\/","url":"https:\/\/wp.kristdemokraterna.se\/upplands-bro\/vi-staller-upp-i-kommunvalet-2022\/","name":"Vi st\u00e4ller upp i kommunvalet 2022 - Kristdemokraterna | Upplands-Bro","isPartOf":{"@id":"https:\/\/wp.kristdemokraterna.se\/upplands-bro\/#website"},"primaryImageOfPage":{"@id":"https:\/\/wp.kristdemokraterna.se\/upplands-bro\/vi-staller-upp-i-kommunvalet-2022\/#primaryimage"},"image":{"@id":"https:\/\/wp.kristdemokraterna.se\/upplands-bro\/vi-staller-upp-i-kommunvalet-2022\/#primaryimage"},"thumbnailUrl":"","datePublished":"2022-04-11T07:51:29+00:00","breadcrumb":{"@id":"https:\/\/wp.kristdemokraterna.se\/upplands-bro\/vi-staller-upp-i-kommunvalet-2022\/#breadcrumb"},"inLanguage":"sv-SE","potentialAction":[{"@type":"ReadAction","target":["https:\/\/wp.kristdemokraterna.se\/upplands-bro\/vi-staller-upp-i-kommunvalet-2022\/"]}]},{"@type":"ImageObject","inLanguage":"sv-SE","@id":"https:\/\/wp.kristdemokraterna.se\/upplands-bro\/vi-staller-upp-i-kommunvalet-2022\/#primaryimage","url":"","contentUrl":""},{"@type":"BreadcrumbList","@id":"https:\/\/wp.kristdemokraterna.se\/upplands-bro\/vi-staller-upp-i-kommunvalet-2022\/#breadcrumb","itemListElement":[{"@type":"ListItem","position":1,"name":"Hem","item":"https:\/\/wp.kristdemokraterna.se\/upplands-bro\/"},{"@type":"ListItem","position":2,"name":"Vi st\u00e4ller upp i kommunvalet 2022"}]},{"@type":"WebSite","@id":"https:\/\/wp.kristdemokraterna.se\/upplands-bro\/#website","url":"https:\/\/wp.kristdemokraterna.se\/upplands-bro\/","name":"Kristdemokraterna | Upplands-Bro","description":"En till Kristdemokraterna webbplats","inLanguage":"sv-SE"}]}},"_links":{"self":[{"href":"https:\/\/wp.kristdemokraterna.se\/upplands-bro\/wp-json\/wp\/v2\/pages\/723","targetHints":{"allow":["GET"]}}],"collection":[{"href":"https:\/\/wp.kristdemokraterna.se\/upplands-bro\/wp-json\/wp\/v2\/pages"}],"about":[{"href":"https:\/\/wp.kristdemokraterna.se\/upplands-bro\/wp-json\/wp\/v2\/types\/page"}],"author":[{"embeddable":true,"href":"https:\/\/wp.kristdemokraterna.se\/upplands-bro\/wp-json\/wp\/v2\/users\/981"}],"replies":[{"embeddable":true,"href":"https:\/\/wp.kristdemokraterna.se\/upplands-bro\/wp-json\/wp\/v2\/comments?post=723"}],"version-history":[{"count":1,"href":"https:\/\/wp.kristdemokraterna.se\/upplands-bro\/wp-json\/wp\/v2\/pages\/723\/revisions"}],"predecessor-version":[{"id":724,"href":"https:\/\/wp.kristdemokraterna.se\/upplands-bro\/wp-json\/wp\/v2\/pages\/723\/revisions\/724"}],"wp:featuredmedia":[{"embeddable":true,"href":"https:\/\/wp.kristdemokraterna.se\/upplands-bro\/wp-json\/"}],"wp:attachment":[{"href":"https:\/\/wp.kristdemokraterna.se\/upplands-bro\/wp-json\/wp\/v2\/media?parent=723"}],"curies":[{"name":"wp","href":"https:\/\/api.w.org\/{rel}","templated":true}]}}