{"id":342,"date":"2017-11-30T15:21:10","date_gmt":"2017-11-30T14:21:10","guid":{"rendered":"http:\/\/wp.kristdemokraterna.se\/upplandsvasby\/?page_id=342"},"modified":"2026-04-15T14:19:48","modified_gmt":"2026-04-15T12:19:48","slug":"i-var-kommun","status":"publish","type":"page","link":"https:\/\/wp.kristdemokraterna.se\/upplandsvasby\/i-var-kommun\/","title":{"rendered":"V\u00e5r politik f\u00f6r V\u00e4sby"},"content":{"rendered":"<h3><a href=\"http:\/\/wp.kristdemokraterna.se\/upplandsvasby\/files\/2026\/04\/hjarta_rev.jpg\"><img loading=\"lazy\" decoding=\"async\" class=\"wp-image-1037 size-medium aligncenter\" src=\"http:\/\/wp.kristdemokraterna.se\/upplandsvasby\/files\/2026\/04\/hjarta_rev-300x251.jpg\" alt=\"\" width=\"300\" height=\"251\" srcset=\"https:\/\/wp.kristdemokraterna.se\/upplandsvasby\/files\/2026\/04\/hjarta_rev-300x251.jpg 300w, https:\/\/wp.kristdemokraterna.se\/upplandsvasby\/files\/2026\/04\/hjarta_rev-768x644.jpg 768w, https:\/\/wp.kristdemokraterna.se\/upplandsvasby\/files\/2026\/04\/hjarta_rev-239x200.jpg 239w, https:\/\/wp.kristdemokraterna.se\/upplandsvasby\/files\/2026\/04\/hjarta_rev-500x420.jpg 500w, https:\/\/wp.kristdemokraterna.se\/upplandsvasby\/files\/2026\/04\/hjarta_rev-370x310.jpg 370w, https:\/\/wp.kristdemokraterna.se\/upplandsvasby\/files\/2026\/04\/hjarta_rev-770x645.jpg 770w, https:\/\/wp.kristdemokraterna.se\/upplandsvasby\/files\/2026\/04\/hjarta_rev-450x377.jpg 450w, https:\/\/wp.kristdemokraterna.se\/upplandsvasby\/files\/2026\/04\/hjarta_rev-280x235.jpg 280w, https:\/\/wp.kristdemokraterna.se\/upplandsvasby\/files\/2026\/04\/hjarta_rev-340x285.jpg 340w, https:\/\/wp.kristdemokraterna.se\/upplandsvasby\/files\/2026\/04\/hjarta_rev-200x168.jpg 200w, https:\/\/wp.kristdemokraterna.se\/upplandsvasby\/files\/2026\/04\/hjarta_rev-67x56.jpg 67w, https:\/\/wp.kristdemokraterna.se\/upplandsvasby\/files\/2026\/04\/hjarta_rev.jpg 940w\" sizes=\"auto, (max-width: 300px) 100vw, 300px\" \/><\/a><\/h3>\n<p><a href=\"http:\/\/wp.kristdemokraterna.se\/upplandsvasby\/files\/2026\/04\/kd-vasby-program-2026_rev260412.docx.pdf\" target=\"_blank\" rel=\"noopener\"><strong>MED HJ\u00c4RTA F\u00d6R V<\/strong><\/a><a href=\"http:\/\/wp.kristdemokraterna.se\/upplandsvasby\/files\/2026\/04\/kd-vasby-program-2026_rev260412.docx.pdf\" target=\"_blank\" rel=\"noopener\"><strong>\u00c4SBY<\/strong><\/a> &#8211; L\u00e4nk till KD V\u00e4sbys valprogram 2026-2030.<\/p>\n<h3><\/h3>\n<h3><a href=\"http:\/\/wp.kristdemokraterna.se\/upplandsvasby\/files\/2026\/04\/famlijen-.jpg\"><img loading=\"lazy\" decoding=\"async\" class=\"alignnone wp-image-1039 size-medium\" src=\"http:\/\/wp.kristdemokraterna.se\/upplandsvasby\/files\/2026\/04\/famlijen--300x251.jpg\" alt=\"\" width=\"300\" height=\"251\" srcset=\"https:\/\/wp.kristdemokraterna.se\/upplandsvasby\/files\/2026\/04\/famlijen--300x251.jpg 300w, https:\/\/wp.kristdemokraterna.se\/upplandsvasby\/files\/2026\/04\/famlijen--768x644.jpg 768w, https:\/\/wp.kristdemokraterna.se\/upplandsvasby\/files\/2026\/04\/famlijen--239x200.jpg 239w, https:\/\/wp.kristdemokraterna.se\/upplandsvasby\/files\/2026\/04\/famlijen--500x420.jpg 500w, https:\/\/wp.kristdemokraterna.se\/upplandsvasby\/files\/2026\/04\/famlijen--370x310.jpg 370w, https:\/\/wp.kristdemokraterna.se\/upplandsvasby\/files\/2026\/04\/famlijen--770x645.jpg 770w, https:\/\/wp.kristdemokraterna.se\/upplandsvasby\/files\/2026\/04\/famlijen--450x377.jpg 450w, https:\/\/wp.kristdemokraterna.se\/upplandsvasby\/files\/2026\/04\/famlijen--280x235.jpg 280w, https:\/\/wp.kristdemokraterna.se\/upplandsvasby\/files\/2026\/04\/famlijen--340x285.jpg 340w, https:\/\/wp.kristdemokraterna.se\/upplandsvasby\/files\/2026\/04\/famlijen--200x168.jpg 200w, https:\/\/wp.kristdemokraterna.se\/upplandsvasby\/files\/2026\/04\/famlijen--67x56.jpg 67w, https:\/\/wp.kristdemokraterna.se\/upplandsvasby\/files\/2026\/04\/famlijen-.jpg 940w\" sizes=\"auto, (max-width: 300px) 100vw, 300px\" \/><\/a><\/h3>\n<h3>TRYGGA OCH SJ\u00c4LVSST\u00c4NDIGA FAMILJER<\/h3>\n<p><span style=\"font-weight: 400\">V\u00e5r politik tar i m\u00e5nga stycken avstamp fr\u00e5n <\/span><b>FAMILJEN <\/b><span style=\"font-weight: 400\">och vi vill g\u00e4rna hitta familjetr\u00e5dar i all v\u00e5r politik. Ibland \u00e4r det l\u00e4ttare \u00e4n andra g\u00e5nger. Familjen \u00e4r dock v\u00e5r kompass i politikutveckling och i att g\u00f6ra verkstad av politik.<\/span><\/p>\n<p><span style=\"font-weight: 400\">V\u00e5r utg\u00e5ngspunkt att alla konstellationer d\u00e4r man vill kalla sig familj \u00e4r just en familj. V\u00e5r utg\u00e5ngspunkt \u00e4r att familjer blir till av de personer som vill skapa en familj och de personer som p\u00e5 olika s\u00e4tt tillkommer till denna konstellation.<\/span><\/p>\n<p><span style=\"font-weight: 400\">V\u00e5r familjepolitik utg\u00e5r fr\u00e5n de sm\u00e5 och n\u00e4ra gemenskaperna d\u00e4r familjer \u00e4r exempel p\u00e5 en s\u00e5dan gemenskap. Sl\u00e4kten, arbetskamraterna, grannarna \u00e4r exempel p\u00e5 andra. Vi som m\u00e4nniskor m\u00e5r b\u00e4st n\u00e4r vi k\u00e4nner oss trygga i de sm\u00e5 och n\u00e4ra gemenskaperna. Detta backar vi inte p\u00e5.<\/span><\/p>\n<p><b>Trygga och sj\u00e4lvst\u00e4ndiga familjer<\/b><span style=\"font-weight: 400\"><br \/>\n<\/span><span style=\"font-weight: 400\">KD vill att vi v\u00e4rnar de sm\u00e5 och n\u00e4ra gemenskaperna, d\u00e4r familjen \u00e4r mycket viktig. I familjen ska det vara tryggt. Politiken har till uppgift att ge f\u00f6ruts\u00e4ttningar f\u00f6r att familjerna ska k\u00e4nna trygghet och att ge familjerna st\u00f6d s\u00e5 att de kan vara s\u00e5 sj\u00e4lvst\u00e4ndiga som m\u00f6jligt. En annan viktig uppgift \u00e4r att ge familjer och enskilda det st\u00f6d som de beh\u00f6ver.<\/span><\/p>\n<p><b>Familjer\u00e5dsgivningscheck<\/b><span style=\"font-weight: 400\"><br \/>\n<\/span><span style=\"font-weight: 400\">Att familjen f\u00e5r till\u00f6kning \u00e4r bland det st\u00f6rsta man f\u00e5r uppleva. Samtidigt \u00e4r det kanske den st\u00f6rsta omv\u00e4lvande erfarenheten som man f\u00e5r uppleva. Att ge st\u00f6d i denna situation \u00e4r en viktig uppgift och KD vill att man ska f\u00e5 m\u00f6jlighet att p\u00e5 ett tryggt s\u00e4tt f\u00e5 ta emot familjens g\u00e5va i form av ett barn. Vi vill ge varje familj m\u00f6jlighet till expertst\u00f6d under barnets f\u00f6rsta tv\u00e5 \u00e5r. Detta ska ske genom en <strong>Familjer\u00e5dgivningscheck.<\/strong><\/span><\/p>\n<p><b>V\u00e5rdnadshavares betydelse f\u00f6r barnen<\/b><b><br \/>\n<\/b><span style=\"font-weight: 400\">Barn beh\u00f6ver sina f\u00f6r\u00e4ldrar, men \u00e4ven andra vuxna \u00e4r v\u00e4ldigt betydelsefulla. Det \u00e4r p\u00e5 tiden att f\u00f6r\u00e4ldrars, men \u00e4ven v\u00e5rdnadshavares, viktiga och v\u00e4rdefulla betydelse f\u00f6r barn och unga uppm\u00e4rksammas och uppv\u00e4rderas. Mer tid med sina f\u00f6r\u00e4ldrar \u00e4r vad m\u00e5nga barn l\u00e4ngtar efter och v\u00e5r uppgift \u00e4r att se till att det m\u00f6jligg\u00f6rs. En god social v\u00e4lf\u00e4rd f\u00f6ruts\u00e4tter att man i familjen har tid att se varandra. Att st\u00e4rka familjebanden \u00f6ver flera generationer \u00e4r viktigt.\u00a0<\/span><\/p>\n<p><b>St\u00f6d till familjer<\/b><b><br \/>\n<\/b><span style=\"font-weight: 400\">Familjen, den lilla och n\u00e4ra gemenskapen, vet b\u00e4st sina egna behov. Politikens uppgift \u00e4r att skapa f\u00f6ruts\u00e4ttningar f\u00f6r dessa val och prioriteringar och p\u00e5 det s\u00e4ttet bidra till att det blir s\u00e5 bra som m\u00f6jligt f\u00f6r barn, unga och vuxna.\u00a0<\/span><\/p>\n<p><span style=\"font-weight: 400\">Vi \u00e4r angel\u00e4gna om att forts\u00e4tta arbeta f\u00f6r att st\u00f6dja f\u00f6r\u00e4ldrar och andra vuxna i rollen som vuxen i f\u00f6rh\u00e5llande till barn och unga. Vi arbetar redan nu f\u00f6r att \u00f6ka kommunens service och st\u00f6d till f\u00f6r\u00e4ldrar och andra vuxna, s\u00e5 att de i sin tur kan se och st\u00f6dja barn och unga i sin n\u00e4rhet. Kristdemokraterna vet att ett j\u00e4mst\u00e4llt samh\u00e4lle \u00e4r bra f\u00f6r b\u00e5de unga och vuxna.<\/span><\/p>\n<p><b>H\u00f6g kvalitet p\u00e5 barnomsorgen<\/b><b><br \/>\n<\/b><span style=\"font-weight: 400\">V\u00e4ljer man som familj att l\u00e5ta barnen f\u00e5 ta del av den barnomsorg som kommunen erbjuder via egen regi eller n\u00e5gon annan utf\u00f6rare, ska den vara av god kvalitet, stimulerande och erbjuda barnen en bra dag. Grundl\u00e4ggande f\u00f6r att det ska bli s\u00e5 bra som m\u00f6jligt \u00e4r respekt f\u00f6r barnets behov och dess familjs kulturella identitet och spr\u00e5k.\u00a0<\/span><\/p>\n<p><span style=\"font-weight: 400\">Det ska finnas flexibilitet och f\u00f6ruts\u00e4ttningar f\u00f6r pedagogisk omsorg, f\u00f6r de kommunalt drivna och de enskilt drivna f\u00f6rskolorna att kunna utvecklas p\u00e5 olika s\u00e4tt. M\u00e5ngfalden \u00e4r en viktig utg\u00e5ngspunkt n\u00e4r det g\u00e4ller att erbjuda familjerna olika alternativ inom barnomsorgen. Vi kommer aldrig att g\u00e5 tillbaka till en situation d\u00e4r man fick n\u00f6ja sig med den f\u00f6rskola som l\u00e5g n\u00e4rmast det egna hemmet.\u00a0<\/span><\/p>\n<p><em><span style=\"font-weight: 400\">Kristdemokraternas familjepolitik oavsett politisk niv\u00e5 syftar till att m\u00f6jligg\u00f6ra mer tid f\u00f6r barnen, \u00f6ka familjers handlingsutrymme, uppv\u00e4rdera f\u00f6r\u00e4ldraskapet, m\u00f6jligg\u00f6ra olika barnomsorgsformer samt st\u00e4rka barnfamiljers ekonomi. Alla politiska beslut ska analyseras utifr\u00e5n vilka konsekvenser de f\u00e5r f\u00f6r familjer.<\/span><\/em><\/p>\n<p>&nbsp;<\/p>\n<p><a href=\"http:\/\/wp.kristdemokraterna.se\/upplandsvasby\/files\/2022\/03\/vaga-vara-vardnadshavare_3.png\"><img loading=\"lazy\" decoding=\"async\" class=\"alignnone size-medium wp-image-707\" src=\"http:\/\/wp.kristdemokraterna.se\/upplandsvasby\/files\/2022\/03\/vaga-vara-vardnadshavare_3-300x251.png\" alt=\"\" width=\"300\" height=\"251\" srcset=\"https:\/\/wp.kristdemokraterna.se\/upplandsvasby\/files\/2022\/03\/vaga-vara-vardnadshavare_3-300x251.png 300w, https:\/\/wp.kristdemokraterna.se\/upplandsvasby\/files\/2022\/03\/vaga-vara-vardnadshavare_3-768x644.png 768w, https:\/\/wp.kristdemokraterna.se\/upplandsvasby\/files\/2022\/03\/vaga-vara-vardnadshavare_3-239x200.png 239w, https:\/\/wp.kristdemokraterna.se\/upplandsvasby\/files\/2022\/03\/vaga-vara-vardnadshavare_3-500x420.png 500w, https:\/\/wp.kristdemokraterna.se\/upplandsvasby\/files\/2022\/03\/vaga-vara-vardnadshavare_3-370x310.png 370w, https:\/\/wp.kristdemokraterna.se\/upplandsvasby\/files\/2022\/03\/vaga-vara-vardnadshavare_3-770x645.png 770w, https:\/\/wp.kristdemokraterna.se\/upplandsvasby\/files\/2022\/03\/vaga-vara-vardnadshavare_3-450x377.png 450w, https:\/\/wp.kristdemokraterna.se\/upplandsvasby\/files\/2022\/03\/vaga-vara-vardnadshavare_3-280x235.png 280w, https:\/\/wp.kristdemokraterna.se\/upplandsvasby\/files\/2022\/03\/vaga-vara-vardnadshavare_3-340x285.png 340w, https:\/\/wp.kristdemokraterna.se\/upplandsvasby\/files\/2022\/03\/vaga-vara-vardnadshavare_3-200x168.png 200w, https:\/\/wp.kristdemokraterna.se\/upplandsvasby\/files\/2022\/03\/vaga-vara-vardnadshavare_3-67x56.png 67w, https:\/\/wp.kristdemokraterna.se\/upplandsvasby\/files\/2022\/03\/vaga-vara-vardnadshavare_3.png 940w\" sizes=\"auto, (max-width: 300px) 100vw, 300px\" \/><\/a><\/p>\n<h3><strong>FOKUS P\u00c5 ELEVEN<\/strong><\/h3>\n<p><span style=\"font-weight: 400\">De vuxna i skolan m\u00e5ste f\u00e5 vara auktoriteter. Rektor, l\u00e4rare och alla andra vuxna \u00e4r mycket viktiga f\u00f6r en framg\u00e5ngsrik skola, som i sin tur har framg\u00e5ngsrika elever. Framg\u00e5ngsrika skolor utm\u00e4rks av rektorer med ett n\u00e4ra pedagogiskt ledarskap, vilket ocks\u00e5 ger l\u00e4rarna st\u00f6rre m\u00f6jlighet att bedriva en god undervisning. En fast hand och ett varmt hj\u00e4rta \u00e4r en oslagbar kombination. F\u00f6r\u00e4ldrars och v\u00e5rdnadshavares engagemang och delaktighet ska tas till vara och vara en sj\u00e4lvklarhet. Ett bra samarbete mellan hemmet och skolan bidrar till en bra skolg\u00e5ng.<\/span><\/p>\n<p><span style=\"font-weight: 400\">Det st\u00e4lls stora krav p\u00e5 f\u00f6r\u00e4ldrar eller andra vuxna i ett barns eller en ungdoms n\u00e4rhet. Man ska vara duktig p\u00e5 hur skolsystemet fungerar, veta vilka fritidsutbud som finns, vilken inverkan sociala medier har i den unges liv och hur uppt\u00e4cker man att den unge anv\u00e4nder narkotika? F\u00f6r att kunna hj\u00e4lpa till med svaren p\u00e5 bl.a. dessa fr\u00e5gor vill vi Kristdemokrater kunna erbjuda utbildningsinsatsen <\/span><b>V\u00e5ga vara v\u00e5rdnadshavare<\/b><span style=\"font-weight: 400\">. I ett s\u00e4rskilt utbildningspaket ska du som f\u00f6r\u00e4lder eller v\u00e5rdnadshavare t.ex. f\u00e5 l\u00e4ra dig mer om skol- och betygssystemet, hur s\u00e4rskilt st\u00f6d fungerar, mer om sociala mediers p\u00e5verkan p\u00e5 barn och unga.\u00a0\u00a0\u00a0\u00a0\u00a0<\/span><\/p>\n<p><span style=\"font-weight: 400\">Kristdemokraterna arbetar f\u00f6r en skola d\u00e4r ingen h\u00e5lls tillbaka, ingen l\u00e4mnas efter och d\u00e4r alla barn behandlas med respekt. Skolan ska ha h\u00f6ga f\u00f6rv\u00e4ntningar p\u00e5 b\u00e5de elever och personal och kunskapen ska st\u00e5 i fokus. En skola med ordning, d\u00e4r eleverna k\u00e4nner sig trygga och behandlar varandra med respekt, \u00e4r en f\u00f6ruts\u00e4ttning f\u00f6r l\u00e4rande och f\u00f6r att kunskapen ska kunna st\u00e5 i fokus.\u00a0<\/span><\/p>\n<p><span style=\"font-weight: 400\">Kristdemokraterna ser med oro p\u00e5 hur eleverna i den anpassade skolan samt de som g\u00e5r i n\u00e5gon form av resursskola inte f\u00e5r den studiero som de beh\u00f6ver. Vi kommer inte medverka till att dessa skolformer blir \u00e5sidosatta till f\u00f6rm\u00e5n f\u00f6r \u00f6vriga skolformer.<\/span><\/p>\n<p>&nbsp;<\/p>\n<h3><a href=\"http:\/\/wp.kristdemokraterna.se\/upplandsvasby\/files\/2026\/04\/aldres-ratt-till-vardighet.jpg\"><img loading=\"lazy\" decoding=\"async\" class=\"alignnone wp-image-1040 size-medium\" src=\"http:\/\/wp.kristdemokraterna.se\/upplandsvasby\/files\/2026\/04\/aldres-ratt-till-vardighet-300x251.jpg\" alt=\"\" width=\"300\" height=\"251\" srcset=\"https:\/\/wp.kristdemokraterna.se\/upplandsvasby\/files\/2026\/04\/aldres-ratt-till-vardighet-300x251.jpg 300w, https:\/\/wp.kristdemokraterna.se\/upplandsvasby\/files\/2026\/04\/aldres-ratt-till-vardighet-768x644.jpg 768w, https:\/\/wp.kristdemokraterna.se\/upplandsvasby\/files\/2026\/04\/aldres-ratt-till-vardighet-239x200.jpg 239w, https:\/\/wp.kristdemokraterna.se\/upplandsvasby\/files\/2026\/04\/aldres-ratt-till-vardighet-500x420.jpg 500w, https:\/\/wp.kristdemokraterna.se\/upplandsvasby\/files\/2026\/04\/aldres-ratt-till-vardighet-370x310.jpg 370w, https:\/\/wp.kristdemokraterna.se\/upplandsvasby\/files\/2026\/04\/aldres-ratt-till-vardighet-770x645.jpg 770w, https:\/\/wp.kristdemokraterna.se\/upplandsvasby\/files\/2026\/04\/aldres-ratt-till-vardighet-450x377.jpg 450w, https:\/\/wp.kristdemokraterna.se\/upplandsvasby\/files\/2026\/04\/aldres-ratt-till-vardighet-280x235.jpg 280w, https:\/\/wp.kristdemokraterna.se\/upplandsvasby\/files\/2026\/04\/aldres-ratt-till-vardighet-340x285.jpg 340w, https:\/\/wp.kristdemokraterna.se\/upplandsvasby\/files\/2026\/04\/aldres-ratt-till-vardighet-200x168.jpg 200w, https:\/\/wp.kristdemokraterna.se\/upplandsvasby\/files\/2026\/04\/aldres-ratt-till-vardighet-67x56.jpg 67w, https:\/\/wp.kristdemokraterna.se\/upplandsvasby\/files\/2026\/04\/aldres-ratt-till-vardighet.jpg 940w\" sizes=\"auto, (max-width: 300px) 100vw, 300px\" \/><\/a><\/h3>\n<h3><strong>TRYGGHET GENOM HELA LIVET<\/strong><\/h3>\n<p><span style=\"font-weight: 400\">I Upplands V\u00e4sby ska man kunna leva ett v\u00e4rdigt och full\u00e4ndat liv. <\/span><span style=\"font-weight: 400\">Oavsett \u00e5lder eller behov \u00e4r respekten f\u00f6r m\u00e4nniskan grundstenen i ett gott samh\u00e4lle. N\u00e4r v\u00e4rdigheten och respekten f\u00f6r \u00e4ldre suddas ut, d\u00e5 g\u00e4ller det att \u00f6ppna d\u00f6rren till m\u00e4nsklighet och v\u00e4rdighet. M\u00e5nga \u00e4ldre k\u00e4nner sig osynliggjorda och bortgl\u00f6mda. Vi kristdemokrater vill att tiden som senior ska pr\u00e4glas av gl\u00e4dje, trygghet och delaktighet. Du k\u00e4nner b\u00e4st dina egna behov och \u00f6nskem\u00e5l.<\/span><\/p>\n<p><span style=\"font-weight: 400\">Ingen verksamhet kan till fullo tillfredsst\u00e4lla m\u00e4nniskors behov av n\u00e4rhet och gemenskap. Det offentliga beh\u00f6ver det civila samh\u00e4llet och tv\u00e4rtom. Det civila samh\u00e4llet, i form av v\u00e4nf\u00f6reningar, seniororganisationer, hobbycirklar och annan f\u00f6reningsverksamhet, har en mycket viktig funktion. Samarbetet mellan det offentliga och dessa ov\u00e4rderliga insatser fr\u00e5n civilsamh\u00e4llet ska ge ett bra st\u00f6d och st\u00f6rre utrymme. Aktivitetskatalogen som har tagits fram genom samarbete med civilsamh\u00e4llet och kommunen m\u00e5ste f\u00e5 m\u00f6jlighet att finnas kvar och utvecklas.<\/span><\/p>\n<p><b>Valfrihet att v\u00e4lja utf\u00f6rare<br \/>\n<\/b><span style=\"font-weight: 400\">Vi \u00e4r alla unika individer. Det g\u00e4ller sj\u00e4lvklart \u00e4ven n\u00e4r vi blir \u00e4ldre.\u00a0 \u00c4ldre ska f\u00e5 en omsorg pr\u00e4glad av trygghet, v\u00e4rdighet och delaktighet. Service, v\u00e5rd och omsorg ska vara tillg\u00e4ngliga och ges utifr\u00e5n en helhetssyn p\u00e5 den enskilde. H\u00e4nsyn ska tas till s\u00e5v\u00e4l sj\u00e4lsliga, andliga som materiella behov. M\u00e4nniskov\u00e4rdet \u00e4r inte avh\u00e4ngigt \u00e5lder och den egna f\u00f6rm\u00e5gan. Delaktighet, inflytande och valfrihet ska vara centrala begrepp inom omsorgen av de \u00e4ldre inv\u00e5narna i Upplands V\u00e4sby.<\/span><\/p>\n<p><span style=\"font-weight: 400\">Kristdemokraternas vision \u00e4r ett samh\u00e4lle d\u00e4r alla forts\u00e4tter k\u00e4nna sig delaktiga, beh\u00f6vda och uppskattade. Kristdemokraterna vill ge \u00e4ldre st\u00f6rre inflytande, bland annat genom att l\u00e5ta personer med hemtj\u00e4nst kunna v\u00e4lja v\u00e5rdare av samma k\u00f6n i k\u00e4nsliga situationer.\u00a0<\/span><\/p>\n<p><span style=\"font-weight: 400\">Att l\u00e4mna den egna bostaden f\u00f6r att flytta till ett v\u00e5rd- och omsorgsboende kan vara f\u00f6rknippat med m\u00e5nga fr\u00e5getecken. Kristdemokraterna vill att kommunen ska erbjuda en<\/span><b> \u00e4ldreboendegaranti <\/b><span style=\"font-weight: 400\">som ska g\u00e4lla f\u00f6r alla som fyllt 85 \u00e5r. Detta ska fungera som ett erbjudande som den enskilde f\u00e5r ta i anspr\u00e5k n\u00e4r man vill.<\/span><\/p>\n<p><b>Inf\u00f6rande av \u00c4ldrepedagoger<br \/>\n<\/b><span style=\"font-weight: 400\">I skolan har vi socialpedagoger, och nu vill vi fr\u00e5n Kristdemokraterna satsa p\u00e5 \u00c4ldrepedagoger. En funktion som ska vara de \u00e4ldres r\u00f6st f\u00f6r dem som bor p\u00e5 ett v\u00e5rd- och omsorgsboende. \u00c4ldrepedagogen finns d\u00e4r n\u00e4r man beh\u00f6ver prata med n\u00e5gon om existentiella fr\u00e5gor eller om mer vardagliga saker som har uppkommit i v\u00e5rd- och omsorgsboendet.<\/span><\/p>\n<p><b>\u00c4ldref\u00e4ltare<br \/>\n<\/b><span style=\"font-weight: 400\">Kristdemokraterna i V\u00e4sby har under mandatperioden arbetat intensivt f\u00f6r att tillsammans med f\u00f6reningslivet motverka den ofrivilliga ensamheten hos fr\u00e4mst \u00e4ldre. Vi vill nu ta ytterligare ett steg genom att etablera \u00c4ldref\u00e4ltare. Dessa ska genom upps\u00f6kande arbete n\u00e5 personer som beh\u00f6ver en social gemenskap s\u00e5 att vi kan utrota den ofrivilliga ensamheten bland seniorer i Upplands V\u00e4sby.<\/span><\/p>\n<p><a href=\"http:\/\/wp.kristdemokraterna.se\/upplandsvasby\/files\/2026\/04\/seniorgladje.jpg\"><img loading=\"lazy\" decoding=\"async\" class=\"alignnone size-medium wp-image-1041\" src=\"http:\/\/wp.kristdemokraterna.se\/upplandsvasby\/files\/2026\/04\/seniorgladje-300x251.jpg\" alt=\"\" width=\"300\" height=\"251\" srcset=\"https:\/\/wp.kristdemokraterna.se\/upplandsvasby\/files\/2026\/04\/seniorgladje-300x251.jpg 300w, https:\/\/wp.kristdemokraterna.se\/upplandsvasby\/files\/2026\/04\/seniorgladje-768x644.jpg 768w, https:\/\/wp.kristdemokraterna.se\/upplandsvasby\/files\/2026\/04\/seniorgladje-239x200.jpg 239w, https:\/\/wp.kristdemokraterna.se\/upplandsvasby\/files\/2026\/04\/seniorgladje-500x420.jpg 500w, https:\/\/wp.kristdemokraterna.se\/upplandsvasby\/files\/2026\/04\/seniorgladje-370x310.jpg 370w, https:\/\/wp.kristdemokraterna.se\/upplandsvasby\/files\/2026\/04\/seniorgladje-770x645.jpg 770w, https:\/\/wp.kristdemokraterna.se\/upplandsvasby\/files\/2026\/04\/seniorgladje-450x377.jpg 450w, https:\/\/wp.kristdemokraterna.se\/upplandsvasby\/files\/2026\/04\/seniorgladje-280x235.jpg 280w, https:\/\/wp.kristdemokraterna.se\/upplandsvasby\/files\/2026\/04\/seniorgladje-340x285.jpg 340w, https:\/\/wp.kristdemokraterna.se\/upplandsvasby\/files\/2026\/04\/seniorgladje-200x168.jpg 200w, https:\/\/wp.kristdemokraterna.se\/upplandsvasby\/files\/2026\/04\/seniorgladje-67x56.jpg 67w, https:\/\/wp.kristdemokraterna.se\/upplandsvasby\/files\/2026\/04\/seniorgladje.jpg 940w\" sizes=\"auto, (max-width: 300px) 100vw, 300px\" \/><\/a><\/p>\n<p><b>Hemtj\u00e4nst<br \/>\n<\/b><span style=\"font-weight: 400\">Att s\u00f6ka och f\u00e5 hemtj\u00e4nst \u00e4r f\u00f6r m\u00e5nga ett s\u00e4tt att kunna bo kvar i det egna hemmet, att f\u00e5 \u00f6kad livskvalitet och f\u00e5 m\u00f6jlighet till social samvaro. Vi arbetar f\u00f6r att hemtj\u00e4nsten ska vara trygg och ge h\u00f6gkvalitativ service. Vi ser det som naturligt och sj\u00e4lvklart att man ska f\u00e5 v\u00e4lja om man vill ha en kvinna eller en man som ger den omsorg man beh\u00f6ver. Kvalitetsverktyget Hemtj\u00e4nstindex ska vara en del av kommunens arbete att g\u00f6ra hemtj\u00e4nsten till sverigeledande<\/span><b>.<\/b><\/p>\n<p><b>Nolltolerans<br \/>\n<\/b><span style=\"font-weight: 400\">Kristdemokraterna ser det som helt naturligt att kommunen har nolltolerans mot ov\u00e4rdigt bem\u00f6tande gentemot v\u00e4sbyborna, och d\u00e5 s\u00e4rskilt seniorer. Bedr\u00e4gerier, v\u00e5ld, kr\u00e4nkningar och otrygghet ska inte drabba seniorer i kommunen. Allt s\u00e5dant ska beivras med st\u00f6rsta intensitet.<\/span><b>\u00a0<\/b><\/p>\n<p><b>Anh\u00f6rigarbetet<br \/>\n<\/b><span style=\"font-weight: 400\">F\u00f6r oss kristdemokrater m\u00e5ste vi forts\u00e4tta med att uppm\u00e4rksamma och st\u00f6tta dem som vi kallar f\u00f6r \u201cvardagens hj\u00e4ltar\u201d \u2013 de anh\u00f6riga. De som g\u00f6r fantastiska insatser som anh\u00f6riga till en livspartner, till f\u00f6r\u00e4ldrar, barn eller andra som st\u00e5r dem n\u00e4ra. Detta \u00e4r prioriterat!<\/span><\/p>\n<p><b>Flyttcoach<br \/>\n<\/b><span style=\"font-weight: 400\">Det kan vara ett stort steg att flytta fr\u00e5n en bostad d\u00e4r man har trivts i m\u00e5nga \u00e5r. Man ser framf\u00f6r sig fr\u00e5gor i form av att hitta ny bostad, flyttst\u00e4dning, sj\u00e4lva flytten med kartonger och m\u00e5nga saker man kanske m\u00e5ste bli av med. Fr\u00e5gorna hopar sig. Vi har som f\u00f6rslag att kommunen erbjuder hj\u00e4lp i form av en \u201cflyttcoach\u201d som ska vara n\u00e5gon att samtala med och f\u00e5 b\u00e5de r\u00e5d och d\u00e5d. Vi vill inte att n\u00e5gon ska k\u00e4nna oro inf\u00f6r en s\u00e5dan flytt.<\/span><\/p>\n<p><b>Boken kommer<br \/>\n<\/b><span style=\"font-weight: 400\">Biblioteket \u00e4r n\u00e5got som vi alla uppskattar. M\u00e5nga av oss kan g\u00e5 dit n\u00e4r vi vill, hur m\u00e5nga g\u00e5nger som helst. F\u00f6r andra \u00e4r det bara en dr\u00f6m att kunna bes\u00f6ka biblioteket. F\u00f6r dessa finns det idag en form av support som heter Boken kommer. Detta \u00e4r en service som utf\u00f6rs av volont\u00e4rer tillsammans med biblioteket. Som enskild best\u00e4ller man den eller de b\u00f6cker man vill l\u00e4sa och sedan levereras detta av volont\u00e4rer med hj\u00e4lp av bibliotekspersonal. Vi vill att verksamheten ska skyddas s\u00e5 att den kan forts\u00e4tta, helst tillsammans med volont\u00e4rerna.<\/span><\/p>\n<p><b>Kultur i \u00e4ldreomsorgen<br \/>\n<\/b><span style=\"font-weight: 400\">Att kulturen utg\u00f6r en omistlig kraft i all form av v\u00e5rd och omsorg \u00e4r n\u00e5got som vi kristdemokrater b\u00e5de vet och v\u00e4rnar. Kulturens roll i folkh\u00e4lsan \u00e4r sj\u00e4lvklar. I den del av omv\u00e5rdnad som \u00e4ldreomsorgen utg\u00f6r beh\u00f6ver Upplands V\u00e4sby kommun ta ett mera samlat och medvetet grepp f\u00f6r att ge kulturen b\u00e4ttre m\u00f6jligheter i b\u00e5de den f\u00f6rebyggande och den behandlande v\u00e5rden och omsorgen.<\/span><\/p>\n<p><span style=\"font-weight: 400\">S\u00e5ng, musik, bild, r\u00f6relse och drama \u00e4r v\u00e4rdefulla v\u00e4gar till b\u00e4ttre h\u00e4lsa och v\u00e4rdigt liv. Vi menar att det inom varje v\u00e5rdomr\u00e5de alltid ska finnas ett kultur- och h\u00e4lsoperspektiv. Vardagskulturen ska vara en sj\u00e4lvklar del av omv\u00e5rdnaden.<\/span><\/p>\n<p><span style=\"font-weight: 400\">Kultur i form av musikterapi \u00e4r inte underh\u00e5llning utan kommunikation som medel att tr\u00e4na koncentration, minne, spr\u00e5k och samarbetsf\u00f6rm\u00e5ga. N\u00e4r orden tar slut, tar s\u00e5ngen och bilden vid. V\u00e4rdet av kultur i alla former som alternativ medicin beh\u00f6ver uppv\u00e4rderas. Kultur har l\u00e4kande effekt.<\/span><\/p>\n<p><a href=\"http:\/\/wp.kristdemokraterna.se\/upplandsvasby\/files\/2026\/04\/vasby-ska-vara-tillgangligt-for-alla.jpg\"><img loading=\"lazy\" decoding=\"async\" class=\"alignnone size-medium wp-image-1042\" src=\"http:\/\/wp.kristdemokraterna.se\/upplandsvasby\/files\/2026\/04\/vasby-ska-vara-tillgangligt-for-alla-300x251.jpg\" alt=\"\" width=\"300\" height=\"251\" srcset=\"https:\/\/wp.kristdemokraterna.se\/upplandsvasby\/files\/2026\/04\/vasby-ska-vara-tillgangligt-for-alla-300x251.jpg 300w, https:\/\/wp.kristdemokraterna.se\/upplandsvasby\/files\/2026\/04\/vasby-ska-vara-tillgangligt-for-alla-768x644.jpg 768w, https:\/\/wp.kristdemokraterna.se\/upplandsvasby\/files\/2026\/04\/vasby-ska-vara-tillgangligt-for-alla-239x200.jpg 239w, https:\/\/wp.kristdemokraterna.se\/upplandsvasby\/files\/2026\/04\/vasby-ska-vara-tillgangligt-for-alla-500x420.jpg 500w, https:\/\/wp.kristdemokraterna.se\/upplandsvasby\/files\/2026\/04\/vasby-ska-vara-tillgangligt-for-alla-370x310.jpg 370w, https:\/\/wp.kristdemokraterna.se\/upplandsvasby\/files\/2026\/04\/vasby-ska-vara-tillgangligt-for-alla-770x645.jpg 770w, https:\/\/wp.kristdemokraterna.se\/upplandsvasby\/files\/2026\/04\/vasby-ska-vara-tillgangligt-for-alla-450x377.jpg 450w, https:\/\/wp.kristdemokraterna.se\/upplandsvasby\/files\/2026\/04\/vasby-ska-vara-tillgangligt-for-alla-280x235.jpg 280w, https:\/\/wp.kristdemokraterna.se\/upplandsvasby\/files\/2026\/04\/vasby-ska-vara-tillgangligt-for-alla-340x285.jpg 340w, https:\/\/wp.kristdemokraterna.se\/upplandsvasby\/files\/2026\/04\/vasby-ska-vara-tillgangligt-for-alla-200x168.jpg 200w, https:\/\/wp.kristdemokraterna.se\/upplandsvasby\/files\/2026\/04\/vasby-ska-vara-tillgangligt-for-alla-67x56.jpg 67w, https:\/\/wp.kristdemokraterna.se\/upplandsvasby\/files\/2026\/04\/vasby-ska-vara-tillgangligt-for-alla.jpg 940w\" sizes=\"auto, (max-width: 300px) 100vw, 300px\" \/><\/a><\/p>\n<h3>FUNKTIONSVARIATION \u00c4R INGET HANDIKAPP<\/h3>\n<p><span style=\"font-weight: 400\">Gemensamt f\u00f6r oss m\u00e4nniskor \u00e4r att vi \u00e4r sociala varelser med behov av sm\u00e5, naturliga gemenskaper.\u00a0 D\u00e4r familjen, som \u00e4r den naturliga gemenskapen f\u00f6r att hj\u00e4lpa varandra, inte r\u00e4cker till, ska kommunen och \u00f6vriga samh\u00e4llet tr\u00e4da in. Dessa insatser utifr\u00e5n ska st\u00f6dja och stimulera de positiva krafter som finns hos varje person d\u00e4r utg\u00e5ngspunkten \u00e4r att utg\u00e5 fr\u00e5n varje persons egna f\u00f6rm\u00e5gor. Alla m\u00e4nniskor har samma och unika v\u00e4rde.<\/span><\/p>\n<p><span style=\"font-weight: 400\">Funktionsvariation blir ett hinder f\u00f6r den enskilde f\u00f6rst om samh\u00e4llet inte f\u00f6rm\u00e5r att kompensera de eventuella bristerna. L\u00e5ngt ifr\u00e5n alla funktionsvariationer \u00e4r synliga. Personer med psykisk funktionsvariation har samma r\u00e4tt till samh\u00e4llets st\u00f6d som de med mer fysiskt synliga funktionsvariationer.\u00a0<\/span><\/p>\n<p><span style=\"font-weight: 400\">Samh\u00e4llets anstr\u00e4ngningar att \u00f6ka tillg\u00e4ngligheten f\u00f6r alla hela tiden m\u00e5ste revideras och utvecklas. Detta g\u00f6rs b\u00e4st i samverkan och samarbete med den del av det civila samh\u00e4llet som organiserar m\u00e4nniskor med s\u00e4rskild kunskap om att leva med en funktionsvariation. V\u00e5r utg\u00e5ngspunkt \u00e4r att funktionsvariation inte \u00e4r ett handikapp. <\/span><\/p>\n<p><b>Funktionsr\u00e4ttskonsekvensbeskrivning och Funktionsr\u00e4ttslots<br \/>\n<\/b><span style=\"font-weight: 400\">Vi vill inf\u00f6ra n\u00e5got som kallas<strong> Funktionsr\u00e4ttskonsekvensbeskrivning.<\/strong> Detta \u00e4r ett systematiskt s\u00e4tt att arbeta med de f\u00f6rslag som tas fram f\u00f6r olika beslut inom kommunen och som s\u00e4rskilt fokuserar p\u00e5 hur de politiska f\u00f6rslagen p\u00e5verkar personer med funktionsneds\u00e4ttning.<\/span><\/p>\n<p><span style=\"font-weight: 400\">\u00a0<\/span><span style=\"font-weight: 400\">Vi vill inf\u00f6ra en funktion, kallad <\/span><b>Funktionsr\u00e4ttslots<\/b><span style=\"font-weight: 400\">, d\u00e4r personer kan f\u00e5 v\u00e4gledning om kommunens utbud av verksamheter och boenden eller andra fr\u00e5gor som kan uppst\u00e5. Idag finns en \u00e4ldrelots och nu \u00e4r det dags f\u00f6r en motsvarande tj\u00e4nst f\u00f6r personer med funktionsneds\u00e4ttning.<\/span><\/p>\n<p><a href=\"http:\/\/wp.kristdemokraterna.se\/upplandsvasby\/files\/2026\/04\/social-passion-770x645-1.png\"><img loading=\"lazy\" decoding=\"async\" class=\"alignnone size-medium wp-image-1044\" src=\"http:\/\/wp.kristdemokraterna.se\/upplandsvasby\/files\/2026\/04\/social-passion-770x645-1-300x251.png\" alt=\"\" width=\"300\" height=\"251\" srcset=\"https:\/\/wp.kristdemokraterna.se\/upplandsvasby\/files\/2026\/04\/social-passion-770x645-1-300x251.png 300w, https:\/\/wp.kristdemokraterna.se\/upplandsvasby\/files\/2026\/04\/social-passion-770x645-1-768x643.png 768w, https:\/\/wp.kristdemokraterna.se\/upplandsvasby\/files\/2026\/04\/social-passion-770x645-1-239x200.png 239w, https:\/\/wp.kristdemokraterna.se\/upplandsvasby\/files\/2026\/04\/social-passion-770x645-1-500x420.png 500w, https:\/\/wp.kristdemokraterna.se\/upplandsvasby\/files\/2026\/04\/social-passion-770x645-1-370x310.png 370w, https:\/\/wp.kristdemokraterna.se\/upplandsvasby\/files\/2026\/04\/social-passion-770x645-1-450x377.png 450w, https:\/\/wp.kristdemokraterna.se\/upplandsvasby\/files\/2026\/04\/social-passion-770x645-1-280x235.png 280w, https:\/\/wp.kristdemokraterna.se\/upplandsvasby\/files\/2026\/04\/social-passion-770x645-1-340x285.png 340w, https:\/\/wp.kristdemokraterna.se\/upplandsvasby\/files\/2026\/04\/social-passion-770x645-1-200x168.png 200w, https:\/\/wp.kristdemokraterna.se\/upplandsvasby\/files\/2026\/04\/social-passion-770x645-1-67x56.png 67w, https:\/\/wp.kristdemokraterna.se\/upplandsvasby\/files\/2026\/04\/social-passion-770x645-1.png 770w\" sizes=\"auto, (max-width: 300px) 100vw, 300px\" \/><\/a><\/p>\n<p><b>V\u00c5R SOCIALA PASSION<\/b><\/p>\n<p>En viktig inriktning f\u00f6r oss kristdemokrater \u00e4r att st\u00e4lla in kompassen p\u00e5\u00a0<strong>social passion<\/strong>.\u00a0Att ha denna inst\u00e4lld kompass inst\u00e4lld p\u00e5 social passion \u00e4r f\u00f6r oss det enda s\u00e4ttet f\u00f6r att tillsammans l\u00f6sa fr\u00e5gor, sm\u00e5 som stora, i vardagen. Det \u00e4r denna delaktighet som ger oss energi i v\u00e5rt politiska arbete. Vi vill vara delaktiga i att kunna svara p\u00e5 fr\u00e5gor som m\u00e4nniskor i v\u00e5r n\u00e4rhet har, inte att svara p\u00e5 fr\u00e5gor som vi tror att m\u00e4nniskor har.<\/p>\n<p><span style=\"font-weight: 400\">Den sociala omsorgen ska utg\u00e5 fr\u00e5n m\u00e4nniskans behov av sm\u00e5 och naturliga gemenskaper d\u00e4r familjen, oavsett hur den \u00e4r sammansatt, \u00e4r den viktigaste. De sociala insatserna i form av f\u00f6rebyggande och behandlande \u00e5tg\u00e4rder ska st\u00f6dja n\u00e4r det brister och ska stimulera de positiva krafterna i familjen och hos den enskilde.\u00a0<\/span><\/p>\n<p><span style=\"font-weight: 400\">Solidaritetstanken motiverar oss kristdemokrater att ta gemensamt ansvar f\u00f6r alla m\u00e4nniskor, i synnerhet de som \u00e4r utsatta p\u00e5 n\u00e5got s\u00e4tt. Vi verkar f\u00f6r att Upplands V\u00e4sby ska erbjuda alla inv\u00e5nare st\u00f6d och omsorg i livets alla skeenden.\u00a0<\/span><\/p>\n<p><span style=\"font-weight: 400\">M\u00e5let f\u00f6r den sociala omsorgen \u00e4r att st\u00e4rka m\u00e4nniskans f\u00f6rm\u00e5ga att leva ett sj\u00e4lvst\u00e4ndigt liv.\u00a0<\/span><\/p>\n<p><span style=\"font-weight: 400\">F\u00f6r oss kristdemokrater \u00e4r det avg\u00f6rande att socialtj\u00e4nstens viktigaste uppgift \u00e4r att genom tidiga f\u00f6rebyggande insatser f\u00f6rhindra uppkomst av sociala problem och identifiera barn och ungdomar i riskzonen f\u00f6r kriminalitet och andra destruktiva beteenden.\u00a0<\/span><\/p>\n<p><span style=\"font-weight: 400\">Att inte f\u00e5 k\u00e4nna sig trygg i sitt hem \u00e4r v\u00e4ldigt destruktivt f\u00f6r m\u00e5nga och leder till otrygga individer. Det finns hj\u00e4lp att f\u00e5. Alla som uts\u00e4tts f\u00f6r brott ska ges adekvat st\u00f6d.<\/span><\/p>\n<p><span style=\"font-weight: 400\">F\u00f6r de barnfamiljer som hamnar i en ekonomiskt tr\u00e5ng situation ska \u00e4ven i forts\u00e4ttningen det framg\u00e5ngsrika vr\u00e4kningsf\u00f6rebyggande arbetet kopplas p\u00e5. Visionen \u00e4r att inget barn ska vr\u00e4kas fr\u00e5n sitt hem p\u00e5 grund av att de vuxna missk\u00f6tt sin ekonomi.<\/span><\/p>\n<p>&nbsp;<\/p>\n<p><a href=\"http:\/\/wp.kristdemokraterna.se\/upplandsvasby\/files\/2026\/04\/bort-med-e4ans-buller.jpg\"><img loading=\"lazy\" decoding=\"async\" class=\"alignnone size-medium wp-image-1045\" src=\"http:\/\/wp.kristdemokraterna.se\/upplandsvasby\/files\/2026\/04\/bort-med-e4ans-buller-300x251.jpg\" alt=\"\" width=\"300\" height=\"251\" srcset=\"https:\/\/wp.kristdemokraterna.se\/upplandsvasby\/files\/2026\/04\/bort-med-e4ans-buller-300x251.jpg 300w, https:\/\/wp.kristdemokraterna.se\/upplandsvasby\/files\/2026\/04\/bort-med-e4ans-buller-768x644.jpg 768w, https:\/\/wp.kristdemokraterna.se\/upplandsvasby\/files\/2026\/04\/bort-med-e4ans-buller-239x200.jpg 239w, https:\/\/wp.kristdemokraterna.se\/upplandsvasby\/files\/2026\/04\/bort-med-e4ans-buller-500x420.jpg 500w, https:\/\/wp.kristdemokraterna.se\/upplandsvasby\/files\/2026\/04\/bort-med-e4ans-buller-370x310.jpg 370w, https:\/\/wp.kristdemokraterna.se\/upplandsvasby\/files\/2026\/04\/bort-med-e4ans-buller-770x645.jpg 770w, https:\/\/wp.kristdemokraterna.se\/upplandsvasby\/files\/2026\/04\/bort-med-e4ans-buller-450x377.jpg 450w, https:\/\/wp.kristdemokraterna.se\/upplandsvasby\/files\/2026\/04\/bort-med-e4ans-buller-280x235.jpg 280w, https:\/\/wp.kristdemokraterna.se\/upplandsvasby\/files\/2026\/04\/bort-med-e4ans-buller-340x285.jpg 340w, https:\/\/wp.kristdemokraterna.se\/upplandsvasby\/files\/2026\/04\/bort-med-e4ans-buller-200x168.jpg 200w, https:\/\/wp.kristdemokraterna.se\/upplandsvasby\/files\/2026\/04\/bort-med-e4ans-buller-67x56.jpg 67w, https:\/\/wp.kristdemokraterna.se\/upplandsvasby\/files\/2026\/04\/bort-med-e4ans-buller.jpg 940w\" sizes=\"auto, (max-width: 300px) 100vw, 300px\" \/><\/a><\/p>\n<h3><strong>EN P\u00c5 M\u00c5NGA S\u00c4TT H\u00c5LLBAR KOMMUN<\/strong><\/h3>\n<p><span style=\"font-weight: 400\">F\u00f6rvaltarskapstanken \u00e4r en b\u00e4rande del i den kristdemokratiska ideologin. P\u00e5 milj\u00f6omr\u00e5det inneb\u00e4r det att vi ska f\u00f6rvalta, inte f\u00f6rbruka, v\u00e5r planet och dess tillg\u00e5ngar. Milj\u00f6- och klimatpolitiken ska vara grundad p\u00e5 f\u00f6rsiktighetsprincipen, d\u00e5 den ska utformas s\u00e5 att b\u00e5de det offentliga, n\u00e4ringslivet, civilsamh\u00e4llet och vi enskilda ska ges f\u00f6ruts\u00e4ttningar att g\u00f6ra r\u00e4tt, dvs. att styra mot ett gott f\u00f6rvaltarskap och en h\u00e5llbar utveckling.\u00a0<\/span><\/p>\n<p><span style=\"font-weight: 400\">Kommunen, med dess l\u00e4ge utmed motorv\u00e4gen, n\u00e4rheten till Arlanda flygplats och j\u00e4rnv\u00e4gen, har att arbeta extra mycket med bullerfr\u00e5gan. Vi m\u00e5ste f\u00f6rst\u00e5 att buller \u00e4r en h\u00e4lsofr\u00e5ga av stort format. Resultatet av ett st\u00e4ndigt bullerbrus kan leda till sjukdom och social st\u00f6rning. En l\u00f6sning som vi kristdemokrater vill se \u00e4r att ett arbete p\u00e5b\u00f6rjas med att se \u00f6ver m\u00f6jligheten att \u00e4ven i Upplands V\u00e4sby kunna bygga in delar av E4:an i en tunnel. Att g\u00f6ra detta p\u00e5 den str\u00e4cka som ligger n\u00e4rmast de mest centrala delarna av kommunen, fr\u00e5n Gl\u00e4djens trafikplats fram till Hammarby Apotek, skulle g\u00f6ra stor skillnad s\u00e5v\u00e4l ur bullersynpunkt som i och med att det skulle kunna ge stora rekreationsytor. Vilundaparken skulle kunna bli ett riktigt idrottsnav! Vi vill se Gl\u00e4djens Tunnel!\u00a0<\/span><\/p>\n<p><span style=\"font-weight: 400\">Kristdemokratisk milj\u00f6politik har ett gott \u00f6ga till vad vi som m\u00e4nniskor kan g\u00f6ra i det lilla. Att det ska vara l\u00e4tt att g\u00f6ra r\u00e4tt \u00e4r en paroll som vi g\u00e4rna arbetar utifr\u00e5n. Det ska vara enkelt att bli en del av kretsloppet g\u00e4llande exempelvis sophanteringen, f\u00e5 r\u00e4tt r\u00e5d f\u00f6r egna energieffektiviseringar samt f\u00e5 tillg\u00e5ng till fler laddstolpar i samh\u00e4llet. En p\u00e5 m\u00e5nga s\u00e4tt h\u00e5llbar kommun.<\/span><\/p>\n<p>&nbsp;<\/p>\n<p><a href=\"http:\/\/wp.kristdemokraterna.se\/upplandsvasby\/files\/2026\/04\/vart-bibliotek-kopia.jpg\"><img loading=\"lazy\" decoding=\"async\" class=\"alignnone wp-image-1046 size-medium\" src=\"http:\/\/wp.kristdemokraterna.se\/upplandsvasby\/files\/2026\/04\/vart-bibliotek-kopia-300x251.jpg\" alt=\"\" width=\"300\" height=\"251\" srcset=\"https:\/\/wp.kristdemokraterna.se\/upplandsvasby\/files\/2026\/04\/vart-bibliotek-kopia-300x251.jpg 300w, https:\/\/wp.kristdemokraterna.se\/upplandsvasby\/files\/2026\/04\/vart-bibliotek-kopia-768x644.jpg 768w, https:\/\/wp.kristdemokraterna.se\/upplandsvasby\/files\/2026\/04\/vart-bibliotek-kopia-239x200.jpg 239w, https:\/\/wp.kristdemokraterna.se\/upplandsvasby\/files\/2026\/04\/vart-bibliotek-kopia-500x420.jpg 500w, https:\/\/wp.kristdemokraterna.se\/upplandsvasby\/files\/2026\/04\/vart-bibliotek-kopia-370x310.jpg 370w, https:\/\/wp.kristdemokraterna.se\/upplandsvasby\/files\/2026\/04\/vart-bibliotek-kopia-770x645.jpg 770w, https:\/\/wp.kristdemokraterna.se\/upplandsvasby\/files\/2026\/04\/vart-bibliotek-kopia-450x377.jpg 450w, https:\/\/wp.kristdemokraterna.se\/upplandsvasby\/files\/2026\/04\/vart-bibliotek-kopia-280x235.jpg 280w, https:\/\/wp.kristdemokraterna.se\/upplandsvasby\/files\/2026\/04\/vart-bibliotek-kopia-340x285.jpg 340w, https:\/\/wp.kristdemokraterna.se\/upplandsvasby\/files\/2026\/04\/vart-bibliotek-kopia-200x168.jpg 200w, https:\/\/wp.kristdemokraterna.se\/upplandsvasby\/files\/2026\/04\/vart-bibliotek-kopia-67x56.jpg 67w, https:\/\/wp.kristdemokraterna.se\/upplandsvasby\/files\/2026\/04\/vart-bibliotek-kopia.jpg 940w\" sizes=\"auto, (max-width: 300px) 100vw, 300px\" \/><\/a><\/p>\n<h3>KULTUR OCH F\u00d6RENINGSLIVET BIDRAR TILL DET GODA LIVET<\/h3>\n<p><span style=\"font-weight: 400\">God k\u00e4nnedom om ens gemensamma kulturarv \u00e4r en f\u00f6ruts\u00e4ttning f\u00f6r att bygga sin identitet och f\u00f6r att kunna respektera andra m\u00e4nniskors kulturarv. Detta f\u00f6ruts\u00e4tter att kulturen, med sina m\u00e5nga sidor, \u00e4r tillg\u00e4nglig f\u00f6r alla. Den lever bland oss m\u00e4nniskor och ska inte styras av politikerna. Kulturpolitikens roll \u00e4r att st\u00f6dja och ge kulturen m\u00f6jlighet att v\u00e4xa, b\u00e5de f\u00f6r professionella och amat\u00f6rer. Debatten om kulturens frihet och gr\u00e4nser m\u00e5ste st\u00e4ndigt f\u00f6ras och h\u00e5llas levande utan att enskilda och grupper diskrimineras eller f\u00f6rtalas. Kulturen \u00e4r ocks\u00e5 viktig f\u00f6r att integration ska bli m\u00f6jlig mellan olika m\u00e4nniskor.<\/span><\/p>\n<p><span style=\"font-weight: 400\">Kultur skapar attraktivitet f\u00f6r Upplands V\u00e4sby som en plats med h\u00f6g livskvalitet. Barn ska ha gener\u00f6s tillg\u00e5ng till kultur i olika former. I f\u00f6rsta hand \u00e4r detta ett ansvar f\u00f6r de vuxna i barnets n\u00e4rhet. Barnomsorg och skola har ocks\u00e5 ett ansvar f\u00f6r att aktivt verka f\u00f6r att kulturen ska vara tillg\u00e4nglig f\u00f6r de unga. Vi uppskattar verkligen den Kulturskola som vi har i kommunen. M\u00e5nga barn och ungdomar f\u00e5r m\u00f6jlighet att ut\u00f6va sin del av kulturen, men vi beh\u00f6ver ut\u00f6ka detta s\u00e4tt att l\u00e4ra sig mer om kultur i dess olika former. Kulturskolan beh\u00f6ver ytterligare st\u00f6d f\u00f6r att kunna ta emot alla dem som vill ut\u00f6va kultur genom skolan.\u00a0<\/span><\/p>\n<p><span style=\"font-weight: 400\">En viktig kulturinstitution \u00e4r kommunens bibliotek. Det ska vara n\u00e5got av kommunens vardagsrum dit alla \u00e4r v\u00e4lkomna, men ocks\u00e5 vara samordnare av olika kulturella verksamheter.\u00a0<\/span><\/p>\n<p><a href=\"http:\/\/wp.kristdemokraterna.se\/upplandsvasby\/files\/2026\/04\/meningsfull-fritid.jpg\"><img loading=\"lazy\" decoding=\"async\" class=\"alignnone wp-image-1048 size-medium\" src=\"http:\/\/wp.kristdemokraterna.se\/upplandsvasby\/files\/2026\/04\/meningsfull-fritid-300x251.jpg\" alt=\"\" width=\"300\" height=\"251\" srcset=\"https:\/\/wp.kristdemokraterna.se\/upplandsvasby\/files\/2026\/04\/meningsfull-fritid-300x251.jpg 300w, https:\/\/wp.kristdemokraterna.se\/upplandsvasby\/files\/2026\/04\/meningsfull-fritid-768x644.jpg 768w, https:\/\/wp.kristdemokraterna.se\/upplandsvasby\/files\/2026\/04\/meningsfull-fritid-239x200.jpg 239w, https:\/\/wp.kristdemokraterna.se\/upplandsvasby\/files\/2026\/04\/meningsfull-fritid-500x420.jpg 500w, https:\/\/wp.kristdemokraterna.se\/upplandsvasby\/files\/2026\/04\/meningsfull-fritid-370x310.jpg 370w, https:\/\/wp.kristdemokraterna.se\/upplandsvasby\/files\/2026\/04\/meningsfull-fritid-770x645.jpg 770w, https:\/\/wp.kristdemokraterna.se\/upplandsvasby\/files\/2026\/04\/meningsfull-fritid-450x377.jpg 450w, https:\/\/wp.kristdemokraterna.se\/upplandsvasby\/files\/2026\/04\/meningsfull-fritid-280x235.jpg 280w, https:\/\/wp.kristdemokraterna.se\/upplandsvasby\/files\/2026\/04\/meningsfull-fritid-340x285.jpg 340w, https:\/\/wp.kristdemokraterna.se\/upplandsvasby\/files\/2026\/04\/meningsfull-fritid-200x168.jpg 200w, https:\/\/wp.kristdemokraterna.se\/upplandsvasby\/files\/2026\/04\/meningsfull-fritid-67x56.jpg 67w, https:\/\/wp.kristdemokraterna.se\/upplandsvasby\/files\/2026\/04\/meningsfull-fritid.jpg 940w\" sizes=\"auto, (max-width: 300px) 100vw, 300px\" \/><\/a><\/p>\n<p><b>Fritidskortet<\/b><\/p>\n<p><span style=\"font-weight: 400\">Vi kristdemokrater i V\u00e4sby \u00e4r extra glada \u00f6ver att KD:s f\u00f6rslag p\u00e5 <\/span><b>Fritidskort <\/b><span style=\"font-weight: 400\">f\u00f6r barn och unga genomf\u00f6rdes under 2025 och nu har etablerat sig \u00e4ven i v\u00e5r kommun. En insats f\u00f6r folkh\u00e4lsan.\u00a0<\/span><\/p>\n<p>&nbsp;<\/p>\n<p><a href=\"http:\/\/wp.kristdemokraterna.se\/upplandsvasby\/files\/2022\/03\/sociala-foretag.png\"><img loading=\"lazy\" decoding=\"async\" class=\"alignnone size-medium wp-image-724\" src=\"http:\/\/wp.kristdemokraterna.se\/upplandsvasby\/files\/2022\/03\/sociala-foretag-300x251.png\" alt=\"\" width=\"300\" height=\"251\" srcset=\"https:\/\/wp.kristdemokraterna.se\/upplandsvasby\/files\/2022\/03\/sociala-foretag-300x251.png 300w, https:\/\/wp.kristdemokraterna.se\/upplandsvasby\/files\/2022\/03\/sociala-foretag-768x644.png 768w, https:\/\/wp.kristdemokraterna.se\/upplandsvasby\/files\/2022\/03\/sociala-foretag-239x200.png 239w, https:\/\/wp.kristdemokraterna.se\/upplandsvasby\/files\/2022\/03\/sociala-foretag-500x420.png 500w, https:\/\/wp.kristdemokraterna.se\/upplandsvasby\/files\/2022\/03\/sociala-foretag-370x310.png 370w, https:\/\/wp.kristdemokraterna.se\/upplandsvasby\/files\/2022\/03\/sociala-foretag-770x645.png 770w, https:\/\/wp.kristdemokraterna.se\/upplandsvasby\/files\/2022\/03\/sociala-foretag-450x377.png 450w, https:\/\/wp.kristdemokraterna.se\/upplandsvasby\/files\/2022\/03\/sociala-foretag-280x235.png 280w, https:\/\/wp.kristdemokraterna.se\/upplandsvasby\/files\/2022\/03\/sociala-foretag-340x285.png 340w, https:\/\/wp.kristdemokraterna.se\/upplandsvasby\/files\/2022\/03\/sociala-foretag-200x168.png 200w, https:\/\/wp.kristdemokraterna.se\/upplandsvasby\/files\/2022\/03\/sociala-foretag-67x56.png 67w, https:\/\/wp.kristdemokraterna.se\/upplandsvasby\/files\/2022\/03\/sociala-foretag.png 940w\" sizes=\"auto, (max-width: 300px) 100vw, 300px\" \/><\/a><\/p>\n<h3><strong>VI VILL ST\u00d6DJA DESSA F\u00d6RETAG<\/strong><\/h3>\n<p><span style=\"font-weight: 400\">Kristdemokraterna vill vara med och skapa ett gott samh\u00e4lle. Det goda samh\u00e4llet byggs utifr\u00e5n en marknadsekonomi med etiska principer och styrs av social och ekologisk h\u00e4nsyn. En god v\u00e4lf\u00e4rd f\u00f6ruts\u00e4tter ett konkurrenskraftigt och differentierat n\u00e4ringsliv. Detta inneb\u00e4r att vi tillsammans m\u00e5ste skapa och utveckla ett gott klimat f\u00f6r n\u00e4ringslivet.\u00a0<\/span><\/p>\n<p><span style=\"font-weight: 400\">F\u00f6r v\u00e4lf\u00e4rdens skull \u00e4r vi beroende av ett dynamiskt sm\u00e5f\u00f6retagande d\u00e4r m\u00e4nniskors id\u00e9er, kreativitet och entrepren\u00f6rskap f\u00e5r blomma ut. M\u00f6jligheterna f\u00f6r politiken att skapa jobb \u00e4r h\u00f6gst begr\u00e4nsade; d\u00e4remot kan det bidra till att det blir l\u00e4ttare att driva f\u00f6retag. En kommun med v\u00e4lm\u00e5ende och framg\u00e5ngsrika f\u00f6retag har l\u00e4gre arbetsl\u00f6shet, h\u00f6gre tillv\u00e4xt och b\u00e4ttre f\u00f6ruts\u00e4ttningar att finansiera v\u00e4lf\u00e4rden. N\u00e4ringslivets f\u00f6rv\u00e4ntningar p\u00e5 kommunen ska vi leva upp till.\u00a0<\/span><\/p>\n<p><span style=\"font-weight: 400\">Vi kristdemokrater vill bidra till att skapa f\u00f6rst\u00e5else f\u00f6r f\u00f6retagens situation och behov. Att f\u00f6rb\u00e4ttra attityderna till f\u00f6retagande \u00e4r en angel\u00e4gen politisk fr\u00e5ga.\u00a0 Vi har ocks\u00e5 insikten att vi alla \u00e4r beroende av ett flexibelt utbildningssystem d\u00e4r m\u00e4nniskor i olika faser av livet kan skaffa sig l\u00e4mplig kompetens.\u00a0<\/span><\/p>\n<p><b>Sociala f\u00f6retag<\/b><span style=\"font-weight: 400\"> har ofta sitt ursprung inom den ideella sektorn. Kristdemokraterna vet att dessa f\u00f6retag har en speciell plats i det lokala n\u00e4ringslivet. Denna f\u00f6retagsform f\u00f6rtj\u00e4nar mer uppm\u00e4rksamhet d\u00e5 den bidrar till att f\u00e5 m\u00e4nniskor att n\u00e4rma sig arbetsmarknaden som ett steg ut i sj\u00e4lvf\u00f6rs\u00f6rjning. Det finns stor potential i denna f\u00f6retagsform och vi vill p\u00e5 alla s\u00e4tt st\u00f6dja dessa f\u00f6retag.<\/span><\/p>\n<p>&nbsp;<\/p>\n<p><a href=\"http:\/\/wp.kristdemokraterna.se\/upplandsvasby\/files\/2026\/04\/fran-forort-till-stad.jpg\"><img loading=\"lazy\" decoding=\"async\" class=\"alignnone size-medium wp-image-1049\" src=\"http:\/\/wp.kristdemokraterna.se\/upplandsvasby\/files\/2026\/04\/fran-forort-till-stad-300x251.jpg\" alt=\"\" width=\"300\" height=\"251\" srcset=\"https:\/\/wp.kristdemokraterna.se\/upplandsvasby\/files\/2026\/04\/fran-forort-till-stad-300x251.jpg 300w, https:\/\/wp.kristdemokraterna.se\/upplandsvasby\/files\/2026\/04\/fran-forort-till-stad-768x644.jpg 768w, https:\/\/wp.kristdemokraterna.se\/upplandsvasby\/files\/2026\/04\/fran-forort-till-stad-239x200.jpg 239w, https:\/\/wp.kristdemokraterna.se\/upplandsvasby\/files\/2026\/04\/fran-forort-till-stad-500x420.jpg 500w, https:\/\/wp.kristdemokraterna.se\/upplandsvasby\/files\/2026\/04\/fran-forort-till-stad-370x310.jpg 370w, https:\/\/wp.kristdemokraterna.se\/upplandsvasby\/files\/2026\/04\/fran-forort-till-stad-770x645.jpg 770w, https:\/\/wp.kristdemokraterna.se\/upplandsvasby\/files\/2026\/04\/fran-forort-till-stad-450x377.jpg 450w, https:\/\/wp.kristdemokraterna.se\/upplandsvasby\/files\/2026\/04\/fran-forort-till-stad-280x235.jpg 280w, https:\/\/wp.kristdemokraterna.se\/upplandsvasby\/files\/2026\/04\/fran-forort-till-stad-340x285.jpg 340w, https:\/\/wp.kristdemokraterna.se\/upplandsvasby\/files\/2026\/04\/fran-forort-till-stad-200x168.jpg 200w, https:\/\/wp.kristdemokraterna.se\/upplandsvasby\/files\/2026\/04\/fran-forort-till-stad-67x56.jpg 67w, https:\/\/wp.kristdemokraterna.se\/upplandsvasby\/files\/2026\/04\/fran-forort-till-stad.jpg 940w\" sizes=\"auto, (max-width: 300px) 100vw, 300px\" \/><\/a><\/p>\n<p><strong>VI FORTS\u00c4TTER ATT BYGGA UPPLANDS V\u00c4SBY<\/strong><\/p>\n<p><span style=\"font-weight: 400\">Upplands V\u00e4sbys utveckling m\u00e5ste forts\u00e4tta genom att erbjuda goda bost\u00e4der f\u00f6r alla, oavsett \u00e5lder, ekonomi eller familjesituation. F\u00f6r detta kr\u00e4vs det visioner, uth\u00e5llighet, mod och stort engagemang fr\u00e5n m\u00e5nga.\u00a0<\/span><\/p>\n<p><span style=\"font-weight: 400\">Kristdemokraterna vill ta vara p\u00e5 det l\u00e4ge som kommunen har med god infrastruktur och n\u00e4rhet till rekreationsomr\u00e5den. All planering kr\u00e4ver h\u00e4nsyn till att vi ska skapa ett h\u00e5llbart samh\u00e4lle \u2013 ekologiskt, ekonomiskt och socialt. Arbetss\u00e4ttet med medborgardialoger som har g\u00e5tt p\u00e5 sparl\u00e5ga den senaste mandatperioden m\u00e5ste \u00e5terupptas och utvecklas. Dialogerna \u00e4r viktiga inte bara vid planfr\u00e5gor utan i m\u00e5nga beslut som r\u00f6r V\u00e4sbybor i stort eller i det n\u00e4ra grannskapet.\u00a0<\/span><\/p>\n<p><span style=\"font-weight: 400\">Ett modernt samh\u00e4lle kr\u00e4ver en effektiv trafikf\u00f6rs\u00f6rjning d\u00e4r kollektivtrafiken utg\u00f6r en mycket betydande del. Kristdemokraterna i b\u00e5de kommun och region str\u00e4var efter att g\u00f6ra den \u00e4n mer tillg\u00e4nglig f\u00f6r allt fler.\u00a0<\/span><\/p>\n<p><span style=\"font-weight: 400\">Det offentliga rummet ska vara \u00f6ppet. Gestaltningen av detta \u00e4r en angel\u00e4genhet f\u00f6r alla. F\u00f6r att \u00f6ka trivsel och trygghet i det offentliga rummet \u00e4r det v\u00e4sentligt att detta blir s\u00e5 trevligt och inbjudande som m\u00f6jligt. K\u00e4nslan av otrygghet m\u00e5ste vi alla ta p\u00e5 st\u00f6rsta allvar. Det viktiga \u00e4r att det blir fokus p\u00e5 det trygghetsskapande arbetet.<\/span><\/p>\n<p><span style=\"font-weight: 400\">Vi har l\u00e4nge verkat f\u00f6r att kommunen ska inr\u00e4tta ett flertal <strong>offentliga toaletter<\/strong> runt om i kommunen. Dels i centrala delar men ocks\u00e5 vid till exempel utegym och popul\u00e4ra promenadstr\u00e5k. Anledningen till v\u00e5rt entr\u00e4gna arbete med denna fr\u00e5ga \u00e4r att vi alla kan k\u00e4nna behov av en toalett n\u00e4r vi r\u00f6r oss ute. S\u00e4rskilt angel\u00e4get kan det vara f\u00f6r barnfamiljer och personer med n\u00e5gon form av sjukdom som annars h\u00e5ller sig v\u00e4ldigt n\u00e4ra hemmet om behovet skulle bli mycket p\u00e5tr\u00e4ngande. Detta \u00e4r helt enkelt en tillg\u00e4nglighetsfr\u00e5ga.<\/span><\/p>\n<p><b>\u00a0N\u00c5GRA AV DE MOTIONER SOM VI PRESENTERAT UNDER \u00c5REN 2023-2025 F\u00d6R KOMMUNFULLM\u00c4KTIGE<\/b><\/p>\n<ul>\n<li style=\"font-weight: 400\"><span style=\"font-weight: 400\">\u00d6ka tillg\u00e4ngligheten \u2013 s\u00e4kerst\u00e4ll tillg\u00e5ngen till offentliga toaletter<\/span><\/li>\n<li style=\"font-weight: 400\"><span style=\"font-weight: 400\">Inf\u00f6randet av Funktionsr\u00e4ttskonsekvensbeskrivning<\/span><\/li>\n<li style=\"font-weight: 400\"><span style=\"font-weight: 400\">Utbildning av \u00e4ldre- och omsorgspersonal om v\u00e5ld i n\u00e4ra relation bland \u00e4ldre<\/span><\/li>\n<li style=\"font-weight: 400\"><span style=\"font-weight: 400\">Om inf\u00f6randet av jourskola<\/span><\/li>\n<li style=\"font-weight: 400\"><span style=\"font-weight: 400\">Larm \u00e4ven f\u00f6r d\u00f6va och h\u00f6rselskadade<\/span><\/li>\n<li style=\"font-weight: 400\"><span style=\"font-weight: 400\">Bilda Bergaskogens naturreservat och s\u00e4kra natur och rekreativa v\u00e4rden f\u00f6r framtiden<\/span><\/li>\n<li style=\"font-weight: 400\"><span style=\"font-weight: 400\">Inf\u00f6randet av funktionen \u00e4ldref\u00e4ltare i Upplands V\u00e4sby<\/span><\/li>\n<li style=\"font-weight: 400\"><span style=\"font-weight: 400\">Utreda och inf\u00f6ra spr\u00e5kkrav f\u00f6r anst\u00e4llda inom omsorgen<\/span><\/li>\n<li style=\"font-weight: 400\"><span style=\"font-weight: 400\">F\u00f6ra \u00f6ver hemsjukv\u00e5rden till kommunalt ansvar<\/span><\/li>\n<li style=\"font-weight: 400\"><span style=\"font-weight: 400\">Smaka p\u00e5 V\u00e4sby!<\/span><\/li>\n<li style=\"font-weight: 400\"><span style=\"font-weight: 400\">Anl\u00e4gga trottoar p\u00e5 sydv\u00e4stra sidan av Kyrkv\u00e4gen mellan Vilunda Kyrka och centrumanl\u00e4ggningen<\/span><\/li>\n<li style=\"font-weight: 400\"><span style=\"font-weight: 400\">Ge st\u00f6d till inv\u00e5nare i form av syn- och h\u00f6rselinstrukt\u00f6r<\/span><\/li>\n<li style=\"font-weight: 400\"><span style=\"font-weight: 400\">Inr\u00e4tta funktionen Aktivitetslots<\/span><\/li>\n<li style=\"font-weight: 400\"><span style=\"font-weight: 400\">Samverkan med grannkommuner avseende \u00e5tervinning av byggnadsmaterial<\/span><\/li>\n<li style=\"font-weight: 400\"><span style=\"font-weight: 400\">Kamerabevakning vid \u00e5tervinningsstationer<\/span><\/li>\n<li style=\"font-weight: 400\"><span style=\"font-weight: 400\">Om f\u00f6r\u00e4ldrautbildning<\/span><\/li>\n<li style=\"font-weight: 400\"><span style=\"font-weight: 400\">Om kulturens roll inom \u00e4ldreomsorgen<\/span><\/li>\n<li style=\"font-weight: 400\"><span style=\"font-weight: 400\">Om att det politiska ledarskapet ska leva med Barnkonventionen<\/span><\/li>\n<li style=\"font-weight: 400\"><span style=\"font-weight: 400\">Om att \u00f6ka st\u00f6det till barn i missbruksfamiljer<\/span><\/li>\n<li style=\"font-weight: 400\"><span style=\"font-weight: 400\">Om att uppv\u00e4rdera arbete med barn med funktionsneds\u00e4ttning<\/span><\/li>\n<li style=\"font-weight: 400\"><span style=\"font-weight: 400\">Om att \u00f6ppna m\u00f6jligheten till LSS \u00e4ven f\u00f6r den som fyllt 65 \u00e5r<\/span><\/li>\n<li style=\"font-weight: 400\"><span style=\"font-weight: 400\">Om att inr\u00e4tta pedagogisk omsorg i kommunal regi samt ordna lokaler d\u00e4r frist\u00e5ende och kommunal pedagogisk omsorg kan samarbeta<\/span><\/li>\n<li style=\"font-weight: 400\"><span style=\"font-weight: 400\">Om att m\u00f6jligg\u00f6ra \u00e4gt boende genom hyrk\u00f6p<\/span><\/li>\n<li style=\"font-weight: 400\"><span style=\"font-weight: 400\">Om policy inom barnr\u00e4ttsomr\u00e5det<\/span><\/li>\n<\/ul>\n<p><span style=\"font-weight: 400\">F\u00f6rutom detta urval av\u00a0 motioner har vi \u00e4ven st\u00e4llt flertalet interpellationer och fr\u00e5gor till styret. \u00c4ven dessa har st\u00e4llts under sammantr\u00e4de med kommunfullm\u00e4ktige.<\/span><\/p>\n<p><span style=\"font-weight: 400\">Under \u00e5ren har det \u00e4ven publicerats material p\u00e5:<\/span><span style=\"font-weight: 400\"><br \/>\n<\/span><span style=\"font-weight: 400\">Maria F\u00e4lths logg: <\/span><a href=\"http:\/\/mariafalthkd.blogspot.com\"><span style=\"font-weight: 400\">mariafalthkd.blogspot.com<\/span><\/a><\/p>\n<p><span style=\"font-weight: 400\">V\u00e5r Fb-sida: Facebook kd_vasby, <\/span><span style=\"font-weight: 400\"><br \/>\n<\/span><span style=\"font-weight: 400\">V\u00e5rt Insta-konto: Instagram kdvasby<br \/>\nV\u00e5r podd &#8221;Med hj\u00e4rta f\u00f6r V\u00e4sby&#8221; hitar du p\u00e5 v\u00e5r Fb-sida.\u00a0<\/span><\/p>\n<p>&nbsp;<\/p>\n<p><b>VARF\u00d6R SKA JAG R\u00d6STA P\u00c5 KRISTDEMOKRATERNA?<br \/>\n<\/b><span style=\"font-weight: 400\"><br \/>\n<\/span><span style=\"font-weight: 400\">Ser du m\u00e4nniskor som unika personer och inte som ett kollektiv? Har du insett att vi alla \u00e4r ofullkomliga? Anser du att var och en har ett okr\u00e4nkbart v\u00e4rde och har r\u00e4tt att leva ett v\u00e4rdigt liv, oavsett \u00e5lder eller f\u00f6ruts\u00e4ttningar? Tycker du att vi har ett gemensamt ansvar f\u00f6r att f\u00f6rvalta alla v\u00e5ra resurser, s\u00e5v\u00e4l ekonomiskt som milj\u00f6m\u00e4ssigt, och oss m\u00e4nniskor emellan? Ja, \u00e4r det s\u00e5, s\u00e5 ska du r\u00f6sta p\u00e5 Kristdemokraterna!\u00a0<\/span><\/p>\n<p><span style=\"font-weight: 400\">Att st\u00f6dja v\u00e5r gr\u00e4srotsr\u00f6relse f\u00f6r att Sverige ska bli ett b\u00e4ttre land att leva i kan bli n\u00e5got av det viktigaste du g\u00f6r. Det \u00e4r s\u00e5 mycket som m\u00e5ste f\u00f6r\u00e4ndras till det b\u00e4ttre i Sverige. S\u00e5 mycket bra som m\u00e5ste f\u00f6rvaltas. <\/span><b>G\u00e5 med i KD!<\/b><b><br \/>\n<\/b><a href=\"https:\/\/kristdemokraterna.se\/engagera-dig\/ansok-om-medlemskap-i-kristdemokraterna\"><span style=\"font-weight: 400\">https:\/\/kristdemokraterna.se\/engagera-dig\/ansok-om-medlemskap-i-kristdemokraterna<\/span><\/a><\/p>\n<p><span style=\"font-weight: 400\">Vi som delar dessa v\u00e4rderingar finns med p\u00e5 <\/span><b>valsedeln till kommunfullm\u00e4ktige:<\/b><\/p>\n<p><span style=\"font-weight: 400\">1 \u00a0 Maria F\u00e4lth<\/span><span style=\"font-weight: 400\"><br \/>\n<\/span><span style=\"font-weight: 400\">2\u00a0 Kristina Klempt<\/span><span style=\"font-weight: 400\"><br \/>\n<\/span><span style=\"font-weight: 400\">3\u00a0 Aleksandra Grbic<\/span><span style=\"font-weight: 400\"><br \/>\n<\/span><span style=\"font-weight: 400\">4\u00a0 Lars Tunkrans<\/span><span style=\"font-weight: 400\"><br \/>\n<\/span><span style=\"font-weight: 400\">5\u00a0 Lucas Ibrahim<\/span><span style=\"font-weight: 400\"><br \/>\n<\/span><span style=\"font-weight: 400\">6\u00a0 Carina Halfvards<\/span><span style=\"font-weight: 400\"><br \/>\n<\/span><span style=\"font-weight: 400\">7\u00a0 Peter Larsson<\/span><span style=\"font-weight: 400\"><br \/>\n<\/span><span style=\"font-weight: 400\">8\u00a0 Dag Roslund<\/span><span style=\"font-weight: 400\"><br \/>\n<\/span><span style=\"font-weight: 400\">9\u00a0 Magda Ayoub<\/span><span style=\"font-weight: 400\"><br \/>\n<\/span><span style=\"font-weight: 400\">10 Jon Niklasson<\/span><span style=\"font-weight: 400\"><br \/>\n<\/span><span style=\"font-weight: 400\">11 Ismo Salmi<\/span><span style=\"font-weight: 400\"><br \/>\n<\/span><span style=\"font-weight: 400\">12 Vivianne Mourad<\/span><span style=\"font-weight: 400\"><br \/>\n<\/span><span style=\"font-weight: 400\">13 Kristina Daun<\/span><span style=\"font-weight: 400\"><br \/>\n<\/span><span style=\"font-weight: 400\">14 Hannes Eliasstam<\/span><span style=\"font-weight: 400\"><br \/>\n<\/span><span style=\"font-weight: 400\">15 Karl-\u00c5ke Isaksson<\/span><span style=\"font-weight: 400\"><br \/>\n<\/span><span style=\"font-weight: 400\">16 G\u00f6ran Zetterlund<\/span><span style=\"font-weight: 400\"><br \/>\n<\/span><span style=\"font-weight: 400\">17 Tommy F\u00e4lth<\/span><span style=\"font-weight: 400\"><br \/>\n<\/span><span style=\"font-weight: 400\">18 Raouf Ayoub<\/span><span style=\"font-weight: 400\"><br \/>\n<\/span><span style=\"font-weight: 400\">19 Mikael Walli<\/span><span style=\"font-weight: 400\"><br \/>\n<\/span><span style=\"font-weight: 400\">20 Olof Granstr\u00f6m<\/span><\/p>\n<p>&nbsp;<\/p>\n<p>&nbsp;<\/p>\n","protected":false},"excerpt":{"rendered":"<p>MED HJ\u00c4RTA F\u00d6R V\u00c4SBY &#8211; L\u00e4nk till KD V\u00e4sbys valprogram 2026-2030. TRYGGA OCH SJ\u00c4LVSST\u00c4NDIGA FAMILJER V\u00e5r politik tar i m\u00e5nga stycken avstamp fr\u00e5n FAMILJEN och vi vill g\u00e4rna hitta familjetr\u00e5dar i all v\u00e5r politik. Ibland \u00e4r det l\u00e4ttare \u00e4n andra g\u00e5nger. Familjen \u00e4r dock v\u00e5r kompass i politikutveckling och i att g\u00f6ra verkstad av politik. <a class=\"read-more-link\" href=\"https:\/\/wp.kristdemokraterna.se\/upplandsvasby\/i-var-kommun\/\">L\u00e4s mer<\/a><\/p>\n","protected":false},"author":13,"featured_media":0,"parent":0,"menu_order":0,"comment_status":"closed","ping_status":"closed","template":"page.php","meta":{"_acf_changed":false,"footnotes":""},"class_list":["post-342","page","type-page","status-publish","hentry"],"acf":[],"yoast_head":"<!-- This site is optimized with the Yoast SEO plugin v27.5 - https:\/\/yoast.com\/product\/yoast-seo-wordpress\/ -->\n<title>V\u00e5r politik f\u00f6r V\u00e4sby - Kristdemokraterna | Upplands V\u00e4sby<\/title>\n<meta name=\"robots\" content=\"index, follow, max-snippet:-1, max-image-preview:large, max-video-preview:-1\" \/>\n<link rel=\"canonical\" href=\"https:\/\/wp.kristdemokraterna.se\/upplandsvasby\/i-var-kommun\/\" \/>\n<meta property=\"og:locale\" content=\"sv_SE\" \/>\n<meta property=\"og:type\" content=\"article\" \/>\n<meta property=\"og:title\" content=\"V\u00e5r politik f\u00f6r V\u00e4sby - Kristdemokraterna | Upplands V\u00e4sby\" \/>\n<meta property=\"og:description\" content=\"MED HJ\u00c4RTA F\u00d6R V\u00c4SBY &#8211; L\u00e4nk till KD V\u00e4sbys valprogram 2026-2030. TRYGGA OCH SJ\u00c4LVSST\u00c4NDIGA FAMILJER V\u00e5r politik tar i m\u00e5nga stycken avstamp fr\u00e5n FAMILJEN och vi vill g\u00e4rna hitta familjetr\u00e5dar i all v\u00e5r politik. Ibland \u00e4r det l\u00e4ttare \u00e4n andra g\u00e5nger. Familjen \u00e4r dock v\u00e5r kompass i politikutveckling och i att g\u00f6ra verkstad av politik. L\u00e4s mer\" \/>\n<meta property=\"og:url\" content=\"https:\/\/wp.kristdemokraterna.se\/upplandsvasby\/i-var-kommun\/\" \/>\n<meta property=\"og:site_name\" content=\"Kristdemokraterna | Upplands V\u00e4sby\" \/>\n<meta property=\"article:modified_time\" content=\"2026-04-15T12:19:48+00:00\" \/>\n<meta property=\"og:image\" content=\"https:\/\/wp.kristdemokraterna.se\/upplandsvasby\/files\/2026\/04\/hjarta_rev.jpg\" \/>\n\t<meta property=\"og:image:width\" content=\"940\" \/>\n\t<meta property=\"og:image:height\" content=\"788\" \/>\n\t<meta property=\"og:image:type\" content=\"image\/jpeg\" \/>\n<meta name=\"twitter:card\" content=\"summary_large_image\" \/>\n<meta name=\"twitter:label1\" content=\"Ber\u00e4knad l\u00e4stid\" \/>\n\t<meta name=\"twitter:data1\" content=\"22 minuter\" \/>\n<script type=\"application\/ld+json\" class=\"yoast-schema-graph\">{\"@context\":\"https:\\\/\\\/schema.org\",\"@graph\":[{\"@type\":\"WebPage\",\"@id\":\"https:\\\/\\\/wp.kristdemokraterna.se\\\/upplandsvasby\\\/i-var-kommun\\\/\",\"url\":\"https:\\\/\\\/wp.kristdemokraterna.se\\\/upplandsvasby\\\/i-var-kommun\\\/\",\"name\":\"V\u00e5r politik f\u00f6r V\u00e4sby - Kristdemokraterna | Upplands V\u00e4sby\",\"isPartOf\":{\"@id\":\"https:\\\/\\\/wp.kristdemokraterna.se\\\/upplandsvasby\\\/#website\"},\"primaryImageOfPage\":{\"@id\":\"https:\\\/\\\/wp.kristdemokraterna.se\\\/upplandsvasby\\\/i-var-kommun\\\/#primaryimage\"},\"image\":{\"@id\":\"https:\\\/\\\/wp.kristdemokraterna.se\\\/upplandsvasby\\\/i-var-kommun\\\/#primaryimage\"},\"thumbnailUrl\":\"http:\\\/\\\/wp.kristdemokraterna.se\\\/upplandsvasby\\\/files\\\/2026\\\/04\\\/hjarta_rev-300x251.jpg\",\"datePublished\":\"2017-11-30T14:21:10+00:00\",\"dateModified\":\"2026-04-15T12:19:48+00:00\",\"breadcrumb\":{\"@id\":\"https:\\\/\\\/wp.kristdemokraterna.se\\\/upplandsvasby\\\/i-var-kommun\\\/#breadcrumb\"},\"inLanguage\":\"sv-SE\",\"potentialAction\":[{\"@type\":\"ReadAction\",\"target\":[\"https:\\\/\\\/wp.kristdemokraterna.se\\\/upplandsvasby\\\/i-var-kommun\\\/\"]}]},{\"@type\":\"ImageObject\",\"inLanguage\":\"sv-SE\",\"@id\":\"https:\\\/\\\/wp.kristdemokraterna.se\\\/upplandsvasby\\\/i-var-kommun\\\/#primaryimage\",\"url\":\"https:\\\/\\\/wp.kristdemokraterna.se\\\/upplandsvasby\\\/files\\\/2026\\\/04\\\/hjarta_rev.jpg\",\"contentUrl\":\"https:\\\/\\\/wp.kristdemokraterna.se\\\/upplandsvasby\\\/files\\\/2026\\\/04\\\/hjarta_rev.jpg\",\"width\":940,\"height\":788},{\"@type\":\"BreadcrumbList\",\"@id\":\"https:\\\/\\\/wp.kristdemokraterna.se\\\/upplandsvasby\\\/i-var-kommun\\\/#breadcrumb\",\"itemListElement\":[{\"@type\":\"ListItem\",\"position\":1,\"name\":\"Hem\",\"item\":\"https:\\\/\\\/wp.kristdemokraterna.se\\\/upplandsvasby\\\/\"},{\"@type\":\"ListItem\",\"position\":2,\"name\":\"V\u00e5r politik f\u00f6r V\u00e4sby\"}]},{\"@type\":\"WebSite\",\"@id\":\"https:\\\/\\\/wp.kristdemokraterna.se\\\/upplandsvasby\\\/#website\",\"url\":\"https:\\\/\\\/wp.kristdemokraterna.se\\\/upplandsvasby\\\/\",\"name\":\"Kristdemokraterna | Upplands V\u00e4sby\",\"description\":\"\u00c4nnu en webbplats hos Kristdemokraterna\",\"inLanguage\":\"sv-SE\"}]}<\/script>\n<!-- \/ Yoast SEO plugin. -->","yoast_head_json":{"title":"V\u00e5r politik f\u00f6r V\u00e4sby - Kristdemokraterna | Upplands V\u00e4sby","robots":{"index":"index","follow":"follow","max-snippet":"max-snippet:-1","max-image-preview":"max-image-preview:large","max-video-preview":"max-video-preview:-1"},"canonical":"https:\/\/wp.kristdemokraterna.se\/upplandsvasby\/i-var-kommun\/","og_locale":"sv_SE","og_type":"article","og_title":"V\u00e5r politik f\u00f6r V\u00e4sby - Kristdemokraterna | Upplands V\u00e4sby","og_description":"MED HJ\u00c4RTA F\u00d6R V\u00c4SBY &#8211; L\u00e4nk till KD V\u00e4sbys valprogram 2026-2030. TRYGGA OCH SJ\u00c4LVSST\u00c4NDIGA FAMILJER V\u00e5r politik tar i m\u00e5nga stycken avstamp fr\u00e5n FAMILJEN och vi vill g\u00e4rna hitta familjetr\u00e5dar i all v\u00e5r politik. Ibland \u00e4r det l\u00e4ttare \u00e4n andra g\u00e5nger. Familjen \u00e4r dock v\u00e5r kompass i politikutveckling och i att g\u00f6ra verkstad av politik. L\u00e4s mer","og_url":"https:\/\/wp.kristdemokraterna.se\/upplandsvasby\/i-var-kommun\/","og_site_name":"Kristdemokraterna | Upplands V\u00e4sby","article_modified_time":"2026-04-15T12:19:48+00:00","og_image":[{"width":940,"height":788,"url":"https:\/\/wp.kristdemokraterna.se\/upplandsvasby\/files\/2026\/04\/hjarta_rev.jpg","type":"image\/jpeg"}],"twitter_card":"summary_large_image","twitter_misc":{"Ber\u00e4knad l\u00e4stid":"22 minuter"},"schema":{"@context":"https:\/\/schema.org","@graph":[{"@type":"WebPage","@id":"https:\/\/wp.kristdemokraterna.se\/upplandsvasby\/i-var-kommun\/","url":"https:\/\/wp.kristdemokraterna.se\/upplandsvasby\/i-var-kommun\/","name":"V\u00e5r politik f\u00f6r V\u00e4sby - Kristdemokraterna | Upplands V\u00e4sby","isPartOf":{"@id":"https:\/\/wp.kristdemokraterna.se\/upplandsvasby\/#website"},"primaryImageOfPage":{"@id":"https:\/\/wp.kristdemokraterna.se\/upplandsvasby\/i-var-kommun\/#primaryimage"},"image":{"@id":"https:\/\/wp.kristdemokraterna.se\/upplandsvasby\/i-var-kommun\/#primaryimage"},"thumbnailUrl":"http:\/\/wp.kristdemokraterna.se\/upplandsvasby\/files\/2026\/04\/hjarta_rev-300x251.jpg","datePublished":"2017-11-30T14:21:10+00:00","dateModified":"2026-04-15T12:19:48+00:00","breadcrumb":{"@id":"https:\/\/wp.kristdemokraterna.se\/upplandsvasby\/i-var-kommun\/#breadcrumb"},"inLanguage":"sv-SE","potentialAction":[{"@type":"ReadAction","target":["https:\/\/wp.kristdemokraterna.se\/upplandsvasby\/i-var-kommun\/"]}]},{"@type":"ImageObject","inLanguage":"sv-SE","@id":"https:\/\/wp.kristdemokraterna.se\/upplandsvasby\/i-var-kommun\/#primaryimage","url":"https:\/\/wp.kristdemokraterna.se\/upplandsvasby\/files\/2026\/04\/hjarta_rev.jpg","contentUrl":"https:\/\/wp.kristdemokraterna.se\/upplandsvasby\/files\/2026\/04\/hjarta_rev.jpg","width":940,"height":788},{"@type":"BreadcrumbList","@id":"https:\/\/wp.kristdemokraterna.se\/upplandsvasby\/i-var-kommun\/#breadcrumb","itemListElement":[{"@type":"ListItem","position":1,"name":"Hem","item":"https:\/\/wp.kristdemokraterna.se\/upplandsvasby\/"},{"@type":"ListItem","position":2,"name":"V\u00e5r politik f\u00f6r V\u00e4sby"}]},{"@type":"WebSite","@id":"https:\/\/wp.kristdemokraterna.se\/upplandsvasby\/#website","url":"https:\/\/wp.kristdemokraterna.se\/upplandsvasby\/","name":"Kristdemokraterna | Upplands V\u00e4sby","description":"\u00c4nnu en webbplats hos Kristdemokraterna","inLanguage":"sv-SE"}]}},"_links":{"self":[{"href":"https:\/\/wp.kristdemokraterna.se\/upplandsvasby\/wp-json\/wp\/v2\/pages\/342","targetHints":{"allow":["GET"]}}],"collection":[{"href":"https:\/\/wp.kristdemokraterna.se\/upplandsvasby\/wp-json\/wp\/v2\/pages"}],"about":[{"href":"https:\/\/wp.kristdemokraterna.se\/upplandsvasby\/wp-json\/wp\/v2\/types\/page"}],"author":[{"embeddable":true,"href":"https:\/\/wp.kristdemokraterna.se\/upplandsvasby\/wp-json\/wp\/v2\/users\/13"}],"replies":[{"embeddable":true,"href":"https:\/\/wp.kristdemokraterna.se\/upplandsvasby\/wp-json\/wp\/v2\/comments?post=342"}],"version-history":[{"count":34,"href":"https:\/\/wp.kristdemokraterna.se\/upplandsvasby\/wp-json\/wp\/v2\/pages\/342\/revisions"}],"predecessor-version":[{"id":1079,"href":"https:\/\/wp.kristdemokraterna.se\/upplandsvasby\/wp-json\/wp\/v2\/pages\/342\/revisions\/1079"}],"wp:attachment":[{"href":"https:\/\/wp.kristdemokraterna.se\/upplandsvasby\/wp-json\/wp\/v2\/media?parent=342"}],"curies":[{"name":"wp","href":"https:\/\/api.w.org\/{rel}","templated":true}]}}