{"id":623,"date":"2021-04-17T10:31:01","date_gmt":"2021-04-17T08:31:01","guid":{"rendered":"https:\/\/wp.kristdemokraterna.se\/upplandsvasby\/?page_id=623"},"modified":"2026-03-22T11:37:31","modified_gmt":"2026-03-22T10:37:31","slug":"styrelsen","status":"publish","type":"page","link":"https:\/\/wp.kristdemokraterna.se\/upplandsvasby\/textsida-med-vanster-sidebar\/styrelsen\/","title":{"rendered":"Styrelsen"},"content":{"rendered":"<div class=\"o9v6fnle cxmmr5t8 oygrvhab hcukyx3x c1et5uql\">\n<h2><strong>Styrelsen KD V\u00e4sby 2026\/27:<\/strong><\/h2>\n<div dir=\"auto\"><em>Valda vid \u00e5rsm\u00f6tet 2026-02-19.<\/em><\/div>\n<div dir=\"auto\"><\/div>\n<div dir=\"auto\"><strong>Ordf\u00f6rande<\/strong>: Aleksandra Grbic<br \/>\n<strong>Vice ordf\u00f6rande samt kampanjledare:<\/strong>\u00a0Lars Tunkrans<\/div>\n<\/div>\n<div class=\"o9v6fnle cxmmr5t8 oygrvhab hcukyx3x c1et5uql\">\n<div dir=\"auto\">\u00a0 \u00a0 \u00a0 \u00a0 \u00a0 \u00a0 \u00a0 \u00a0 \u00a0 &#8212;&#8212;-<\/div>\n<div dir=\"auto\"><strong>Ledam\u00f6ter<\/strong>:<\/div>\n<div dir=\"auto\"><strong>Valledare och kommunikat\u00f6r:<\/strong> Kristina Klempt<\/div>\n<div dir=\"auto\"><strong>Sekreterare<\/strong>: Maria F\u00e4lth<\/div>\n<div dir=\"auto\">\n<div dir=\"auto\"><strong>Kass\u00f6r:<\/strong> Tommy F\u00e4lth<\/div>\n<div dir=\"auto\">Kristina Daun<\/div>\n<div dir=\"auto\">Hannes Eliasstam<\/div>\n<div dir=\"auto\">\u00a0 \u00a0 \u00a0 \u00a0 \u00a0 \u00a0 \u00a0 \u00a0&#8212;&#8212;<\/div>\n<div dir=\"auto\"><strong>Ers\u00e4ttare:<\/strong><br \/>\nMikael Wallin<\/div>\n<div dir=\"auto\">\u00a0 \u00a0 \u00a0 \u00a0 \u00a0 \u00a0 \u00a0 \u00a0&#8212;&#8212;-<\/div>\n<\/div>\n<\/div>\n<div dir=\"auto\"><\/div>\n<div dir=\"auto\"><a href=\"http:\/\/wp.kristdemokraterna.se\/upplandsvasby\/files\/2026\/03\/topp-fyra.jpg\"><img loading=\"lazy\" decoding=\"async\" class=\"alignnone size-medium wp-image-1033\" src=\"http:\/\/wp.kristdemokraterna.se\/upplandsvasby\/files\/2026\/03\/topp-fyra-300x255.jpg\" alt=\"\" width=\"300\" height=\"255\" srcset=\"https:\/\/wp.kristdemokraterna.se\/upplandsvasby\/files\/2026\/03\/topp-fyra-300x255.jpg 300w, https:\/\/wp.kristdemokraterna.se\/upplandsvasby\/files\/2026\/03\/topp-fyra-1024x872.jpg 1024w, https:\/\/wp.kristdemokraterna.se\/upplandsvasby\/files\/2026\/03\/topp-fyra-768x654.jpg 768w, https:\/\/wp.kristdemokraterna.se\/upplandsvasby\/files\/2026\/03\/topp-fyra-1536x1308.jpg 1536w, https:\/\/wp.kristdemokraterna.se\/upplandsvasby\/files\/2026\/03\/topp-fyra-235x200.jpg 235w, https:\/\/wp.kristdemokraterna.se\/upplandsvasby\/files\/2026\/03\/topp-fyra-370x315.jpg 370w, https:\/\/wp.kristdemokraterna.se\/upplandsvasby\/files\/2026\/03\/topp-fyra-770x656.jpg 770w, https:\/\/wp.kristdemokraterna.se\/upplandsvasby\/files\/2026\/03\/topp-fyra-450x383.jpg 450w, https:\/\/wp.kristdemokraterna.se\/upplandsvasby\/files\/2026\/03\/topp-fyra-280x238.jpg 280w, https:\/\/wp.kristdemokraterna.se\/upplandsvasby\/files\/2026\/03\/topp-fyra-340x290.jpg 340w, https:\/\/wp.kristdemokraterna.se\/upplandsvasby\/files\/2026\/03\/topp-fyra-200x170.jpg 200w, https:\/\/wp.kristdemokraterna.se\/upplandsvasby\/files\/2026\/03\/topp-fyra-66x56.jpg 66w, https:\/\/wp.kristdemokraterna.se\/upplandsvasby\/files\/2026\/03\/topp-fyra.jpg 2048w\" sizes=\"auto, (max-width: 300px) 100vw, 300px\" \/><\/a><\/div>\n<div dir=\"auto\">\u00a0 \u00a0Maria, Kristina, Aleksandra och Lars<\/div>\n<div class=\"o9v6fnle cxmmr5t8 oygrvhab hcukyx3x c1et5uql\">\n<div dir=\"auto\"><\/div>\n<\/div>\n","protected":false},"excerpt":{"rendered":"<p>Styrelsen KD V\u00e4sby 2026\/27: Valda vid \u00e5rsm\u00f6tet 2026-02-19. Ordf\u00f6rande: Aleksandra Grbic Vice ordf\u00f6rande samt kampanjledare:\u00a0Lars Tunkrans \u00a0 \u00a0 \u00a0 \u00a0 \u00a0 \u00a0 \u00a0 \u00a0 \u00a0 &#8212;&#8212;- Ledam\u00f6ter: Valledare och kommunikat\u00f6r: Kristina Klempt Sekreterare: Maria F\u00e4lth Kass\u00f6r: Tommy F\u00e4lth Kristina Daun Hannes Eliasstam \u00a0 \u00a0 \u00a0 \u00a0 \u00a0 \u00a0 \u00a0 \u00a0&#8212;&#8212; Ers\u00e4ttare: Mikael Wallin \u00a0 \u00a0 <a class=\"read-more-link\" href=\"https:\/\/wp.kristdemokraterna.se\/upplandsvasby\/textsida-med-vanster-sidebar\/styrelsen\/\">L\u00e4s mer<\/a><\/p>\n","protected":false},"author":13,"featured_media":0,"parent":269,"menu_order":2,"comment_status":"closed","ping_status":"closed","template":"","meta":{"_acf_changed":false,"footnotes":""},"class_list":["post-623","page","type-page","status-publish","hentry"],"acf":[],"yoast_head":"<!-- This site is optimized with the Yoast SEO plugin v27.5 - https:\/\/yoast.com\/product\/yoast-seo-wordpress\/ -->\n<title>Styrelsen - Kristdemokraterna | Upplands V\u00e4sby<\/title>\n<meta name=\"robots\" content=\"index, follow, max-snippet:-1, max-image-preview:large, max-video-preview:-1\" \/>\n<link rel=\"canonical\" href=\"https:\/\/wp.kristdemokraterna.se\/upplandsvasby\/textsida-med-vanster-sidebar\/styrelsen\/\" \/>\n<meta property=\"og:locale\" content=\"sv_SE\" \/>\n<meta property=\"og:type\" content=\"article\" \/>\n<meta property=\"og:title\" content=\"Styrelsen - Kristdemokraterna | Upplands V\u00e4sby\" \/>\n<meta property=\"og:description\" content=\"Styrelsen KD V\u00e4sby 2026\/27: Valda vid \u00e5rsm\u00f6tet 2026-02-19. Ordf\u00f6rande: Aleksandra Grbic Vice ordf\u00f6rande samt kampanjledare:\u00a0Lars Tunkrans \u00a0 \u00a0 \u00a0 \u00a0 \u00a0 \u00a0 \u00a0 \u00a0 \u00a0 &#8212;&#8212;- Ledam\u00f6ter: Valledare och kommunikat\u00f6r: Kristina Klempt Sekreterare: Maria F\u00e4lth Kass\u00f6r: Tommy F\u00e4lth Kristina Daun Hannes Eliasstam \u00a0 \u00a0 \u00a0 \u00a0 \u00a0 \u00a0 \u00a0 \u00a0&#8212;&#8212; Ers\u00e4ttare: Mikael Wallin \u00a0 \u00a0 L\u00e4s mer\" \/>\n<meta property=\"og:url\" content=\"https:\/\/wp.kristdemokraterna.se\/upplandsvasby\/textsida-med-vanster-sidebar\/styrelsen\/\" \/>\n<meta property=\"og:site_name\" content=\"Kristdemokraterna | Upplands V\u00e4sby\" \/>\n<meta property=\"article:modified_time\" content=\"2026-03-22T10:37:31+00:00\" \/>\n<meta property=\"og:image\" content=\"https:\/\/wp.kristdemokraterna.se\/upplandsvasby\/files\/2026\/03\/topp-fyra.jpg\" \/>\n\t<meta property=\"og:image:width\" content=\"2048\" \/>\n\t<meta property=\"og:image:height\" content=\"1744\" \/>\n\t<meta property=\"og:image:type\" content=\"image\/jpeg\" \/>\n<meta name=\"twitter:card\" content=\"summary_large_image\" \/>\n<meta name=\"twitter:label1\" content=\"Ber\u00e4knad l\u00e4stid\" \/>\n\t<meta name=\"twitter:data1\" content=\"1 minut\" \/>\n<script type=\"application\/ld+json\" class=\"yoast-schema-graph\">{\"@context\":\"https:\\\/\\\/schema.org\",\"@graph\":[{\"@type\":\"WebPage\",\"@id\":\"https:\\\/\\\/wp.kristdemokraterna.se\\\/upplandsvasby\\\/textsida-med-vanster-sidebar\\\/styrelsen\\\/\",\"url\":\"https:\\\/\\\/wp.kristdemokraterna.se\\\/upplandsvasby\\\/textsida-med-vanster-sidebar\\\/styrelsen\\\/\",\"name\":\"Styrelsen - Kristdemokraterna | Upplands V\u00e4sby\",\"isPartOf\":{\"@id\":\"https:\\\/\\\/wp.kristdemokraterna.se\\\/upplandsvasby\\\/#website\"},\"primaryImageOfPage\":{\"@id\":\"https:\\\/\\\/wp.kristdemokraterna.se\\\/upplandsvasby\\\/textsida-med-vanster-sidebar\\\/styrelsen\\\/#primaryimage\"},\"image\":{\"@id\":\"https:\\\/\\\/wp.kristdemokraterna.se\\\/upplandsvasby\\\/textsida-med-vanster-sidebar\\\/styrelsen\\\/#primaryimage\"},\"thumbnailUrl\":\"http:\\\/\\\/wp.kristdemokraterna.se\\\/upplandsvasby\\\/files\\\/2026\\\/03\\\/topp-fyra-300x255.jpg\",\"datePublished\":\"2021-04-17T08:31:01+00:00\",\"dateModified\":\"2026-03-22T10:37:31+00:00\",\"breadcrumb\":{\"@id\":\"https:\\\/\\\/wp.kristdemokraterna.se\\\/upplandsvasby\\\/textsida-med-vanster-sidebar\\\/styrelsen\\\/#breadcrumb\"},\"inLanguage\":\"sv-SE\",\"potentialAction\":[{\"@type\":\"ReadAction\",\"target\":[\"https:\\\/\\\/wp.kristdemokraterna.se\\\/upplandsvasby\\\/textsida-med-vanster-sidebar\\\/styrelsen\\\/\"]}]},{\"@type\":\"ImageObject\",\"inLanguage\":\"sv-SE\",\"@id\":\"https:\\\/\\\/wp.kristdemokraterna.se\\\/upplandsvasby\\\/textsida-med-vanster-sidebar\\\/styrelsen\\\/#primaryimage\",\"url\":\"https:\\\/\\\/wp.kristdemokraterna.se\\\/upplandsvasby\\\/files\\\/2026\\\/03\\\/topp-fyra.jpg\",\"contentUrl\":\"https:\\\/\\\/wp.kristdemokraterna.se\\\/upplandsvasby\\\/files\\\/2026\\\/03\\\/topp-fyra.jpg\",\"width\":2048,\"height\":1744},{\"@type\":\"BreadcrumbList\",\"@id\":\"https:\\\/\\\/wp.kristdemokraterna.se\\\/upplandsvasby\\\/textsida-med-vanster-sidebar\\\/styrelsen\\\/#breadcrumb\",\"itemListElement\":[{\"@type\":\"ListItem\",\"position\":1,\"name\":\"Hem\",\"item\":\"https:\\\/\\\/wp.kristdemokraterna.se\\\/upplandsvasby\\\/\"},{\"@type\":\"ListItem\",\"position\":2,\"name\":\"V\u00e5r partiavdelning\",\"item\":\"https:\\\/\\\/wp.kristdemokraterna.se\\\/upplandsvasby\\\/textsida-med-vanster-sidebar\\\/\"},{\"@type\":\"ListItem\",\"position\":3,\"name\":\"Styrelsen\"}]},{\"@type\":\"WebSite\",\"@id\":\"https:\\\/\\\/wp.kristdemokraterna.se\\\/upplandsvasby\\\/#website\",\"url\":\"https:\\\/\\\/wp.kristdemokraterna.se\\\/upplandsvasby\\\/\",\"name\":\"Kristdemokraterna | Upplands V\u00e4sby\",\"description\":\"\u00c4nnu en webbplats hos Kristdemokraterna\",\"inLanguage\":\"sv-SE\"}]}<\/script>\n<!-- \/ Yoast SEO plugin. -->","yoast_head_json":{"title":"Styrelsen - Kristdemokraterna | Upplands V\u00e4sby","robots":{"index":"index","follow":"follow","max-snippet":"max-snippet:-1","max-image-preview":"max-image-preview:large","max-video-preview":"max-video-preview:-1"},"canonical":"https:\/\/wp.kristdemokraterna.se\/upplandsvasby\/textsida-med-vanster-sidebar\/styrelsen\/","og_locale":"sv_SE","og_type":"article","og_title":"Styrelsen - Kristdemokraterna | Upplands V\u00e4sby","og_description":"Styrelsen KD V\u00e4sby 2026\/27: Valda vid \u00e5rsm\u00f6tet 2026-02-19. Ordf\u00f6rande: Aleksandra Grbic Vice ordf\u00f6rande samt kampanjledare:\u00a0Lars Tunkrans \u00a0 \u00a0 \u00a0 \u00a0 \u00a0 \u00a0 \u00a0 \u00a0 \u00a0 &#8212;&#8212;- Ledam\u00f6ter: Valledare och kommunikat\u00f6r: Kristina Klempt Sekreterare: Maria F\u00e4lth Kass\u00f6r: Tommy F\u00e4lth Kristina Daun Hannes Eliasstam \u00a0 \u00a0 \u00a0 \u00a0 \u00a0 \u00a0 \u00a0 \u00a0&#8212;&#8212; Ers\u00e4ttare: Mikael Wallin \u00a0 \u00a0 L\u00e4s mer","og_url":"https:\/\/wp.kristdemokraterna.se\/upplandsvasby\/textsida-med-vanster-sidebar\/styrelsen\/","og_site_name":"Kristdemokraterna | Upplands V\u00e4sby","article_modified_time":"2026-03-22T10:37:31+00:00","og_image":[{"width":2048,"height":1744,"url":"https:\/\/wp.kristdemokraterna.se\/upplandsvasby\/files\/2026\/03\/topp-fyra.jpg","type":"image\/jpeg"}],"twitter_card":"summary_large_image","twitter_misc":{"Ber\u00e4knad l\u00e4stid":"1 minut"},"schema":{"@context":"https:\/\/schema.org","@graph":[{"@type":"WebPage","@id":"https:\/\/wp.kristdemokraterna.se\/upplandsvasby\/textsida-med-vanster-sidebar\/styrelsen\/","url":"https:\/\/wp.kristdemokraterna.se\/upplandsvasby\/textsida-med-vanster-sidebar\/styrelsen\/","name":"Styrelsen - Kristdemokraterna | Upplands V\u00e4sby","isPartOf":{"@id":"https:\/\/wp.kristdemokraterna.se\/upplandsvasby\/#website"},"primaryImageOfPage":{"@id":"https:\/\/wp.kristdemokraterna.se\/upplandsvasby\/textsida-med-vanster-sidebar\/styrelsen\/#primaryimage"},"image":{"@id":"https:\/\/wp.kristdemokraterna.se\/upplandsvasby\/textsida-med-vanster-sidebar\/styrelsen\/#primaryimage"},"thumbnailUrl":"http:\/\/wp.kristdemokraterna.se\/upplandsvasby\/files\/2026\/03\/topp-fyra-300x255.jpg","datePublished":"2021-04-17T08:31:01+00:00","dateModified":"2026-03-22T10:37:31+00:00","breadcrumb":{"@id":"https:\/\/wp.kristdemokraterna.se\/upplandsvasby\/textsida-med-vanster-sidebar\/styrelsen\/#breadcrumb"},"inLanguage":"sv-SE","potentialAction":[{"@type":"ReadAction","target":["https:\/\/wp.kristdemokraterna.se\/upplandsvasby\/textsida-med-vanster-sidebar\/styrelsen\/"]}]},{"@type":"ImageObject","inLanguage":"sv-SE","@id":"https:\/\/wp.kristdemokraterna.se\/upplandsvasby\/textsida-med-vanster-sidebar\/styrelsen\/#primaryimage","url":"https:\/\/wp.kristdemokraterna.se\/upplandsvasby\/files\/2026\/03\/topp-fyra.jpg","contentUrl":"https:\/\/wp.kristdemokraterna.se\/upplandsvasby\/files\/2026\/03\/topp-fyra.jpg","width":2048,"height":1744},{"@type":"BreadcrumbList","@id":"https:\/\/wp.kristdemokraterna.se\/upplandsvasby\/textsida-med-vanster-sidebar\/styrelsen\/#breadcrumb","itemListElement":[{"@type":"ListItem","position":1,"name":"Hem","item":"https:\/\/wp.kristdemokraterna.se\/upplandsvasby\/"},{"@type":"ListItem","position":2,"name":"V\u00e5r partiavdelning","item":"https:\/\/wp.kristdemokraterna.se\/upplandsvasby\/textsida-med-vanster-sidebar\/"},{"@type":"ListItem","position":3,"name":"Styrelsen"}]},{"@type":"WebSite","@id":"https:\/\/wp.kristdemokraterna.se\/upplandsvasby\/#website","url":"https:\/\/wp.kristdemokraterna.se\/upplandsvasby\/","name":"Kristdemokraterna | Upplands V\u00e4sby","description":"\u00c4nnu en webbplats hos Kristdemokraterna","inLanguage":"sv-SE"}]}},"_links":{"self":[{"href":"https:\/\/wp.kristdemokraterna.se\/upplandsvasby\/wp-json\/wp\/v2\/pages\/623","targetHints":{"allow":["GET"]}}],"collection":[{"href":"https:\/\/wp.kristdemokraterna.se\/upplandsvasby\/wp-json\/wp\/v2\/pages"}],"about":[{"href":"https:\/\/wp.kristdemokraterna.se\/upplandsvasby\/wp-json\/wp\/v2\/types\/page"}],"author":[{"embeddable":true,"href":"https:\/\/wp.kristdemokraterna.se\/upplandsvasby\/wp-json\/wp\/v2\/users\/13"}],"replies":[{"embeddable":true,"href":"https:\/\/wp.kristdemokraterna.se\/upplandsvasby\/wp-json\/wp\/v2\/comments?post=623"}],"version-history":[{"count":15,"href":"https:\/\/wp.kristdemokraterna.se\/upplandsvasby\/wp-json\/wp\/v2\/pages\/623\/revisions"}],"predecessor-version":[{"id":1036,"href":"https:\/\/wp.kristdemokraterna.se\/upplandsvasby\/wp-json\/wp\/v2\/pages\/623\/revisions\/1036"}],"up":[{"embeddable":true,"href":"https:\/\/wp.kristdemokraterna.se\/upplandsvasby\/wp-json\/wp\/v2\/pages\/269"}],"wp:attachment":[{"href":"https:\/\/wp.kristdemokraterna.se\/upplandsvasby\/wp-json\/wp\/v2\/media?parent=623"}],"curies":[{"name":"wp","href":"https:\/\/api.w.org\/{rel}","templated":true}]}}