{"id":978,"date":"2025-01-29T15:49:12","date_gmt":"2025-01-29T14:49:12","guid":{"rendered":"https:\/\/wp.kristdemokraterna.se\/upplandsvasby\/?page_id=978"},"modified":"2025-01-29T15:52:37","modified_gmt":"2025-01-29T14:52:37","slug":"vara-motioner-till-kommunfullmakige","status":"publish","type":"page","link":"https:\/\/wp.kristdemokraterna.se\/upplandsvasby\/i-var-kommun\/vara-motioner-till-kommunfullmakige\/","title":{"rendered":"V\u00e5ra motioner till kommunfullm\u00e4kige"},"content":{"rendered":"<p><a href=\"http:\/\/wp.kristdemokraterna.se\/upplandsvasby\/files\/2025\/01\/1-motion-2023_-kommunens-nyarsfirande-med-fyrverkerier.docx.pdf\">1 Motion 2023_ Kommunens ny\u00e5rsfirande med fyrverkerier.docx<\/a><\/p>\n<p><a href=\"http:\/\/wp.kristdemokraterna.se\/upplandsvasby\/files\/2025\/01\/2-motion-2023_-inforande-av-funktionsrattskonsekvensbeskrining.docx.pdf\">2 Motion 2023_ Inf\u00f6rande av Funktionsr\u00e4ttskonsekvensbeskrining.docx<\/a><\/p>\n<p><a href=\"http:\/\/wp.kristdemokraterna.se\/upplandsvasby\/files\/2025\/01\/3-motion-2023-utbildning-aldreomsorg-vald-nara-relation.docx.pdf\">3 Motion 2023 Utbildning \u00e4ldreomsorg v\u00e5ld n\u00e4ra relation.docx<\/a><\/p>\n<p><a href=\"http:\/\/wp.kristdemokraterna.se\/upplandsvasby\/files\/2025\/01\/4-motion-oka-tillgangligheten-sakerstall-tillgangen-pa-offentliga-toaletter_tillsammans-med-mp.docx.pdf\">4 Motion \u00d6ka tillg\u00e4ngligheten &#8211; s\u00e4kerst\u00e4ll tillg\u00e5ngen p\u00e5 offentliga toaletter_tillsammans med MP.docx<\/a><\/p>\n<p><a href=\"http:\/\/wp.kristdemokraterna.se\/upplandsvasby\/files\/2025\/01\/5-motion-larm-for-dova.docx.pdf\">5 Motion Larm f\u00f6r d\u00f6va.docx<\/a><\/p>\n<p><a href=\"http:\/\/wp.kristdemokraterna.se\/upplandsvasby\/files\/2025\/01\/6-motion-fora-over-hemsjukvarden-till-kommunalt-ansvar.docx.pdf\">6 Motion F\u00f6ra \u00f6ver hemsjukv\u00e5rden till kommunalt ansvar.docx<\/a><\/p>\n<p><a href=\"http:\/\/wp.kristdemokraterna.se\/upplandsvasby\/files\/2025\/01\/7-motion-smaka-pa-vasby.docx.pdf\">7 Motion Smaka p\u00e5 V\u00e4sby.docx<\/a><\/p>\n<p><a href=\"http:\/\/wp.kristdemokraterna.se\/upplandsvasby\/files\/2025\/01\/8-motion-anlagga-trottoar-pa-sydvastrasidan-kyrkvagen-mellan-vilunda-kyrka-och-centrumanlaggningen.docx.pdf\">8 Motion Anl\u00e4gga trottoar p\u00e5 sydv\u00e4strasidan Kyrkv\u00e4gen mellan Vilunda Kyrka och Centrumanl\u00e4ggningen.docx<\/a><\/p>\n<p><a href=\"http:\/\/wp.kristdemokraterna.se\/upplandsvasby\/files\/2025\/01\/9-motion-om-syn-och-horselinstruktorer.docx.pdf\">9 Motion om syn- och h\u00f6rselinstrukt\u00f6rer.docx<\/a><\/p>\n<p><a href=\"http:\/\/wp.kristdemokraterna.se\/upplandsvasby\/files\/2025\/01\/10-motion-om-atervinning-av-byggmaterial.docx.pdf\">10 Motion om \u00e5tervinning av byggmaterial.docx<\/a><\/p>\n<p><a href=\"http:\/\/wp.kristdemokraterna.se\/upplandsvasby\/files\/2025\/01\/11-motion-foraldrautbildning.docx.pdf\">11 Motion F\u00f6r\u00e4ldrautbildning.docx<\/a><\/p>\n<p><a href=\"http:\/\/wp.kristdemokraterna.se\/upplandsvasby\/files\/2025\/01\/12-motion-kulturens-roll-inom-aldreomsorgen.docx.pdf\">12 Motion Kulturens roll inom \u00e4ldreomsorgen.docx<\/a><\/p>\n<p><a href=\"http:\/\/wp.kristdemokraterna.se\/upplandsvasby\/files\/2025\/01\/13-motion-om-barnkonventionen.docx.pdf\">13 Motion om Barnkonventionen.docx<\/a><\/p>\n<p><a href=\"http:\/\/wp.kristdemokraterna.se\/upplandsvasby\/files\/2025\/01\/14-hog-tid-att-oka-stodet-till-barn-i-missbruksfamiljer.docx.pdf\">14 H\u00f6g tid att \u00f6ka st\u00f6det till barn i missbruksfamiljer.docx<\/a><\/p>\n<p><a href=\"http:\/\/wp.kristdemokraterna.se\/upplandsvasby\/files\/2025\/01\/15-uppvardera-arbetet-med-barn-med-funktionsnedsattning.pdf\">15 Uppv\u00e4rdera arbetet med barn med funktionsneds\u00e4ttning<\/a><\/p>\n<p><a href=\"http:\/\/wp.kristdemokraterna.se\/upplandsvasby\/files\/2025\/01\/16-policy-inom-funktionsrattsomradet-1.pdf\">16 Policy inom funktionsr\u00e4ttsomr\u00e5det (1)<\/a><\/p>\n<p><a href=\"http:\/\/wp.kristdemokraterna.se\/upplandsvasby\/files\/2025\/01\/17-motion-om-att-inratta-pedagogisk-omsorg-i-kommunal-regi-samt-ordna-lokaler-dar-fristaende-och-kommunal-pedagogisk-omsorg-kan-samarbeta.pdf\">17 Motion om att inr\u00e4tta pedagogisk omsorg i kommunal regi samt ordna lokaler d\u00e4r frist\u00e5ende och kommunal pedagogisk omsorg kan samarbeta<\/a><\/p>\n<p><a href=\"http:\/\/wp.kristdemokraterna.se\/upplandsvasby\/files\/2025\/01\/18-motion-om-policy-inom-barnrattsomradet.docx.pdf\">18 Motion om Policy inom barnr\u00e4ttsomr\u00e5det.docx<\/a><\/p>\n<p><a href=\"http:\/\/wp.kristdemokraterna.se\/upplandsvasby\/files\/2025\/01\/19-motion-rapport-om-barnkonventionen-i-namndarbetet.docx.pdf\">19 Motion Rapport om Barnkonventionen i n\u00e4mndarbetet.docx<\/a><\/p>\n","protected":false},"excerpt":{"rendered":"<p>1 Motion 2023_ Kommunens ny\u00e5rsfirande med fyrverkerier.docx 2 Motion 2023_ Inf\u00f6rande av Funktionsr\u00e4ttskonsekvensbeskrining.docx 3 Motion 2023 Utbildning \u00e4ldreomsorg v\u00e5ld n\u00e4ra relation.docx 4 Motion \u00d6ka tillg\u00e4ngligheten &#8211; s\u00e4kerst\u00e4ll tillg\u00e5ngen p\u00e5 offentliga toaletter_tillsammans med MP.docx 5 Motion Larm f\u00f6r d\u00f6va.docx 6 Motion F\u00f6ra \u00f6ver hemsjukv\u00e5rden till kommunalt ansvar.docx 7 Motion Smaka p\u00e5 V\u00e4sby.docx 8 Motion Anl\u00e4gga trottoar <a class=\"read-more-link\" href=\"https:\/\/wp.kristdemokraterna.se\/upplandsvasby\/i-var-kommun\/vara-motioner-till-kommunfullmakige\/\">L\u00e4s mer<\/a><\/p>\n","protected":false},"author":13,"featured_media":0,"parent":342,"menu_order":0,"comment_status":"closed","ping_status":"closed","template":"","meta":{"_acf_changed":false,"footnotes":""},"class_list":["post-978","page","type-page","status-publish","hentry"],"acf":[],"yoast_head":"<!-- This site is optimized with the Yoast SEO plugin v27.4 - https:\/\/yoast.com\/product\/yoast-seo-wordpress\/ -->\n<title>V\u00e5ra motioner till kommunfullm\u00e4kige - Kristdemokraterna | Upplands V\u00e4sby<\/title>\n<meta name=\"description\" content=\"H\u00e4r hittar du de motioner som KD V\u00e4sby lagt i kommunfullm\u00e4ktige under mandatperioden 2023-2026.\" \/>\n<meta name=\"robots\" content=\"index, follow, max-snippet:-1, max-image-preview:large, max-video-preview:-1\" \/>\n<link rel=\"canonical\" href=\"https:\/\/wp.kristdemokraterna.se\/upplandsvasby\/i-var-kommun\/vara-motioner-till-kommunfullmakige\/\" \/>\n<meta property=\"og:locale\" content=\"sv_SE\" \/>\n<meta property=\"og:type\" content=\"article\" \/>\n<meta property=\"og:title\" content=\"V\u00e5ra motioner till kommunfullm\u00e4kige - Kristdemokraterna | Upplands V\u00e4sby\" \/>\n<meta property=\"og:description\" content=\"H\u00e4r hittar du de motioner som KD V\u00e4sby lagt i kommunfullm\u00e4ktige under mandatperioden 2023-2026.\" \/>\n<meta property=\"og:url\" content=\"https:\/\/wp.kristdemokraterna.se\/upplandsvasby\/i-var-kommun\/vara-motioner-till-kommunfullmakige\/\" \/>\n<meta property=\"og:site_name\" content=\"Kristdemokraterna | Upplands V\u00e4sby\" \/>\n<meta property=\"article:modified_time\" content=\"2025-01-29T14:52:37+00:00\" \/>\n<meta name=\"twitter:card\" content=\"summary_large_image\" \/>\n<meta name=\"twitter:label1\" content=\"Ber\u00e4knad l\u00e4stid\" \/>\n\t<meta name=\"twitter:data1\" content=\"1 minut\" \/>\n<script type=\"application\/ld+json\" class=\"yoast-schema-graph\">{\"@context\":\"https:\\\/\\\/schema.org\",\"@graph\":[{\"@type\":\"WebPage\",\"@id\":\"https:\\\/\\\/wp.kristdemokraterna.se\\\/upplandsvasby\\\/i-var-kommun\\\/vara-motioner-till-kommunfullmakige\\\/\",\"url\":\"https:\\\/\\\/wp.kristdemokraterna.se\\\/upplandsvasby\\\/i-var-kommun\\\/vara-motioner-till-kommunfullmakige\\\/\",\"name\":\"V\u00e5ra motioner till kommunfullm\u00e4kige - Kristdemokraterna | Upplands V\u00e4sby\",\"isPartOf\":{\"@id\":\"https:\\\/\\\/wp.kristdemokraterna.se\\\/upplandsvasby\\\/#website\"},\"datePublished\":\"2025-01-29T14:49:12+00:00\",\"dateModified\":\"2025-01-29T14:52:37+00:00\",\"description\":\"H\u00e4r hittar du de motioner som KD V\u00e4sby lagt i kommunfullm\u00e4ktige under mandatperioden 2023-2026.\",\"breadcrumb\":{\"@id\":\"https:\\\/\\\/wp.kristdemokraterna.se\\\/upplandsvasby\\\/i-var-kommun\\\/vara-motioner-till-kommunfullmakige\\\/#breadcrumb\"},\"inLanguage\":\"sv-SE\",\"potentialAction\":[{\"@type\":\"ReadAction\",\"target\":[\"https:\\\/\\\/wp.kristdemokraterna.se\\\/upplandsvasby\\\/i-var-kommun\\\/vara-motioner-till-kommunfullmakige\\\/\"]}]},{\"@type\":\"BreadcrumbList\",\"@id\":\"https:\\\/\\\/wp.kristdemokraterna.se\\\/upplandsvasby\\\/i-var-kommun\\\/vara-motioner-till-kommunfullmakige\\\/#breadcrumb\",\"itemListElement\":[{\"@type\":\"ListItem\",\"position\":1,\"name\":\"Hem\",\"item\":\"https:\\\/\\\/wp.kristdemokraterna.se\\\/upplandsvasby\\\/\"},{\"@type\":\"ListItem\",\"position\":2,\"name\":\"V\u00e5r politik f\u00f6r V\u00e4sby\",\"item\":\"https:\\\/\\\/wp.kristdemokraterna.se\\\/upplandsvasby\\\/i-var-kommun\\\/\"},{\"@type\":\"ListItem\",\"position\":3,\"name\":\"V\u00e5ra motioner till kommunfullm\u00e4kige\"}]},{\"@type\":\"WebSite\",\"@id\":\"https:\\\/\\\/wp.kristdemokraterna.se\\\/upplandsvasby\\\/#website\",\"url\":\"https:\\\/\\\/wp.kristdemokraterna.se\\\/upplandsvasby\\\/\",\"name\":\"Kristdemokraterna | Upplands V\u00e4sby\",\"description\":\"\u00c4nnu en webbplats hos Kristdemokraterna\",\"inLanguage\":\"sv-SE\"}]}<\/script>\n<!-- \/ Yoast SEO plugin. -->","yoast_head_json":{"title":"V\u00e5ra motioner till kommunfullm\u00e4kige - Kristdemokraterna | Upplands V\u00e4sby","description":"H\u00e4r hittar du de motioner som KD V\u00e4sby lagt i kommunfullm\u00e4ktige under mandatperioden 2023-2026.","robots":{"index":"index","follow":"follow","max-snippet":"max-snippet:-1","max-image-preview":"max-image-preview:large","max-video-preview":"max-video-preview:-1"},"canonical":"https:\/\/wp.kristdemokraterna.se\/upplandsvasby\/i-var-kommun\/vara-motioner-till-kommunfullmakige\/","og_locale":"sv_SE","og_type":"article","og_title":"V\u00e5ra motioner till kommunfullm\u00e4kige - Kristdemokraterna | Upplands V\u00e4sby","og_description":"H\u00e4r hittar du de motioner som KD V\u00e4sby lagt i kommunfullm\u00e4ktige under mandatperioden 2023-2026.","og_url":"https:\/\/wp.kristdemokraterna.se\/upplandsvasby\/i-var-kommun\/vara-motioner-till-kommunfullmakige\/","og_site_name":"Kristdemokraterna | Upplands V\u00e4sby","article_modified_time":"2025-01-29T14:52:37+00:00","twitter_card":"summary_large_image","twitter_misc":{"Ber\u00e4knad l\u00e4stid":"1 minut"},"schema":{"@context":"https:\/\/schema.org","@graph":[{"@type":"WebPage","@id":"https:\/\/wp.kristdemokraterna.se\/upplandsvasby\/i-var-kommun\/vara-motioner-till-kommunfullmakige\/","url":"https:\/\/wp.kristdemokraterna.se\/upplandsvasby\/i-var-kommun\/vara-motioner-till-kommunfullmakige\/","name":"V\u00e5ra motioner till kommunfullm\u00e4kige - Kristdemokraterna | Upplands V\u00e4sby","isPartOf":{"@id":"https:\/\/wp.kristdemokraterna.se\/upplandsvasby\/#website"},"datePublished":"2025-01-29T14:49:12+00:00","dateModified":"2025-01-29T14:52:37+00:00","description":"H\u00e4r hittar du de motioner som KD V\u00e4sby lagt i kommunfullm\u00e4ktige under mandatperioden 2023-2026.","breadcrumb":{"@id":"https:\/\/wp.kristdemokraterna.se\/upplandsvasby\/i-var-kommun\/vara-motioner-till-kommunfullmakige\/#breadcrumb"},"inLanguage":"sv-SE","potentialAction":[{"@type":"ReadAction","target":["https:\/\/wp.kristdemokraterna.se\/upplandsvasby\/i-var-kommun\/vara-motioner-till-kommunfullmakige\/"]}]},{"@type":"BreadcrumbList","@id":"https:\/\/wp.kristdemokraterna.se\/upplandsvasby\/i-var-kommun\/vara-motioner-till-kommunfullmakige\/#breadcrumb","itemListElement":[{"@type":"ListItem","position":1,"name":"Hem","item":"https:\/\/wp.kristdemokraterna.se\/upplandsvasby\/"},{"@type":"ListItem","position":2,"name":"V\u00e5r politik f\u00f6r V\u00e4sby","item":"https:\/\/wp.kristdemokraterna.se\/upplandsvasby\/i-var-kommun\/"},{"@type":"ListItem","position":3,"name":"V\u00e5ra motioner till kommunfullm\u00e4kige"}]},{"@type":"WebSite","@id":"https:\/\/wp.kristdemokraterna.se\/upplandsvasby\/#website","url":"https:\/\/wp.kristdemokraterna.se\/upplandsvasby\/","name":"Kristdemokraterna | Upplands V\u00e4sby","description":"\u00c4nnu en webbplats hos Kristdemokraterna","inLanguage":"sv-SE"}]}},"_links":{"self":[{"href":"https:\/\/wp.kristdemokraterna.se\/upplandsvasby\/wp-json\/wp\/v2\/pages\/978","targetHints":{"allow":["GET"]}}],"collection":[{"href":"https:\/\/wp.kristdemokraterna.se\/upplandsvasby\/wp-json\/wp\/v2\/pages"}],"about":[{"href":"https:\/\/wp.kristdemokraterna.se\/upplandsvasby\/wp-json\/wp\/v2\/types\/page"}],"author":[{"embeddable":true,"href":"https:\/\/wp.kristdemokraterna.se\/upplandsvasby\/wp-json\/wp\/v2\/users\/13"}],"replies":[{"embeddable":true,"href":"https:\/\/wp.kristdemokraterna.se\/upplandsvasby\/wp-json\/wp\/v2\/comments?post=978"}],"version-history":[{"count":2,"href":"https:\/\/wp.kristdemokraterna.se\/upplandsvasby\/wp-json\/wp\/v2\/pages\/978\/revisions"}],"predecessor-version":[{"id":981,"href":"https:\/\/wp.kristdemokraterna.se\/upplandsvasby\/wp-json\/wp\/v2\/pages\/978\/revisions\/981"}],"up":[{"embeddable":true,"href":"https:\/\/wp.kristdemokraterna.se\/upplandsvasby\/wp-json\/wp\/v2\/pages\/342"}],"wp:attachment":[{"href":"https:\/\/wp.kristdemokraterna.se\/upplandsvasby\/wp-json\/wp\/v2\/media?parent=978"}],"curies":[{"name":"wp","href":"https:\/\/api.w.org\/{rel}","templated":true}]}}