{"version":"1.0","provider_name":"Kristdemokraterna | Uppsala","provider_url":"https:\/\/wp.kristdemokraterna.se\/uppsala","title":"KD f\u00f6resl\u00e5r en differentiering | Kristdemokraterna | Uppsala","type":"rich","width":600,"height":338,"html":"<blockquote class=\"wp-embedded-content\" data-secret=\"Jk2HVHt9HT\"><a href=\"https:\/\/wp.kristdemokraterna.se\/uppsala\/1792-2\/\">KD f\u00f6resl\u00e5r en differentiering<\/a><\/blockquote><iframe sandbox=\"allow-scripts\" security=\"restricted\" src=\"https:\/\/wp.kristdemokraterna.se\/uppsala\/1792-2\/embed\/#?secret=Jk2HVHt9HT\" width=\"600\" height=\"338\" title=\"\u201dKD f\u00f6resl\u00e5r en differentiering\u201d &ndash; Kristdemokraterna | Uppsala\" data-secret=\"Jk2HVHt9HT\" frameborder=\"0\" marginwidth=\"0\" marginheight=\"0\" scrolling=\"no\" class=\"wp-embedded-content\"><\/iframe><script type=\"text\/javascript\">\n\/* <![CDATA[ *\/\n\/*! This file is auto-generated *\/\n!function(d,l){\"use strict\";l.querySelector&&d.addEventListener&&\"undefined\"!=typeof URL&&(d.wp=d.wp||{},d.wp.receiveEmbedMessage||(d.wp.receiveEmbedMessage=function(e){var t=e.data;if((t||t.secret||t.message||t.value)&&!\/[^a-zA-Z0-9]\/.test(t.secret)){for(var s,r,n,a=l.querySelectorAll('iframe[data-secret=\"'+t.secret+'\"]'),o=l.querySelectorAll('blockquote[data-secret=\"'+t.secret+'\"]'),c=new RegExp(\"^https?:$\",\"i\"),i=0;i<o.length;i++)o[i].style.display=\"none\";for(i=0;i<a.length;i++)s=a[i],e.source===s.contentWindow&&(s.removeAttribute(\"style\"),\"height\"===t.message?(1e3<(r=parseInt(t.value,10))?r=1e3:~~r<200&&(r=200),s.height=r):\"link\"===t.message&&(r=new URL(s.getAttribute(\"src\")),n=new URL(t.value),c.test(n.protocol))&&n.host===r.host&&l.activeElement===s&&(d.top.location.href=t.value))}},d.addEventListener(\"message\",d.wp.receiveEmbedMessage,!1),l.addEventListener(\"DOMContentLoaded\",function(){for(var e,t,s=l.querySelectorAll(\"iframe.wp-embedded-content\"),r=0;r<s.length;r++)(t=(e=s[r]).getAttribute(\"data-secret\"))||(t=Math.random().toString(36).substring(2,12),e.src+=\"#?secret=\"+t,e.setAttribute(\"data-secret\",t)),e.contentWindow.postMessage({message:\"ready\",secret:t},\"*\")},!1)))}(window,document);\n\/\/# sourceURL=https:\/\/wp.kristdemokraterna.se\/uppsala\/wp-includes\/js\/wp-embed.min.js\n\/* ]]> *\/\n<\/script>\n","thumbnail_url":"http:\/\/wp.kristdemokraterna.se\/uppsala\/files\/2015\/11\/forskola.jpg","thumbnail_width":1920,"thumbnail_height":1275,"description":"Martin Wisell, Felicia Sundmark och Jonas Segersam skriver om f\u00f6rskolan i Uppsala kommun. Debattartikel i UNT 15\/11: &#8221;I Uppsala f\u00f6resl\u00e5r nu majoriteten en minskning av vistelsetiden f\u00f6r barn till f\u00f6r\u00e4ldrar som \u00e4r f\u00f6r\u00e4ldralediga och arbetss\u00f6kande. Det tycker vi \u00e4r r\u00e4tt, men vi f\u00f6resl\u00e5r att man differentierar detta genom att ge en h\u00f6gre tid f\u00f6r de Read More"}