{"version":"1.0","provider_name":"Kristdemokraterna | Uppsala","provider_url":"https:\/\/wp.kristdemokraterna.se\/uppsala","title":"Bem\u00f6tande av inv\u00e5nare - nytt inslag i riktlinjer | Kristdemokraterna | Uppsala","type":"rich","width":600,"height":338,"html":"<blockquote class=\"wp-embedded-content\" data-secret=\"rksvDMpuRB\"><a href=\"https:\/\/wp.kristdemokraterna.se\/uppsala\/bemotande-av-invanare-nytt-inslag-i-riktlinjer\/\">Bem\u00f6tande av inv\u00e5nare &#8211; nytt inslag i riktlinjer<\/a><\/blockquote><iframe sandbox=\"allow-scripts\" security=\"restricted\" src=\"https:\/\/wp.kristdemokraterna.se\/uppsala\/bemotande-av-invanare-nytt-inslag-i-riktlinjer\/embed\/#?secret=rksvDMpuRB\" width=\"600\" height=\"338\" title=\"\u201dBem\u00f6tande av inv\u00e5nare &#8211; nytt inslag i riktlinjer\u201d &ndash; Kristdemokraterna | Uppsala\" data-secret=\"rksvDMpuRB\" frameborder=\"0\" marginwidth=\"0\" marginheight=\"0\" scrolling=\"no\" class=\"wp-embedded-content\"><\/iframe><script type=\"text\/javascript\">\n\/* <![CDATA[ *\/\n\/*! This file is auto-generated *\/\n!function(d,l){\"use strict\";l.querySelector&&d.addEventListener&&\"undefined\"!=typeof URL&&(d.wp=d.wp||{},d.wp.receiveEmbedMessage||(d.wp.receiveEmbedMessage=function(e){var t=e.data;if((t||t.secret||t.message||t.value)&&!\/[^a-zA-Z0-9]\/.test(t.secret)){for(var s,r,n,a=l.querySelectorAll('iframe[data-secret=\"'+t.secret+'\"]'),o=l.querySelectorAll('blockquote[data-secret=\"'+t.secret+'\"]'),c=new RegExp(\"^https?:$\",\"i\"),i=0;i<o.length;i++)o[i].style.display=\"none\";for(i=0;i<a.length;i++)s=a[i],e.source===s.contentWindow&&(s.removeAttribute(\"style\"),\"height\"===t.message?(1e3<(r=parseInt(t.value,10))?r=1e3:~~r<200&&(r=200),s.height=r):\"link\"===t.message&&(r=new URL(s.getAttribute(\"src\")),n=new URL(t.value),c.test(n.protocol))&&n.host===r.host&&l.activeElement===s&&(d.top.location.href=t.value))}},d.addEventListener(\"message\",d.wp.receiveEmbedMessage,!1),l.addEventListener(\"DOMContentLoaded\",function(){for(var e,t,s=l.querySelectorAll(\"iframe.wp-embedded-content\"),r=0;r<s.length;r++)(t=(e=s[r]).getAttribute(\"data-secret\"))||(t=Math.random().toString(36).substring(2,12),e.src+=\"#?secret=\"+t,e.setAttribute(\"data-secret\",t)),e.contentWindow.postMessage({message:\"ready\",secret:t},\"*\")},!1)))}(window,document);\n\/\/# sourceURL=https:\/\/wp.kristdemokraterna.se\/uppsala\/wp-includes\/js\/wp-embed.min.js\n\/* ]]> *\/\n<\/script>\n","description":"Arbetet mot diskriminering och kr\u00e4nkande s\u00e4rbehandling i regionen tar ett nytt kliv fram\u00e5t. Nu finns riktlinjer f\u00f6r arbete med likabehandling, f\u00e4rdiga att anv\u00e4ndas.\u00a0 \u2013 Det \u00e4r bra att vi har ett gemensamt dokument d\u00e4r man lagt till inv\u00e5narperspektivet och att b\u00e5de tillg\u00e4nglighet och bem\u00f6tande finns med, s\u00e4ger Anna-Karin Vaz Contreiras, KD.\u00a0\u00a0 I slutet av november Read More","thumbnail_url":"https:\/\/wp.kristdemokraterna.se\/uppsala\/files\/2021\/12\/kom1.png","thumbnail_width":770,"thumbnail_height":404}