{"version":"1.0","provider_name":"Kristdemokraterna | Uppsala","provider_url":"https:\/\/wp.kristdemokraterna.se\/uppsala","title":"Bygg tr\u00e4dg\u00e5rdsst\u00e4der i Uppsala | Kristdemokraterna | Uppsala","type":"rich","width":600,"height":338,"html":"<blockquote class=\"wp-embedded-content\" data-secret=\"gBs6rgAlL2\"><a href=\"https:\/\/wp.kristdemokraterna.se\/uppsala\/bygg-tradgardsstader-i-uppsala\/\">Bygg tr\u00e4dg\u00e5rdsst\u00e4der i Uppsala<\/a><\/blockquote><iframe sandbox=\"allow-scripts\" security=\"restricted\" src=\"https:\/\/wp.kristdemokraterna.se\/uppsala\/bygg-tradgardsstader-i-uppsala\/embed\/#?secret=gBs6rgAlL2\" width=\"600\" height=\"338\" title=\"\u201dBygg tr\u00e4dg\u00e5rdsst\u00e4der i Uppsala\u201d &ndash; Kristdemokraterna | Uppsala\" data-secret=\"gBs6rgAlL2\" frameborder=\"0\" marginwidth=\"0\" marginheight=\"0\" scrolling=\"no\" class=\"wp-embedded-content\"><\/iframe><script type=\"text\/javascript\">\n\/* <![CDATA[ *\/\n\/*! This file is auto-generated *\/\n!function(d,l){\"use strict\";l.querySelector&&d.addEventListener&&\"undefined\"!=typeof URL&&(d.wp=d.wp||{},d.wp.receiveEmbedMessage||(d.wp.receiveEmbedMessage=function(e){var t=e.data;if((t||t.secret||t.message||t.value)&&!\/[^a-zA-Z0-9]\/.test(t.secret)){for(var s,r,n,a=l.querySelectorAll('iframe[data-secret=\"'+t.secret+'\"]'),o=l.querySelectorAll('blockquote[data-secret=\"'+t.secret+'\"]'),c=new RegExp(\"^https?:$\",\"i\"),i=0;i<o.length;i++)o[i].style.display=\"none\";for(i=0;i<a.length;i++)s=a[i],e.source===s.contentWindow&&(s.removeAttribute(\"style\"),\"height\"===t.message?(1e3<(r=parseInt(t.value,10))?r=1e3:~~r<200&&(r=200),s.height=r):\"link\"===t.message&&(r=new URL(s.getAttribute(\"src\")),n=new URL(t.value),c.test(n.protocol))&&n.host===r.host&&l.activeElement===s&&(d.top.location.href=t.value))}},d.addEventListener(\"message\",d.wp.receiveEmbedMessage,!1),l.addEventListener(\"DOMContentLoaded\",function(){for(var e,t,s=l.querySelectorAll(\"iframe.wp-embedded-content\"),r=0;r<s.length;r++)(t=(e=s[r]).getAttribute(\"data-secret\"))||(t=Math.random().toString(36).substring(2,12),e.src+=\"#?secret=\"+t,e.setAttribute(\"data-secret\",t)),e.contentWindow.postMessage({message:\"ready\",secret:t},\"*\")},!1)))}(window,document);\n\/\/# sourceURL=https:\/\/wp.kristdemokraterna.se\/uppsala\/wp-includes\/js\/wp-embed.min.js\n\/* ]]> *\/\n<\/script>\n","thumbnail_url":"http:\/\/wp.kristdemokraterna.se\/uppsala\/files\/2018\/02\/construction-machine-1324781_960_720-e1518083557355.jpg","thumbnail_width":750,"thumbnail_height":499,"description":"De senaste m\u00e5naderna har det blivit tydligt att Uppsalas bostadsmarknad dras med djupa problem. F\u00e5 vill skriva kontrakt p\u00e5 nybyggda hyresr\u00e4tter och bostadsr\u00e4ttsbyggare rear ut l\u00e4genheter. Samtidigt kvarst\u00e5r bostadsbristen. K\u00f6erna ringlar l\u00e5nga till billigare l\u00e4genheter och villapriserna har inte f\u00f6ljt bostadsr\u00e4ttspriserna ned\u00e5t. Marknaden \u00e4r ur balans.F\u00f6r att l\u00f6sa bostadsbristen m\u00e5ste vi f\u00f6r\u00e4ndra hur och vad Read More"}