{"version":"1.0","provider_name":"Kristdemokraterna | Uppsala","provider_url":"https:\/\/wp.kristdemokraterna.se\/uppsala","title":"D\u00e5lig anpassning till Uppsalas kultur och historia | Kristdemokraterna | Uppsala","type":"rich","width":600,"height":338,"html":"<blockquote class=\"wp-embedded-content\" data-secret=\"OOsk5foSrn\"><a href=\"https:\/\/wp.kristdemokraterna.se\/uppsala\/dalig-anpassning-till-uppsalas-kultur-och-historia\/\">D\u00e5lig anpassning till Uppsalas kultur och historia<\/a><\/blockquote><iframe sandbox=\"allow-scripts\" security=\"restricted\" src=\"https:\/\/wp.kristdemokraterna.se\/uppsala\/dalig-anpassning-till-uppsalas-kultur-och-historia\/embed\/#?secret=OOsk5foSrn\" width=\"600\" height=\"338\" title=\"\u201dD\u00e5lig anpassning till Uppsalas kultur och historia\u201d &ndash; Kristdemokraterna | Uppsala\" data-secret=\"OOsk5foSrn\" frameborder=\"0\" marginwidth=\"0\" marginheight=\"0\" scrolling=\"no\" class=\"wp-embedded-content\"><\/iframe><script type=\"text\/javascript\">\n\/* <![CDATA[ *\/\n\/*! This file is auto-generated *\/\n!function(d,l){\"use strict\";l.querySelector&&d.addEventListener&&\"undefined\"!=typeof URL&&(d.wp=d.wp||{},d.wp.receiveEmbedMessage||(d.wp.receiveEmbedMessage=function(e){var t=e.data;if((t||t.secret||t.message||t.value)&&!\/[^a-zA-Z0-9]\/.test(t.secret)){for(var s,r,n,a=l.querySelectorAll('iframe[data-secret=\"'+t.secret+'\"]'),o=l.querySelectorAll('blockquote[data-secret=\"'+t.secret+'\"]'),c=new RegExp(\"^https?:$\",\"i\"),i=0;i<o.length;i++)o[i].style.display=\"none\";for(i=0;i<a.length;i++)s=a[i],e.source===s.contentWindow&&(s.removeAttribute(\"style\"),\"height\"===t.message?(1e3<(r=parseInt(t.value,10))?r=1e3:~~r<200&&(r=200),s.height=r):\"link\"===t.message&&(r=new URL(s.getAttribute(\"src\")),n=new URL(t.value),c.test(n.protocol))&&n.host===r.host&&l.activeElement===s&&(d.top.location.href=t.value))}},d.addEventListener(\"message\",d.wp.receiveEmbedMessage,!1),l.addEventListener(\"DOMContentLoaded\",function(){for(var e,t,s=l.querySelectorAll(\"iframe.wp-embedded-content\"),r=0;r<s.length;r++)(t=(e=s[r]).getAttribute(\"data-secret\"))||(t=Math.random().toString(36).substring(2,12),e.src+=\"#?secret=\"+t,e.setAttribute(\"data-secret\",t)),e.contentWindow.postMessage({message:\"ready\",secret:t},\"*\")},!1)))}(window,document);\n\/\/# sourceURL=https:\/\/wp.kristdemokraterna.se\/uppsala\/wp-includes\/js\/wp-embed.min.js\n\/* ]]> *\/\n<\/script>\n","description":"Sedan 2016 arbetar Uppsala kommun med att ta fram en ny stadsdelsindelning. Ytterst anser vi att det \u00e4r en demokratifr\u00e5ga som m\u00e5ste s\u00f6ka sin legitimitet hos och vara utformad f\u00f6r stadens medborgare. Nu vill v\u00e4nsterstyret fatta beslut utan denna demokratiska f\u00f6rankring, d\u00e4r kommuninv\u00e5narna vanligtvis f\u00e5r inkomma med synpunkter p\u00e5 f\u00f6rslaget, innan deras f\u00f6rl\u00e4ngda vardagsrum m\u00f6bleras Read More","thumbnail_url":"https:\/\/wp.kristdemokraterna.se\/uppsala\/files\/2021\/12\/kom1.png","thumbnail_width":770,"thumbnail_height":404}