{"version":"1.0","provider_name":"Kristdemokraterna | Uppsala","provider_url":"https:\/\/wp.kristdemokraterna.se\/uppsala","title":"Fler kvinnor deltar i mammografi i dag | Kristdemokraterna | Uppsala","type":"rich","width":600,"height":338,"html":"<blockquote class=\"wp-embedded-content\" data-secret=\"2lIfeFjZEe\"><a href=\"https:\/\/wp.kristdemokraterna.se\/uppsala\/fler-kvinnor-deltar-i-mammografi-i-dag\/\">Fler kvinnor deltar i mammografi i dag<\/a><\/blockquote><iframe sandbox=\"allow-scripts\" security=\"restricted\" src=\"https:\/\/wp.kristdemokraterna.se\/uppsala\/fler-kvinnor-deltar-i-mammografi-i-dag\/embed\/#?secret=2lIfeFjZEe\" width=\"600\" height=\"338\" title=\"\u201dFler kvinnor deltar i mammografi i dag\u201d &ndash; Kristdemokraterna | Uppsala\" data-secret=\"2lIfeFjZEe\" frameborder=\"0\" marginwidth=\"0\" marginheight=\"0\" scrolling=\"no\" class=\"wp-embedded-content\"><\/iframe><script type=\"text\/javascript\">\n\/* <![CDATA[ *\/\n\/*! This file is auto-generated *\/\n!function(d,l){\"use strict\";l.querySelector&&d.addEventListener&&\"undefined\"!=typeof URL&&(d.wp=d.wp||{},d.wp.receiveEmbedMessage||(d.wp.receiveEmbedMessage=function(e){var t=e.data;if((t||t.secret||t.message||t.value)&&!\/[^a-zA-Z0-9]\/.test(t.secret)){for(var s,r,n,a=l.querySelectorAll('iframe[data-secret=\"'+t.secret+'\"]'),o=l.querySelectorAll('blockquote[data-secret=\"'+t.secret+'\"]'),c=new RegExp(\"^https?:$\",\"i\"),i=0;i<o.length;i++)o[i].style.display=\"none\";for(i=0;i<a.length;i++)s=a[i],e.source===s.contentWindow&&(s.removeAttribute(\"style\"),\"height\"===t.message?(1e3<(r=parseInt(t.value,10))?r=1e3:~~r<200&&(r=200),s.height=r):\"link\"===t.message&&(r=new URL(s.getAttribute(\"src\")),n=new URL(t.value),c.test(n.protocol))&&n.host===r.host&&l.activeElement===s&&(d.top.location.href=t.value))}},d.addEventListener(\"message\",d.wp.receiveEmbedMessage,!1),l.addEventListener(\"DOMContentLoaded\",function(){for(var e,t,s=l.querySelectorAll(\"iframe.wp-embedded-content\"),r=0;r<s.length;r++)(t=(e=s[r]).getAttribute(\"data-secret\"))||(t=Math.random().toString(36).substring(2,12),e.src+=\"#?secret=\"+t,e.setAttribute(\"data-secret\",t)),e.contentWindow.postMessage({message:\"ready\",secret:t},\"*\")},!1)))}(window,document);\n\/\/# sourceURL=https:\/\/wp.kristdemokraterna.se\/uppsala\/wp-includes\/js\/wp-embed.min.js\n\/* ]]> *\/\n<\/script>\n","thumbnail_url":"http:\/\/wp.kristdemokraterna.se\/uppsala\/files\/2014\/09\/doctor-563428_1920.jpg","thumbnail_width":1920,"thumbnail_height":1280,"description":"Replik i Arbetarbladet\u00a0p\u00e5 MP:s debattartikel om mammografi Milj\u00f6partiet h\u00e4vdar att centraliseringen lett till m\u00e5nga kvinnor uteblir fr\u00e5n mammografiscreening och att speciellt kvinnor med utl\u00e4ndsk h\u00e4rkomst drabbats. Den statistik som finns f\u00f6r Uppsala l\u00e4n ger inget st\u00f6d f\u00f6r p\u00e5st\u00e5endena.Vid \u00e5rsskiftet 2009 centraliserades mammografiscreeningen i v\u00e5rt l\u00e4n till Samariterhemmet i Uppsala. Anledningen till detta var att landstinget Read More"}