{"version":"1.0","provider_name":"Kristdemokraterna | Uppsala","provider_url":"https:\/\/wp.kristdemokraterna.se\/uppsala","title":"Ge f\u00f6r\u00e4ldrarna ers\u00e4ttning om kommunen inte ger f\u00f6rskola | Kristdemokraterna | Uppsala","type":"rich","width":600,"height":338,"html":"<blockquote class=\"wp-embedded-content\" data-secret=\"U6QoVqwcBm\"><a href=\"https:\/\/wp.kristdemokraterna.se\/uppsala\/ge-foraldrarna-ersattning-om-kommunen-inte-ger-forskola\/\">Ge f\u00f6r\u00e4ldrarna ers\u00e4ttning om kommunen inte ger f\u00f6rskola<\/a><\/blockquote><iframe sandbox=\"allow-scripts\" security=\"restricted\" src=\"https:\/\/wp.kristdemokraterna.se\/uppsala\/ge-foraldrarna-ersattning-om-kommunen-inte-ger-forskola\/embed\/#?secret=U6QoVqwcBm\" width=\"600\" height=\"338\" title=\"\u201dGe f\u00f6r\u00e4ldrarna ers\u00e4ttning om kommunen inte ger f\u00f6rskola\u201d &ndash; Kristdemokraterna | Uppsala\" data-secret=\"U6QoVqwcBm\" frameborder=\"0\" marginwidth=\"0\" marginheight=\"0\" scrolling=\"no\" class=\"wp-embedded-content\"><\/iframe><script type=\"text\/javascript\">\n\/* <![CDATA[ *\/\n\/*! This file is auto-generated *\/\n!function(d,l){\"use strict\";l.querySelector&&d.addEventListener&&\"undefined\"!=typeof URL&&(d.wp=d.wp||{},d.wp.receiveEmbedMessage||(d.wp.receiveEmbedMessage=function(e){var t=e.data;if((t||t.secret||t.message||t.value)&&!\/[^a-zA-Z0-9]\/.test(t.secret)){for(var s,r,n,a=l.querySelectorAll('iframe[data-secret=\"'+t.secret+'\"]'),o=l.querySelectorAll('blockquote[data-secret=\"'+t.secret+'\"]'),c=new RegExp(\"^https?:$\",\"i\"),i=0;i<o.length;i++)o[i].style.display=\"none\";for(i=0;i<a.length;i++)s=a[i],e.source===s.contentWindow&&(s.removeAttribute(\"style\"),\"height\"===t.message?(1e3<(r=parseInt(t.value,10))?r=1e3:~~r<200&&(r=200),s.height=r):\"link\"===t.message&&(r=new URL(s.getAttribute(\"src\")),n=new URL(t.value),c.test(n.protocol))&&n.host===r.host&&l.activeElement===s&&(d.top.location.href=t.value))}},d.addEventListener(\"message\",d.wp.receiveEmbedMessage,!1),l.addEventListener(\"DOMContentLoaded\",function(){for(var e,t,s=l.querySelectorAll(\"iframe.wp-embedded-content\"),r=0;r<s.length;r++)(t=(e=s[r]).getAttribute(\"data-secret\"))||(t=Math.random().toString(36).substring(2,12),e.src+=\"#?secret=\"+t,e.setAttribute(\"data-secret\",t)),e.contentWindow.postMessage({message:\"ready\",secret:t},\"*\")},!1)))}(window,document);\n\/\/# sourceURL=https:\/\/wp.kristdemokraterna.se\/uppsala\/wp-includes\/js\/wp-embed.min.js\n\/* ]]> *\/\n<\/script>\n","description":"Kristdemokraterna har i Uppsalalyft fr\u00e5gan om att kunna ge f\u00f6r\u00e4ldrar ers\u00e4ttning f\u00f6r utebliven f\u00f6rskoleplats om inte kommunen lyckats tillhandah\u00e5lla platsen inom de lagstadgade fyra m\u00e5naderna. Detta \u00e4r idag om\u00f6jligt f\u00f6r kommunerna att g\u00f6ra p\u00e5 grund av nationella hinder i lagstiftningen. KD v\u00e4lkomnar d\u00e4rf\u00f6r bitr\u00e4dande utbildningsminister Nyamko Sabunis utspel om att tvinga kommunerna till ers\u00e4ttning samt Read More","thumbnail_url":"https:\/\/wp.kristdemokraterna.se\/uppsala\/files\/2021\/12\/kom1.png","thumbnail_width":770,"thumbnail_height":404}