{"version":"1.0","provider_name":"Kristdemokraterna | Uppsala","provider_url":"https:\/\/wp.kristdemokraterna.se\/uppsala","title":"Interpellation om placering av flyktingar i familjehem | Kristdemokraterna | Uppsala","type":"rich","width":600,"height":338,"html":"<blockquote class=\"wp-embedded-content\" data-secret=\"sFyaA2MJXV\"><a href=\"https:\/\/wp.kristdemokraterna.se\/uppsala\/interpellation-om-placering-av-flyktingar\/\">Interpellation om placering av flyktingar i familjehem<\/a><\/blockquote><iframe sandbox=\"allow-scripts\" security=\"restricted\" src=\"https:\/\/wp.kristdemokraterna.se\/uppsala\/interpellation-om-placering-av-flyktingar\/embed\/#?secret=sFyaA2MJXV\" width=\"600\" height=\"338\" title=\"\u201dInterpellation om placering av flyktingar i familjehem\u201d &ndash; Kristdemokraterna | Uppsala\" data-secret=\"sFyaA2MJXV\" frameborder=\"0\" marginwidth=\"0\" marginheight=\"0\" scrolling=\"no\" class=\"wp-embedded-content\"><\/iframe><script type=\"text\/javascript\">\n\/* <![CDATA[ *\/\n\/*! This file is auto-generated *\/\n!function(d,l){\"use strict\";l.querySelector&&d.addEventListener&&\"undefined\"!=typeof URL&&(d.wp=d.wp||{},d.wp.receiveEmbedMessage||(d.wp.receiveEmbedMessage=function(e){var t=e.data;if((t||t.secret||t.message||t.value)&&!\/[^a-zA-Z0-9]\/.test(t.secret)){for(var s,r,n,a=l.querySelectorAll('iframe[data-secret=\"'+t.secret+'\"]'),o=l.querySelectorAll('blockquote[data-secret=\"'+t.secret+'\"]'),c=new RegExp(\"^https?:$\",\"i\"),i=0;i<o.length;i++)o[i].style.display=\"none\";for(i=0;i<a.length;i++)s=a[i],e.source===s.contentWindow&&(s.removeAttribute(\"style\"),\"height\"===t.message?(1e3<(r=parseInt(t.value,10))?r=1e3:~~r<200&&(r=200),s.height=r):\"link\"===t.message&&(r=new URL(s.getAttribute(\"src\")),n=new URL(t.value),c.test(n.protocol))&&n.host===r.host&&l.activeElement===s&&(d.top.location.href=t.value))}},d.addEventListener(\"message\",d.wp.receiveEmbedMessage,!1),l.addEventListener(\"DOMContentLoaded\",function(){for(var e,t,s=l.querySelectorAll(\"iframe.wp-embedded-content\"),r=0;r<s.length;r++)(t=(e=s[r]).getAttribute(\"data-secret\"))||(t=Math.random().toString(36).substring(2,12),e.src+=\"#?secret=\"+t,e.setAttribute(\"data-secret\",t)),e.contentWindow.postMessage({message:\"ready\",secret:t},\"*\")},!1)))}(window,document);\n\/\/# sourceURL=https:\/\/wp.kristdemokraterna.se\/uppsala\/wp-includes\/js\/wp-embed.min.js\n\/* ]]> *\/\n<\/script>\n","thumbnail_url":"http:\/\/wp.kristdemokraterna.se\/uppsala\/files\/2016\/01\/tba-e1453799399703.jpg","thumbnail_width":2830,"thumbnail_height":2106,"description":"Vi st\u00e5r nu inf\u00f6r ett omfattande arbete i Sverige och Uppsala att ta emot alla de som s\u00f6ker asyl, och som har f\u00e5tt eller kommer att beviljas asyl. Det g\u00e4ller s\u00e5v\u00e4l ensamkommande flyktingbarn som vuxna asyls\u00f6kande, b\u00e5de ensamst\u00e5ende och familjer.\u00a0F\u00f6r Uppsalas del st\u00e4ller det krav p\u00e5 ett aktivt agerande f\u00f6r att ta vara p\u00e5 den Read More"}