{"version":"1.0","provider_name":"Kristdemokraterna | Uppsala","provider_url":"https:\/\/wp.kristdemokraterna.se\/uppsala","title":"Kampanj p\u00e5 Forumtorget | Kristdemokraterna | Uppsala","type":"rich","width":600,"height":338,"html":"<blockquote class=\"wp-embedded-content\" data-secret=\"U6Ymjy1iiK\"><a href=\"https:\/\/wp.kristdemokraterna.se\/uppsala\/kampanj-pa-forumtorget\/\">Kampanj p\u00e5 Forumtorget<\/a><\/blockquote><iframe sandbox=\"allow-scripts\" security=\"restricted\" src=\"https:\/\/wp.kristdemokraterna.se\/uppsala\/kampanj-pa-forumtorget\/embed\/#?secret=U6Ymjy1iiK\" width=\"600\" height=\"338\" title=\"\u201dKampanj p\u00e5 Forumtorget\u201d &ndash; Kristdemokraterna | Uppsala\" data-secret=\"U6Ymjy1iiK\" frameborder=\"0\" marginwidth=\"0\" marginheight=\"0\" scrolling=\"no\" class=\"wp-embedded-content\"><\/iframe><script type=\"text\/javascript\">\n\/* <![CDATA[ *\/\n\/*! This file is auto-generated *\/\n!function(d,l){\"use strict\";l.querySelector&&d.addEventListener&&\"undefined\"!=typeof URL&&(d.wp=d.wp||{},d.wp.receiveEmbedMessage||(d.wp.receiveEmbedMessage=function(e){var t=e.data;if((t||t.secret||t.message||t.value)&&!\/[^a-zA-Z0-9]\/.test(t.secret)){for(var s,r,n,a=l.querySelectorAll('iframe[data-secret=\"'+t.secret+'\"]'),o=l.querySelectorAll('blockquote[data-secret=\"'+t.secret+'\"]'),c=new RegExp(\"^https?:$\",\"i\"),i=0;i<o.length;i++)o[i].style.display=\"none\";for(i=0;i<a.length;i++)s=a[i],e.source===s.contentWindow&&(s.removeAttribute(\"style\"),\"height\"===t.message?(1e3<(r=parseInt(t.value,10))?r=1e3:~~r<200&&(r=200),s.height=r):\"link\"===t.message&&(r=new URL(s.getAttribute(\"src\")),n=new URL(t.value),c.test(n.protocol))&&n.host===r.host&&l.activeElement===s&&(d.top.location.href=t.value))}},d.addEventListener(\"message\",d.wp.receiveEmbedMessage,!1),l.addEventListener(\"DOMContentLoaded\",function(){for(var e,t,s=l.querySelectorAll(\"iframe.wp-embedded-content\"),r=0;r<s.length;r++)(t=(e=s[r]).getAttribute(\"data-secret\"))||(t=Math.random().toString(36).substring(2,12),e.src+=\"#?secret=\"+t,e.setAttribute(\"data-secret\",t)),e.contentWindow.postMessage({message:\"ready\",secret:t},\"*\")},!1)))}(window,document);\n\/\/# sourceURL=https:\/\/wp.kristdemokraterna.se\/uppsala\/wp-includes\/js\/wp-embed.min.js\n\/* ]]> *\/\n<\/script>\n","description":"Vid lunchtid 14 december\u00a0kampanjade Kristdemokraterna i Uppsala p\u00e5 Forumtorget. Vi delade ut gl\u00f6gg, pepparkakor och\u00a0v\u00e5r nya Lucia-kampanj. Trots den kyliga temperaturen blev kampanjen mycket uppskattad! Den nya kampanjen fokuserar p\u00e5 g\u00e5voavdraget som tack vare Kristdemokraterna\u00a0tr\u00e4dde i kraft 1 januari 2012. Vi vill ut\u00f6ka detta avdrag ytterligare.\u00a0F\u00f6r att l\u00e4sa mer om den nya kampanjen se h\u00e4r.\u00a0\u00a0","thumbnail_url":"http:\/\/wp.kristdemokraterna.se\/uppsala\/files\/2013\/12\/kampanj.-KD-Uppsala.-300x300.jpg"}