{"version":"1.0","provider_name":"Kristdemokraterna | Uppsala","provider_url":"https:\/\/wp.kristdemokraterna.se\/uppsala","title":"KD: Dags f\u00f6r nationell t\u00e4vlingsstandard p\u00e5 skidskyttet i Storvreta | Kristdemokraterna | Uppsala","type":"rich","width":600,"height":338,"html":"<blockquote class=\"wp-embedded-content\" data-secret=\"YR0yrk21a5\"><a href=\"https:\/\/wp.kristdemokraterna.se\/uppsala\/kd-dags-for-nationell-tavlingsstandard\/\">KD: Dags f\u00f6r nationell t\u00e4vlingsstandard p\u00e5 skidskyttet i Storvreta<\/a><\/blockquote><iframe sandbox=\"allow-scripts\" security=\"restricted\" src=\"https:\/\/wp.kristdemokraterna.se\/uppsala\/kd-dags-for-nationell-tavlingsstandard\/embed\/#?secret=YR0yrk21a5\" width=\"600\" height=\"338\" title=\"\u201dKD: Dags f\u00f6r nationell t\u00e4vlingsstandard p\u00e5 skidskyttet i Storvreta\u201d &ndash; Kristdemokraterna | Uppsala\" data-secret=\"YR0yrk21a5\" frameborder=\"0\" marginwidth=\"0\" marginheight=\"0\" scrolling=\"no\" class=\"wp-embedded-content\"><\/iframe><script type=\"text\/javascript\">\n\/* <![CDATA[ *\/\n\/*! This file is auto-generated *\/\n!function(d,l){\"use strict\";l.querySelector&&d.addEventListener&&\"undefined\"!=typeof URL&&(d.wp=d.wp||{},d.wp.receiveEmbedMessage||(d.wp.receiveEmbedMessage=function(e){var t=e.data;if((t||t.secret||t.message||t.value)&&!\/[^a-zA-Z0-9]\/.test(t.secret)){for(var s,r,n,a=l.querySelectorAll('iframe[data-secret=\"'+t.secret+'\"]'),o=l.querySelectorAll('blockquote[data-secret=\"'+t.secret+'\"]'),c=new RegExp(\"^https?:$\",\"i\"),i=0;i<o.length;i++)o[i].style.display=\"none\";for(i=0;i<a.length;i++)s=a[i],e.source===s.contentWindow&&(s.removeAttribute(\"style\"),\"height\"===t.message?(1e3<(r=parseInt(t.value,10))?r=1e3:~~r<200&&(r=200),s.height=r):\"link\"===t.message&&(r=new URL(s.getAttribute(\"src\")),n=new URL(t.value),c.test(n.protocol))&&n.host===r.host&&l.activeElement===s&&(d.top.location.href=t.value))}},d.addEventListener(\"message\",d.wp.receiveEmbedMessage,!1),l.addEventListener(\"DOMContentLoaded\",function(){for(var e,t,s=l.querySelectorAll(\"iframe.wp-embedded-content\"),r=0;r<s.length;r++)(t=(e=s[r]).getAttribute(\"data-secret\"))||(t=Math.random().toString(36).substring(2,12),e.src+=\"#?secret=\"+t,e.setAttribute(\"data-secret\",t)),e.contentWindow.postMessage({message:\"ready\",secret:t},\"*\")},!1)))}(window,document);\n\/\/# sourceURL=https:\/\/wp.kristdemokraterna.se\/uppsala\/wp-includes\/js\/wp-embed.min.js\n\/* ]]> *\/\n<\/script>\n","description":"I en motion till kommunfullm\u00e4ktige den 26 maj f\u00f6resl\u00e5r Kristdemokraterna att rusta upp skidskyttebanan i Storvreta s\u00e5 att den f\u00e5r nationell t\u00e4vlingsstandard. Det som saknas \u00e4r ett antal digitala m\u00e5l och en l\u00e4ktare f\u00f6r funktion\u00e4rer och publik &#8211; \u00f6vriga miljonupprustningar har f\u00f6reningen redan betalat sj\u00e4lva. Sedan s\u00e4songen 2009\/2010 \u00e4r Storvreta IK Skidor \u00e4r medlemmar i Read More","thumbnail_url":"https:\/\/wp.kristdemokraterna.se\/uppsala\/files\/2021\/12\/kom1.png","thumbnail_width":770,"thumbnail_height":404}