{"version":"1.0","provider_name":"Kristdemokraterna | Uppsala","provider_url":"https:\/\/wp.kristdemokraterna.se\/uppsala","title":"Politiska f\u00f6retr\u00e4dare i Uppsala kommun | Kristdemokraterna | Uppsala","type":"rich","width":600,"height":338,"html":"<blockquote class=\"wp-embedded-content\" data-secret=\"UEFMiikts4\"><a href=\"https:\/\/wp.kristdemokraterna.se\/uppsala\/kd-i-uppsala-kommun\/foretradare-i-uppsala-kommun\/\">Politiska f\u00f6retr\u00e4dare i Uppsala kommun<\/a><\/blockquote><iframe sandbox=\"allow-scripts\" security=\"restricted\" src=\"https:\/\/wp.kristdemokraterna.se\/uppsala\/kd-i-uppsala-kommun\/foretradare-i-uppsala-kommun\/embed\/#?secret=UEFMiikts4\" width=\"600\" height=\"338\" title=\"\u201dPolitiska f\u00f6retr\u00e4dare i Uppsala kommun\u201d &ndash; Kristdemokraterna | Uppsala\" data-secret=\"UEFMiikts4\" frameborder=\"0\" marginwidth=\"0\" marginheight=\"0\" scrolling=\"no\" class=\"wp-embedded-content\"><\/iframe><script type=\"text\/javascript\">\n\/* <![CDATA[ *\/\n\/*! This file is auto-generated *\/\n!function(d,l){\"use strict\";l.querySelector&&d.addEventListener&&\"undefined\"!=typeof URL&&(d.wp=d.wp||{},d.wp.receiveEmbedMessage||(d.wp.receiveEmbedMessage=function(e){var t=e.data;if((t||t.secret||t.message||t.value)&&!\/[^a-zA-Z0-9]\/.test(t.secret)){for(var s,r,n,a=l.querySelectorAll('iframe[data-secret=\"'+t.secret+'\"]'),o=l.querySelectorAll('blockquote[data-secret=\"'+t.secret+'\"]'),c=new RegExp(\"^https?:$\",\"i\"),i=0;i<o.length;i++)o[i].style.display=\"none\";for(i=0;i<a.length;i++)s=a[i],e.source===s.contentWindow&&(s.removeAttribute(\"style\"),\"height\"===t.message?(1e3<(r=parseInt(t.value,10))?r=1e3:~~r<200&&(r=200),s.height=r):\"link\"===t.message&&(r=new URL(s.getAttribute(\"src\")),n=new URL(t.value),c.test(n.protocol))&&n.host===r.host&&l.activeElement===s&&(d.top.location.href=t.value))}},d.addEventListener(\"message\",d.wp.receiveEmbedMessage,!1),l.addEventListener(\"DOMContentLoaded\",function(){for(var e,t,s=l.querySelectorAll(\"iframe.wp-embedded-content\"),r=0;r<s.length;r++)(t=(e=s[r]).getAttribute(\"data-secret\"))||(t=Math.random().toString(36).substring(2,12),e.src+=\"#?secret=\"+t,e.setAttribute(\"data-secret\",t)),e.contentWindow.postMessage({message:\"ready\",secret:t},\"*\")},!1)))}(window,document);\n\/\/# sourceURL=https:\/\/wp.kristdemokraterna.se\/uppsala\/wp-includes\/js\/wp-embed.min.js\n\/* ]]> *\/\n<\/script>\n","description":"Jonas Segersam, Kommunalr\u00e5d Gruppledare \u00c4ldren\u00e4mnden vice ordf\u00f6rande Kommunstyrelsen inkl. arbetsutskott ledamot Kommunfullm\u00e4ktige ledamot Evelina Solem Kommunfullm\u00e4ktige ledamot J\u00e4mst\u00e4lldhetsr\u00e5det vice ordf\u00f6rande Omsorgsn\u00e4mnden ledamot Eva Moberg Kommunfullm\u00e4ktige ledamot Arbetsmarknadsn\u00e4mnden ledamot Christian Hermanson Kommunfullm\u00e4ktige ledamot R\u00e4ddningsn\u00e4mnden vice ordf\u00f6rande Magnus Wikberg Kommunfullm\u00e4ktige ledamot Uppsala Konsert och Kongress AB\u00a0vice ordf\u00f6rande Plan- och byggnadsn\u00e4mnden ledamot Leif Bostr\u00f6m Kommunfullm\u00e4ktige ledamot Socialn\u00e4mnden ledamot Read More","thumbnail_url":"https:\/\/wp.kristdemokraterna.se\/uppsala\/files\/2023\/10\/jonas-rund.png","thumbnail_width":1080,"thumbnail_height":1080}