{"version":"1.0","provider_name":"Kristdemokraterna | Uppsala","provider_url":"https:\/\/wp.kristdemokraterna.se\/uppsala","title":"(KD): Inf\u00f6r palliativt team f\u00f6r kommunens \u00e4ldreboenden | Kristdemokraterna | Uppsala","type":"rich","width":600,"height":338,"html":"<blockquote class=\"wp-embedded-content\" data-secret=\"sof3rLgr2T\"><a href=\"https:\/\/wp.kristdemokraterna.se\/uppsala\/kd-infor-palliativt-team-for-kommunens-aldreboenden\/\">(KD): Inf\u00f6r palliativt team f\u00f6r kommunens \u00e4ldreboenden<\/a><\/blockquote><iframe sandbox=\"allow-scripts\" security=\"restricted\" src=\"https:\/\/wp.kristdemokraterna.se\/uppsala\/kd-infor-palliativt-team-for-kommunens-aldreboenden\/embed\/#?secret=sof3rLgr2T\" width=\"600\" height=\"338\" title=\"\u201d(KD): Inf\u00f6r palliativt team f\u00f6r kommunens \u00e4ldreboenden\u201d &ndash; Kristdemokraterna | Uppsala\" data-secret=\"sof3rLgr2T\" frameborder=\"0\" marginwidth=\"0\" marginheight=\"0\" scrolling=\"no\" class=\"wp-embedded-content\"><\/iframe><script type=\"text\/javascript\">\n\/* <![CDATA[ *\/\n\/*! This file is auto-generated *\/\n!function(d,l){\"use strict\";l.querySelector&&d.addEventListener&&\"undefined\"!=typeof URL&&(d.wp=d.wp||{},d.wp.receiveEmbedMessage||(d.wp.receiveEmbedMessage=function(e){var t=e.data;if((t||t.secret||t.message||t.value)&&!\/[^a-zA-Z0-9]\/.test(t.secret)){for(var s,r,n,a=l.querySelectorAll('iframe[data-secret=\"'+t.secret+'\"]'),o=l.querySelectorAll('blockquote[data-secret=\"'+t.secret+'\"]'),c=new RegExp(\"^https?:$\",\"i\"),i=0;i<o.length;i++)o[i].style.display=\"none\";for(i=0;i<a.length;i++)s=a[i],e.source===s.contentWindow&&(s.removeAttribute(\"style\"),\"height\"===t.message?(1e3<(r=parseInt(t.value,10))?r=1e3:~~r<200&&(r=200),s.height=r):\"link\"===t.message&&(r=new URL(s.getAttribute(\"src\")),n=new URL(t.value),c.test(n.protocol))&&n.host===r.host&&l.activeElement===s&&(d.top.location.href=t.value))}},d.addEventListener(\"message\",d.wp.receiveEmbedMessage,!1),l.addEventListener(\"DOMContentLoaded\",function(){for(var e,t,s=l.querySelectorAll(\"iframe.wp-embedded-content\"),r=0;r<s.length;r++)(t=(e=s[r]).getAttribute(\"data-secret\"))||(t=Math.random().toString(36).substring(2,12),e.src+=\"#?secret=\"+t,e.setAttribute(\"data-secret\",t)),e.contentWindow.postMessage({message:\"ready\",secret:t},\"*\")},!1)))}(window,document);\n\/\/# sourceURL=https:\/\/wp.kristdemokraterna.se\/uppsala\/wp-includes\/js\/wp-embed.min.js\n\/* ]]> *\/\n<\/script>\n","thumbnail_url":"http:\/\/wp.kristdemokraterna.se\/uppsala\/files\/2014\/09\/doctor-563428_1920.jpg","thumbnail_width":1920,"thumbnail_height":1280,"description":"11\/3 2017 skriver Kristdemokraterna om palliativ v\u00e5rd i UNT. L\u00e4s artikeln i sin helhet genom att klicka h\u00e4r. Den palliativa v\u00e5rden (v\u00e5rd vid livets slut) \u00e4r mycket viktig f\u00f6r att kunna ge ett s\u00e5 fridfullt avslut som m\u00f6jligt.\u00a0Tyv\u00e4rr \u00e4r den h\u00e4r typen av v\u00e5rd ett eftersatt omr\u00e5de generellt, och personal p\u00e5 v\u00e5ra \u00e4ldreboenden kan i Read More"}