{"version":"1.0","provider_name":"Kristdemokraterna | Uppsala","provider_url":"https:\/\/wp.kristdemokraterna.se\/uppsala","title":"KD kampanj i B\u00e5lsta p\u00e5 nationaldagen. | Kristdemokraterna | Uppsala","type":"rich","width":600,"height":338,"html":"<blockquote class=\"wp-embedded-content\" data-secret=\"ijtCtUVGin\"><a href=\"https:\/\/wp.kristdemokraterna.se\/uppsala\/kd-kampanj-i-balsta-pa-nationaldagen\/\">KD kampanj i B\u00e5lsta p\u00e5 nationaldagen.<\/a><\/blockquote><iframe sandbox=\"allow-scripts\" security=\"restricted\" src=\"https:\/\/wp.kristdemokraterna.se\/uppsala\/kd-kampanj-i-balsta-pa-nationaldagen\/embed\/#?secret=ijtCtUVGin\" width=\"600\" height=\"338\" title=\"\u201dKD kampanj i B\u00e5lsta p\u00e5 nationaldagen.\u201d &ndash; Kristdemokraterna | Uppsala\" data-secret=\"ijtCtUVGin\" frameborder=\"0\" marginwidth=\"0\" marginheight=\"0\" scrolling=\"no\" class=\"wp-embedded-content\"><\/iframe><script type=\"text\/javascript\">\n\/* <![CDATA[ *\/\n\/*! This file is auto-generated *\/\n!function(d,l){\"use strict\";l.querySelector&&d.addEventListener&&\"undefined\"!=typeof URL&&(d.wp=d.wp||{},d.wp.receiveEmbedMessage||(d.wp.receiveEmbedMessage=function(e){var t=e.data;if((t||t.secret||t.message||t.value)&&!\/[^a-zA-Z0-9]\/.test(t.secret)){for(var s,r,n,a=l.querySelectorAll('iframe[data-secret=\"'+t.secret+'\"]'),o=l.querySelectorAll('blockquote[data-secret=\"'+t.secret+'\"]'),c=new RegExp(\"^https?:$\",\"i\"),i=0;i<o.length;i++)o[i].style.display=\"none\";for(i=0;i<a.length;i++)s=a[i],e.source===s.contentWindow&&(s.removeAttribute(\"style\"),\"height\"===t.message?(1e3<(r=parseInt(t.value,10))?r=1e3:~~r<200&&(r=200),s.height=r):\"link\"===t.message&&(r=new URL(s.getAttribute(\"src\")),n=new URL(t.value),c.test(n.protocol))&&n.host===r.host&&l.activeElement===s&&(d.top.location.href=t.value))}},d.addEventListener(\"message\",d.wp.receiveEmbedMessage,!1),l.addEventListener(\"DOMContentLoaded\",function(){for(var e,t,s=l.querySelectorAll(\"iframe.wp-embedded-content\"),r=0;r<s.length;r++)(t=(e=s[r]).getAttribute(\"data-secret\"))||(t=Math.random().toString(36).substring(2,12),e.src+=\"#?secret=\"+t,e.setAttribute(\"data-secret\",t)),e.contentWindow.postMessage({message:\"ready\",secret:t},\"*\")},!1)))}(window,document);\n\/\/# sourceURL=https:\/\/wp.kristdemokraterna.se\/uppsala\/wp-includes\/js\/wp-embed.min.js\n\/* ]]> *\/\n<\/script>\n","description":"Kristdemokraternas H\u00e5boavdelning var ute och m\u00f6tte folk p\u00e5 nationaldagsfirandet i gamla B\u00e5lsta centrum. En del av Stockholmsv\u00e4gen st\u00e4ngs av f\u00f6r trafik och blir en fin g\u00e5gata.\u00a0 Som vanligt var gasfyllda ballonger mycket uppskattat av B\u00e5lstas yngre befolkning. Vi fick \u00e4ven en del fina samtal kring bl a familjepolitiken. Trine fr\u00e5n Uppsala var med och f\u00f6rst\u00e4rkte Read More","thumbnail_url":"https:\/\/wp.kristdemokraterna.se\/uppsala\/files\/2021\/12\/kom1.png","thumbnail_width":770,"thumbnail_height":404}