{"version":"1.0","provider_name":"Kristdemokraterna | Uppsala","provider_url":"https:\/\/wp.kristdemokraterna.se\/uppsala","title":"KD-kravet: Granska arbetsmilj\u00f6n inom barnomsorgen | Kristdemokraterna | Uppsala","type":"rich","width":600,"height":338,"html":"<blockquote class=\"wp-embedded-content\" data-secret=\"7RPOhsYD7w\"><a href=\"https:\/\/wp.kristdemokraterna.se\/uppsala\/kd-kravet-granska-arbetsmiljon-inom-barnomsorgen\/\">KD-kravet: Granska arbetsmilj\u00f6n inom barnomsorgen<\/a><\/blockquote><iframe sandbox=\"allow-scripts\" security=\"restricted\" src=\"https:\/\/wp.kristdemokraterna.se\/uppsala\/kd-kravet-granska-arbetsmiljon-inom-barnomsorgen\/embed\/#?secret=7RPOhsYD7w\" width=\"600\" height=\"338\" title=\"\u201dKD-kravet: Granska arbetsmilj\u00f6n inom barnomsorgen\u201d &ndash; Kristdemokraterna | Uppsala\" data-secret=\"7RPOhsYD7w\" frameborder=\"0\" marginwidth=\"0\" marginheight=\"0\" scrolling=\"no\" class=\"wp-embedded-content\"><\/iframe><script type=\"text\/javascript\">\n\/* <![CDATA[ *\/\n\/*! This file is auto-generated *\/\n!function(d,l){\"use strict\";l.querySelector&&d.addEventListener&&\"undefined\"!=typeof URL&&(d.wp=d.wp||{},d.wp.receiveEmbedMessage||(d.wp.receiveEmbedMessage=function(e){var t=e.data;if((t||t.secret||t.message||t.value)&&!\/[^a-zA-Z0-9]\/.test(t.secret)){for(var s,r,n,a=l.querySelectorAll('iframe[data-secret=\"'+t.secret+'\"]'),o=l.querySelectorAll('blockquote[data-secret=\"'+t.secret+'\"]'),c=new RegExp(\"^https?:$\",\"i\"),i=0;i<o.length;i++)o[i].style.display=\"none\";for(i=0;i<a.length;i++)s=a[i],e.source===s.contentWindow&&(s.removeAttribute(\"style\"),\"height\"===t.message?(1e3<(r=parseInt(t.value,10))?r=1e3:~~r<200&&(r=200),s.height=r):\"link\"===t.message&&(r=new URL(s.getAttribute(\"src\")),n=new URL(t.value),c.test(n.protocol))&&n.host===r.host&&l.activeElement===s&&(d.top.location.href=t.value))}},d.addEventListener(\"message\",d.wp.receiveEmbedMessage,!1),l.addEventListener(\"DOMContentLoaded\",function(){for(var e,t,s=l.querySelectorAll(\"iframe.wp-embedded-content\"),r=0;r<s.length;r++)(t=(e=s[r]).getAttribute(\"data-secret\"))||(t=Math.random().toString(36).substring(2,12),e.src+=\"#?secret=\"+t,e.setAttribute(\"data-secret\",t)),e.contentWindow.postMessage({message:\"ready\",secret:t},\"*\")},!1)))}(window,document);\n\/\/# sourceURL=https:\/\/wp.kristdemokraterna.se\/uppsala\/wp-includes\/js\/wp-embed.min.js\n\/* ]]> *\/\n<\/script>\n","thumbnail_url":"http:\/\/wp.kristdemokraterna.se\/uppsala\/files\/2015\/11\/forskola.jpg","thumbnail_width":1920,"thumbnail_height":1275,"description":"Studier visar att utbr\u00e4ndhet och ljudtr\u00f6tthet \u00e4r vanligare inom barnomsorgen \u00e4n inom andra yrken. Om arbetsmilj\u00f6n \u00e4r d\u00e5lig f\u00f6r personalen kan vi utg\u00e5 fr\u00e5n att den ocks\u00e5 \u00e4r d\u00e5lig f\u00f6r barnen.\u00a0 Nu vill Kristdemokraterna i Uppsala s\u00e4rskilt utreda arbetsmilj\u00f6n p\u00e5 kommunens f\u00f6rskolor. \u00a0\u00c5r 2011 genomf\u00f6rdes en studie av Fredrik Sj\u00f6din m fl i Ume\u00e5. Den Read More"}