{"version":"1.0","provider_name":"Kristdemokraterna | Uppsala","provider_url":"https:\/\/wp.kristdemokraterna.se\/uppsala","title":"KD: Sj\u00e4lvklart att syskonf\u00f6rtur ska g\u00e4lla | Kristdemokraterna | Uppsala","type":"rich","width":600,"height":338,"html":"<blockquote class=\"wp-embedded-content\" data-secret=\"x1mj3Cri6e\"><a href=\"https:\/\/wp.kristdemokraterna.se\/uppsala\/kd-sjalvklart-att-syskonfortur-ska-galla\/\">KD: Sj\u00e4lvklart att syskonf\u00f6rtur ska g\u00e4lla<\/a><\/blockquote><iframe sandbox=\"allow-scripts\" security=\"restricted\" src=\"https:\/\/wp.kristdemokraterna.se\/uppsala\/kd-sjalvklart-att-syskonfortur-ska-galla\/embed\/#?secret=x1mj3Cri6e\" width=\"600\" height=\"338\" title=\"\u201dKD: Sj\u00e4lvklart att syskonf\u00f6rtur ska g\u00e4lla\u201d &ndash; Kristdemokraterna | Uppsala\" data-secret=\"x1mj3Cri6e\" frameborder=\"0\" marginwidth=\"0\" marginheight=\"0\" scrolling=\"no\" class=\"wp-embedded-content\"><\/iframe><script type=\"text\/javascript\">\n\/* <![CDATA[ *\/\n\/*! This file is auto-generated *\/\n!function(d,l){\"use strict\";l.querySelector&&d.addEventListener&&\"undefined\"!=typeof URL&&(d.wp=d.wp||{},d.wp.receiveEmbedMessage||(d.wp.receiveEmbedMessage=function(e){var t=e.data;if((t||t.secret||t.message||t.value)&&!\/[^a-zA-Z0-9]\/.test(t.secret)){for(var s,r,n,a=l.querySelectorAll('iframe[data-secret=\"'+t.secret+'\"]'),o=l.querySelectorAll('blockquote[data-secret=\"'+t.secret+'\"]'),c=new RegExp(\"^https?:$\",\"i\"),i=0;i<o.length;i++)o[i].style.display=\"none\";for(i=0;i<a.length;i++)s=a[i],e.source===s.contentWindow&&(s.removeAttribute(\"style\"),\"height\"===t.message?(1e3<(r=parseInt(t.value,10))?r=1e3:~~r<200&&(r=200),s.height=r):\"link\"===t.message&&(r=new URL(s.getAttribute(\"src\")),n=new URL(t.value),c.test(n.protocol))&&n.host===r.host&&l.activeElement===s&&(d.top.location.href=t.value))}},d.addEventListener(\"message\",d.wp.receiveEmbedMessage,!1),l.addEventListener(\"DOMContentLoaded\",function(){for(var e,t,s=l.querySelectorAll(\"iframe.wp-embedded-content\"),r=0;r<s.length;r++)(t=(e=s[r]).getAttribute(\"data-secret\"))||(t=Math.random().toString(36).substring(2,12),e.src+=\"#?secret=\"+t,e.setAttribute(\"data-secret\",t)),e.contentWindow.postMessage({message:\"ready\",secret:t},\"*\")},!1)))}(window,document);\n\/\/# sourceURL=https:\/\/wp.kristdemokraterna.se\/uppsala\/wp-includes\/js\/wp-embed.min.js\n\/* ]]> *\/\n<\/script>\n","description":"S\u00e5 kom till slut beskedet \u2013 h\u00f6gsta r\u00e4ttsinstans har meddelat att syskonf\u00f6rtur strider mot skollagen. Uppsala kommun tvingas nu g\u00f6ra om urvalet trots att alla f\u00f6r\u00e4ldrar redan gjort sina val. Detta \u00e4r n\u00e5got som uppr\u00f6r f\u00f6r\u00e4ldrar likv\u00e4l som kristdemokraternas Jonas Segersam, 2:e vice ordf\u00f6rande i utbildningsn\u00e4mnden. &#8211;\u00a0\u00a0\u00a0\u00a0\u00a0\u00a0\u00a0 Jag \u00e4r v\u00e4ldigt besviken, kommenterar Segersam. F\u00f6r mig Read More","thumbnail_url":"https:\/\/wp.kristdemokraterna.se\/uppsala\/files\/2021\/12\/kom1.png","thumbnail_width":770,"thumbnail_height":404}