{"version":"1.0","provider_name":"Kristdemokraterna | Uppsala","provider_url":"https:\/\/wp.kristdemokraterna.se\/uppsala","title":"KD tar strid f\u00f6r friskolesystemet | Kristdemokraterna | Uppsala","type":"rich","width":600,"height":338,"html":"<blockquote class=\"wp-embedded-content\" data-secret=\"tMkilskdRk\"><a href=\"https:\/\/wp.kristdemokraterna.se\/uppsala\/kd-tar-strid-for-friskolesystemet\/\">KD tar strid f\u00f6r friskolesystemet<\/a><\/blockquote><iframe sandbox=\"allow-scripts\" security=\"restricted\" src=\"https:\/\/wp.kristdemokraterna.se\/uppsala\/kd-tar-strid-for-friskolesystemet\/embed\/#?secret=tMkilskdRk\" width=\"600\" height=\"338\" title=\"\u201dKD tar strid f\u00f6r friskolesystemet\u201d &ndash; Kristdemokraterna | Uppsala\" data-secret=\"tMkilskdRk\" frameborder=\"0\" marginwidth=\"0\" marginheight=\"0\" scrolling=\"no\" class=\"wp-embedded-content\"><\/iframe><script type=\"text\/javascript\">\n\/* <![CDATA[ *\/\n\/*! This file is auto-generated *\/\n!function(d,l){\"use strict\";l.querySelector&&d.addEventListener&&\"undefined\"!=typeof URL&&(d.wp=d.wp||{},d.wp.receiveEmbedMessage||(d.wp.receiveEmbedMessage=function(e){var t=e.data;if((t||t.secret||t.message||t.value)&&!\/[^a-zA-Z0-9]\/.test(t.secret)){for(var s,r,n,a=l.querySelectorAll('iframe[data-secret=\"'+t.secret+'\"]'),o=l.querySelectorAll('blockquote[data-secret=\"'+t.secret+'\"]'),c=new RegExp(\"^https?:$\",\"i\"),i=0;i<o.length;i++)o[i].style.display=\"none\";for(i=0;i<a.length;i++)s=a[i],e.source===s.contentWindow&&(s.removeAttribute(\"style\"),\"height\"===t.message?(1e3<(r=parseInt(t.value,10))?r=1e3:~~r<200&&(r=200),s.height=r):\"link\"===t.message&&(r=new URL(s.getAttribute(\"src\")),n=new URL(t.value),c.test(n.protocol))&&n.host===r.host&&l.activeElement===s&&(d.top.location.href=t.value))}},d.addEventListener(\"message\",d.wp.receiveEmbedMessage,!1),l.addEventListener(\"DOMContentLoaded\",function(){for(var e,t,s=l.querySelectorAll(\"iframe.wp-embedded-content\"),r=0;r<s.length;r++)(t=(e=s[r]).getAttribute(\"data-secret\"))||(t=Math.random().toString(36).substring(2,12),e.src+=\"#?secret=\"+t,e.setAttribute(\"data-secret\",t)),e.contentWindow.postMessage({message:\"ready\",secret:t},\"*\")},!1)))}(window,document);\n\/\/# sourceURL=https:\/\/wp.kristdemokraterna.se\/uppsala\/wp-includes\/js\/wp-embed.min.js\n\/* ]]> *\/\n<\/script>\n","thumbnail_url":"http:\/\/wp.kristdemokraterna.se\/uppsala\/files\/2018\/04\/trion-e1522835136992.png","thumbnail_width":700,"thumbnail_height":253,"description":"Socialdemokraterna vill st\u00e4nga v\u00e4l fungerande skolor &nbsp; \u201dSvensk skola ska vara fri fr\u00e5n konfessionella inslag\u201d skriver civilminister Ardalan Shekarabi i Aftonbladet den 13 mars. \u00a0 Vi ser med f\u00f6rf\u00e4ran hur Ardalan Shekarabi j\u00e4mf\u00f6r svenska konfessionella skolor med hans egna erfarenheter fr\u00e5n Irans religi\u00f6sa diktatur d\u00e4r samh\u00e4llet och lagar grundas p\u00e5 koranen och sharia. \u00a0 Att Read More"}