{"version":"1.0","provider_name":"Kristdemokraterna | Uppsala","provider_url":"https:\/\/wp.kristdemokraterna.se\/uppsala","title":"KD: Utveckla Linn\u00e9stigarna och Uppsalas friluftsomr\u00e5den | Kristdemokraterna | Uppsala","type":"rich","width":600,"height":338,"html":"<blockquote class=\"wp-embedded-content\" data-secret=\"eldKd3Opkl\"><a href=\"https:\/\/wp.kristdemokraterna.se\/uppsala\/kd-utveckla-linnestigarna-och-uppsalas-friluftsomraden\/\">KD: Utveckla Linn\u00e9stigarna och Uppsalas friluftsomr\u00e5den<\/a><\/blockquote><iframe sandbox=\"allow-scripts\" security=\"restricted\" src=\"https:\/\/wp.kristdemokraterna.se\/uppsala\/kd-utveckla-linnestigarna-och-uppsalas-friluftsomraden\/embed\/#?secret=eldKd3Opkl\" width=\"600\" height=\"338\" title=\"\u201dKD: Utveckla Linn\u00e9stigarna och Uppsalas friluftsomr\u00e5den\u201d &ndash; Kristdemokraterna | Uppsala\" data-secret=\"eldKd3Opkl\" frameborder=\"0\" marginwidth=\"0\" marginheight=\"0\" scrolling=\"no\" class=\"wp-embedded-content\"><\/iframe><script type=\"text\/javascript\">\n\/* <![CDATA[ *\/\n\/*! This file is auto-generated *\/\n!function(d,l){\"use strict\";l.querySelector&&d.addEventListener&&\"undefined\"!=typeof URL&&(d.wp=d.wp||{},d.wp.receiveEmbedMessage||(d.wp.receiveEmbedMessage=function(e){var t=e.data;if((t||t.secret||t.message||t.value)&&!\/[^a-zA-Z0-9]\/.test(t.secret)){for(var s,r,n,a=l.querySelectorAll('iframe[data-secret=\"'+t.secret+'\"]'),o=l.querySelectorAll('blockquote[data-secret=\"'+t.secret+'\"]'),c=new RegExp(\"^https?:$\",\"i\"),i=0;i<o.length;i++)o[i].style.display=\"none\";for(i=0;i<a.length;i++)s=a[i],e.source===s.contentWindow&&(s.removeAttribute(\"style\"),\"height\"===t.message?(1e3<(r=parseInt(t.value,10))?r=1e3:~~r<200&&(r=200),s.height=r):\"link\"===t.message&&(r=new URL(s.getAttribute(\"src\")),n=new URL(t.value),c.test(n.protocol))&&n.host===r.host&&l.activeElement===s&&(d.top.location.href=t.value))}},d.addEventListener(\"message\",d.wp.receiveEmbedMessage,!1),l.addEventListener(\"DOMContentLoaded\",function(){for(var e,t,s=l.querySelectorAll(\"iframe.wp-embedded-content\"),r=0;r<s.length;r++)(t=(e=s[r]).getAttribute(\"data-secret\"))||(t=Math.random().toString(36).substring(2,12),e.src+=\"#?secret=\"+t,e.setAttribute(\"data-secret\",t)),e.contentWindow.postMessage({message:\"ready\",secret:t},\"*\")},!1)))}(window,document);\n\/\/# sourceURL=https:\/\/wp.kristdemokraterna.se\/uppsala\/wp-includes\/js\/wp-embed.min.js\n\/* ]]> *\/\n<\/script>\n","description":"Under m\u00e5ndagens sammantr\u00e4de med kommunfullm\u00e4ktige l\u00e4mnade\u00a0Jonas Segersam (KD) in en motion om att friluftslivet i Uppsala m\u00e5ste f\u00f6rb\u00e4ttras. Han menar att bristerna har blivit tydliga under coronapandemin, d\u00e4r \u00a0popul\u00e4ra friluftsomr\u00e5den som Fj\u00e4llnora och Hammarskog haft l\u00e5nga k\u00f6er f\u00f6r att kunna grilla eller anv\u00e4nda de faciliteter som omr\u00e5dena erbjuder.\u00a0 F\u00f6rslaget som presenteras \u00e4r att utreda brister Read More","thumbnail_url":"http:\/\/wp.kristdemokraterna.se\/uppsala\/files\/2021\/04\/hemsida-friluftsliv-jonas-540x283.png","thumbnail_width":540,"thumbnail_height":283}