{"version":"1.0","provider_name":"Kristdemokraterna | Uppsala","provider_url":"https:\/\/wp.kristdemokraterna.se\/uppsala","title":"Medlemsboom i Uppsala - m\u00e4rks p\u00e5 popul\u00e4r utbildning | Kristdemokraterna | Uppsala","type":"rich","width":600,"height":338,"html":"<blockquote class=\"wp-embedded-content\" data-secret=\"tk3AIwLkyW\"><a href=\"https:\/\/wp.kristdemokraterna.se\/uppsala\/medlemsboom-i-uppsala-popular-utbildning\/\">Medlemsboom i Uppsala &#8211; m\u00e4rks p\u00e5 popul\u00e4r utbildning<\/a><\/blockquote><iframe sandbox=\"allow-scripts\" security=\"restricted\" src=\"https:\/\/wp.kristdemokraterna.se\/uppsala\/medlemsboom-i-uppsala-popular-utbildning\/embed\/#?secret=tk3AIwLkyW\" width=\"600\" height=\"338\" title=\"\u201dMedlemsboom i Uppsala &#8211; m\u00e4rks p\u00e5 popul\u00e4r utbildning\u201d &ndash; Kristdemokraterna | Uppsala\" data-secret=\"tk3AIwLkyW\" frameborder=\"0\" marginwidth=\"0\" marginheight=\"0\" scrolling=\"no\" class=\"wp-embedded-content\"><\/iframe><script type=\"text\/javascript\">\n\/* <![CDATA[ *\/\n\/*! This file is auto-generated *\/\n!function(d,l){\"use strict\";l.querySelector&&d.addEventListener&&\"undefined\"!=typeof URL&&(d.wp=d.wp||{},d.wp.receiveEmbedMessage||(d.wp.receiveEmbedMessage=function(e){var t=e.data;if((t||t.secret||t.message||t.value)&&!\/[^a-zA-Z0-9]\/.test(t.secret)){for(var s,r,n,a=l.querySelectorAll('iframe[data-secret=\"'+t.secret+'\"]'),o=l.querySelectorAll('blockquote[data-secret=\"'+t.secret+'\"]'),c=new RegExp(\"^https?:$\",\"i\"),i=0;i<o.length;i++)o[i].style.display=\"none\";for(i=0;i<a.length;i++)s=a[i],e.source===s.contentWindow&&(s.removeAttribute(\"style\"),\"height\"===t.message?(1e3<(r=parseInt(t.value,10))?r=1e3:~~r<200&&(r=200),s.height=r):\"link\"===t.message&&(r=new URL(s.getAttribute(\"src\")),n=new URL(t.value),c.test(n.protocol))&&n.host===r.host&&l.activeElement===s&&(d.top.location.href=t.value))}},d.addEventListener(\"message\",d.wp.receiveEmbedMessage,!1),l.addEventListener(\"DOMContentLoaded\",function(){for(var e,t,s=l.querySelectorAll(\"iframe.wp-embedded-content\"),r=0;r<s.length;r++)(t=(e=s[r]).getAttribute(\"data-secret\"))||(t=Math.random().toString(36).substring(2,12),e.src+=\"#?secret=\"+t,e.setAttribute(\"data-secret\",t)),e.contentWindow.postMessage({message:\"ready\",secret:t},\"*\")},!1)))}(window,document);\n\/\/# sourceURL=https:\/\/wp.kristdemokraterna.se\/uppsala\/wp-includes\/js\/wp-embed.min.js\n\/* ]]> *\/\n<\/script>\n","description":"Sedan januari\u00f6verenskommelsen presenterades den 11 januari, d\u00e4r C och L gjorde upp med Stefan L\u00f6fven, har KD i riket f\u00e5tt n\u00e4stan 3000 nya medlemmar. 150 av dessa h\u00f6r hemma i Uppsala l\u00e4n, och f\u00f6r att alla nya medlemmar ska k\u00e4nna sig v\u00e4lkomna arrangeras \u00f6ppna utbildningstr\u00e4ffar varje torsdag i februari.\u00a0 Mikael Oscarsson, KD, riksdagsledamot och distriktsordf\u00f6rande Read More","thumbnail_url":"https:\/\/wp.kristdemokraterna.se\/uppsala\/files\/2021\/12\/kom1.png","thumbnail_width":770,"thumbnail_height":404}