{"version":"1.0","provider_name":"Kristdemokraterna | Uppsala","provider_url":"https:\/\/wp.kristdemokraterna.se\/uppsala","title":"Nedl\u00e4ggningen av Omtanken \u00e4r v\u00e5rdsl\u00f6s! | Kristdemokraterna | Uppsala","type":"rich","width":600,"height":338,"html":"<blockquote class=\"wp-embedded-content\" data-secret=\"zU2th0Ga8N\"><a href=\"https:\/\/wp.kristdemokraterna.se\/uppsala\/nedlaggningen-av-omtanken-ar-vardslos\/\">Nedl\u00e4ggningen av Omtanken \u00e4r v\u00e5rdsl\u00f6s!<\/a><\/blockquote><iframe sandbox=\"allow-scripts\" security=\"restricted\" src=\"https:\/\/wp.kristdemokraterna.se\/uppsala\/nedlaggningen-av-omtanken-ar-vardslos\/embed\/#?secret=zU2th0Ga8N\" width=\"600\" height=\"338\" title=\"\u201dNedl\u00e4ggningen av Omtanken \u00e4r v\u00e5rdsl\u00f6s!\u201d &ndash; Kristdemokraterna | Uppsala\" data-secret=\"zU2th0Ga8N\" frameborder=\"0\" marginwidth=\"0\" marginheight=\"0\" scrolling=\"no\" class=\"wp-embedded-content\"><\/iframe><script type=\"text\/javascript\">\n\/* <![CDATA[ *\/\n\/*! This file is auto-generated *\/\n!function(d,l){\"use strict\";l.querySelector&&d.addEventListener&&\"undefined\"!=typeof URL&&(d.wp=d.wp||{},d.wp.receiveEmbedMessage||(d.wp.receiveEmbedMessage=function(e){var t=e.data;if((t||t.secret||t.message||t.value)&&!\/[^a-zA-Z0-9]\/.test(t.secret)){for(var s,r,n,a=l.querySelectorAll('iframe[data-secret=\"'+t.secret+'\"]'),o=l.querySelectorAll('blockquote[data-secret=\"'+t.secret+'\"]'),c=new RegExp(\"^https?:$\",\"i\"),i=0;i<o.length;i++)o[i].style.display=\"none\";for(i=0;i<a.length;i++)s=a[i],e.source===s.contentWindow&&(s.removeAttribute(\"style\"),\"height\"===t.message?(1e3<(r=parseInt(t.value,10))?r=1e3:~~r<200&&(r=200),s.height=r):\"link\"===t.message&&(r=new URL(s.getAttribute(\"src\")),n=new URL(t.value),c.test(n.protocol))&&n.host===r.host&&l.activeElement===s&&(d.top.location.href=t.value))}},d.addEventListener(\"message\",d.wp.receiveEmbedMessage,!1),l.addEventListener(\"DOMContentLoaded\",function(){for(var e,t,s=l.querySelectorAll(\"iframe.wp-embedded-content\"),r=0;r<s.length;r++)(t=(e=s[r]).getAttribute(\"data-secret\"))||(t=Math.random().toString(36).substring(2,12),e.src+=\"#?secret=\"+t,e.setAttribute(\"data-secret\",t)),e.contentWindow.postMessage({message:\"ready\",secret:t},\"*\")},!1)))}(window,document);\n\/\/# sourceURL=https:\/\/wp.kristdemokraterna.se\/uppsala\/wp-includes\/js\/wp-embed.min.js\n\/* ]]> *\/\n<\/script>\n","thumbnail_url":"http:\/\/wp.kristdemokraterna.se\/uppsala\/files\/2015\/07\/ulla_johansson_300-e1436963058799.jpg","thumbnail_width":2787,"thumbnail_height":2159,"description":"Ig\u00e5r\u00a0skrev Kristdemokraternas Ulla Johansson tillsammans med 3\u00a0andra f\u00f6retr\u00e4dare f\u00f6r de\u00a0borgerliga partierna i \u00e4ldren\u00e4mnden att majoriteten har hanterat nedl\u00e4ggningen av Omtanken v\u00e5rdsl\u00f6st. L\u00e4s artikeln nedan eller via denna l\u00e4nk till UNT. DEBATT Ett av v\u00e4lf\u00e4rdssamh\u00e4llets viktigare \u00e5taganden \u00e4r att ge v\u00e5rd och service till v\u00e5ra medm\u00e4nniskor som befinner sig i livets slutskede. Omtankens v\u00e5rdenhet i Uppsala Read More"}