{"version":"1.0","provider_name":"Kristdemokraterna | Uppsala","provider_url":"https:\/\/wp.kristdemokraterna.se\/uppsala","title":"Nej till tv\u00e5ngskvoterad f\u00f6r\u00e4ldraf\u00f6rs\u00e4kring! | Kristdemokraterna | Uppsala","type":"rich","width":600,"height":338,"html":"<blockquote class=\"wp-embedded-content\" data-secret=\"CDyW0j4MF4\"><a href=\"https:\/\/wp.kristdemokraterna.se\/uppsala\/nej-till-tvangskvoterad-foraldraforsakring\/\">Nej till tv\u00e5ngskvoterad f\u00f6r\u00e4ldraf\u00f6rs\u00e4kring!<\/a><\/blockquote><iframe sandbox=\"allow-scripts\" security=\"restricted\" src=\"https:\/\/wp.kristdemokraterna.se\/uppsala\/nej-till-tvangskvoterad-foraldraforsakring\/embed\/#?secret=CDyW0j4MF4\" width=\"600\" height=\"338\" title=\"\u201dNej till tv\u00e5ngskvoterad f\u00f6r\u00e4ldraf\u00f6rs\u00e4kring!\u201d &ndash; Kristdemokraterna | Uppsala\" data-secret=\"CDyW0j4MF4\" frameborder=\"0\" marginwidth=\"0\" marginheight=\"0\" scrolling=\"no\" class=\"wp-embedded-content\"><\/iframe><script type=\"text\/javascript\">\n\/* <![CDATA[ *\/\n\/*! This file is auto-generated *\/\n!function(d,l){\"use strict\";l.querySelector&&d.addEventListener&&\"undefined\"!=typeof URL&&(d.wp=d.wp||{},d.wp.receiveEmbedMessage||(d.wp.receiveEmbedMessage=function(e){var t=e.data;if((t||t.secret||t.message||t.value)&&!\/[^a-zA-Z0-9]\/.test(t.secret)){for(var s,r,n,a=l.querySelectorAll('iframe[data-secret=\"'+t.secret+'\"]'),o=l.querySelectorAll('blockquote[data-secret=\"'+t.secret+'\"]'),c=new RegExp(\"^https?:$\",\"i\"),i=0;i<o.length;i++)o[i].style.display=\"none\";for(i=0;i<a.length;i++)s=a[i],e.source===s.contentWindow&&(s.removeAttribute(\"style\"),\"height\"===t.message?(1e3<(r=parseInt(t.value,10))?r=1e3:~~r<200&&(r=200),s.height=r):\"link\"===t.message&&(r=new URL(s.getAttribute(\"src\")),n=new URL(t.value),c.test(n.protocol))&&n.host===r.host&&l.activeElement===s&&(d.top.location.href=t.value))}},d.addEventListener(\"message\",d.wp.receiveEmbedMessage,!1),l.addEventListener(\"DOMContentLoaded\",function(){for(var e,t,s=l.querySelectorAll(\"iframe.wp-embedded-content\"),r=0;r<s.length;r++)(t=(e=s[r]).getAttribute(\"data-secret\"))||(t=Math.random().toString(36).substring(2,12),e.src+=\"#?secret=\"+t,e.setAttribute(\"data-secret\",t)),e.contentWindow.postMessage({message:\"ready\",secret:t},\"*\")},!1)))}(window,document);\n\/\/# sourceURL=https:\/\/wp.kristdemokraterna.se\/uppsala\/wp-includes\/js\/wp-embed.min.js\n\/* ]]> *\/\n<\/script>\n","thumbnail_url":"http:\/\/wp.kristdemokraterna.se\/uppsala\/files\/2015\/11\/ratt.png","thumbnail_width":940,"thumbnail_height":788,"description":"Inom kort kommer riksdagen klubba igenom en ut\u00f6kad kvotering av f\u00f6r\u00e4ldraf\u00f6rs\u00e4kringen. Ytterligare en m\u00e5nad kommer att vara knuten till vardera f\u00f6r\u00e4ldern, vilket minskar den m\u00f6jlighet som i dag finns f\u00f6r f\u00f6r\u00e4ldrarna att \u00f6verl\u00e5ta dagar mellan varandra. \u00c5terigen bekr\u00e4ftas att s\u00e5 fort Sverige har en regering utan kristdemokrater s\u00e5 kommer f\u00f6rslag om att begr\u00e4nsa familjernas frihet Read More"}