{"version":"1.0","provider_name":"Kristdemokraterna | Uppsala","provider_url":"https:\/\/wp.kristdemokraterna.se\/uppsala","title":"Nu blir det m\u00f6jligt att vaccinera v\u00e5rdpersonal | Kristdemokraterna | Uppsala","type":"rich","width":600,"height":338,"html":"<blockquote class=\"wp-embedded-content\" data-secret=\"z1pXfXoNRj\"><a href=\"https:\/\/wp.kristdemokraterna.se\/uppsala\/nu-blir-det-mojligt-att-vaccinera-vardpersonal\/\">Nu blir det m\u00f6jligt att vaccinera v\u00e5rdpersonal<\/a><\/blockquote><iframe sandbox=\"allow-scripts\" security=\"restricted\" src=\"https:\/\/wp.kristdemokraterna.se\/uppsala\/nu-blir-det-mojligt-att-vaccinera-vardpersonal\/embed\/#?secret=z1pXfXoNRj\" width=\"600\" height=\"338\" title=\"\u201dNu blir det m\u00f6jligt att vaccinera v\u00e5rdpersonal\u201d &ndash; Kristdemokraterna | Uppsala\" data-secret=\"z1pXfXoNRj\" frameborder=\"0\" marginwidth=\"0\" marginheight=\"0\" scrolling=\"no\" class=\"wp-embedded-content\"><\/iframe><script type=\"text\/javascript\">\n\/* <![CDATA[ *\/\n\/*! This file is auto-generated *\/\n!function(d,l){\"use strict\";l.querySelector&&d.addEventListener&&\"undefined\"!=typeof URL&&(d.wp=d.wp||{},d.wp.receiveEmbedMessage||(d.wp.receiveEmbedMessage=function(e){var t=e.data;if((t||t.secret||t.message||t.value)&&!\/[^a-zA-Z0-9]\/.test(t.secret)){for(var s,r,n,a=l.querySelectorAll('iframe[data-secret=\"'+t.secret+'\"]'),o=l.querySelectorAll('blockquote[data-secret=\"'+t.secret+'\"]'),c=new RegExp(\"^https?:$\",\"i\"),i=0;i<o.length;i++)o[i].style.display=\"none\";for(i=0;i<a.length;i++)s=a[i],e.source===s.contentWindow&&(s.removeAttribute(\"style\"),\"height\"===t.message?(1e3<(r=parseInt(t.value,10))?r=1e3:~~r<200&&(r=200),s.height=r):\"link\"===t.message&&(r=new URL(s.getAttribute(\"src\")),n=new URL(t.value),c.test(n.protocol))&&n.host===r.host&&l.activeElement===s&&(d.top.location.href=t.value))}},d.addEventListener(\"message\",d.wp.receiveEmbedMessage,!1),l.addEventListener(\"DOMContentLoaded\",function(){for(var e,t,s=l.querySelectorAll(\"iframe.wp-embedded-content\"),r=0;r<s.length;r++)(t=(e=s[r]).getAttribute(\"data-secret\"))||(t=Math.random().toString(36).substring(2,12),e.src+=\"#?secret=\"+t,e.setAttribute(\"data-secret\",t)),e.contentWindow.postMessage({message:\"ready\",secret:t},\"*\")},!1)))}(window,document);\n\/\/# sourceURL=https:\/\/wp.kristdemokraterna.se\/uppsala\/wp-includes\/js\/wp-embed.min.js\n\/* ]]> *\/\n<\/script>\n","description":"Folkh\u00e4lsomyndigheten har idag \u00f6ppnat upp f\u00f6r att v\u00e5rdpersonal ska kunna vaccineras redan nu p\u00e5 grund av den h\u00f6ga arbetsbelastningen.\u00a0Vaccinationen ska kunna ske parallellt med inv\u00e5nare och personal p\u00e5 kommunens v\u00e5rdinr\u00e4ttningar. \u2013 Det \u00e4r v\u00e4ldigt bra att denna m\u00f6jlighet nu ges. Genom att vi kan p\u00e5b\u00f6rja vaccinering av v\u00e5rpersonal som jobbar med IVA, IMA, p\u00e5 akuten Read More","thumbnail_url":"https:\/\/wp.kristdemokraterna.se\/uppsala\/files\/2021\/12\/kom1.png","thumbnail_width":770,"thumbnail_height":404}