{"version":"1.0","provider_name":"Kristdemokraterna | Uppsala","provider_url":"https:\/\/wp.kristdemokraterna.se\/uppsala","title":"Segersam: Anta en handlingsplan mot v\u00e5ldsbejakande extremism | Kristdemokraterna | Uppsala","type":"rich","width":600,"height":338,"html":"<blockquote class=\"wp-embedded-content\" data-secret=\"lKZ46cOwVs\"><a href=\"https:\/\/wp.kristdemokraterna.se\/uppsala\/segersam-anta-en-handlingsplan-mot-extremism\/\">Segersam: Anta en handlingsplan mot v\u00e5ldsbejakande extremism<\/a><\/blockquote><iframe sandbox=\"allow-scripts\" security=\"restricted\" src=\"https:\/\/wp.kristdemokraterna.se\/uppsala\/segersam-anta-en-handlingsplan-mot-extremism\/embed\/#?secret=lKZ46cOwVs\" width=\"600\" height=\"338\" title=\"\u201dSegersam: Anta en handlingsplan mot v\u00e5ldsbejakande extremism\u201d &ndash; Kristdemokraterna | Uppsala\" data-secret=\"lKZ46cOwVs\" frameborder=\"0\" marginwidth=\"0\" marginheight=\"0\" scrolling=\"no\" class=\"wp-embedded-content\"><\/iframe><script type=\"text\/javascript\">\n\/* <![CDATA[ *\/\n\/*! This file is auto-generated *\/\n!function(d,l){\"use strict\";l.querySelector&&d.addEventListener&&\"undefined\"!=typeof URL&&(d.wp=d.wp||{},d.wp.receiveEmbedMessage||(d.wp.receiveEmbedMessage=function(e){var t=e.data;if((t||t.secret||t.message||t.value)&&!\/[^a-zA-Z0-9]\/.test(t.secret)){for(var s,r,n,a=l.querySelectorAll('iframe[data-secret=\"'+t.secret+'\"]'),o=l.querySelectorAll('blockquote[data-secret=\"'+t.secret+'\"]'),c=new RegExp(\"^https?:$\",\"i\"),i=0;i<o.length;i++)o[i].style.display=\"none\";for(i=0;i<a.length;i++)s=a[i],e.source===s.contentWindow&&(s.removeAttribute(\"style\"),\"height\"===t.message?(1e3<(r=parseInt(t.value,10))?r=1e3:~~r<200&&(r=200),s.height=r):\"link\"===t.message&&(r=new URL(s.getAttribute(\"src\")),n=new URL(t.value),c.test(n.protocol))&&n.host===r.host&&l.activeElement===s&&(d.top.location.href=t.value))}},d.addEventListener(\"message\",d.wp.receiveEmbedMessage,!1),l.addEventListener(\"DOMContentLoaded\",function(){for(var e,t,s=l.querySelectorAll(\"iframe.wp-embedded-content\"),r=0;r<s.length;r++)(t=(e=s[r]).getAttribute(\"data-secret\"))||(t=Math.random().toString(36).substring(2,12),e.src+=\"#?secret=\"+t,e.setAttribute(\"data-secret\",t)),e.contentWindow.postMessage({message:\"ready\",secret:t},\"*\")},!1)))}(window,document);\n\/\/# sourceURL=https:\/\/wp.kristdemokraterna.se\/uppsala\/wp-includes\/js\/wp-embed.min.js\n\/* ]]> *\/\n<\/script>\n","thumbnail_url":"http:\/\/wp.kristdemokraterna.se\/uppsala\/files\/2015\/11\/klar.png","thumbnail_width":1311,"thumbnail_height":745,"description":"V\u00e4rlden har den senaste tiden skakats av terrord\u00e5d, inte minst av Islamiska staten (IS). Terrorniv\u00e5n i Sverige har h\u00f6jts till 4 p\u00e5 en 5-gradig skala, samtidigt som vi vet att alltf\u00f6r m\u00e5nga radikaliseras inom v\u00e5ra gr\u00e4nser. Enligt S\u00c4PO har s\u00e5 m\u00e5nga som upp till 300 personer l\u00e4mnat landet f\u00f6r att ansluta sig till islamistiska terrorgrupper. Read More"}