{"version":"1.0","provider_name":"Kristdemokraterna | Uppsala","provider_url":"https:\/\/wp.kristdemokraterna.se\/uppsala","title":"L\u00e5t barnen stanna i Uppsala | Kristdemokraterna | Uppsala","type":"rich","width":600,"height":338,"html":"<blockquote class=\"wp-embedded-content\" data-secret=\"wsO0jChEas\"><a href=\"https:\/\/wp.kristdemokraterna.se\/uppsala\/segersam-kd-lat-barnen-stanna-i-uppsala\/\">L\u00e5t barnen stanna i Uppsala<\/a><\/blockquote><iframe sandbox=\"allow-scripts\" security=\"restricted\" src=\"https:\/\/wp.kristdemokraterna.se\/uppsala\/segersam-kd-lat-barnen-stanna-i-uppsala\/embed\/#?secret=wsO0jChEas\" width=\"600\" height=\"338\" title=\"\u201dL\u00e5t barnen stanna i Uppsala\u201d &ndash; Kristdemokraterna | Uppsala\" data-secret=\"wsO0jChEas\" frameborder=\"0\" marginwidth=\"0\" marginheight=\"0\" scrolling=\"no\" class=\"wp-embedded-content\"><\/iframe><script type=\"text\/javascript\">\n\/* <![CDATA[ *\/\n\/*! This file is auto-generated *\/\n!function(d,l){\"use strict\";l.querySelector&&d.addEventListener&&\"undefined\"!=typeof URL&&(d.wp=d.wp||{},d.wp.receiveEmbedMessage||(d.wp.receiveEmbedMessage=function(e){var t=e.data;if((t||t.secret||t.message||t.value)&&!\/[^a-zA-Z0-9]\/.test(t.secret)){for(var s,r,n,a=l.querySelectorAll('iframe[data-secret=\"'+t.secret+'\"]'),o=l.querySelectorAll('blockquote[data-secret=\"'+t.secret+'\"]'),c=new RegExp(\"^https?:$\",\"i\"),i=0;i<o.length;i++)o[i].style.display=\"none\";for(i=0;i<a.length;i++)s=a[i],e.source===s.contentWindow&&(s.removeAttribute(\"style\"),\"height\"===t.message?(1e3<(r=parseInt(t.value,10))?r=1e3:~~r<200&&(r=200),s.height=r):\"link\"===t.message&&(r=new URL(s.getAttribute(\"src\")),n=new URL(t.value),c.test(n.protocol))&&n.host===r.host&&l.activeElement===s&&(d.top.location.href=t.value))}},d.addEventListener(\"message\",d.wp.receiveEmbedMessage,!1),l.addEventListener(\"DOMContentLoaded\",function(){for(var e,t,s=l.querySelectorAll(\"iframe.wp-embedded-content\"),r=0;r<s.length;r++)(t=(e=s[r]).getAttribute(\"data-secret\"))||(t=Math.random().toString(36).substring(2,12),e.src+=\"#?secret=\"+t,e.setAttribute(\"data-secret\",t)),e.contentWindow.postMessage({message:\"ready\",secret:t},\"*\")},!1)))}(window,document);\n\/\/# sourceURL=https:\/\/wp.kristdemokraterna.se\/uppsala\/wp-includes\/js\/wp-embed.min.js\n\/* ]]> *\/\n<\/script>\n","thumbnail_url":"http:\/\/wp.kristdemokraterna.se\/uppsala\/files\/2016\/03\/untitled-design-1.png","thumbnail_width":1024,"thumbnail_height":512,"description":"Efter f\u00f6rra \u00e5rets flyktingtillstr\u00f6mning till Sverige uppstod en stor oreda i att hitta boende och gode m\u00e4n f\u00f6r ensamkommande flyktingbarn\/ungdomar. Det \u00e4r en utsatt grupp och f\u00f6r att f\u00e5 en lyckad integration, om uppeh\u00e5llstillst\u00e5nd s\u00e5 sm\u00e5ningom beviljas, \u00e4r det avg\u00f6rande att man g\u00f6r r\u00e4tt fr\u00e5n b\u00f6rjan. Kristdemokraterna anser att man om m\u00f6jligt b\u00f6r prioritera placeringar Read More"}