{"version":"1.0","provider_name":"Kristdemokraterna | Uppsala","provider_url":"https:\/\/wp.kristdemokraterna.se\/uppsala","title":"Sm\u00e5 barngrupper i Uppsalas f\u00f6rskolor | Kristdemokraterna | Uppsala","type":"rich","width":600,"height":338,"html":"<blockquote class=\"wp-embedded-content\" data-secret=\"4bQwEHf6L5\"><a href=\"https:\/\/wp.kristdemokraterna.se\/uppsala\/sma-barngrupper-i-uppsalas-forskolor\/\">Sm\u00e5 barngrupper i Uppsalas f\u00f6rskolor<\/a><\/blockquote><iframe sandbox=\"allow-scripts\" security=\"restricted\" src=\"https:\/\/wp.kristdemokraterna.se\/uppsala\/sma-barngrupper-i-uppsalas-forskolor\/embed\/#?secret=4bQwEHf6L5\" width=\"600\" height=\"338\" title=\"\u201dSm\u00e5 barngrupper i Uppsalas f\u00f6rskolor\u201d &ndash; Kristdemokraterna | Uppsala\" data-secret=\"4bQwEHf6L5\" frameborder=\"0\" marginwidth=\"0\" marginheight=\"0\" scrolling=\"no\" class=\"wp-embedded-content\"><\/iframe><script type=\"text\/javascript\">\n\/* <![CDATA[ *\/\n\/*! This file is auto-generated *\/\n!function(d,l){\"use strict\";l.querySelector&&d.addEventListener&&\"undefined\"!=typeof URL&&(d.wp=d.wp||{},d.wp.receiveEmbedMessage||(d.wp.receiveEmbedMessage=function(e){var t=e.data;if((t||t.secret||t.message||t.value)&&!\/[^a-zA-Z0-9]\/.test(t.secret)){for(var s,r,n,a=l.querySelectorAll('iframe[data-secret=\"'+t.secret+'\"]'),o=l.querySelectorAll('blockquote[data-secret=\"'+t.secret+'\"]'),c=new RegExp(\"^https?:$\",\"i\"),i=0;i<o.length;i++)o[i].style.display=\"none\";for(i=0;i<a.length;i++)s=a[i],e.source===s.contentWindow&&(s.removeAttribute(\"style\"),\"height\"===t.message?(1e3<(r=parseInt(t.value,10))?r=1e3:~~r<200&&(r=200),s.height=r):\"link\"===t.message&&(r=new URL(s.getAttribute(\"src\")),n=new URL(t.value),c.test(n.protocol))&&n.host===r.host&&l.activeElement===s&&(d.top.location.href=t.value))}},d.addEventListener(\"message\",d.wp.receiveEmbedMessage,!1),l.addEventListener(\"DOMContentLoaded\",function(){for(var e,t,s=l.querySelectorAll(\"iframe.wp-embedded-content\"),r=0;r<s.length;r++)(t=(e=s[r]).getAttribute(\"data-secret\"))||(t=Math.random().toString(36).substring(2,12),e.src+=\"#?secret=\"+t,e.setAttribute(\"data-secret\",t)),e.contentWindow.postMessage({message:\"ready\",secret:t},\"*\")},!1)))}(window,document);\n\/\/# sourceURL=https:\/\/wp.kristdemokraterna.se\/uppsala\/wp-includes\/js\/wp-embed.min.js\n\/* ]]> *\/\n<\/script>\n","thumbnail_url":"http:\/\/wp.kristdemokraterna.se\/uppsala\/files\/2014\/08\/ebbabuschthor.jpg","thumbnail_width":478,"thumbnail_height":262,"description":"Ebba Busch Thor och\u00a0Jonas Segersam i UNT idag: &#8221;Av alla Uppsalas barn i \u00e5ldern ett till fem \u00e5r g\u00e5r 81 procent i f\u00f6rskolan. Efterfr\u00e5gan p\u00e5 en f\u00f6rskoleplats \u00e4r stor och alliansen har gjort betydande insatser f\u00f6r att kapa k\u00f6erna och erbjuda en plats till alla familjer som s\u00e5 \u00f6nskar. Men vi n\u00f6jer oss inte med Read More"}