{"version":"1.0","provider_name":"Kristdemokraterna | Uppsala","provider_url":"https:\/\/wp.kristdemokraterna.se\/uppsala","title":"Debatt: Stoppa f\u00f6rslaget om f\u00f6renklade k\u00f6nsbyten | Kristdemokraterna | Uppsala","type":"rich","width":600,"height":338,"html":"<blockquote class=\"wp-embedded-content\" data-secret=\"Vvy5SjrWzn\"><a href=\"https:\/\/wp.kristdemokraterna.se\/uppsala\/stoppa-forslaget-om-forenklade-konsbyten\/\">Debatt: Stoppa f\u00f6rslaget om f\u00f6renklade k\u00f6nsbyten<\/a><\/blockquote><iframe sandbox=\"allow-scripts\" security=\"restricted\" src=\"https:\/\/wp.kristdemokraterna.se\/uppsala\/stoppa-forslaget-om-forenklade-konsbyten\/embed\/#?secret=Vvy5SjrWzn\" width=\"600\" height=\"338\" title=\"\u201dDebatt: Stoppa f\u00f6rslaget om f\u00f6renklade k\u00f6nsbyten\u201d &ndash; Kristdemokraterna | Uppsala\" data-secret=\"Vvy5SjrWzn\" frameborder=\"0\" marginwidth=\"0\" marginheight=\"0\" scrolling=\"no\" class=\"wp-embedded-content\"><\/iframe><script type=\"text\/javascript\">\n\/* <![CDATA[ *\/\n\/*! This file is auto-generated *\/\n!function(d,l){\"use strict\";l.querySelector&&d.addEventListener&&\"undefined\"!=typeof URL&&(d.wp=d.wp||{},d.wp.receiveEmbedMessage||(d.wp.receiveEmbedMessage=function(e){var t=e.data;if((t||t.secret||t.message||t.value)&&!\/[^a-zA-Z0-9]\/.test(t.secret)){for(var s,r,n,a=l.querySelectorAll('iframe[data-secret=\"'+t.secret+'\"]'),o=l.querySelectorAll('blockquote[data-secret=\"'+t.secret+'\"]'),c=new RegExp(\"^https?:$\",\"i\"),i=0;i<o.length;i++)o[i].style.display=\"none\";for(i=0;i<a.length;i++)s=a[i],e.source===s.contentWindow&&(s.removeAttribute(\"style\"),\"height\"===t.message?(1e3<(r=parseInt(t.value,10))?r=1e3:~~r<200&&(r=200),s.height=r):\"link\"===t.message&&(r=new URL(s.getAttribute(\"src\")),n=new URL(t.value),c.test(n.protocol))&&n.host===r.host&&l.activeElement===s&&(d.top.location.href=t.value))}},d.addEventListener(\"message\",d.wp.receiveEmbedMessage,!1),l.addEventListener(\"DOMContentLoaded\",function(){for(var e,t,s=l.querySelectorAll(\"iframe.wp-embedded-content\"),r=0;r<s.length;r++)(t=(e=s[r]).getAttribute(\"data-secret\"))||(t=Math.random().toString(36).substring(2,12),e.src+=\"#?secret=\"+t,e.setAttribute(\"data-secret\",t)),e.contentWindow.postMessage({message:\"ready\",secret:t},\"*\")},!1)))}(window,document);\n\/\/# sourceURL=https:\/\/wp.kristdemokraterna.se\/uppsala\/wp-includes\/js\/wp-embed.min.js\n\/* ]]> *\/\n<\/script>\n","description":"Debattartikel i UNT 5 april 2024 Det drar ihop sig till omr\u00f6stning i riksdagen om k\u00f6nstillh\u00f6righetslagen \u2013 trots att halva regeringsunderlaget \u00e4r mycket starkt emot lagf\u00f6rslaget. Hur hamnade vi h\u00e4r?\u00a0 F\u00f6rklaringen ligger i att det i h\u00f6stas h\u00e4nde n\u00e5got mycket ovanligt. Liberalerna och Moderaterna \u2013 med statsminister Ulf Kristersson i spetsen! \u2013 beslutade att g\u00e5 Read More","thumbnail_url":"https:\/\/wp.kristdemokraterna.se\/uppsala\/files\/2021\/12\/kom1.png","thumbnail_width":770,"thumbnail_height":404}