{"id":3888,"date":"2021-04-15T13:45:08","date_gmt":"2021-04-15T11:45:08","guid":{"rendered":"https:\/\/wp.kristdemokraterna.se\/uppsala\/?page_id=3888"},"modified":"2024-08-21T14:57:46","modified_gmt":"2024-08-21T12:57:46","slug":"sydostra-stadsdelarna","status":"publish","type":"page","link":"https:\/\/wp.kristdemokraterna.se\/uppsala\/kd-i-uppsala-kommun\/kommunprogram-uppsala\/sydostra-stadsdelarna\/","title":{"rendered":"Syd\u00f6stra stadsdelarna"},"content":{"rendered":"<h4><b>Uppsala kommun forts\u00e4tter planera \u00f6ver 20.000 nya bost\u00e4der i syd\u00f6stra stadsdelarna, trots h\u00f6gljudda protester fr\u00e5n b\u00e5de boende i omr\u00e5det och oppositionspartier.\u00a0<\/b>Vi kristdemokrater \u00e4r grundl\u00e4ggande emot den h\u00e4r typen av kraftig stadsutbyggnad. Vi anser inte att man ska pressa in en stor m\u00e4ngd betongbost\u00e4der p\u00e5 en liten yta, d\u00e4r hela t\u00e4nkandet p\u00e5minner om 60- och 70-talens miljonprogramsomr\u00e5den.<\/h4>\n<p>Hela utformningen av f\u00f6rslaget \u00e4r alltf\u00f6r detaljerat och propagandistiskt. Det \u00e4r inte bara till f\u00f6r att beskriva ett \u00f6versiktligt planprogram, utan f\u00f6r att f\u00f6rmedla en politisk vision om t\u00e4t stad, utan bilar, med kretsloppst\u00e4nkande och en massa detaljerade f\u00f6rslag runt teknisk f\u00f6rs\u00f6rjning (d\u00e4r vissa l\u00f6sningar inte existerar idag), transporter, innovation och husens utformning. Att det \u00e4r ett experiment f\u00f6r stadsutveckling f\u00f6rst\u00e4rks av id\u00e9erna om en bom\u00e4ssa. Allt f\u00f6rpackat i en s\u00e4ljande inramning med vackra bilder och klatschiga citat.\u00a0Vi v\u00e4nder oss emot detta och anser att man m\u00e5ste b\u00f6rja i andra \u00e4ndan \u2013 hur bygger vi en trevlig boendemilj\u00f6 f\u00f6r kommunens medborgare, som de sj\u00e4lva \u00f6nskar? D\u00e4r barn, \u00e4ldre och familjer k\u00e4nner sig hemma, f\u00e5r den service de beh\u00f6ver, och vill bo och verka.<\/p>\n<h3><strong>Kristdemokraternas synpunkter i korthet:<\/strong><\/h3>\n<h4><img loading=\"lazy\" decoding=\"async\" class=\"wp-image-3891 alignleft\" src=\"http:\/\/wp.kristdemokraterna.se\/uppsala\/files\/2021\/04\/blue-checkmark-150x150.png\" alt=\"\" width=\"21\" height=\"21\" srcset=\"https:\/\/wp.kristdemokraterna.se\/uppsala\/files\/2021\/04\/blue-checkmark-150x150.png 150w, https:\/\/wp.kristdemokraterna.se\/uppsala\/files\/2021\/04\/blue-checkmark-300x300.png 300w, https:\/\/wp.kristdemokraterna.se\/uppsala\/files\/2021\/04\/blue-checkmark-540x540.png 540w, https:\/\/wp.kristdemokraterna.se\/uppsala\/files\/2021\/04\/blue-checkmark-768x768.png 768w, https:\/\/wp.kristdemokraterna.se\/uppsala\/files\/2021\/04\/blue-checkmark-200x200.png 200w, https:\/\/wp.kristdemokraterna.se\/uppsala\/files\/2021\/04\/blue-checkmark-370x370.png 370w, https:\/\/wp.kristdemokraterna.se\/uppsala\/files\/2021\/04\/blue-checkmark-90x90.png 90w, https:\/\/wp.kristdemokraterna.se\/uppsala\/files\/2021\/04\/blue-checkmark-770x770.png 770w, https:\/\/wp.kristdemokraterna.se\/uppsala\/files\/2021\/04\/blue-checkmark-450x450.png 450w, https:\/\/wp.kristdemokraterna.se\/uppsala\/files\/2021\/04\/blue-checkmark-280x280.png 280w, https:\/\/wp.kristdemokraterna.se\/uppsala\/files\/2021\/04\/blue-checkmark-340x340.png 340w, https:\/\/wp.kristdemokraterna.se\/uppsala\/files\/2021\/04\/blue-checkmark-56x56.png 56w, https:\/\/wp.kristdemokraterna.se\/uppsala\/files\/2021\/04\/blue-checkmark.png 1200w\" sizes=\"auto, (max-width: 21px) 100vw, 21px\" \/><strong>\u00a0S\u00e4nk exploateringsgraden &#8211; nej tack till nytt miljonprogram<\/strong><\/h4>\n<h4><img loading=\"lazy\" decoding=\"async\" class=\"wp-image-3891 alignleft\" src=\"http:\/\/wp.kristdemokraterna.se\/uppsala\/files\/2021\/04\/blue-checkmark-150x150.png\" alt=\"\" width=\"21\" height=\"21\" srcset=\"https:\/\/wp.kristdemokraterna.se\/uppsala\/files\/2021\/04\/blue-checkmark-150x150.png 150w, https:\/\/wp.kristdemokraterna.se\/uppsala\/files\/2021\/04\/blue-checkmark-300x300.png 300w, https:\/\/wp.kristdemokraterna.se\/uppsala\/files\/2021\/04\/blue-checkmark-540x540.png 540w, https:\/\/wp.kristdemokraterna.se\/uppsala\/files\/2021\/04\/blue-checkmark-768x768.png 768w, https:\/\/wp.kristdemokraterna.se\/uppsala\/files\/2021\/04\/blue-checkmark-200x200.png 200w, https:\/\/wp.kristdemokraterna.se\/uppsala\/files\/2021\/04\/blue-checkmark-370x370.png 370w, https:\/\/wp.kristdemokraterna.se\/uppsala\/files\/2021\/04\/blue-checkmark-90x90.png 90w, https:\/\/wp.kristdemokraterna.se\/uppsala\/files\/2021\/04\/blue-checkmark-770x770.png 770w, https:\/\/wp.kristdemokraterna.se\/uppsala\/files\/2021\/04\/blue-checkmark-450x450.png 450w, https:\/\/wp.kristdemokraterna.se\/uppsala\/files\/2021\/04\/blue-checkmark-280x280.png 280w, https:\/\/wp.kristdemokraterna.se\/uppsala\/files\/2021\/04\/blue-checkmark-340x340.png 340w, https:\/\/wp.kristdemokraterna.se\/uppsala\/files\/2021\/04\/blue-checkmark-56x56.png 56w, https:\/\/wp.kristdemokraterna.se\/uppsala\/files\/2021\/04\/blue-checkmark.png 1200w\" sizes=\"auto, (max-width: 21px) 100vw, 21px\" \/><\/h4>\n<h4><strong>\u00a0Bygg fler sm\u00e5hus i tr\u00e4 med liten tr\u00e4dg\u00e5rd och plats f\u00f6r bilen<\/strong><\/h4>\n<h4><img loading=\"lazy\" decoding=\"async\" class=\"wp-image-3891 alignleft\" src=\"http:\/\/wp.kristdemokraterna.se\/uppsala\/files\/2021\/04\/blue-checkmark-150x150.png\" alt=\"\" width=\"21\" height=\"21\" srcset=\"https:\/\/wp.kristdemokraterna.se\/uppsala\/files\/2021\/04\/blue-checkmark-150x150.png 150w, https:\/\/wp.kristdemokraterna.se\/uppsala\/files\/2021\/04\/blue-checkmark-300x300.png 300w, https:\/\/wp.kristdemokraterna.se\/uppsala\/files\/2021\/04\/blue-checkmark-540x540.png 540w, https:\/\/wp.kristdemokraterna.se\/uppsala\/files\/2021\/04\/blue-checkmark-768x768.png 768w, https:\/\/wp.kristdemokraterna.se\/uppsala\/files\/2021\/04\/blue-checkmark-200x200.png 200w, https:\/\/wp.kristdemokraterna.se\/uppsala\/files\/2021\/04\/blue-checkmark-370x370.png 370w, https:\/\/wp.kristdemokraterna.se\/uppsala\/files\/2021\/04\/blue-checkmark-90x90.png 90w, https:\/\/wp.kristdemokraterna.se\/uppsala\/files\/2021\/04\/blue-checkmark-770x770.png 770w, https:\/\/wp.kristdemokraterna.se\/uppsala\/files\/2021\/04\/blue-checkmark-450x450.png 450w, https:\/\/wp.kristdemokraterna.se\/uppsala\/files\/2021\/04\/blue-checkmark-280x280.png 280w, https:\/\/wp.kristdemokraterna.se\/uppsala\/files\/2021\/04\/blue-checkmark-340x340.png 340w, https:\/\/wp.kristdemokraterna.se\/uppsala\/files\/2021\/04\/blue-checkmark-56x56.png 56w, https:\/\/wp.kristdemokraterna.se\/uppsala\/files\/2021\/04\/blue-checkmark.png 1200w\" sizes=\"auto, (max-width: 21px) 100vw, 21px\" \/><\/h4>\n<h4><strong>\u00a0Bevara gr\u00f6nomr\u00e5den och jordbruksmark <\/strong><\/h4>\n<h4><img loading=\"lazy\" decoding=\"async\" class=\"wp-image-3891 alignleft\" src=\"http:\/\/wp.kristdemokraterna.se\/uppsala\/files\/2021\/04\/blue-checkmark-150x150.png\" alt=\"\" width=\"21\" height=\"21\" srcset=\"https:\/\/wp.kristdemokraterna.se\/uppsala\/files\/2021\/04\/blue-checkmark-150x150.png 150w, https:\/\/wp.kristdemokraterna.se\/uppsala\/files\/2021\/04\/blue-checkmark-300x300.png 300w, https:\/\/wp.kristdemokraterna.se\/uppsala\/files\/2021\/04\/blue-checkmark-540x540.png 540w, https:\/\/wp.kristdemokraterna.se\/uppsala\/files\/2021\/04\/blue-checkmark-768x768.png 768w, https:\/\/wp.kristdemokraterna.se\/uppsala\/files\/2021\/04\/blue-checkmark-200x200.png 200w, https:\/\/wp.kristdemokraterna.se\/uppsala\/files\/2021\/04\/blue-checkmark-370x370.png 370w, https:\/\/wp.kristdemokraterna.se\/uppsala\/files\/2021\/04\/blue-checkmark-90x90.png 90w, https:\/\/wp.kristdemokraterna.se\/uppsala\/files\/2021\/04\/blue-checkmark-770x770.png 770w, https:\/\/wp.kristdemokraterna.se\/uppsala\/files\/2021\/04\/blue-checkmark-450x450.png 450w, https:\/\/wp.kristdemokraterna.se\/uppsala\/files\/2021\/04\/blue-checkmark-280x280.png 280w, https:\/\/wp.kristdemokraterna.se\/uppsala\/files\/2021\/04\/blue-checkmark-340x340.png 340w, https:\/\/wp.kristdemokraterna.se\/uppsala\/files\/2021\/04\/blue-checkmark-56x56.png 56w, https:\/\/wp.kristdemokraterna.se\/uppsala\/files\/2021\/04\/blue-checkmark.png 1200w\" sizes=\"auto, (max-width: 21px) 100vw, 21px\" \/><\/h4>\n<div class=\"page\" title=\"Page 4\">\n<div class=\"section\">\n<div class=\"layoutArea\">\n<h4 class=\"column\"><strong>\u00a0Beh\u00e5ll omr\u00e5dets karakt\u00e4r av byar med ordentligt tilltagen natur emellan<\/strong><\/h4>\n<\/div>\n<\/div>\n<\/div>\n<div class=\"page\" title=\"Page 8\">\n<div class=\"section\">\n<div class=\"layoutArea\">\n<div class=\"column\">\n<p><iframe loading=\"lazy\" title=\"R\u00c4DDA UPPSALAS SYD\u00d6STRA STADSDELAR FR\u00c5N H\u00d6GHUS OCH BETONG\" width=\"500\" height=\"281\" src=\"https:\/\/www.youtube.com\/embed\/uxWrz2WTVW0?feature=oembed\" frameborder=\"0\" allow=\"accelerometer; autoplay; clipboard-write; encrypted-media; gyroscope; picture-in-picture; web-share\" referrerpolicy=\"strict-origin-when-cross-origin\" allowfullscreen><\/iframe><\/p>\n<h3>Grundl\u00e4ggande inv\u00e4ndningar mot f\u00f6religgande f\u00f6rslag<\/h3>\n<p>F\u00f6religgande f\u00f6rslag ska inledas med \u201d\u00d6stra N\u00e5ntuna\u201d t\u00e4tt inp\u00e5 nuvarande bebyggelse i N\u00e5ntuna, runt v\u00e4g 255 som ska g\u00f6ras om till kommunal stadsgata. Vi tycker i st\u00e4llet att man borde f\u00f6rskjuta bebyggelsen mot Nysala &#8211; och beh\u00e5lla omr\u00e5dets karakt\u00e4r av frist\u00e5ende &#8221;byar&#8221; med ordentligt tilltagen natur emellan.<\/p>\n<p>Denna karakt\u00e4r kommer att f\u00f6rsvinna n\u00e4r de befintliga delarna byggs in med skuggande flerv\u00e5ningshus. \u00c4ven de befintliga och uppskattade pulkabackama kommer byggas in och delvis f\u00f6rsvinna i f\u00f6religgande f\u00f6rslag. Hela omr\u00e5det runt S\u00e4vja g\u00e5rd, en del av Uppsalas Linnearv kommer ocks\u00e5 att \u00f6del\u00e4ggas med sin nuvarande karakt\u00e4r av beten, jordbruksmark och linnestigar. Hur st\u00e4mmer det med Uppsalas v\u00e4rldsarvsans\u00f6kan? Dessa omr\u00e5den b\u00f6r d\u00e4rf\u00f6r omarbetas.<\/p>\n<\/div>\n<\/div>\n<\/div>\n<\/div>\n<p>Det grundl\u00e4ggande problemet med f\u00f6religgande F\u00f6rdjupad \u00f6versiktplan f\u00f6r syd\u00f6stra stadsdelarna \u00e4r att den \u00e4r byggd p\u00e5 \u00f6verenskommelsen med staten och Region Uppsala ang\u00e5ende det s\u00e5 kallade Uppsalapaketet \u2013 utbyggnad av fyra sp\u00e5r hela v\u00e4gen Uppsala-Stockholm, mot att Uppsala kommun bygger 33.000 bost\u00e4der p\u00e5 statens villkor.\u00a0Dessa villkor var detaljerade och ingripande, p\u00e5 ett s\u00e4tt som aldrig annars hade accepterats utifr\u00e5n det kommunala sj\u00e4lvstyret, om inte staten hade anv\u00e4nt j\u00e4rnv\u00e4gsutbyggnaden i utpressningssyfte f\u00f6r att kunna f\u00e5 igenom f\u00f6rslaget.<\/p>\n<p>Vid beslut om Uppsalapaketet i januari 2018 reserverade sig Kristdemokraterna till f\u00f6rm\u00e5n f\u00f6r att j\u00e4rnv\u00e4gsstationen skulle placeras l\u00e4ngre s\u00f6derut, att hellre en del av skogen och till och med naturreservatet skulle tas i anspr\u00e5k samt p\u00e5pekade att vi sedan tidigare drivit att j\u00e4rnv\u00e4gen om m\u00f6jligt borde l\u00e4ggas i tunnel f\u00f6r att minska barri\u00e4reffekten. Vi avslutade v\u00e5r reservation med:\u00a0\u201d<em>Vi beklagar att den r\u00f6dgr\u00f6na majoriteten inte b\u00e4ttre f\u00f6rm\u00e5r genomf\u00f6ra en process som samlar s\u00e5 m\u00e5nga partier som m\u00f6jligt i en fr\u00e5ga som \u00e4r s\u00e5 viktig f\u00f6r Uppsalas framtid.<\/em>\u201d<\/p>\n<p>M\u00e4nniskor flyttar inte till v\u00e5r kommun f\u00f6r att de s\u00f6ker nya miljonprogramomr\u00e5den utan f\u00f6r att de antingen vill bo p\u00e5 landsbygden eller i en trivsam mindre stad med historisk karakt\u00e4r.<\/p>\n<p>Ytterst \u00e4r det politikerna som best\u00e4mmer hur det ska byggas enligt det kommunala planmonopolet. Det spelar d\u00e4rf\u00f6r mycket stor roll hur du r\u00f6star i valet.<\/p>\n<h3>Remissyttranden<\/h3>\n<p>H\u00e4r kan du l\u00e4sa v\u00e5rt fullst\u00e4ndiga remissyttrande som l\u00e4mnades in i april 2021:<\/p>\n<p><a href=\"http:\/\/wp.kristdemokraterna.se\/uppsala\/files\/2021\/04\/remissyttrande-kristdemokraterna.pdf\"><img loading=\"lazy\" decoding=\"async\" class=\"alignnone size-medium wp-image-3913\" src=\"http:\/\/wp.kristdemokraterna.se\/uppsala\/files\/2021\/04\/skarmavbild-2021-04-15-kl.-13.39.12-206x300.png\" alt=\"\" width=\"206\" height=\"300\" srcset=\"https:\/\/wp.kristdemokraterna.se\/uppsala\/files\/2021\/04\/skarmavbild-2021-04-15-kl.-13.39.12-206x300.png 206w, https:\/\/wp.kristdemokraterna.se\/uppsala\/files\/2021\/04\/skarmavbild-2021-04-15-kl.-13.39.12-370x539.png 370w, https:\/\/wp.kristdemokraterna.se\/uppsala\/files\/2021\/04\/skarmavbild-2021-04-15-kl.-13.39.12-768x1119.png 768w, https:\/\/wp.kristdemokraterna.se\/uppsala\/files\/2021\/04\/skarmavbild-2021-04-15-kl.-13.39.12-137x200.png 137w, https:\/\/wp.kristdemokraterna.se\/uppsala\/files\/2021\/04\/skarmavbild-2021-04-15-kl.-13.39.12-770x1122.png 770w, https:\/\/wp.kristdemokraterna.se\/uppsala\/files\/2021\/04\/skarmavbild-2021-04-15-kl.-13.39.12-450x656.png 450w, https:\/\/wp.kristdemokraterna.se\/uppsala\/files\/2021\/04\/skarmavbild-2021-04-15-kl.-13.39.12-276x402.png 276w, https:\/\/wp.kristdemokraterna.se\/uppsala\/files\/2021\/04\/skarmavbild-2021-04-15-kl.-13.39.12-340x496.png 340w, https:\/\/wp.kristdemokraterna.se\/uppsala\/files\/2021\/04\/skarmavbild-2021-04-15-kl.-13.39.12-38x56.png 38w, https:\/\/wp.kristdemokraterna.se\/uppsala\/files\/2021\/04\/skarmavbild-2021-04-15-kl.-13.39.12.png 874w\" sizes=\"auto, (max-width: 206px) 100vw, 206px\" \/><\/a><\/p>\n<p>Notera g\u00e4rna att ovanst\u00e5ende dokument \u00e4r en uppdaterad version av det vi ursprungligen l\u00e4mnade in i maj 2020, eftersom kommunen genomf\u00f6rt samr\u00e5d vid tv\u00e5 tillf\u00e4llen. Vill du l\u00e4sa det kan du <a href=\"https:\/\/wp.kristdemokraterna.se\/uppsala\/remissvar-fran-kristdemokraterna-angaende-fordjupad-oversiktsplan-for-de-sydostra-stadsdelarna\/\">g\u00f6ra det h\u00e4r.\u00a0<\/a><\/p>\n<h3>Senaste nyheterna<\/h3>\n<p>Ta del av v\u00e5ra senaste nyhetsuppdateringar kring utvecklingen i de syd\u00f6stra stadsdelarna genom att <a href=\"https:\/\/wp.kristdemokraterna.se\/uppsala\/kategorier\/sydostra-stadsdelarna\/\">klicka h\u00e4r.<\/a><\/p>\n<h3>Engagera dig<\/h3>\n<p>Vill du vara med och g\u00f6ra skillnad i fr\u00e5gan \u00e4r du v\u00e4lkommen att g\u00e5 med i Kristdemokraterna p\u00e5 <a href=\"http:\/\/KD.nu\/blimedlem\">KD.nu\/blimedlem<\/a> och ansluta till v\u00e5r kampanj. Under s\u00e5v\u00e4l 2020 som 2021 ses vi varannan l\u00f6rdag f\u00f6r att dela ut flygblad, samtala p\u00e5 allm\u00e4n plats och knacka d\u00f6rr. Under r\u00e5dande omst\u00e4ndigheter med p\u00e5g\u00e5ende coronapandemi genomf\u00f6r vi endast flygbladsutdelning i brevl\u00e5dor f\u00f6r att s\u00e4kerst\u00e4lla h\u00e4lsosamma avst\u00e5nd.<\/p>\n<p><img loading=\"lazy\" decoding=\"async\" class=\"alignnone wp-image-3903 size-large\" src=\"http:\/\/wp.kristdemokraterna.se\/uppsala\/files\/2021\/04\/170502389_3734452576653299_3921038407431223645_n-540x540.jpg\" alt=\"\" width=\"540\" height=\"540\" srcset=\"https:\/\/wp.kristdemokraterna.se\/uppsala\/files\/2021\/04\/170502389_3734452576653299_3921038407431223645_n-540x540.jpg 540w, https:\/\/wp.kristdemokraterna.se\/uppsala\/files\/2021\/04\/170502389_3734452576653299_3921038407431223645_n-300x300.jpg 300w, https:\/\/wp.kristdemokraterna.se\/uppsala\/files\/2021\/04\/170502389_3734452576653299_3921038407431223645_n-150x150.jpg 150w, https:\/\/wp.kristdemokraterna.se\/uppsala\/files\/2021\/04\/170502389_3734452576653299_3921038407431223645_n-768x768.jpg 768w, https:\/\/wp.kristdemokraterna.se\/uppsala\/files\/2021\/04\/170502389_3734452576653299_3921038407431223645_n-200x200.jpg 200w, https:\/\/wp.kristdemokraterna.se\/uppsala\/files\/2021\/04\/170502389_3734452576653299_3921038407431223645_n-370x370.jpg 370w, https:\/\/wp.kristdemokraterna.se\/uppsala\/files\/2021\/04\/170502389_3734452576653299_3921038407431223645_n-90x90.jpg 90w, https:\/\/wp.kristdemokraterna.se\/uppsala\/files\/2021\/04\/170502389_3734452576653299_3921038407431223645_n-770x770.jpg 770w, https:\/\/wp.kristdemokraterna.se\/uppsala\/files\/2021\/04\/170502389_3734452576653299_3921038407431223645_n-450x450.jpg 450w, https:\/\/wp.kristdemokraterna.se\/uppsala\/files\/2021\/04\/170502389_3734452576653299_3921038407431223645_n-280x280.jpg 280w, https:\/\/wp.kristdemokraterna.se\/uppsala\/files\/2021\/04\/170502389_3734452576653299_3921038407431223645_n-340x340.jpg 340w, https:\/\/wp.kristdemokraterna.se\/uppsala\/files\/2021\/04\/170502389_3734452576653299_3921038407431223645_n-56x56.jpg 56w, https:\/\/wp.kristdemokraterna.se\/uppsala\/files\/2021\/04\/170502389_3734452576653299_3921038407431223645_n.jpg 1060w\" sizes=\"auto, (max-width: 540px) 100vw, 540px\" \/><\/p>\n","protected":false},"excerpt":{"rendered":"<p>Uppsala kommun forts\u00e4tter planera \u00f6ver 20.000 nya bost\u00e4der i syd\u00f6stra stadsdelarna, trots h\u00f6gljudda protester fr\u00e5n b\u00e5de boende i omr\u00e5det och oppositionspartier.\u00a0Vi kristdemokrater \u00e4r grundl\u00e4ggande emot den h\u00e4r typen av kraftig stadsutbyggnad. Vi anser inte att man ska pressa in en stor m\u00e4ngd betongbost\u00e4der p\u00e5 en liten yta, d\u00e4r hela t\u00e4nkandet p\u00e5minner om 60- och 70-talens <a class=\"read-more-link\" href=\"https:\/\/wp.kristdemokraterna.se\/uppsala\/kd-i-uppsala-kommun\/kommunprogram-uppsala\/sydostra-stadsdelarna\/\">Read More<\/a><\/p>\n","protected":false},"author":702,"featured_media":0,"parent":4807,"menu_order":4,"comment_status":"closed","ping_status":"closed","template":"","meta":{"_acf_changed":false,"footnotes":""},"class_list":["post-3888","page","type-page","status-publish","hentry"],"acf":[],"yoast_head":"<!-- This site is optimized with the Yoast SEO plugin v27.4 - https:\/\/yoast.com\/product\/yoast-seo-wordpress\/ -->\n<title>Syd\u00f6stra stadsdelarna | Kristdemokraterna | Uppsala<\/title>\n<meta name=\"robots\" content=\"index, follow, max-snippet:-1, max-image-preview:large, max-video-preview:-1\" \/>\n<link rel=\"canonical\" href=\"https:\/\/wp.kristdemokraterna.se\/uppsala\/kd-i-uppsala-kommun\/kommunprogram-uppsala\/sydostra-stadsdelarna\/\" \/>\n<meta property=\"og:locale\" content=\"sv_SE\" \/>\n<meta property=\"og:type\" content=\"article\" \/>\n<meta property=\"og:title\" content=\"Syd\u00f6stra stadsdelarna | Kristdemokraterna | Uppsala\" \/>\n<meta property=\"og:description\" content=\"Uppsala kommun forts\u00e4tter planera \u00f6ver 20.000 nya bost\u00e4der i syd\u00f6stra stadsdelarna, trots h\u00f6gljudda protester fr\u00e5n b\u00e5de boende i omr\u00e5det och oppositionspartier.\u00a0Vi kristdemokrater \u00e4r grundl\u00e4ggande emot den h\u00e4r typen av kraftig stadsutbyggnad. Vi anser inte att man ska pressa in en stor m\u00e4ngd betongbost\u00e4der p\u00e5 en liten yta, d\u00e4r hela t\u00e4nkandet p\u00e5minner om 60- och 70-talens Read More\" \/>\n<meta property=\"og:url\" content=\"https:\/\/wp.kristdemokraterna.se\/uppsala\/kd-i-uppsala-kommun\/kommunprogram-uppsala\/sydostra-stadsdelarna\/\" \/>\n<meta property=\"og:site_name\" content=\"Kristdemokraterna | Uppsala\" \/>\n<meta property=\"article:publisher\" content=\"https:\/\/www.facebook.com\/UppsalaKD\/\" \/>\n<meta property=\"article:modified_time\" content=\"2024-08-21T12:57:46+00:00\" \/>\n<meta property=\"og:image\" content=\"http:\/\/wp.kristdemokraterna.se\/uppsala\/files\/2021\/04\/blue-checkmark-150x150.png\" \/>\n<meta name=\"twitter:card\" content=\"summary_large_image\" \/>\n<meta name=\"twitter:label1\" content=\"Ber\u00e4knad l\u00e4stid\" \/>\n\t<meta name=\"twitter:data1\" content=\"5 minuter\" \/>\n<script type=\"application\/ld+json\" class=\"yoast-schema-graph\">{\"@context\":\"https:\\\/\\\/schema.org\",\"@graph\":[{\"@type\":\"WebPage\",\"@id\":\"https:\\\/\\\/wp.kristdemokraterna.se\\\/uppsala\\\/kd-i-uppsala-kommun\\\/kommunprogram-uppsala\\\/sydostra-stadsdelarna\\\/\",\"url\":\"https:\\\/\\\/wp.kristdemokraterna.se\\\/uppsala\\\/kd-i-uppsala-kommun\\\/kommunprogram-uppsala\\\/sydostra-stadsdelarna\\\/\",\"name\":\"Syd\u00f6stra stadsdelarna | Kristdemokraterna | Uppsala\",\"isPartOf\":{\"@id\":\"https:\\\/\\\/wp.kristdemokraterna.se\\\/uppsala\\\/#website\"},\"primaryImageOfPage\":{\"@id\":\"https:\\\/\\\/wp.kristdemokraterna.se\\\/uppsala\\\/kd-i-uppsala-kommun\\\/kommunprogram-uppsala\\\/sydostra-stadsdelarna\\\/#primaryimage\"},\"image\":{\"@id\":\"https:\\\/\\\/wp.kristdemokraterna.se\\\/uppsala\\\/kd-i-uppsala-kommun\\\/kommunprogram-uppsala\\\/sydostra-stadsdelarna\\\/#primaryimage\"},\"thumbnailUrl\":\"http:\\\/\\\/wp.kristdemokraterna.se\\\/uppsala\\\/files\\\/2021\\\/04\\\/blue-checkmark-150x150.png\",\"datePublished\":\"2021-04-15T11:45:08+00:00\",\"dateModified\":\"2024-08-21T12:57:46+00:00\",\"breadcrumb\":{\"@id\":\"https:\\\/\\\/wp.kristdemokraterna.se\\\/uppsala\\\/kd-i-uppsala-kommun\\\/kommunprogram-uppsala\\\/sydostra-stadsdelarna\\\/#breadcrumb\"},\"inLanguage\":\"sv-SE\",\"potentialAction\":[{\"@type\":\"ReadAction\",\"target\":[\"https:\\\/\\\/wp.kristdemokraterna.se\\\/uppsala\\\/kd-i-uppsala-kommun\\\/kommunprogram-uppsala\\\/sydostra-stadsdelarna\\\/\"]}]},{\"@type\":\"ImageObject\",\"inLanguage\":\"sv-SE\",\"@id\":\"https:\\\/\\\/wp.kristdemokraterna.se\\\/uppsala\\\/kd-i-uppsala-kommun\\\/kommunprogram-uppsala\\\/sydostra-stadsdelarna\\\/#primaryimage\",\"url\":\"http:\\\/\\\/wp.kristdemokraterna.se\\\/uppsala\\\/files\\\/2021\\\/04\\\/blue-checkmark-150x150.png\",\"contentUrl\":\"http:\\\/\\\/wp.kristdemokraterna.se\\\/uppsala\\\/files\\\/2021\\\/04\\\/blue-checkmark-150x150.png\"},{\"@type\":\"BreadcrumbList\",\"@id\":\"https:\\\/\\\/wp.kristdemokraterna.se\\\/uppsala\\\/kd-i-uppsala-kommun\\\/kommunprogram-uppsala\\\/sydostra-stadsdelarna\\\/#breadcrumb\",\"itemListElement\":[{\"@type\":\"ListItem\",\"position\":1,\"name\":\"Hem\",\"item\":\"https:\\\/\\\/wp.kristdemokraterna.se\\\/uppsala\\\/\"},{\"@type\":\"ListItem\",\"position\":2,\"name\":\"Kristdemokraterna i Uppsala Kommun\",\"item\":\"https:\\\/\\\/wp.kristdemokraterna.se\\\/uppsala\\\/kd-i-uppsala-kommun\\\/\"},{\"@type\":\"ListItem\",\"position\":3,\"name\":\"Kommunprogram Uppsala\",\"item\":\"https:\\\/\\\/wp.kristdemokraterna.se\\\/uppsala\\\/kd-i-uppsala-kommun\\\/kommunprogram-uppsala\\\/\"},{\"@type\":\"ListItem\",\"position\":4,\"name\":\"Syd\u00f6stra stadsdelarna\"}]},{\"@type\":\"WebSite\",\"@id\":\"https:\\\/\\\/wp.kristdemokraterna.se\\\/uppsala\\\/#website\",\"url\":\"https:\\\/\\\/wp.kristdemokraterna.se\\\/uppsala\\\/\",\"name\":\"Kristdemokraterna Uppsala\",\"description\":\"Tryggare Uppsala\",\"publisher\":{\"@id\":\"https:\\\/\\\/wp.kristdemokraterna.se\\\/uppsala\\\/#organization\"},\"inLanguage\":\"sv-SE\"},{\"@type\":\"Organization\",\"@id\":\"https:\\\/\\\/wp.kristdemokraterna.se\\\/uppsala\\\/#organization\",\"name\":\"Kristdemokraterna Uppsala\",\"url\":\"https:\\\/\\\/wp.kristdemokraterna.se\\\/uppsala\\\/\",\"logo\":{\"@type\":\"ImageObject\",\"inLanguage\":\"sv-SE\",\"@id\":\"https:\\\/\\\/wp.kristdemokraterna.se\\\/uppsala\\\/#\\\/schema\\\/logo\\\/image\\\/\",\"url\":\"https:\\\/\\\/wp.kristdemokraterna.se\\\/uppsala\\\/files\\\/2019\\\/10\\\/kd-uppsala.png\",\"contentUrl\":\"https:\\\/\\\/wp.kristdemokraterna.se\\\/uppsala\\\/files\\\/2019\\\/10\\\/kd-uppsala.png\",\"width\":804,\"height\":421,\"caption\":\"Kristdemokraterna Uppsala\"},\"image\":{\"@id\":\"https:\\\/\\\/wp.kristdemokraterna.se\\\/uppsala\\\/#\\\/schema\\\/logo\\\/image\\\/\"},\"sameAs\":[\"https:\\\/\\\/www.facebook.com\\\/UppsalaKD\\\/\",\"https:\\\/\\\/www.instagram.com\\\/uppsalakd\\\/\"]}]}<\/script>\n<!-- \/ Yoast SEO plugin. -->","yoast_head_json":{"title":"Syd\u00f6stra stadsdelarna | Kristdemokraterna | Uppsala","robots":{"index":"index","follow":"follow","max-snippet":"max-snippet:-1","max-image-preview":"max-image-preview:large","max-video-preview":"max-video-preview:-1"},"canonical":"https:\/\/wp.kristdemokraterna.se\/uppsala\/kd-i-uppsala-kommun\/kommunprogram-uppsala\/sydostra-stadsdelarna\/","og_locale":"sv_SE","og_type":"article","og_title":"Syd\u00f6stra stadsdelarna | Kristdemokraterna | Uppsala","og_description":"Uppsala kommun forts\u00e4tter planera \u00f6ver 20.000 nya bost\u00e4der i syd\u00f6stra stadsdelarna, trots h\u00f6gljudda protester fr\u00e5n b\u00e5de boende i omr\u00e5det och oppositionspartier.\u00a0Vi kristdemokrater \u00e4r grundl\u00e4ggande emot den h\u00e4r typen av kraftig stadsutbyggnad. Vi anser inte att man ska pressa in en stor m\u00e4ngd betongbost\u00e4der p\u00e5 en liten yta, d\u00e4r hela t\u00e4nkandet p\u00e5minner om 60- och 70-talens Read More","og_url":"https:\/\/wp.kristdemokraterna.se\/uppsala\/kd-i-uppsala-kommun\/kommunprogram-uppsala\/sydostra-stadsdelarna\/","og_site_name":"Kristdemokraterna | Uppsala","article_publisher":"https:\/\/www.facebook.com\/UppsalaKD\/","article_modified_time":"2024-08-21T12:57:46+00:00","og_image":[{"url":"http:\/\/wp.kristdemokraterna.se\/uppsala\/files\/2021\/04\/blue-checkmark-150x150.png","type":"","width":"","height":""}],"twitter_card":"summary_large_image","twitter_misc":{"Ber\u00e4knad l\u00e4stid":"5 minuter"},"schema":{"@context":"https:\/\/schema.org","@graph":[{"@type":"WebPage","@id":"https:\/\/wp.kristdemokraterna.se\/uppsala\/kd-i-uppsala-kommun\/kommunprogram-uppsala\/sydostra-stadsdelarna\/","url":"https:\/\/wp.kristdemokraterna.se\/uppsala\/kd-i-uppsala-kommun\/kommunprogram-uppsala\/sydostra-stadsdelarna\/","name":"Syd\u00f6stra stadsdelarna | Kristdemokraterna | Uppsala","isPartOf":{"@id":"https:\/\/wp.kristdemokraterna.se\/uppsala\/#website"},"primaryImageOfPage":{"@id":"https:\/\/wp.kristdemokraterna.se\/uppsala\/kd-i-uppsala-kommun\/kommunprogram-uppsala\/sydostra-stadsdelarna\/#primaryimage"},"image":{"@id":"https:\/\/wp.kristdemokraterna.se\/uppsala\/kd-i-uppsala-kommun\/kommunprogram-uppsala\/sydostra-stadsdelarna\/#primaryimage"},"thumbnailUrl":"http:\/\/wp.kristdemokraterna.se\/uppsala\/files\/2021\/04\/blue-checkmark-150x150.png","datePublished":"2021-04-15T11:45:08+00:00","dateModified":"2024-08-21T12:57:46+00:00","breadcrumb":{"@id":"https:\/\/wp.kristdemokraterna.se\/uppsala\/kd-i-uppsala-kommun\/kommunprogram-uppsala\/sydostra-stadsdelarna\/#breadcrumb"},"inLanguage":"sv-SE","potentialAction":[{"@type":"ReadAction","target":["https:\/\/wp.kristdemokraterna.se\/uppsala\/kd-i-uppsala-kommun\/kommunprogram-uppsala\/sydostra-stadsdelarna\/"]}]},{"@type":"ImageObject","inLanguage":"sv-SE","@id":"https:\/\/wp.kristdemokraterna.se\/uppsala\/kd-i-uppsala-kommun\/kommunprogram-uppsala\/sydostra-stadsdelarna\/#primaryimage","url":"http:\/\/wp.kristdemokraterna.se\/uppsala\/files\/2021\/04\/blue-checkmark-150x150.png","contentUrl":"http:\/\/wp.kristdemokraterna.se\/uppsala\/files\/2021\/04\/blue-checkmark-150x150.png"},{"@type":"BreadcrumbList","@id":"https:\/\/wp.kristdemokraterna.se\/uppsala\/kd-i-uppsala-kommun\/kommunprogram-uppsala\/sydostra-stadsdelarna\/#breadcrumb","itemListElement":[{"@type":"ListItem","position":1,"name":"Hem","item":"https:\/\/wp.kristdemokraterna.se\/uppsala\/"},{"@type":"ListItem","position":2,"name":"Kristdemokraterna i Uppsala Kommun","item":"https:\/\/wp.kristdemokraterna.se\/uppsala\/kd-i-uppsala-kommun\/"},{"@type":"ListItem","position":3,"name":"Kommunprogram Uppsala","item":"https:\/\/wp.kristdemokraterna.se\/uppsala\/kd-i-uppsala-kommun\/kommunprogram-uppsala\/"},{"@type":"ListItem","position":4,"name":"Syd\u00f6stra stadsdelarna"}]},{"@type":"WebSite","@id":"https:\/\/wp.kristdemokraterna.se\/uppsala\/#website","url":"https:\/\/wp.kristdemokraterna.se\/uppsala\/","name":"Kristdemokraterna Uppsala","description":"Tryggare Uppsala","publisher":{"@id":"https:\/\/wp.kristdemokraterna.se\/uppsala\/#organization"},"inLanguage":"sv-SE"},{"@type":"Organization","@id":"https:\/\/wp.kristdemokraterna.se\/uppsala\/#organization","name":"Kristdemokraterna Uppsala","url":"https:\/\/wp.kristdemokraterna.se\/uppsala\/","logo":{"@type":"ImageObject","inLanguage":"sv-SE","@id":"https:\/\/wp.kristdemokraterna.se\/uppsala\/#\/schema\/logo\/image\/","url":"https:\/\/wp.kristdemokraterna.se\/uppsala\/files\/2019\/10\/kd-uppsala.png","contentUrl":"https:\/\/wp.kristdemokraterna.se\/uppsala\/files\/2019\/10\/kd-uppsala.png","width":804,"height":421,"caption":"Kristdemokraterna Uppsala"},"image":{"@id":"https:\/\/wp.kristdemokraterna.se\/uppsala\/#\/schema\/logo\/image\/"},"sameAs":["https:\/\/www.facebook.com\/UppsalaKD\/","https:\/\/www.instagram.com\/uppsalakd\/"]}]}},"_links":{"self":[{"href":"https:\/\/wp.kristdemokraterna.se\/uppsala\/wp-json\/wp\/v2\/pages\/3888","targetHints":{"allow":["GET"]}}],"collection":[{"href":"https:\/\/wp.kristdemokraterna.se\/uppsala\/wp-json\/wp\/v2\/pages"}],"about":[{"href":"https:\/\/wp.kristdemokraterna.se\/uppsala\/wp-json\/wp\/v2\/types\/page"}],"author":[{"embeddable":true,"href":"https:\/\/wp.kristdemokraterna.se\/uppsala\/wp-json\/wp\/v2\/users\/702"}],"replies":[{"embeddable":true,"href":"https:\/\/wp.kristdemokraterna.se\/uppsala\/wp-json\/wp\/v2\/comments?post=3888"}],"version-history":[{"count":26,"href":"https:\/\/wp.kristdemokraterna.se\/uppsala\/wp-json\/wp\/v2\/pages\/3888\/revisions"}],"predecessor-version":[{"id":3932,"href":"https:\/\/wp.kristdemokraterna.se\/uppsala\/wp-json\/wp\/v2\/pages\/3888\/revisions\/3932"}],"up":[{"embeddable":true,"href":"https:\/\/wp.kristdemokraterna.se\/uppsala\/wp-json\/wp\/v2\/pages\/4807"}],"wp:attachment":[{"href":"https:\/\/wp.kristdemokraterna.se\/uppsala\/wp-json\/wp\/v2\/media?parent=3888"}],"curies":[{"name":"wp","href":"https:\/\/api.w.org\/{rel}","templated":true}]}}