{"version":"1.0","provider_name":"Kristdemokraterna i V\u00e4rmd\u00f6","provider_url":"https:\/\/wp.kristdemokraterna.se\/varmdo","title":"KD dagar i J\u00f6nk\u00f6ping - Kristdemokraterna i V\u00e4rmd\u00f6","type":"rich","width":600,"height":338,"html":"<blockquote class=\"wp-embedded-content\" data-secret=\"bR8k3tskZ2\"><a href=\"https:\/\/wp.kristdemokraterna.se\/varmdo\/kd-dagar-i-jonkoping\/\">KD dagar i J\u00f6nk\u00f6ping<\/a><\/blockquote><iframe sandbox=\"allow-scripts\" security=\"restricted\" src=\"https:\/\/wp.kristdemokraterna.se\/varmdo\/kd-dagar-i-jonkoping\/embed\/#?secret=bR8k3tskZ2\" width=\"600\" height=\"338\" title=\"\u201dKD dagar i J\u00f6nk\u00f6ping\u201d &ndash; Kristdemokraterna i V\u00e4rmd\u00f6\" data-secret=\"bR8k3tskZ2\" frameborder=\"0\" marginwidth=\"0\" marginheight=\"0\" scrolling=\"no\" class=\"wp-embedded-content\"><\/iframe><script type=\"text\/javascript\">\n\/* <![CDATA[ *\/\n\/*! This file is auto-generated *\/\n!function(d,l){\"use strict\";l.querySelector&&d.addEventListener&&\"undefined\"!=typeof URL&&(d.wp=d.wp||{},d.wp.receiveEmbedMessage||(d.wp.receiveEmbedMessage=function(e){var t=e.data;if((t||t.secret||t.message||t.value)&&!\/[^a-zA-Z0-9]\/.test(t.secret)){for(var s,r,n,a=l.querySelectorAll('iframe[data-secret=\"'+t.secret+'\"]'),o=l.querySelectorAll('blockquote[data-secret=\"'+t.secret+'\"]'),c=new RegExp(\"^https?:$\",\"i\"),i=0;i<o.length;i++)o[i].style.display=\"none\";for(i=0;i<a.length;i++)s=a[i],e.source===s.contentWindow&&(s.removeAttribute(\"style\"),\"height\"===t.message?(1e3<(r=parseInt(t.value,10))?r=1e3:~~r<200&&(r=200),s.height=r):\"link\"===t.message&&(r=new URL(s.getAttribute(\"src\")),n=new URL(t.value),c.test(n.protocol))&&n.host===r.host&&l.activeElement===s&&(d.top.location.href=t.value))}},d.addEventListener(\"message\",d.wp.receiveEmbedMessage,!1),l.addEventListener(\"DOMContentLoaded\",function(){for(var e,t,s=l.querySelectorAll(\"iframe.wp-embedded-content\"),r=0;r<s.length;r++)(t=(e=s[r]).getAttribute(\"data-secret\"))||(t=Math.random().toString(36).substring(2,12),e.src+=\"#?secret=\"+t,e.setAttribute(\"data-secret\",t)),e.contentWindow.postMessage({message:\"ready\",secret:t},\"*\")},!1)))}(window,document);\n\/\/# sourceURL=https:\/\/wp.kristdemokraterna.se\/varmdo\/wp-includes\/js\/wp-embed.min.js\n\/* ]]> *\/\n<\/script>\n","description":"I slutet av f\u00f6rra veckan hade vi v\u00e5ra Kommun &#8211; och Landstingsdagar . \u00d6ver 1000 kristdemokrater fr\u00e5n hela Sverige samlades f\u00f6r att ladda upp inf\u00f6r valr\u00f6relsen. Ebba Busch Thor h\u00f6ll ett fantastiskt tal om behovet av f\u00f6r\u00e4ndringar. Hon lyfte fr\u00e4mst den of\u00f6rsvarbara sjukv\u00e5rdskrisen och presenterade en rad \u00e5tg\u00e4rder. Den enade Alliansen samlades p\u00e5 scenen\u00a0, Jan Read More"}