{"version":"1.0","provider_name":"Kristdemokraterna i V\u00e4rmd\u00f6","provider_url":"https:\/\/wp.kristdemokraterna.se\/varmdo","title":"M\u00f6t v\u00e5ra kandidater: Per-Olof Fransson - Kristdemokraterna i V\u00e4rmd\u00f6","type":"rich","width":600,"height":338,"html":"<blockquote class=\"wp-embedded-content\" data-secret=\"RFCWRANS2N\"><a href=\"https:\/\/wp.kristdemokraterna.se\/varmdo\/mot-vara-kandidater-per-olof-fransson\/\">M\u00f6t v\u00e5ra kandidater: Per-Olof Fransson<\/a><\/blockquote><iframe sandbox=\"allow-scripts\" security=\"restricted\" src=\"https:\/\/wp.kristdemokraterna.se\/varmdo\/mot-vara-kandidater-per-olof-fransson\/embed\/#?secret=RFCWRANS2N\" width=\"600\" height=\"338\" title=\"\u201dM\u00f6t v\u00e5ra kandidater: Per-Olof Fransson\u201d &ndash; Kristdemokraterna i V\u00e4rmd\u00f6\" data-secret=\"RFCWRANS2N\" frameborder=\"0\" marginwidth=\"0\" marginheight=\"0\" scrolling=\"no\" class=\"wp-embedded-content\"><\/iframe><script type=\"text\/javascript\">\n\/* <![CDATA[ *\/\n\/*! This file is auto-generated *\/\n!function(d,l){\"use strict\";l.querySelector&&d.addEventListener&&\"undefined\"!=typeof URL&&(d.wp=d.wp||{},d.wp.receiveEmbedMessage||(d.wp.receiveEmbedMessage=function(e){var t=e.data;if((t||t.secret||t.message||t.value)&&!\/[^a-zA-Z0-9]\/.test(t.secret)){for(var s,r,n,a=l.querySelectorAll('iframe[data-secret=\"'+t.secret+'\"]'),o=l.querySelectorAll('blockquote[data-secret=\"'+t.secret+'\"]'),c=new RegExp(\"^https?:$\",\"i\"),i=0;i<o.length;i++)o[i].style.display=\"none\";for(i=0;i<a.length;i++)s=a[i],e.source===s.contentWindow&&(s.removeAttribute(\"style\"),\"height\"===t.message?(1e3<(r=parseInt(t.value,10))?r=1e3:~~r<200&&(r=200),s.height=r):\"link\"===t.message&&(r=new URL(s.getAttribute(\"src\")),n=new URL(t.value),c.test(n.protocol))&&n.host===r.host&&l.activeElement===s&&(d.top.location.href=t.value))}},d.addEventListener(\"message\",d.wp.receiveEmbedMessage,!1),l.addEventListener(\"DOMContentLoaded\",function(){for(var e,t,s=l.querySelectorAll(\"iframe.wp-embedded-content\"),r=0;r<s.length;r++)(t=(e=s[r]).getAttribute(\"data-secret\"))||(t=Math.random().toString(36).substring(2,12),e.src+=\"#?secret=\"+t,e.setAttribute(\"data-secret\",t)),e.contentWindow.postMessage({message:\"ready\",secret:t},\"*\")},!1)))}(window,document);\n\/\/# sourceURL=https:\/\/wp.kristdemokraterna.se\/varmdo\/wp-includes\/js\/wp-embed.min.js\n\/* ]]> *\/\n<\/script>\n","description":"Fr\u00e5n och med\u00a0nu och fram\u00f6ver kommer vi att presentera v\u00e5ra toppkandidater i valet till kommunfullm\u00e4ktige. Vi b\u00f6rjar med nummer sex p\u00e5 listan, Per-Olof Fransson. Per-Olof, eller PO som han kallas,\u00a0\u00e4r partiets \u201dbyggare\u201d, en g\u00e5ng i tiden var han med och byggde Vasamuseet. N\u00e4r han inte \u00e4gnar sig \u00e5t politik \u00e4r det golf och k\u00f6ra runt\u00a0med Read More"}