{"id":1130,"date":"2022-06-21T08:38:47","date_gmt":"2022-06-21T06:38:47","guid":{"rendered":"https:\/\/wp.kristdemokraterna.se\/varmdo\/?page_id=1130"},"modified":"2026-03-06T09:13:28","modified_gmt":"2026-03-06T08:13:28","slug":"val-2022","status":"publish","type":"page","link":"https:\/\/wp.kristdemokraterna.se\/varmdo\/val-2022\/","title":{"rendered":"Valet 2026"},"content":{"rendered":"<p><img loading=\"lazy\" decoding=\"async\" class=\"alignnone size-medium wp-image-1052\" src=\"http:\/\/wp.kristdemokraterna.se\/varmdo\/files\/2022\/04\/gustavsbergs-hamn-300x225.jpg\" alt=\"\" width=\"300\" height=\"225\" \/><\/p>\n<p>B\u00e4ste\/a V\u00e4rmd\u00f6bo,<\/p>\n<p>V\u00e4rmd\u00f6 \u00e4r en fantastisk kommun att bo och verka i. Men inget \u00e4r s\u00e5 bra att det inte kan bli b\u00e4ttre. Kristdemokraterna i V\u00e4rmd\u00f6 vill vara med och fortsatt g\u00f6ra V\u00e4rmd\u00f6 \u00e4nnu b\u00e4ttre.<\/p>\n<p>Vi fokuserar p\u00e5 tre omr\u00e5den i valet i h\u00f6st: skolan, de \u00e4ldre och att bygga som folk vill bo. Ja, politik \u00e4r att v\u00e4lja. Vi v\u00e4ljer skolan f\u00f6r att den \u00e4r s\u00e5 otroligt viktig f\u00f6r b\u00e5de dig som individ och f\u00f6r hur samh\u00e4llet ska utvecklas. Vi v\u00e4ljer de \u00e4ldre f\u00f6r att hur vi tar hand om de \u00e4ldre s\u00e4ger en hel del om samh\u00e4llet. Och vi v\u00e4ljer att fokusera p\u00e5 byggnader, planer, infrastruktur m m f\u00f6r hur V\u00e4rmd\u00f6 utvecklas som kommun \u00e4r s\u00e5 viktigt f\u00f6r v\u00e5rt v\u00e4lm\u00e5ende och hur vi ska trivas.<\/p>\n<p>Stora satsningar har skett p\u00e5 skolan, b\u00e5de f\u00f6r att st\u00f6tta de som av olika sk\u00e4l har sv\u00e5rt att h\u00e4nga med och stimulera de som ligger lite l\u00e4ngre fram \u00e4n andra. Satsningarna p\u00e5 skolan m\u00e5ste forts\u00e4tta. Skolans viktigaste roll \u00e4r att f\u00f6rmedla kunskap och bildning och f\u00f6rbereda barnen f\u00f6r vuxenlivet. Det m\u00e5ste vara arbetsro i klassrummen och l\u00e4rarna ska ha b\u00e4sta m\u00f6jliga f\u00f6ruts\u00e4ttningar att ut\u00f6va sin viktiga l\u00e4rarroll.<\/p>\n<p>Andelen \u00e4ldre i befolkningen \u00f6kar. D\u00e4rf\u00f6r m\u00e5ste vi fortsatt planera f\u00f6r nya s\u00e4rskilda boenden. Flera \u00e4r p\u00e5 g\u00e5ng. Den dag du eller jag inte klara oss p\u00e5 egen hand ska vi m\u00f6tas av en v\u00e4rdig \u00e4ldreomsorg som utg\u00e5r ifr\u00e5n v\u00e5ra behov och \u00f6nskem\u00e5l. Den ofrivilliga ensamheten hos \u00e4ldre \u00e4r ett betydande samh\u00e4llsproblem. Kristdemokraterna i V\u00e4rmd\u00f6 arbetar f\u00f6r att det ska etableras en m\u00f6tesplats f\u00f6r seniorer i Gustavsberg, i delar av Gustavsg\u00e5rden. Vi \u00e4r de \u00e4ldres parti!<\/p>\n<p>V\u00e4rmd\u00f6 har varit en raket bland Sveriges kommuner n\u00e4r det g\u00e4ller befolkningstillv\u00e4xt : +110 % sedan 1990! Och alla prognoser tyder p\u00e5 fortsatt kraftig befolkningstillv\u00e4xt till 2040. Det \u00e4r inte s\u00e5 konstigt att vi v\u00e4xer. V\u00e4rmd\u00f6 lockar med sin natur, sin sk\u00e4rg\u00e5rd, men \u00e4nd\u00e5 n\u00e4rhet till storstadens puls. Men vi kan inte v\u00e4xa ohejdat. Det \u00e4r dags att dra i handbromsen. Kommunen m\u00e5ste ligga p\u00e5 Trafikverket att prioritera V\u00e4rmd\u00f6s anstr\u00e4ngda v\u00e4ginfrastruktur! Och det som byggs m\u00e5ste ocks\u00e5 ta b\u00e4ttre h\u00e4nsyn till v\u00e5r sk\u00e4rg\u00e5rdsmilj\u00f6. Vi beh\u00f6ver fler byggnader som sm\u00e4lter in, inte fler som sticker ut.<\/p>\n<p>7 av 10 svenskar vill helst bo i sm\u00e5hus visar unders\u00f6kning efter unders\u00f6kning. D\u00e4rf\u00f6r ser vi hellre l\u00e5ga hus \u00e4n h\u00f6ga hus i det fortsatta byggandet i V\u00e4rmd\u00f6. M\u00e4nniskor s\u00f6ker sig inte till V\u00e4rmd\u00f6 f\u00f6r de &#8221;urbana kvaliteterna&#8221;, m\u00e4nniskor s\u00f6ker sig till V\u00e4rmd\u00f6 f\u00f6r naturen. V\u00e4rmd\u00f6 \u00e4r inte S\u00f6dermalm.<\/p>\n<p>V\u00e4rmd\u00f6 \u00e4r landet n\u00e4ra staden. Delar av sk\u00e4rg\u00e5rden \u00e4r till exempel att betrakta som ren glesbygd. Det h\u00e4r g\u00f6r t ex att det ofta \u00e4r l\u00e5nga avst\u00e5nd f\u00f6r att ta sig till skola, aff\u00e4r eller fritidsaktiviteter. Bilen \u00e4r d\u00e4rmed en n\u00f6dv\u00e4ndig del f\u00f6r en fungerande vardag f\u00f6r de allra flesta V\u00e4rmd\u00f6bor. Kristdemokraterna i V\u00e4rmd\u00f6 st\u00e5r upp f\u00f6r bilen och kommer aldrig att medverka i den klappjakt p\u00e5 bilismen som blir allt vanligare. V\u00e4rmd\u00f6 \u00e4r inte S\u00f6dermalm.<\/p>\n<p>Kristdemokraterna i V\u00e4rmd\u00f6 \u00e4r redo f\u00f6r val den 11 september. I v\u00e4nstermenyn hittar Du v\u00e5rt handlingsprogram. Hoppas att Du gillar det och kan t\u00e4nka Dig att l\u00e4gga Din r\u00f6st p\u00e5 Kristdemokraterna den 11 september!<\/p>\n<p>Med v\u00e4nlig h\u00e4lsning<\/p>\n<p>Anders Josephsson<br \/>\nordf\u00f6rande Kristdemokraterna i V\u00e4rmd\u00f6<\/p>\n","protected":false},"excerpt":{"rendered":"<p>B\u00e4ste\/a V\u00e4rmd\u00f6bo, V\u00e4rmd\u00f6 \u00e4r en fantastisk kommun att bo och verka i. Men inget \u00e4r s\u00e5 bra att det inte kan bli b\u00e4ttre. Kristdemokraterna i V\u00e4rmd\u00f6 vill vara med och fortsatt g\u00f6ra V\u00e4rmd\u00f6 \u00e4nnu b\u00e4ttre. Vi fokuserar p\u00e5 tre omr\u00e5den i valet i h\u00f6st: skolan, de \u00e4ldre och att bygga som folk vill bo. Ja, <a class=\"read-more-link\" href=\"https:\/\/wp.kristdemokraterna.se\/varmdo\/val-2022\/\">Read More<\/a><\/p>\n","protected":false},"author":444,"featured_media":0,"parent":0,"menu_order":0,"comment_status":"closed","ping_status":"closed","template":"page.php","meta":{"_acf_changed":false,"footnotes":""},"class_list":["post-1130","page","type-page","status-publish","hentry"],"acf":[],"yoast_head":"<!-- This site is optimized with the Yoast SEO plugin v27.4 - https:\/\/yoast.com\/product\/yoast-seo-wordpress\/ -->\n<title>Valet 2026 - Kristdemokraterna i V\u00e4rmd\u00f6<\/title>\n<meta name=\"robots\" content=\"index, follow, max-snippet:-1, max-image-preview:large, max-video-preview:-1\" \/>\n<link rel=\"canonical\" href=\"https:\/\/wp.kristdemokraterna.se\/varmdo\/val-2022\/\" \/>\n<meta property=\"og:locale\" content=\"sv_SE\" \/>\n<meta property=\"og:type\" content=\"article\" \/>\n<meta property=\"og:title\" content=\"Valet 2026 - Kristdemokraterna i V\u00e4rmd\u00f6\" \/>\n<meta property=\"og:description\" content=\"B\u00e4ste\/a V\u00e4rmd\u00f6bo, V\u00e4rmd\u00f6 \u00e4r en fantastisk kommun att bo och verka i. Men inget \u00e4r s\u00e5 bra att det inte kan bli b\u00e4ttre. Kristdemokraterna i V\u00e4rmd\u00f6 vill vara med och fortsatt g\u00f6ra V\u00e4rmd\u00f6 \u00e4nnu b\u00e4ttre. Vi fokuserar p\u00e5 tre omr\u00e5den i valet i h\u00f6st: skolan, de \u00e4ldre och att bygga som folk vill bo. Ja, Read More\" \/>\n<meta property=\"og:url\" content=\"https:\/\/wp.kristdemokraterna.se\/varmdo\/val-2022\/\" \/>\n<meta property=\"og:site_name\" content=\"Kristdemokraterna i V\u00e4rmd\u00f6\" \/>\n<meta property=\"article:modified_time\" content=\"2026-03-06T08:13:28+00:00\" \/>\n<meta property=\"og:image\" content=\"https:\/\/wp.kristdemokraterna.se\/varmdo\/files\/2022\/04\/gustavsbergs-hamn-scaled-e1649936590980.jpg\" \/>\n\t<meta property=\"og:image:width\" content=\"213\" \/>\n\t<meta property=\"og:image:height\" content=\"160\" \/>\n\t<meta property=\"og:image:type\" content=\"image\/jpeg\" \/>\n<meta name=\"twitter:card\" content=\"summary_large_image\" \/>\n<meta name=\"twitter:label1\" content=\"Ber\u00e4knad l\u00e4stid\" \/>\n\t<meta name=\"twitter:data1\" content=\"3 minuter\" \/>\n<script type=\"application\/ld+json\" class=\"yoast-schema-graph\">{\"@context\":\"https:\\\/\\\/schema.org\",\"@graph\":[{\"@type\":\"WebPage\",\"@id\":\"https:\\\/\\\/wp.kristdemokraterna.se\\\/varmdo\\\/val-2022\\\/\",\"url\":\"https:\\\/\\\/wp.kristdemokraterna.se\\\/varmdo\\\/val-2022\\\/\",\"name\":\"Valet 2026 - Kristdemokraterna i V\u00e4rmd\u00f6\",\"isPartOf\":{\"@id\":\"https:\\\/\\\/wp.kristdemokraterna.se\\\/varmdo\\\/#website\"},\"primaryImageOfPage\":{\"@id\":\"https:\\\/\\\/wp.kristdemokraterna.se\\\/varmdo\\\/val-2022\\\/#primaryimage\"},\"image\":{\"@id\":\"https:\\\/\\\/wp.kristdemokraterna.se\\\/varmdo\\\/val-2022\\\/#primaryimage\"},\"thumbnailUrl\":\"http:\\\/\\\/wp.kristdemokraterna.se\\\/varmdo\\\/files\\\/2022\\\/04\\\/gustavsbergs-hamn-300x225.jpg\",\"datePublished\":\"2022-06-21T06:38:47+00:00\",\"dateModified\":\"2026-03-06T08:13:28+00:00\",\"breadcrumb\":{\"@id\":\"https:\\\/\\\/wp.kristdemokraterna.se\\\/varmdo\\\/val-2022\\\/#breadcrumb\"},\"inLanguage\":\"sv-SE\",\"potentialAction\":[{\"@type\":\"ReadAction\",\"target\":[\"https:\\\/\\\/wp.kristdemokraterna.se\\\/varmdo\\\/val-2022\\\/\"]}]},{\"@type\":\"ImageObject\",\"inLanguage\":\"sv-SE\",\"@id\":\"https:\\\/\\\/wp.kristdemokraterna.se\\\/varmdo\\\/val-2022\\\/#primaryimage\",\"url\":\"http:\\\/\\\/wp.kristdemokraterna.se\\\/varmdo\\\/files\\\/2022\\\/04\\\/gustavsbergs-hamn-300x225.jpg\",\"contentUrl\":\"http:\\\/\\\/wp.kristdemokraterna.se\\\/varmdo\\\/files\\\/2022\\\/04\\\/gustavsbergs-hamn-300x225.jpg\"},{\"@type\":\"BreadcrumbList\",\"@id\":\"https:\\\/\\\/wp.kristdemokraterna.se\\\/varmdo\\\/val-2022\\\/#breadcrumb\",\"itemListElement\":[{\"@type\":\"ListItem\",\"position\":1,\"name\":\"Hem\",\"item\":\"https:\\\/\\\/wp.kristdemokraterna.se\\\/varmdo\\\/\"},{\"@type\":\"ListItem\",\"position\":2,\"name\":\"Valet 2026\"}]},{\"@type\":\"WebSite\",\"@id\":\"https:\\\/\\\/wp.kristdemokraterna.se\\\/varmdo\\\/#website\",\"url\":\"https:\\\/\\\/wp.kristdemokraterna.se\\\/varmdo\\\/\",\"name\":\"Kristdemokraterna i V\u00e4rmd\u00f6\",\"description\":\"En till Kristdemokraterna webbplats\",\"inLanguage\":\"sv-SE\"}]}<\/script>\n<!-- \/ Yoast SEO plugin. -->","yoast_head_json":{"title":"Valet 2026 - Kristdemokraterna i V\u00e4rmd\u00f6","robots":{"index":"index","follow":"follow","max-snippet":"max-snippet:-1","max-image-preview":"max-image-preview:large","max-video-preview":"max-video-preview:-1"},"canonical":"https:\/\/wp.kristdemokraterna.se\/varmdo\/val-2022\/","og_locale":"sv_SE","og_type":"article","og_title":"Valet 2026 - Kristdemokraterna i V\u00e4rmd\u00f6","og_description":"B\u00e4ste\/a V\u00e4rmd\u00f6bo, V\u00e4rmd\u00f6 \u00e4r en fantastisk kommun att bo och verka i. Men inget \u00e4r s\u00e5 bra att det inte kan bli b\u00e4ttre. Kristdemokraterna i V\u00e4rmd\u00f6 vill vara med och fortsatt g\u00f6ra V\u00e4rmd\u00f6 \u00e4nnu b\u00e4ttre. Vi fokuserar p\u00e5 tre omr\u00e5den i valet i h\u00f6st: skolan, de \u00e4ldre och att bygga som folk vill bo. Ja, Read More","og_url":"https:\/\/wp.kristdemokraterna.se\/varmdo\/val-2022\/","og_site_name":"Kristdemokraterna i V\u00e4rmd\u00f6","article_modified_time":"2026-03-06T08:13:28+00:00","og_image":[{"width":213,"height":160,"url":"https:\/\/wp.kristdemokraterna.se\/varmdo\/files\/2022\/04\/gustavsbergs-hamn-scaled-e1649936590980.jpg","type":"image\/jpeg"}],"twitter_card":"summary_large_image","twitter_misc":{"Ber\u00e4knad l\u00e4stid":"3 minuter"},"schema":{"@context":"https:\/\/schema.org","@graph":[{"@type":"WebPage","@id":"https:\/\/wp.kristdemokraterna.se\/varmdo\/val-2022\/","url":"https:\/\/wp.kristdemokraterna.se\/varmdo\/val-2022\/","name":"Valet 2026 - Kristdemokraterna i V\u00e4rmd\u00f6","isPartOf":{"@id":"https:\/\/wp.kristdemokraterna.se\/varmdo\/#website"},"primaryImageOfPage":{"@id":"https:\/\/wp.kristdemokraterna.se\/varmdo\/val-2022\/#primaryimage"},"image":{"@id":"https:\/\/wp.kristdemokraterna.se\/varmdo\/val-2022\/#primaryimage"},"thumbnailUrl":"http:\/\/wp.kristdemokraterna.se\/varmdo\/files\/2022\/04\/gustavsbergs-hamn-300x225.jpg","datePublished":"2022-06-21T06:38:47+00:00","dateModified":"2026-03-06T08:13:28+00:00","breadcrumb":{"@id":"https:\/\/wp.kristdemokraterna.se\/varmdo\/val-2022\/#breadcrumb"},"inLanguage":"sv-SE","potentialAction":[{"@type":"ReadAction","target":["https:\/\/wp.kristdemokraterna.se\/varmdo\/val-2022\/"]}]},{"@type":"ImageObject","inLanguage":"sv-SE","@id":"https:\/\/wp.kristdemokraterna.se\/varmdo\/val-2022\/#primaryimage","url":"http:\/\/wp.kristdemokraterna.se\/varmdo\/files\/2022\/04\/gustavsbergs-hamn-300x225.jpg","contentUrl":"http:\/\/wp.kristdemokraterna.se\/varmdo\/files\/2022\/04\/gustavsbergs-hamn-300x225.jpg"},{"@type":"BreadcrumbList","@id":"https:\/\/wp.kristdemokraterna.se\/varmdo\/val-2022\/#breadcrumb","itemListElement":[{"@type":"ListItem","position":1,"name":"Hem","item":"https:\/\/wp.kristdemokraterna.se\/varmdo\/"},{"@type":"ListItem","position":2,"name":"Valet 2026"}]},{"@type":"WebSite","@id":"https:\/\/wp.kristdemokraterna.se\/varmdo\/#website","url":"https:\/\/wp.kristdemokraterna.se\/varmdo\/","name":"Kristdemokraterna i V\u00e4rmd\u00f6","description":"En till Kristdemokraterna webbplats","inLanguage":"sv-SE"}]}},"_links":{"self":[{"href":"https:\/\/wp.kristdemokraterna.se\/varmdo\/wp-json\/wp\/v2\/pages\/1130","targetHints":{"allow":["GET"]}}],"collection":[{"href":"https:\/\/wp.kristdemokraterna.se\/varmdo\/wp-json\/wp\/v2\/pages"}],"about":[{"href":"https:\/\/wp.kristdemokraterna.se\/varmdo\/wp-json\/wp\/v2\/types\/page"}],"author":[{"embeddable":true,"href":"https:\/\/wp.kristdemokraterna.se\/varmdo\/wp-json\/wp\/v2\/users\/444"}],"replies":[{"embeddable":true,"href":"https:\/\/wp.kristdemokraterna.se\/varmdo\/wp-json\/wp\/v2\/comments?post=1130"}],"version-history":[{"count":7,"href":"https:\/\/wp.kristdemokraterna.se\/varmdo\/wp-json\/wp\/v2\/pages\/1130\/revisions"}],"predecessor-version":[{"id":1263,"href":"https:\/\/wp.kristdemokraterna.se\/varmdo\/wp-json\/wp\/v2\/pages\/1130\/revisions\/1263"}],"wp:attachment":[{"href":"https:\/\/wp.kristdemokraterna.se\/varmdo\/wp-json\/wp\/v2\/media?parent=1130"}],"curies":[{"name":"wp","href":"https:\/\/api.w.org\/{rel}","templated":true}]}}