{"id":642,"date":"2018-04-29T16:39:50","date_gmt":"2018-04-29T14:39:50","guid":{"rendered":"http:\/\/wp.kristdemokraterna.se\/varmdo\/?page_id=642"},"modified":"2022-07-14T15:52:39","modified_gmt":"2022-07-14T13:52:39","slug":"skola","status":"publish","type":"page","link":"https:\/\/wp.kristdemokraterna.se\/varmdo\/val-2022\/valmanifest-2022\/skola\/","title":{"rendered":"Skolan"},"content":{"rendered":"<p>Kristdemokratisk utbildningspolitik fokuserar p\u00e5 kunskap, klassisk bildning och arbetsro. Vi arbetar f\u00f6r en skola d\u00e4r ingen h\u00e5lls tillbaka, ingen l\u00e4mnas efter och d\u00e4r alla barn behandlas med respekt. Skolan ska skapa f\u00f6ruts\u00e4ttningar f\u00f6r att varje barn ska f\u00e5 l\u00e4ra s\u00e5 mycket som m\u00f6jligt, utvecklas och f\u00f6rverkliga sin potential. F\u00f6r att det ska vara m\u00f6jligt kr\u00e4vs att skolan erbjuder kunskap f\u00f6r ett liv p\u00e5 arbetsmarknaden, men ocks\u00e5 klassisk bildning. Skolan ska inte bara rusta eleverna f\u00f6r arbetsmarknaden utan ocks\u00e5 ge f\u00f6rst\u00e5else f\u00f6r v\u00e5rt samh\u00e4lle f\u00f6r v\u00e5r historia, v\u00e5rt kulturarv samt de v\u00e4rdefulla dygder och den etik som f\u00f6rvaltats av kristen och v\u00e4sterl\u00e4ndsk id\u00e9tradition.<\/p>\n<p>Kristdemokraterna vill betona vikten av en skola som har h\u00f6ga f\u00f6rv\u00e4ntningar p\u00e5 b\u00e5de elever och personal. En skola som m\u00f6ter varje elevs utmaningar med tro p\u00e5 elevens potential att lyckas efter sin b\u00e4sta f\u00f6rm\u00e5ga. Mycket tyder p\u00e5 att senare decenniers resultatf\u00f6rs\u00e4mringar i den svenska skolan kan f\u00f6rklaras av att den l\u00e4rarledda undervisningen har minskat. M\u00e5nga studier har konstaterat att undervisning ledd av skickliga l\u00e4rare \u00e4r det b\u00e4sta s\u00e4ttet f\u00f6r elever att n\u00e5 m\u00e5len f\u00f6r undervisningen.<\/p>\n<p>F\u00f6rskoleverksamheten ska vara flexibel till sin karakt\u00e4r och m\u00f6ta det enskilda barnets behov. Familjer ska kunna v\u00e4lja mellan olika omsorgsformer. God valfrihet f\u00f6r f\u00f6r\u00e4ldrarna f\u00f6ruts\u00e4tter m\u00e5ngfald i utbudet. En god och stimulerande omsorg m\u00f6jligg\u00f6r f\u00f6r f\u00f6r\u00e4ldrarna att arbeta, studera eller s\u00f6ka jobb, men har ocks\u00e5 ett pedagogiskt uppdrag d\u00e4r barnen f\u00f6rbereds inf\u00f6r ett livsl\u00e5ngt l\u00e4rande. Barns och familjers behov ska vara utg\u00e5ngspunkten f\u00f6r barnomsorg och f\u00f6rskola.<\/p>\n<p>Den psykiska oh\u00e4lsan bland unga \u00e4r ett samh\u00e4llsproblem. Elevh\u00e4lsan ska fortsatt f\u00f6rst\u00e4rkas. Digital elevh\u00e4lsa har inf\u00f6rts i flera kommuner som ett komplement. Vi anser att V\u00e4rmd\u00f6 ocks\u00e5 b\u00f6r utveckla en digital elevh\u00e4lsa. \u00a0Det \u00e4r viktigt att fortsatt utveckla samarbetet mellan f\u00f6rskola, skola, socialtj\u00e4nst och barn- och ungdomspsykiatrin f\u00f6r att barn i behov av st\u00f6d ska kunna f\u00e5ngas upp i tid. D\u00e4rf\u00f6r ska en familjecentral \u00f6ppna i \u00e5r, f\u00f6r att tillsammans m\u00f6ta barn och familjer i behov av st\u00f6d.<\/p>\n<p>Kristdemokraterna var det f\u00f6rsta partiet som inf\u00f6r valet 2018 flaggade f\u00f6r att skolpengen beh\u00f6vde h\u00f6jas. S\u00e5 har ocks\u00e5 skett under den g\u00e5ngna mandatperioden. \u00a0Fortsatta satsningar kommer att kr\u00e4vas under kommande mandatperiod.<\/p>\n<p>&nbsp;<\/p>\n<h1><a name=\"_Toc101175405\"><\/a>Barnomsorgen och f\u00f6rskolan<\/h1>\n<p><strong>Kristdemokraterna anser att: <\/strong><\/p>\n<ul>\n<li>kommunen ska fortsatt v\u00e4rna valfrihet och m\u00e5ngfald med flera alternativa utf\u00f6rare av barnomsorg och f\u00f6rskola.<\/li>\n<li>kvalitet alltid ska vara styrande oavsett driftsform.<\/li>\n<li>digital elevh\u00e4lsa b\u00f6r utvecklas i V\u00e4rmd\u00f6.<\/li>\n<li>kommunalt drivna och enskilda f\u00f6rskolor ska ges samma f\u00f6ruts\u00e4ttningar.<\/li>\n<li>m\u00f6jlighet till plats i familjedaghem ska aktivt erbjudas alla familjer.<\/li>\n<li>mindre barngrupper ska prioriteras framf\u00f6r att barn till f\u00f6r\u00e4ldralediga erbjuds fler timmar i f\u00f6rskola eller annan pedagogisk omsorg.<\/li>\n<li>behovet av barnomsorg under obekv\u00e4m arbetstid ska tillgodoses.<\/li>\n<li>nolltolerans ska g\u00e4lla mot mobbing.<\/li>\n<li>\u00f6ppen f\u00f6rskola ska finnas.<\/li>\n<li>en servicegaranti ska inr\u00e4ttas som garanterar f\u00f6rskoleplats inom fyra m\u00e5nader. Om s\u00e5 inte sker ska ekonomisk kompensation utg\u00e5.<\/li>\n<li>skolorna ska ha kompetens att tidigt kunna uppt\u00e4cka barn i behov av s\u00e4rskilt st\u00f6d och ekonomiska medel f\u00f6r att s\u00e4tta in de st\u00f6dresurser som kr\u00e4vs i det enskilda fallet.<\/li>\n<li>vi vill inf\u00f6ra elevh\u00e4lsogaranti som inneb\u00e4r att varje elev ska kunna komma i kontakt med elevh\u00e4lsan under skoldagen.<\/li>\n<\/ul>\n<p><strong>\u00a0<\/strong><\/p>\n<h1><a name=\"_Toc101175406\"><\/a>Grundskolan<\/h1>\n<p><strong>Kristdemokraterna anser att:<\/strong><\/p>\n<ul>\n<li>v\u00e4lja skola ska fortsatt vara en r\u00e4ttighet. En m\u00e5ngfald av skolor, s\u00e5v\u00e4l avseende utf\u00f6rare som profil, \u00e4r efterstr\u00e4vansv\u00e4rt.<\/li>\n<li>Internationella Engelska Skolans etablering i Charlottendal \u00e4r mycket positiv, vilket inte minst visar sig i de l\u00e5nga v\u00e4ntetiderna f\u00f6r att f\u00e5 en plats i skolan.<\/li>\n<li>aktivt skolval ska till\u00e4mpas oavsett om man s\u00f6ker till en frist\u00e5ende eller en kommunal skola.<\/li>\n<li>vi ser g\u00e4rna att skolorna inf\u00f6r betyg fr\u00e5n \u00e5rskurs 4.<\/li>\n<li>skolan ska i st\u00f6rsta m\u00f6jliga utstr\u00e4ckning l\u00e4mnas i fred fr\u00e5n nya politiska experiment. L\u00e5t l\u00e4rarna vara l\u00e4rare och f\u00f6r\u00e4ldrarna f\u00f6r\u00e4ldrar.<\/li>\n<li>rektorerna m\u00e5ste ges f\u00f6ruts\u00e4ttningar att leda verksamheten.<\/li>\n<li>s\u00e4rskilt beg\u00e5vade elever, och s\u00e4rbeg\u00e5vade, ska uppm\u00e4rksammas och ges det st\u00f6d de beh\u00f6ver f\u00f6r att kunna utvecklas.<\/li>\n<li>nolltolerans ska g\u00e4lla mot mobbning.<\/li>\n<li>grunds\u00e4rskolan ska ge eleverna, utifr\u00e5n deras f\u00f6ruts\u00e4ttningar, samma m\u00f6jlighet till tr\u00e4ning, utbildning och l\u00e4rande som \u00f6vriga elever.<\/li>\n<li>kontinuerlig kompetensutveckling ska tillhandah\u00e5llas f\u00f6r s\u00e5v\u00e4l skolledare och l\u00e4rare som f\u00f6r \u00f6vrig personal i skolan.<\/li>\n<li>kommunens kompetens- och rekryteringsplan f\u00f6r skolorna ska kontinuerligt uppdateras.<\/li>\n<li>ett n\u00e4ra samarbete ska finnas mellan skolan och det lokala n\u00e4ringslivet.<\/li>\n<li>det b\u00f6r finnas fler vuxna i skolan, exempelvis klassmorfar eller klassmormor.<\/li>\n<li>digital elevh\u00e4lsa b\u00f6r utvecklas i V\u00e4rmd\u00f6.<\/li>\n<li>en elevh\u00e4lsogaranti ska inf\u00f6ras som inneb\u00e4r att varje elev ska kunna komma i kontakt med elevh\u00e4lsan under skoldagen.<\/li>\n<li>varje grundskola ska aktivt, och utan dr\u00f6jsm\u00e5l, uppm\u00e4rksamma elever som har h\u00f6g fr\u00e5nvaro och vidta de \u00e5tg\u00e4rder som kr\u00e4vs f\u00f6r att f\u00e5 tillbaka elever som har omfattande problematisk fr\u00e5nvaro.<\/li>\n<li>grunds\u00e4rskola ska ge eleverna, utifr\u00e5n deras f\u00f6ruts\u00e4ttningar, samma m\u00f6jlighet till tr\u00e4ning, utbildning och l\u00e4rande som \u00f6vriga elever.<\/li>\n<li>organiserad fysisk aktivitet ska f\u00f6rekomma varje dag i skolan genom dels planerade lektioner\/aktiviteter, dels skolg\u00e5rdar som uppmuntrar till r\u00f6relse.<\/li>\n<li>barn med NPF-problematik ska ha r\u00e4tt till en l\u00e4mplig l\u00e4rmilj\u00f6 samt en fysisk skolmilj\u00f6 och pedagogik som g\u00f6r det m\u00f6jligt att klara skolg\u00e5ngen. S\u00e4rskilda resursklasser eller undervisningsgrupper ska finnas tillg\u00e4ngliga f\u00f6r dessa barn.<\/li>\n<li>den som medvetet f\u00f6rst\u00f6r skolmilj\u00f6n, exempelvis genom klotter, ska medverka till att \u00e5terst\u00e4lla skadan.<\/li>\n<li>skolresan f\u00f6rst\u00e4rks vad avser relationen till det lokala n\u00e4ringslivet.<\/li>\n<li>l\u00e4xhj\u00e4lp i skolans regi ska erbjudas eleverna, efter ordinarie undervisningstid<\/li>\n<\/ul>\n<p>&nbsp;<\/p>\n<h1>Gymnasiet<\/h1>\n<p><strong>Kristdemokraterna anser att:<\/strong><\/p>\n<ul>\n<li>ett n\u00e4ra samarbete ska finnas mellan skolan och det lokala n\u00e4ringslivet, exempelvis vad g\u00e4ller l\u00e4rlingsutbildningar, praktikplatser och studiebes\u00f6k.<\/li>\n<li>fler gymnasieelever ska ges m\u00f6jlighet att l\u00e4sa kursen entrepren\u00f6rskap. D\u00e4rut\u00f6ver \u00e4r det viktigt att stimulera till f\u00f6retagande p\u00e5 gymnasieniv\u00e5 till exempel genom UF (Ung F\u00f6retagsamhet).<\/li>\n<li>en elevh\u00e4lsogaranti ska finnas som inneb\u00e4r att varje elev ska kunna komma i kontakt med elevh\u00e4lsan varje dag.<\/li>\n<li>kontinuerlig kompetensutveckling ska tillhandah\u00e5llas f\u00f6r s\u00e5v\u00e4l skolledare och l\u00e4rare som f\u00f6r \u00f6vrig personal i skolan.<\/li>\n<li>alla elever ska ges m\u00f6jlighet att \u00e5terkommande tr\u00e4ffa utbildad studie- och yrkesv\u00e4gledare f\u00f6r att kunna g\u00f6ra v\u00e4lgrundade studie- och yrkesval.<\/li>\n<li>varje gymnasieskola ska aktivt, och utan dr\u00f6jsm\u00e5l, uppm\u00e4rksamma elever som har h\u00f6g fr\u00e5nvaro och vidta de \u00e5tg\u00e4rder som kr\u00e4vs f\u00f6r att f\u00e5 tillbaka elever som har omfattande problematisk fr\u00e5nvaro.<\/li>\n<li>den som medvetet f\u00f6rst\u00f6r skolmilj\u00f6n, exempelvis genom klotter, ska medverka till att \u00e5terst\u00e4lla skadan.<\/li>\n<li>nolltolerans ska g\u00e4lla mot mobbning.<\/li>\n<li>gymnasieskolan ska som helhet uppmuntra ideellt engagemang i f\u00f6reningar, idrottsorganisationer och liknande.<\/li>\n<li>m\u00f6jligheterna att tillf\u00f6ra civilf\u00f6rsvarsutbildning till Gustavsbergs gymnasium b\u00f6r unders\u00f6kas.<\/li>\n<\/ul>\n<p>&nbsp;<\/p>\n","protected":false},"excerpt":{"rendered":"<p>Kristdemokratisk utbildningspolitik fokuserar p\u00e5 kunskap, klassisk bildning och arbetsro. Vi arbetar f\u00f6r en skola d\u00e4r ingen h\u00e5lls tillbaka, ingen l\u00e4mnas efter och d\u00e4r alla barn behandlas med respekt. Skolan ska skapa f\u00f6ruts\u00e4ttningar f\u00f6r att varje barn ska f\u00e5 l\u00e4ra s\u00e5 mycket som m\u00f6jligt, utvecklas och f\u00f6rverkliga sin potential. F\u00f6r att det ska vara m\u00f6jligt kr\u00e4vs <a class=\"read-more-link\" href=\"https:\/\/wp.kristdemokraterna.se\/varmdo\/val-2022\/valmanifest-2022\/skola\/\">Read More<\/a><\/p>\n","protected":false},"author":771,"featured_media":0,"parent":637,"menu_order":0,"comment_status":"closed","ping_status":"closed","template":"","meta":{"_acf_changed":false,"footnotes":""},"class_list":["post-642","page","type-page","status-publish","hentry"],"acf":[],"yoast_head":"<!-- This site is optimized with the Yoast SEO plugin v27.4 - https:\/\/yoast.com\/product\/yoast-seo-wordpress\/ -->\n<title>Skolan - Kristdemokraterna i V\u00e4rmd\u00f6<\/title>\n<meta name=\"robots\" content=\"index, follow, max-snippet:-1, max-image-preview:large, max-video-preview:-1\" \/>\n<link rel=\"canonical\" href=\"https:\/\/wp.kristdemokraterna.se\/varmdo\/val-2022\/valmanifest-2022\/skola\/\" \/>\n<meta property=\"og:locale\" content=\"sv_SE\" \/>\n<meta property=\"og:type\" content=\"article\" \/>\n<meta property=\"og:title\" content=\"Skolan - Kristdemokraterna i V\u00e4rmd\u00f6\" \/>\n<meta property=\"og:description\" content=\"Kristdemokratisk utbildningspolitik fokuserar p\u00e5 kunskap, klassisk bildning och arbetsro. Vi arbetar f\u00f6r en skola d\u00e4r ingen h\u00e5lls tillbaka, ingen l\u00e4mnas efter och d\u00e4r alla barn behandlas med respekt. Skolan ska skapa f\u00f6ruts\u00e4ttningar f\u00f6r att varje barn ska f\u00e5 l\u00e4ra s\u00e5 mycket som m\u00f6jligt, utvecklas och f\u00f6rverkliga sin potential. F\u00f6r att det ska vara m\u00f6jligt kr\u00e4vs Read More\" \/>\n<meta property=\"og:url\" content=\"https:\/\/wp.kristdemokraterna.se\/varmdo\/val-2022\/valmanifest-2022\/skola\/\" \/>\n<meta property=\"og:site_name\" content=\"Kristdemokraterna i V\u00e4rmd\u00f6\" \/>\n<meta property=\"article:modified_time\" content=\"2022-07-14T13:52:39+00:00\" \/>\n<meta name=\"twitter:card\" content=\"summary_large_image\" \/>\n<meta name=\"twitter:label1\" content=\"Ber\u00e4knad l\u00e4stid\" \/>\n\t<meta name=\"twitter:data1\" content=\"6 minuter\" \/>\n<script type=\"application\/ld+json\" class=\"yoast-schema-graph\">{\"@context\":\"https:\\\/\\\/schema.org\",\"@graph\":[{\"@type\":\"WebPage\",\"@id\":\"https:\\\/\\\/wp.kristdemokraterna.se\\\/varmdo\\\/val-2022\\\/valmanifest-2022\\\/skola\\\/\",\"url\":\"https:\\\/\\\/wp.kristdemokraterna.se\\\/varmdo\\\/val-2022\\\/valmanifest-2022\\\/skola\\\/\",\"name\":\"Skolan - Kristdemokraterna i V\u00e4rmd\u00f6\",\"isPartOf\":{\"@id\":\"https:\\\/\\\/wp.kristdemokraterna.se\\\/varmdo\\\/#website\"},\"datePublished\":\"2018-04-29T14:39:50+00:00\",\"dateModified\":\"2022-07-14T13:52:39+00:00\",\"breadcrumb\":{\"@id\":\"https:\\\/\\\/wp.kristdemokraterna.se\\\/varmdo\\\/val-2022\\\/valmanifest-2022\\\/skola\\\/#breadcrumb\"},\"inLanguage\":\"sv-SE\",\"potentialAction\":[{\"@type\":\"ReadAction\",\"target\":[\"https:\\\/\\\/wp.kristdemokraterna.se\\\/varmdo\\\/val-2022\\\/valmanifest-2022\\\/skola\\\/\"]}]},{\"@type\":\"BreadcrumbList\",\"@id\":\"https:\\\/\\\/wp.kristdemokraterna.se\\\/varmdo\\\/val-2022\\\/valmanifest-2022\\\/skola\\\/#breadcrumb\",\"itemListElement\":[{\"@type\":\"ListItem\",\"position\":1,\"name\":\"Hem\",\"item\":\"https:\\\/\\\/wp.kristdemokraterna.se\\\/varmdo\\\/\"},{\"@type\":\"ListItem\",\"position\":2,\"name\":\"Valet 2026\",\"item\":\"https:\\\/\\\/wp.kristdemokraterna.se\\\/varmdo\\\/val-2022\\\/\"},{\"@type\":\"ListItem\",\"position\":3,\"name\":\"Handlingsprogram 2022-2026\",\"item\":\"https:\\\/\\\/wp.kristdemokraterna.se\\\/varmdo\\\/val-2022\\\/valmanifest-2022\\\/\"},{\"@type\":\"ListItem\",\"position\":4,\"name\":\"Skolan\"}]},{\"@type\":\"WebSite\",\"@id\":\"https:\\\/\\\/wp.kristdemokraterna.se\\\/varmdo\\\/#website\",\"url\":\"https:\\\/\\\/wp.kristdemokraterna.se\\\/varmdo\\\/\",\"name\":\"Kristdemokraterna i V\u00e4rmd\u00f6\",\"description\":\"En till Kristdemokraterna webbplats\",\"inLanguage\":\"sv-SE\"}]}<\/script>\n<!-- \/ Yoast SEO plugin. -->","yoast_head_json":{"title":"Skolan - Kristdemokraterna i V\u00e4rmd\u00f6","robots":{"index":"index","follow":"follow","max-snippet":"max-snippet:-1","max-image-preview":"max-image-preview:large","max-video-preview":"max-video-preview:-1"},"canonical":"https:\/\/wp.kristdemokraterna.se\/varmdo\/val-2022\/valmanifest-2022\/skola\/","og_locale":"sv_SE","og_type":"article","og_title":"Skolan - Kristdemokraterna i V\u00e4rmd\u00f6","og_description":"Kristdemokratisk utbildningspolitik fokuserar p\u00e5 kunskap, klassisk bildning och arbetsro. Vi arbetar f\u00f6r en skola d\u00e4r ingen h\u00e5lls tillbaka, ingen l\u00e4mnas efter och d\u00e4r alla barn behandlas med respekt. Skolan ska skapa f\u00f6ruts\u00e4ttningar f\u00f6r att varje barn ska f\u00e5 l\u00e4ra s\u00e5 mycket som m\u00f6jligt, utvecklas och f\u00f6rverkliga sin potential. F\u00f6r att det ska vara m\u00f6jligt kr\u00e4vs Read More","og_url":"https:\/\/wp.kristdemokraterna.se\/varmdo\/val-2022\/valmanifest-2022\/skola\/","og_site_name":"Kristdemokraterna i V\u00e4rmd\u00f6","article_modified_time":"2022-07-14T13:52:39+00:00","twitter_card":"summary_large_image","twitter_misc":{"Ber\u00e4knad l\u00e4stid":"6 minuter"},"schema":{"@context":"https:\/\/schema.org","@graph":[{"@type":"WebPage","@id":"https:\/\/wp.kristdemokraterna.se\/varmdo\/val-2022\/valmanifest-2022\/skola\/","url":"https:\/\/wp.kristdemokraterna.se\/varmdo\/val-2022\/valmanifest-2022\/skola\/","name":"Skolan - Kristdemokraterna i V\u00e4rmd\u00f6","isPartOf":{"@id":"https:\/\/wp.kristdemokraterna.se\/varmdo\/#website"},"datePublished":"2018-04-29T14:39:50+00:00","dateModified":"2022-07-14T13:52:39+00:00","breadcrumb":{"@id":"https:\/\/wp.kristdemokraterna.se\/varmdo\/val-2022\/valmanifest-2022\/skola\/#breadcrumb"},"inLanguage":"sv-SE","potentialAction":[{"@type":"ReadAction","target":["https:\/\/wp.kristdemokraterna.se\/varmdo\/val-2022\/valmanifest-2022\/skola\/"]}]},{"@type":"BreadcrumbList","@id":"https:\/\/wp.kristdemokraterna.se\/varmdo\/val-2022\/valmanifest-2022\/skola\/#breadcrumb","itemListElement":[{"@type":"ListItem","position":1,"name":"Hem","item":"https:\/\/wp.kristdemokraterna.se\/varmdo\/"},{"@type":"ListItem","position":2,"name":"Valet 2026","item":"https:\/\/wp.kristdemokraterna.se\/varmdo\/val-2022\/"},{"@type":"ListItem","position":3,"name":"Handlingsprogram 2022-2026","item":"https:\/\/wp.kristdemokraterna.se\/varmdo\/val-2022\/valmanifest-2022\/"},{"@type":"ListItem","position":4,"name":"Skolan"}]},{"@type":"WebSite","@id":"https:\/\/wp.kristdemokraterna.se\/varmdo\/#website","url":"https:\/\/wp.kristdemokraterna.se\/varmdo\/","name":"Kristdemokraterna i V\u00e4rmd\u00f6","description":"En till Kristdemokraterna webbplats","inLanguage":"sv-SE"}]}},"_links":{"self":[{"href":"https:\/\/wp.kristdemokraterna.se\/varmdo\/wp-json\/wp\/v2\/pages\/642","targetHints":{"allow":["GET"]}}],"collection":[{"href":"https:\/\/wp.kristdemokraterna.se\/varmdo\/wp-json\/wp\/v2\/pages"}],"about":[{"href":"https:\/\/wp.kristdemokraterna.se\/varmdo\/wp-json\/wp\/v2\/types\/page"}],"author":[{"embeddable":true,"href":"https:\/\/wp.kristdemokraterna.se\/varmdo\/wp-json\/wp\/v2\/users\/771"}],"replies":[{"embeddable":true,"href":"https:\/\/wp.kristdemokraterna.se\/varmdo\/wp-json\/wp\/v2\/comments?post=642"}],"version-history":[{"count":9,"href":"https:\/\/wp.kristdemokraterna.se\/varmdo\/wp-json\/wp\/v2\/pages\/642\/revisions"}],"predecessor-version":[{"id":1162,"href":"https:\/\/wp.kristdemokraterna.se\/varmdo\/wp-json\/wp\/v2\/pages\/642\/revisions\/1162"}],"up":[{"embeddable":true,"href":"https:\/\/wp.kristdemokraterna.se\/varmdo\/wp-json\/wp\/v2\/pages\/637"}],"wp:attachment":[{"href":"https:\/\/wp.kristdemokraterna.se\/varmdo\/wp-json\/wp\/v2\/media?parent=642"}],"curies":[{"name":"wp","href":"https:\/\/api.w.org\/{rel}","templated":true}]}}