{"id":652,"date":"2018-04-29T16:46:03","date_gmt":"2018-04-29T14:46:03","guid":{"rendered":"http:\/\/wp.kristdemokraterna.se\/varmdo\/?page_id=652"},"modified":"2022-06-12T12:53:08","modified_gmt":"2022-06-12T10:53:08","slug":"kultur-och-fritid","status":"publish","type":"page","link":"https:\/\/wp.kristdemokraterna.se\/varmdo\/val-2022\/valmanifest-2022\/kultur-och-fritid\/","title":{"rendered":"Kultur och fritid"},"content":{"rendered":"<p>Ett rikt utbud av kultur, fritidsaktiviteter och friluftsliv bidrar till ett samh\u00e4lle d\u00e4r det \u00e4r gott att leva. Tillg\u00e5ng till kultur kan bidra till att skapa en meningsfull fritid och livskvalitet. Det har ocks\u00e5 betydelse f\u00f6r att skapa en attraktiv kommun eller region. Ett samh\u00e4lle utan ett rikt kulturliv \u00e4r fattigt och missar den inspiration som kulturella uttryck f\u00f6rmedlar. Det offentliga ska dock inte prim\u00e4rt utf\u00f6ra verksamheten, d\u00e4remot i samverkan med civilsamh\u00e4lle och n\u00e4ringsliv skapa f\u00f6ruts\u00e4ttningar f\u00f6r att medborgarna ska kunna erbjudas ett rikt och varierande kultur-, fritids- och friluftsliv. Planerna p\u00e5 ett kulturhus i den gamla porslinsfabriken \u00e4r en v\u00e4lkommen satsning f\u00f6r att skapa en m\u00f6tesplats f\u00f6r alla medborgare. Tanken \u00e4r att skapa en byggnad med bibliotek, m\u00f6tesrum, lokaler f\u00f6r dans, musik, konst och design.<\/p>\n<p>Kristdemokraterna anser att det \u00e4r viktigt med fokus p\u00e5 barn och unga i kommunens kulturutbud och fritidsaktiviteter men det ska finnas \u00e4ven ett rikt utbud f\u00f6r v\u00e5ra \u00e4ldre.<\/p>\n<p>Ett samh\u00e4lle kan inte f\u00f6rneka de andliga, sj\u00e4lsliga och fysiska behoven eftersom det d\u00e4rmed skulle f\u00f6rneka sina medborgare. Genom ett rikt f\u00f6renings- och f\u00f6rsamlingsliv motverkas ensamheten i alla \u00e5ldrar och samh\u00e4llsgemenskapen fr\u00e4mjas.<\/p>\n<p>&nbsp;<\/p>\n<p><strong>Kristdemokraterna anser att: <\/strong><\/p>\n<ul>\n<li>idrotten i Gustavsberg m\u00e5ste f\u00e5 en l\u00e5ngsiktig och ekonomiskt f\u00f6rsvarbar l\u00f6sning. Kommunen b\u00f6r str\u00e4va efter att hitta en samfinansiering.<\/li>\n<li>det m\u00e5ste till en h\u00e5llbar l\u00f6sning f\u00f6r V\u00e4rmd\u00f6 Sj\u00f6scoutk\u00e5r under tiden Grisslingerakan breddas och s\u00e4kerst\u00e4llas att deras verksamhet kan vara kvar vid \u00c5lst\u00e4ket.<\/li>\n<li>Gustavsbergs hamn ska beh\u00e5lla och utveckla sin st\u00e4llning som levande kulturellt centra i V\u00e4rmd\u00f6. Vi vill skapa f\u00f6ruts\u00e4ttningar f\u00f6r s\u00e5v\u00e4l ut\u00f6kad konstn\u00e4rlig som kommersiell verksamhet i hamnen. Verksamheten ska i st\u00f6rsta m\u00f6jliga utstr\u00e4ckning bedrivas av andra akt\u00f6rer \u00e4n kommunen.<\/li>\n<li>civilsamh\u00e4llet, exempelvis idrottsf\u00f6reningar, studief\u00f6rbund, scouterna, samfund och andra organisationer ska ha en betydande roll i att bedriva kultur- och fritidsverksamhet.<\/li>\n<li>kommunen ska ta en aktivare roll i att s\u00f6ka medfinansiering fr\u00e5n n\u00e4ringslivet n\u00e4r det g\u00e4ller exempelvis nya idrottsanl\u00e4ggningar i kommunen.<\/li>\n<li>st\u00f6det till civilsamh\u00e4llet ska utformas s\u00e5 att det inte inskr\u00e4nker organisationernas sj\u00e4lvbest\u00e4mmande f\u00f6rutsatt att organisationerna st\u00e5r upp f\u00f6r demokrati och m\u00e4nskliga r\u00e4ttigheter.<\/li>\n<li>kommunala anl\u00e4ggningar s\u00e5som idrottshallar och skolor ska vara tillg\u00e4ngliga f\u00f6r f\u00f6reningslivet.<\/li>\n<li>det ska vara mer av grundst\u00f6d och mindre av detaljstyrning vid bidragsgivning.<\/li>\n<li>organisationer som inte st\u00e5r upp f\u00f6r demokrati och m\u00e4nskliga r\u00e4ttigheter ska inte kunna erh\u00e5lla kommunalt st\u00f6d.<\/li>\n<li>personer med funktionsneds\u00e4ttning ska ha en sj\u00e4lvklar tillg\u00e5ng till kultur- och fritidsutbud. D\u00e4rut\u00f6ver ska det finnas ett riktat utbud till dessa personer.<\/li>\n<li>musikskolan\/kulturskolan ska vara en prioriterad del i kommunens barn- och ungdomsverksamhet med ambitionen att fler barn och unga ska n\u00e5s av verksamheten.<\/li>\n<li>kultur ska erbjudas p\u00e5 \u00e4ldreboenden i samverkan med kulturinstitutioner och civilsamh\u00e4lle.<\/li>\n<li>kommunen ska realisera planerna p\u00e5 en samlingsportal f\u00f6r b\u00e5tklubbar och b\u00e5tf\u00f6reningar p\u00e5 V\u00e4rmd\u00f6.<\/li>\n<li>kommunen ska fortsatt st\u00f6tta och utveckla h\u00e4stsporten p\u00e5 V\u00e4rmd\u00f6 .<\/li>\n<li>kommunen ska etablera en strategi f\u00f6r Mountainbikeleder p\u00e5 l\u00e4mpliga platser.<\/li>\n<li>det beh\u00f6vs fler ytor f\u00f6r spontanidrott<\/li>\n<\/ul>\n<p>&nbsp;<\/p>\n","protected":false},"excerpt":{"rendered":"<p>Ett rikt utbud av kultur, fritidsaktiviteter och friluftsliv bidrar till ett samh\u00e4lle d\u00e4r det \u00e4r gott att leva. Tillg\u00e5ng till kultur kan bidra till att skapa en meningsfull fritid och livskvalitet. Det har ocks\u00e5 betydelse f\u00f6r att skapa en attraktiv kommun eller region. Ett samh\u00e4lle utan ett rikt kulturliv \u00e4r fattigt och missar den inspiration <a class=\"read-more-link\" href=\"https:\/\/wp.kristdemokraterna.se\/varmdo\/val-2022\/valmanifest-2022\/kultur-och-fritid\/\">Read More<\/a><\/p>\n","protected":false},"author":771,"featured_media":0,"parent":637,"menu_order":0,"comment_status":"closed","ping_status":"closed","template":"","meta":{"_acf_changed":false,"footnotes":""},"class_list":["post-652","page","type-page","status-publish","hentry"],"acf":[],"yoast_head":"<!-- This site is optimized with the Yoast SEO plugin v27.4 - https:\/\/yoast.com\/product\/yoast-seo-wordpress\/ -->\n<title>Kultur och fritid - Kristdemokraterna i V\u00e4rmd\u00f6<\/title>\n<meta name=\"robots\" content=\"index, follow, max-snippet:-1, max-image-preview:large, max-video-preview:-1\" \/>\n<link rel=\"canonical\" href=\"https:\/\/wp.kristdemokraterna.se\/varmdo\/val-2022\/valmanifest-2022\/kultur-och-fritid\/\" \/>\n<meta property=\"og:locale\" content=\"sv_SE\" \/>\n<meta property=\"og:type\" content=\"article\" \/>\n<meta property=\"og:title\" content=\"Kultur och fritid - Kristdemokraterna i V\u00e4rmd\u00f6\" \/>\n<meta property=\"og:description\" content=\"Ett rikt utbud av kultur, fritidsaktiviteter och friluftsliv bidrar till ett samh\u00e4lle d\u00e4r det \u00e4r gott att leva. Tillg\u00e5ng till kultur kan bidra till att skapa en meningsfull fritid och livskvalitet. Det har ocks\u00e5 betydelse f\u00f6r att skapa en attraktiv kommun eller region. Ett samh\u00e4lle utan ett rikt kulturliv \u00e4r fattigt och missar den inspiration Read More\" \/>\n<meta property=\"og:url\" content=\"https:\/\/wp.kristdemokraterna.se\/varmdo\/val-2022\/valmanifest-2022\/kultur-och-fritid\/\" \/>\n<meta property=\"og:site_name\" content=\"Kristdemokraterna i V\u00e4rmd\u00f6\" \/>\n<meta property=\"article:modified_time\" content=\"2022-06-12T10:53:08+00:00\" \/>\n<meta name=\"twitter:card\" content=\"summary_large_image\" \/>\n<meta name=\"twitter:label1\" content=\"Ber\u00e4knad l\u00e4stid\" \/>\n\t<meta name=\"twitter:data1\" content=\"3 minuter\" \/>\n<script type=\"application\/ld+json\" class=\"yoast-schema-graph\">{\"@context\":\"https:\\\/\\\/schema.org\",\"@graph\":[{\"@type\":\"WebPage\",\"@id\":\"https:\\\/\\\/wp.kristdemokraterna.se\\\/varmdo\\\/val-2022\\\/valmanifest-2022\\\/kultur-och-fritid\\\/\",\"url\":\"https:\\\/\\\/wp.kristdemokraterna.se\\\/varmdo\\\/val-2022\\\/valmanifest-2022\\\/kultur-och-fritid\\\/\",\"name\":\"Kultur och fritid - Kristdemokraterna i V\u00e4rmd\u00f6\",\"isPartOf\":{\"@id\":\"https:\\\/\\\/wp.kristdemokraterna.se\\\/varmdo\\\/#website\"},\"datePublished\":\"2018-04-29T14:46:03+00:00\",\"dateModified\":\"2022-06-12T10:53:08+00:00\",\"breadcrumb\":{\"@id\":\"https:\\\/\\\/wp.kristdemokraterna.se\\\/varmdo\\\/val-2022\\\/valmanifest-2022\\\/kultur-och-fritid\\\/#breadcrumb\"},\"inLanguage\":\"sv-SE\",\"potentialAction\":[{\"@type\":\"ReadAction\",\"target\":[\"https:\\\/\\\/wp.kristdemokraterna.se\\\/varmdo\\\/val-2022\\\/valmanifest-2022\\\/kultur-och-fritid\\\/\"]}]},{\"@type\":\"BreadcrumbList\",\"@id\":\"https:\\\/\\\/wp.kristdemokraterna.se\\\/varmdo\\\/val-2022\\\/valmanifest-2022\\\/kultur-och-fritid\\\/#breadcrumb\",\"itemListElement\":[{\"@type\":\"ListItem\",\"position\":1,\"name\":\"Hem\",\"item\":\"https:\\\/\\\/wp.kristdemokraterna.se\\\/varmdo\\\/\"},{\"@type\":\"ListItem\",\"position\":2,\"name\":\"Valet 2026\",\"item\":\"https:\\\/\\\/wp.kristdemokraterna.se\\\/varmdo\\\/val-2022\\\/\"},{\"@type\":\"ListItem\",\"position\":3,\"name\":\"Handlingsprogram 2022-2026\",\"item\":\"https:\\\/\\\/wp.kristdemokraterna.se\\\/varmdo\\\/val-2022\\\/valmanifest-2022\\\/\"},{\"@type\":\"ListItem\",\"position\":4,\"name\":\"Kultur och fritid\"}]},{\"@type\":\"WebSite\",\"@id\":\"https:\\\/\\\/wp.kristdemokraterna.se\\\/varmdo\\\/#website\",\"url\":\"https:\\\/\\\/wp.kristdemokraterna.se\\\/varmdo\\\/\",\"name\":\"Kristdemokraterna i V\u00e4rmd\u00f6\",\"description\":\"En till Kristdemokraterna webbplats\",\"inLanguage\":\"sv-SE\"}]}<\/script>\n<!-- \/ Yoast SEO plugin. -->","yoast_head_json":{"title":"Kultur och fritid - Kristdemokraterna i V\u00e4rmd\u00f6","robots":{"index":"index","follow":"follow","max-snippet":"max-snippet:-1","max-image-preview":"max-image-preview:large","max-video-preview":"max-video-preview:-1"},"canonical":"https:\/\/wp.kristdemokraterna.se\/varmdo\/val-2022\/valmanifest-2022\/kultur-och-fritid\/","og_locale":"sv_SE","og_type":"article","og_title":"Kultur och fritid - Kristdemokraterna i V\u00e4rmd\u00f6","og_description":"Ett rikt utbud av kultur, fritidsaktiviteter och friluftsliv bidrar till ett samh\u00e4lle d\u00e4r det \u00e4r gott att leva. Tillg\u00e5ng till kultur kan bidra till att skapa en meningsfull fritid och livskvalitet. Det har ocks\u00e5 betydelse f\u00f6r att skapa en attraktiv kommun eller region. Ett samh\u00e4lle utan ett rikt kulturliv \u00e4r fattigt och missar den inspiration Read More","og_url":"https:\/\/wp.kristdemokraterna.se\/varmdo\/val-2022\/valmanifest-2022\/kultur-och-fritid\/","og_site_name":"Kristdemokraterna i V\u00e4rmd\u00f6","article_modified_time":"2022-06-12T10:53:08+00:00","twitter_card":"summary_large_image","twitter_misc":{"Ber\u00e4knad l\u00e4stid":"3 minuter"},"schema":{"@context":"https:\/\/schema.org","@graph":[{"@type":"WebPage","@id":"https:\/\/wp.kristdemokraterna.se\/varmdo\/val-2022\/valmanifest-2022\/kultur-och-fritid\/","url":"https:\/\/wp.kristdemokraterna.se\/varmdo\/val-2022\/valmanifest-2022\/kultur-och-fritid\/","name":"Kultur och fritid - Kristdemokraterna i V\u00e4rmd\u00f6","isPartOf":{"@id":"https:\/\/wp.kristdemokraterna.se\/varmdo\/#website"},"datePublished":"2018-04-29T14:46:03+00:00","dateModified":"2022-06-12T10:53:08+00:00","breadcrumb":{"@id":"https:\/\/wp.kristdemokraterna.se\/varmdo\/val-2022\/valmanifest-2022\/kultur-och-fritid\/#breadcrumb"},"inLanguage":"sv-SE","potentialAction":[{"@type":"ReadAction","target":["https:\/\/wp.kristdemokraterna.se\/varmdo\/val-2022\/valmanifest-2022\/kultur-och-fritid\/"]}]},{"@type":"BreadcrumbList","@id":"https:\/\/wp.kristdemokraterna.se\/varmdo\/val-2022\/valmanifest-2022\/kultur-och-fritid\/#breadcrumb","itemListElement":[{"@type":"ListItem","position":1,"name":"Hem","item":"https:\/\/wp.kristdemokraterna.se\/varmdo\/"},{"@type":"ListItem","position":2,"name":"Valet 2026","item":"https:\/\/wp.kristdemokraterna.se\/varmdo\/val-2022\/"},{"@type":"ListItem","position":3,"name":"Handlingsprogram 2022-2026","item":"https:\/\/wp.kristdemokraterna.se\/varmdo\/val-2022\/valmanifest-2022\/"},{"@type":"ListItem","position":4,"name":"Kultur och fritid"}]},{"@type":"WebSite","@id":"https:\/\/wp.kristdemokraterna.se\/varmdo\/#website","url":"https:\/\/wp.kristdemokraterna.se\/varmdo\/","name":"Kristdemokraterna i V\u00e4rmd\u00f6","description":"En till Kristdemokraterna webbplats","inLanguage":"sv-SE"}]}},"_links":{"self":[{"href":"https:\/\/wp.kristdemokraterna.se\/varmdo\/wp-json\/wp\/v2\/pages\/652","targetHints":{"allow":["GET"]}}],"collection":[{"href":"https:\/\/wp.kristdemokraterna.se\/varmdo\/wp-json\/wp\/v2\/pages"}],"about":[{"href":"https:\/\/wp.kristdemokraterna.se\/varmdo\/wp-json\/wp\/v2\/types\/page"}],"author":[{"embeddable":true,"href":"https:\/\/wp.kristdemokraterna.se\/varmdo\/wp-json\/wp\/v2\/users\/771"}],"replies":[{"embeddable":true,"href":"https:\/\/wp.kristdemokraterna.se\/varmdo\/wp-json\/wp\/v2\/comments?post=652"}],"version-history":[{"count":4,"href":"https:\/\/wp.kristdemokraterna.se\/varmdo\/wp-json\/wp\/v2\/pages\/652\/revisions"}],"predecessor-version":[{"id":1097,"href":"https:\/\/wp.kristdemokraterna.se\/varmdo\/wp-json\/wp\/v2\/pages\/652\/revisions\/1097"}],"up":[{"embeddable":true,"href":"https:\/\/wp.kristdemokraterna.se\/varmdo\/wp-json\/wp\/v2\/pages\/637"}],"wp:attachment":[{"href":"https:\/\/wp.kristdemokraterna.se\/varmdo\/wp-json\/wp\/v2\/media?parent=652"}],"curies":[{"name":"wp","href":"https:\/\/api.w.org\/{rel}","templated":true}]}}