{"id":658,"date":"2018-04-29T16:47:44","date_gmt":"2018-04-29T14:47:44","guid":{"rendered":"http:\/\/wp.kristdemokraterna.se\/varmdo\/?page_id=658"},"modified":"2022-06-12T12:56:45","modified_gmt":"2022-06-12T10:56:45","slug":"ett-ansvarsfull-ekonomiskt-forvaltande","status":"publish","type":"page","link":"https:\/\/wp.kristdemokraterna.se\/varmdo\/val-2022\/valmanifest-2022\/ett-ansvarsfull-ekonomiskt-forvaltande\/","title":{"rendered":"K\u00e4rnverksamhet i fokus"},"content":{"rendered":"<p>V\u00e4rmd\u00f6 kommun \u00e4r till f\u00f6r dess inv\u00e5nare. Varje bortsl\u00f6sad krona \u00e4r st\u00f6ld fr\u00e5n folket. Kommunen har f\u00e5tt ett allt st\u00f6rre \u00e5tagande, vilket inneb\u00e4r att arbetsgivaransvaret omfattar fler anst\u00e4llda och fler yrkeskompetenser. Det st\u00e4ller st\u00f6rre krav p\u00e5 styrning och uppf\u00f6ljning av sambandet mellan resurser, prestationer, resultat och effekter i verksamheterna. Det st\u00e4ller ocks\u00e5 krav p\u00e5 st\u00e4ndiga prioriteringar, effektivisering och f\u00f6rnyelse av verksamheterna.<\/p>\n<p>En utmaning f\u00f6r V\u00e4rmd\u00f6 \u00e4r att med en \u00e5ldrande befolkning \u00e4r det fler som ska f\u00f6rs\u00f6rjas. Ett liknande problem uppst\u00e5r om vi f\u00e5r stora grupper som hamnar utanf\u00f6r arbetskraften p\u00e5 grund av misslyckade studier eller bristande integration. Detta i kombination med medborgare som successivt f\u00e5r allt h\u00f6gre f\u00f6rv\u00e4ntningar p\u00e5 vad det offentliga ska st\u00e5 f\u00f6r riskerar att skapa en ol\u00f6slig ekvation. D\u00e4rf\u00f6r beh\u00f6ver vi f\u00f6ra en diskussion om vad vi faktiskt kan f\u00f6rv\u00e4nta oss att det offentliga st\u00e5r f\u00f6r, men ocks\u00e5 hur kommunens verksamhet kan utvecklas och bli mer effektiv.<\/p>\n<p>M\u00e5let m\u00e5ste vara tydligt: V\u00e4rmd\u00f6 kommun ska vara b\u00e4st p\u00e5 att vara kommun.<\/p>\n<p><strong>Kristdemokraterna anser att <\/strong><\/p>\n<ul>\n<li>kommunen ska drivas med h\u00f6g effektivitet och ett gott f\u00f6rvaltarskap d\u00e4r k\u00e4rnverksamheterna prioriteras.<\/li>\n<li>upphandling ska ses som en strategisk fr\u00e5ga f\u00f6r kommunen och det inledda arbetet med kategoristyrning ska intensifieras.<\/li>\n<li>kommunen ska regelbundet f\u00f6lja upp sina upphandlingar f\u00f6r att kontrollera att leverant\u00f6rerna f\u00f6ljer avtalen.<\/li>\n<li>kommunen m\u00e5ste hejda kostnads\u00f6kningarna genom ett omfattande effektiviseringsarbete. Samarbetet med angr\u00e4nsande kommuner b\u00f6r intensifieras f\u00f6r att dela p\u00e5 kostnader<u><u>.<\/u><\/u><\/li>\n<li>kommunalskatten ska s\u00e4nkas stegvis med m\u00e5let att kommunalskatten p\u00e5 sikt ska tillh\u00f6ra den l\u00e4gre kvartilen i l\u00e4net.<\/li>\n<li>styrning och uppf\u00f6ljning av sambandet mellan resurser, prestationer, resultat och effekter i verksamheterna ska \u00e5terkommande utv\u00e4rderas.<\/li>\n<li>v\u00e4lf\u00e4rdstj\u00e4nsterna ska kunna levereras av en m\u00e5ngfald av utf\u00f6rare.<\/li>\n<li>kommunen ska uppmuntra och st\u00f6dja f\u00f6reningar och enskilda som vill ta ett st\u00f6rre ansvar i samh\u00e4llsgemenskapen. Kommunen g\u00f6r inte allt b\u00e4st.<\/li>\n<\/ul>\n<p>&nbsp;<\/p>\n<p>&nbsp;<\/p>\n","protected":false},"excerpt":{"rendered":"<p>V\u00e4rmd\u00f6 kommun \u00e4r till f\u00f6r dess inv\u00e5nare. Varje bortsl\u00f6sad krona \u00e4r st\u00f6ld fr\u00e5n folket. Kommunen har f\u00e5tt ett allt st\u00f6rre \u00e5tagande, vilket inneb\u00e4r att arbetsgivaransvaret omfattar fler anst\u00e4llda och fler yrkeskompetenser. Det st\u00e4ller st\u00f6rre krav p\u00e5 styrning och uppf\u00f6ljning av sambandet mellan resurser, prestationer, resultat och effekter i verksamheterna. Det st\u00e4ller ocks\u00e5 krav p\u00e5 st\u00e4ndiga <a class=\"read-more-link\" href=\"https:\/\/wp.kristdemokraterna.se\/varmdo\/val-2022\/valmanifest-2022\/ett-ansvarsfull-ekonomiskt-forvaltande\/\">Read More<\/a><\/p>\n","protected":false},"author":771,"featured_media":0,"parent":637,"menu_order":0,"comment_status":"closed","ping_status":"closed","template":"","meta":{"_acf_changed":false,"footnotes":""},"class_list":["post-658","page","type-page","status-publish","hentry"],"acf":[],"yoast_head":"<!-- This site is optimized with the Yoast SEO plugin v27.4 - https:\/\/yoast.com\/product\/yoast-seo-wordpress\/ -->\n<title>K\u00e4rnverksamhet i fokus - Kristdemokraterna i V\u00e4rmd\u00f6<\/title>\n<meta name=\"robots\" content=\"index, follow, max-snippet:-1, max-image-preview:large, max-video-preview:-1\" \/>\n<link rel=\"canonical\" href=\"https:\/\/wp.kristdemokraterna.se\/varmdo\/val-2022\/valmanifest-2022\/ett-ansvarsfull-ekonomiskt-forvaltande\/\" \/>\n<meta property=\"og:locale\" content=\"sv_SE\" \/>\n<meta property=\"og:type\" content=\"article\" \/>\n<meta property=\"og:title\" content=\"K\u00e4rnverksamhet i fokus - Kristdemokraterna i V\u00e4rmd\u00f6\" \/>\n<meta property=\"og:description\" content=\"V\u00e4rmd\u00f6 kommun \u00e4r till f\u00f6r dess inv\u00e5nare. Varje bortsl\u00f6sad krona \u00e4r st\u00f6ld fr\u00e5n folket. Kommunen har f\u00e5tt ett allt st\u00f6rre \u00e5tagande, vilket inneb\u00e4r att arbetsgivaransvaret omfattar fler anst\u00e4llda och fler yrkeskompetenser. Det st\u00e4ller st\u00f6rre krav p\u00e5 styrning och uppf\u00f6ljning av sambandet mellan resurser, prestationer, resultat och effekter i verksamheterna. Det st\u00e4ller ocks\u00e5 krav p\u00e5 st\u00e4ndiga Read More\" \/>\n<meta property=\"og:url\" content=\"https:\/\/wp.kristdemokraterna.se\/varmdo\/val-2022\/valmanifest-2022\/ett-ansvarsfull-ekonomiskt-forvaltande\/\" \/>\n<meta property=\"og:site_name\" content=\"Kristdemokraterna i V\u00e4rmd\u00f6\" \/>\n<meta property=\"article:modified_time\" content=\"2022-06-12T10:56:45+00:00\" \/>\n<meta name=\"twitter:card\" content=\"summary_large_image\" \/>\n<meta name=\"twitter:label1\" content=\"Ber\u00e4knad l\u00e4stid\" \/>\n\t<meta name=\"twitter:data1\" content=\"2 minuter\" \/>\n<script type=\"application\/ld+json\" class=\"yoast-schema-graph\">{\"@context\":\"https:\\\/\\\/schema.org\",\"@graph\":[{\"@type\":\"WebPage\",\"@id\":\"https:\\\/\\\/wp.kristdemokraterna.se\\\/varmdo\\\/val-2022\\\/valmanifest-2022\\\/ett-ansvarsfull-ekonomiskt-forvaltande\\\/\",\"url\":\"https:\\\/\\\/wp.kristdemokraterna.se\\\/varmdo\\\/val-2022\\\/valmanifest-2022\\\/ett-ansvarsfull-ekonomiskt-forvaltande\\\/\",\"name\":\"K\u00e4rnverksamhet i fokus - Kristdemokraterna i V\u00e4rmd\u00f6\",\"isPartOf\":{\"@id\":\"https:\\\/\\\/wp.kristdemokraterna.se\\\/varmdo\\\/#website\"},\"datePublished\":\"2018-04-29T14:47:44+00:00\",\"dateModified\":\"2022-06-12T10:56:45+00:00\",\"breadcrumb\":{\"@id\":\"https:\\\/\\\/wp.kristdemokraterna.se\\\/varmdo\\\/val-2022\\\/valmanifest-2022\\\/ett-ansvarsfull-ekonomiskt-forvaltande\\\/#breadcrumb\"},\"inLanguage\":\"sv-SE\",\"potentialAction\":[{\"@type\":\"ReadAction\",\"target\":[\"https:\\\/\\\/wp.kristdemokraterna.se\\\/varmdo\\\/val-2022\\\/valmanifest-2022\\\/ett-ansvarsfull-ekonomiskt-forvaltande\\\/\"]}]},{\"@type\":\"BreadcrumbList\",\"@id\":\"https:\\\/\\\/wp.kristdemokraterna.se\\\/varmdo\\\/val-2022\\\/valmanifest-2022\\\/ett-ansvarsfull-ekonomiskt-forvaltande\\\/#breadcrumb\",\"itemListElement\":[{\"@type\":\"ListItem\",\"position\":1,\"name\":\"Hem\",\"item\":\"https:\\\/\\\/wp.kristdemokraterna.se\\\/varmdo\\\/\"},{\"@type\":\"ListItem\",\"position\":2,\"name\":\"Valet 2026\",\"item\":\"https:\\\/\\\/wp.kristdemokraterna.se\\\/varmdo\\\/val-2022\\\/\"},{\"@type\":\"ListItem\",\"position\":3,\"name\":\"Handlingsprogram 2022-2026\",\"item\":\"https:\\\/\\\/wp.kristdemokraterna.se\\\/varmdo\\\/val-2022\\\/valmanifest-2022\\\/\"},{\"@type\":\"ListItem\",\"position\":4,\"name\":\"K\u00e4rnverksamhet i fokus\"}]},{\"@type\":\"WebSite\",\"@id\":\"https:\\\/\\\/wp.kristdemokraterna.se\\\/varmdo\\\/#website\",\"url\":\"https:\\\/\\\/wp.kristdemokraterna.se\\\/varmdo\\\/\",\"name\":\"Kristdemokraterna i V\u00e4rmd\u00f6\",\"description\":\"En till Kristdemokraterna webbplats\",\"inLanguage\":\"sv-SE\"}]}<\/script>\n<!-- \/ Yoast SEO plugin. -->","yoast_head_json":{"title":"K\u00e4rnverksamhet i fokus - Kristdemokraterna i V\u00e4rmd\u00f6","robots":{"index":"index","follow":"follow","max-snippet":"max-snippet:-1","max-image-preview":"max-image-preview:large","max-video-preview":"max-video-preview:-1"},"canonical":"https:\/\/wp.kristdemokraterna.se\/varmdo\/val-2022\/valmanifest-2022\/ett-ansvarsfull-ekonomiskt-forvaltande\/","og_locale":"sv_SE","og_type":"article","og_title":"K\u00e4rnverksamhet i fokus - Kristdemokraterna i V\u00e4rmd\u00f6","og_description":"V\u00e4rmd\u00f6 kommun \u00e4r till f\u00f6r dess inv\u00e5nare. Varje bortsl\u00f6sad krona \u00e4r st\u00f6ld fr\u00e5n folket. Kommunen har f\u00e5tt ett allt st\u00f6rre \u00e5tagande, vilket inneb\u00e4r att arbetsgivaransvaret omfattar fler anst\u00e4llda och fler yrkeskompetenser. Det st\u00e4ller st\u00f6rre krav p\u00e5 styrning och uppf\u00f6ljning av sambandet mellan resurser, prestationer, resultat och effekter i verksamheterna. Det st\u00e4ller ocks\u00e5 krav p\u00e5 st\u00e4ndiga Read More","og_url":"https:\/\/wp.kristdemokraterna.se\/varmdo\/val-2022\/valmanifest-2022\/ett-ansvarsfull-ekonomiskt-forvaltande\/","og_site_name":"Kristdemokraterna i V\u00e4rmd\u00f6","article_modified_time":"2022-06-12T10:56:45+00:00","twitter_card":"summary_large_image","twitter_misc":{"Ber\u00e4knad l\u00e4stid":"2 minuter"},"schema":{"@context":"https:\/\/schema.org","@graph":[{"@type":"WebPage","@id":"https:\/\/wp.kristdemokraterna.se\/varmdo\/val-2022\/valmanifest-2022\/ett-ansvarsfull-ekonomiskt-forvaltande\/","url":"https:\/\/wp.kristdemokraterna.se\/varmdo\/val-2022\/valmanifest-2022\/ett-ansvarsfull-ekonomiskt-forvaltande\/","name":"K\u00e4rnverksamhet i fokus - Kristdemokraterna i V\u00e4rmd\u00f6","isPartOf":{"@id":"https:\/\/wp.kristdemokraterna.se\/varmdo\/#website"},"datePublished":"2018-04-29T14:47:44+00:00","dateModified":"2022-06-12T10:56:45+00:00","breadcrumb":{"@id":"https:\/\/wp.kristdemokraterna.se\/varmdo\/val-2022\/valmanifest-2022\/ett-ansvarsfull-ekonomiskt-forvaltande\/#breadcrumb"},"inLanguage":"sv-SE","potentialAction":[{"@type":"ReadAction","target":["https:\/\/wp.kristdemokraterna.se\/varmdo\/val-2022\/valmanifest-2022\/ett-ansvarsfull-ekonomiskt-forvaltande\/"]}]},{"@type":"BreadcrumbList","@id":"https:\/\/wp.kristdemokraterna.se\/varmdo\/val-2022\/valmanifest-2022\/ett-ansvarsfull-ekonomiskt-forvaltande\/#breadcrumb","itemListElement":[{"@type":"ListItem","position":1,"name":"Hem","item":"https:\/\/wp.kristdemokraterna.se\/varmdo\/"},{"@type":"ListItem","position":2,"name":"Valet 2026","item":"https:\/\/wp.kristdemokraterna.se\/varmdo\/val-2022\/"},{"@type":"ListItem","position":3,"name":"Handlingsprogram 2022-2026","item":"https:\/\/wp.kristdemokraterna.se\/varmdo\/val-2022\/valmanifest-2022\/"},{"@type":"ListItem","position":4,"name":"K\u00e4rnverksamhet i fokus"}]},{"@type":"WebSite","@id":"https:\/\/wp.kristdemokraterna.se\/varmdo\/#website","url":"https:\/\/wp.kristdemokraterna.se\/varmdo\/","name":"Kristdemokraterna i V\u00e4rmd\u00f6","description":"En till Kristdemokraterna webbplats","inLanguage":"sv-SE"}]}},"_links":{"self":[{"href":"https:\/\/wp.kristdemokraterna.se\/varmdo\/wp-json\/wp\/v2\/pages\/658","targetHints":{"allow":["GET"]}}],"collection":[{"href":"https:\/\/wp.kristdemokraterna.se\/varmdo\/wp-json\/wp\/v2\/pages"}],"about":[{"href":"https:\/\/wp.kristdemokraterna.se\/varmdo\/wp-json\/wp\/v2\/types\/page"}],"author":[{"embeddable":true,"href":"https:\/\/wp.kristdemokraterna.se\/varmdo\/wp-json\/wp\/v2\/users\/771"}],"replies":[{"embeddable":true,"href":"https:\/\/wp.kristdemokraterna.se\/varmdo\/wp-json\/wp\/v2\/comments?post=658"}],"version-history":[{"count":4,"href":"https:\/\/wp.kristdemokraterna.se\/varmdo\/wp-json\/wp\/v2\/pages\/658\/revisions"}],"predecessor-version":[{"id":1101,"href":"https:\/\/wp.kristdemokraterna.se\/varmdo\/wp-json\/wp\/v2\/pages\/658\/revisions\/1101"}],"up":[{"embeddable":true,"href":"https:\/\/wp.kristdemokraterna.se\/varmdo\/wp-json\/wp\/v2\/pages\/637"}],"wp:attachment":[{"href":"https:\/\/wp.kristdemokraterna.se\/varmdo\/wp-json\/wp\/v2\/media?parent=658"}],"curies":[{"name":"wp","href":"https:\/\/api.w.org\/{rel}","templated":true}]}}