{"version":"1.0","provider_name":"Kristdemokraterna i V\u00e4rmland","provider_url":"https:\/\/wp.kristdemokraterna.se\/varmland","title":"V\u00e5r politik - Kristdemokraterna i V\u00e4rmland","type":"rich","width":600,"height":338,"html":"<blockquote class=\"wp-embedded-content\" data-secret=\"GM2Z2Ypg6T\"><a href=\"https:\/\/wp.kristdemokraterna.se\/varmland\/ett-varmland-dar-det-ar-gott-att-leva\/\">V\u00e5r politik<\/a><\/blockquote><iframe sandbox=\"allow-scripts\" security=\"restricted\" src=\"https:\/\/wp.kristdemokraterna.se\/varmland\/ett-varmland-dar-det-ar-gott-att-leva\/embed\/#?secret=GM2Z2Ypg6T\" width=\"600\" height=\"338\" title=\"\u201dV\u00e5r politik\u201d &ndash; Kristdemokraterna i V\u00e4rmland\" data-secret=\"GM2Z2Ypg6T\" frameborder=\"0\" marginwidth=\"0\" marginheight=\"0\" scrolling=\"no\" class=\"wp-embedded-content\"><\/iframe><script type=\"text\/javascript\">\n\/* <![CDATA[ *\/\n\/*! This file is auto-generated *\/\n!function(d,l){\"use strict\";l.querySelector&&d.addEventListener&&\"undefined\"!=typeof URL&&(d.wp=d.wp||{},d.wp.receiveEmbedMessage||(d.wp.receiveEmbedMessage=function(e){var t=e.data;if((t||t.secret||t.message||t.value)&&!\/[^a-zA-Z0-9]\/.test(t.secret)){for(var s,r,n,a=l.querySelectorAll('iframe[data-secret=\"'+t.secret+'\"]'),o=l.querySelectorAll('blockquote[data-secret=\"'+t.secret+'\"]'),c=new RegExp(\"^https?:$\",\"i\"),i=0;i<o.length;i++)o[i].style.display=\"none\";for(i=0;i<a.length;i++)s=a[i],e.source===s.contentWindow&&(s.removeAttribute(\"style\"),\"height\"===t.message?(1e3<(r=parseInt(t.value,10))?r=1e3:~~r<200&&(r=200),s.height=r):\"link\"===t.message&&(r=new URL(s.getAttribute(\"src\")),n=new URL(t.value),c.test(n.protocol))&&n.host===r.host&&l.activeElement===s&&(d.top.location.href=t.value))}},d.addEventListener(\"message\",d.wp.receiveEmbedMessage,!1),l.addEventListener(\"DOMContentLoaded\",function(){for(var e,t,s=l.querySelectorAll(\"iframe.wp-embedded-content\"),r=0;r<s.length;r++)(t=(e=s[r]).getAttribute(\"data-secret\"))||(t=Math.random().toString(36).substring(2,12),e.src+=\"#?secret=\"+t,e.setAttribute(\"data-secret\",t)),e.contentWindow.postMessage({message:\"ready\",secret:t},\"*\")},!1)))}(window,document);\n\/\/# sourceURL=https:\/\/wp.kristdemokraterna.se\/varmland\/wp-includes\/js\/wp-embed.min.js\n\/* ]]> *\/\n<\/script>\n","description":"Kristdemokraterna har en politik f\u00f6r hela Sverige och hela V\u00e4rmland. Allt f\u00f6r ofta finns ett Stockholmsperspektiv p\u00e5 den politik som f\u00f6rs och de beslut som fattas. Men det \u00e4r ett perspektiv som inte funkar om man ska ha en politik f\u00f6r hela landet. Vi arbetar f\u00f6r ett samh\u00e4lle d\u00e4r alla tar ansvar och bryr sig Read More"}