{"version":"1.0","provider_name":"Kristdemokraterna i V\u00e4rmland","provider_url":"https:\/\/wp.kristdemokraterna.se\/varmland","title":"F\u00f6rslag fr\u00e5n VBA - korta v\u00e5rdk\u00f6erna till operation!! - Kristdemokraterna i V\u00e4rmland","type":"rich","width":600,"height":338,"html":"<blockquote class=\"wp-embedded-content\" data-secret=\"24YrpF3lHj\"><a href=\"https:\/\/wp.kristdemokraterna.se\/varmland\/forslag-fran-vba-korta-vardkoerna-till-operation\/\">F\u00f6rslag fr\u00e5n VBA &#8211; korta v\u00e5rdk\u00f6erna till operation!!<\/a><\/blockquote><iframe sandbox=\"allow-scripts\" security=\"restricted\" src=\"https:\/\/wp.kristdemokraterna.se\/varmland\/forslag-fran-vba-korta-vardkoerna-till-operation\/embed\/#?secret=24YrpF3lHj\" width=\"600\" height=\"338\" title=\"\u201dF\u00f6rslag fr\u00e5n VBA &#8211; korta v\u00e5rdk\u00f6erna till operation!!\u201d &ndash; Kristdemokraterna i V\u00e4rmland\" data-secret=\"24YrpF3lHj\" frameborder=\"0\" marginwidth=\"0\" marginheight=\"0\" scrolling=\"no\" class=\"wp-embedded-content\"><\/iframe><script type=\"text\/javascript\">\n\/* <![CDATA[ *\/\n\/*! This file is auto-generated *\/\n!function(d,l){\"use strict\";l.querySelector&&d.addEventListener&&\"undefined\"!=typeof URL&&(d.wp=d.wp||{},d.wp.receiveEmbedMessage||(d.wp.receiveEmbedMessage=function(e){var t=e.data;if((t||t.secret||t.message||t.value)&&!\/[^a-zA-Z0-9]\/.test(t.secret)){for(var s,r,n,a=l.querySelectorAll('iframe[data-secret=\"'+t.secret+'\"]'),o=l.querySelectorAll('blockquote[data-secret=\"'+t.secret+'\"]'),c=new RegExp(\"^https?:$\",\"i\"),i=0;i<o.length;i++)o[i].style.display=\"none\";for(i=0;i<a.length;i++)s=a[i],e.source===s.contentWindow&&(s.removeAttribute(\"style\"),\"height\"===t.message?(1e3<(r=parseInt(t.value,10))?r=1e3:~~r<200&&(r=200),s.height=r):\"link\"===t.message&&(r=new URL(s.getAttribute(\"src\")),n=new URL(t.value),c.test(n.protocol))&&n.host===r.host&&l.activeElement===s&&(d.top.location.href=t.value))}},d.addEventListener(\"message\",d.wp.receiveEmbedMessage,!1),l.addEventListener(\"DOMContentLoaded\",function(){for(var e,t,s=l.querySelectorAll(\"iframe.wp-embedded-content\"),r=0;r<s.length;r++)(t=(e=s[r]).getAttribute(\"data-secret\"))||(t=Math.random().toString(36).substring(2,12),e.src+=\"#?secret=\"+t,e.setAttribute(\"data-secret\",t)),e.contentWindow.postMessage({message:\"ready\",secret:t},\"*\")},!1)))}(window,document);\n\/\/# sourceURL=https:\/\/wp.kristdemokraterna.se\/varmland\/wp-includes\/js\/wp-embed.min.js\n\/* ]]> *\/\n<\/script>\n","description":"V\u00e4rmlands borgerliga allians, KD,M,L, har tillsammans skrivit en debattartikel g\u00e4llande korta operationsk\u00f6erna. Det var den 4 mars som sjukv\u00e5rdsminister Acko Ankarberg Johansson (KD) presenterade satsningen p\u00e5 497 miljoner f\u00f6r att fler patienter ska f\u00e5 v\u00e5rd snabbare. Ers\u00e4ttningen \u00e4r prestationsbaserad och Region V\u00e4rmlands del handlar det om upp till 11,6 miljoner kronor som ska g\u00e5 till Read More"}