{"version":"1.0","provider_name":"Kristdemokraterna i V\u00e4rmland","provider_url":"https:\/\/wp.kristdemokraterna.se\/varmland","title":"Fr\u00e5gestund i riksdagen - Kristdemokraterna i V\u00e4rmland","type":"rich","width":600,"height":338,"html":"<blockquote class=\"wp-embedded-content\" data-secret=\"T2yDseljAD\"><a href=\"https:\/\/wp.kristdemokraterna.se\/varmland\/fragestund-i-riksdagen\/\">Fr\u00e5gestund i riksdagen<\/a><\/blockquote><iframe sandbox=\"allow-scripts\" security=\"restricted\" src=\"https:\/\/wp.kristdemokraterna.se\/varmland\/fragestund-i-riksdagen\/embed\/#?secret=T2yDseljAD\" width=\"600\" height=\"338\" title=\"\u201dFr\u00e5gestund i riksdagen\u201d &ndash; Kristdemokraterna i V\u00e4rmland\" data-secret=\"T2yDseljAD\" frameborder=\"0\" marginwidth=\"0\" marginheight=\"0\" scrolling=\"no\" class=\"wp-embedded-content\"><\/iframe><script type=\"text\/javascript\">\n\/* <![CDATA[ *\/\n\/*! This file is auto-generated *\/\n!function(d,l){\"use strict\";l.querySelector&&d.addEventListener&&\"undefined\"!=typeof URL&&(d.wp=d.wp||{},d.wp.receiveEmbedMessage||(d.wp.receiveEmbedMessage=function(e){var t=e.data;if((t||t.secret||t.message||t.value)&&!\/[^a-zA-Z0-9]\/.test(t.secret)){for(var s,r,n,a=l.querySelectorAll('iframe[data-secret=\"'+t.secret+'\"]'),o=l.querySelectorAll('blockquote[data-secret=\"'+t.secret+'\"]'),c=new RegExp(\"^https?:$\",\"i\"),i=0;i<o.length;i++)o[i].style.display=\"none\";for(i=0;i<a.length;i++)s=a[i],e.source===s.contentWindow&&(s.removeAttribute(\"style\"),\"height\"===t.message?(1e3<(r=parseInt(t.value,10))?r=1e3:~~r<200&&(r=200),s.height=r):\"link\"===t.message&&(r=new URL(s.getAttribute(\"src\")),n=new URL(t.value),c.test(n.protocol))&&n.host===r.host&&l.activeElement===s&&(d.top.location.href=t.value))}},d.addEventListener(\"message\",d.wp.receiveEmbedMessage,!1),l.addEventListener(\"DOMContentLoaded\",function(){for(var e,t,s=l.querySelectorAll(\"iframe.wp-embedded-content\"),r=0;r<s.length;r++)(t=(e=s[r]).getAttribute(\"data-secret\"))||(t=Math.random().toString(36).substring(2,12),e.src+=\"#?secret=\"+t,e.setAttribute(\"data-secret\",t)),e.contentWindow.postMessage({message:\"ready\",secret:t},\"*\")},!1)))}(window,document);\n\/\/# sourceURL=https:\/\/wp.kristdemokraterna.se\/varmland\/wp-includes\/js\/wp-embed.min.js\n\/* ]]> *\/\n<\/script>\n","description":"P\u00e5 dagens fr\u00e5gestund i riksdagen st\u00e4llde jag fr\u00e5gor till landsbygdsministern om n\u00e4r g\u00e5rdagens gl\u00e4djande beslut om \u00e4ndringen av vargens skyddsstatus kan synas ute i v\u00e5ra vargdrabbade bygder. Referensv\u00e4rdet rapporteras in vart sj\u00e4tte \u00e5r och n\u00e4sta g\u00e5ng detta sker \u00e4r 2025 s\u00e5 efter det kan vi f\u00f6rhoppningsvis se att riksdagens beslut om en minskad vargstam kan Read More","thumbnail_url":"https:\/\/wp.kristdemokraterna.se\/varmland\/files\/2024\/12\/bild-fran-kjell-arne.jpg","thumbnail_width":1200,"thumbnail_height":1599}