{"version":"1.0","provider_name":"Kristdemokraterna i V\u00e4rmland","provider_url":"https:\/\/wp.kristdemokraterna.se\/varmland","title":"Trygga barn och familjer - Kristdemokraterna i V\u00e4rmland","type":"rich","width":600,"height":338,"html":"<blockquote class=\"wp-embedded-content\" data-secret=\"CtxJcefGNO\"><a href=\"https:\/\/wp.kristdemokraterna.se\/varmland\/hej-varlden\/\">Trygga barn och familjer<\/a><\/blockquote><iframe sandbox=\"allow-scripts\" security=\"restricted\" src=\"https:\/\/wp.kristdemokraterna.se\/varmland\/hej-varlden\/embed\/#?secret=CtxJcefGNO\" width=\"600\" height=\"338\" title=\"\u201dTrygga barn och familjer\u201d &ndash; Kristdemokraterna i V\u00e4rmland\" data-secret=\"CtxJcefGNO\" frameborder=\"0\" marginwidth=\"0\" marginheight=\"0\" scrolling=\"no\" class=\"wp-embedded-content\"><\/iframe><script type=\"text\/javascript\">\n\/* <![CDATA[ *\/\n\/*! This file is auto-generated *\/\n!function(d,l){\"use strict\";l.querySelector&&d.addEventListener&&\"undefined\"!=typeof URL&&(d.wp=d.wp||{},d.wp.receiveEmbedMessage||(d.wp.receiveEmbedMessage=function(e){var t=e.data;if((t||t.secret||t.message||t.value)&&!\/[^a-zA-Z0-9]\/.test(t.secret)){for(var s,r,n,a=l.querySelectorAll('iframe[data-secret=\"'+t.secret+'\"]'),o=l.querySelectorAll('blockquote[data-secret=\"'+t.secret+'\"]'),c=new RegExp(\"^https?:$\",\"i\"),i=0;i<o.length;i++)o[i].style.display=\"none\";for(i=0;i<a.length;i++)s=a[i],e.source===s.contentWindow&&(s.removeAttribute(\"style\"),\"height\"===t.message?(1e3<(r=parseInt(t.value,10))?r=1e3:~~r<200&&(r=200),s.height=r):\"link\"===t.message&&(r=new URL(s.getAttribute(\"src\")),n=new URL(t.value),c.test(n.protocol))&&n.host===r.host&&l.activeElement===s&&(d.top.location.href=t.value))}},d.addEventListener(\"message\",d.wp.receiveEmbedMessage,!1),l.addEventListener(\"DOMContentLoaded\",function(){for(var e,t,s=l.querySelectorAll(\"iframe.wp-embedded-content\"),r=0;r<s.length;r++)(t=(e=s[r]).getAttribute(\"data-secret\"))||(t=Math.random().toString(36).substring(2,12),e.src+=\"#?secret=\"+t,e.setAttribute(\"data-secret\",t)),e.contentWindow.postMessage({message:\"ready\",secret:t},\"*\")},!1)))}(window,document);\n\/\/# sourceURL=https:\/\/wp.kristdemokraterna.se\/varmland\/wp-includes\/js\/wp-embed.min.js\n\/* ]]> *\/\n<\/script>\n","description":"Det \u00e4r i m\u00f6tet med andra m\u00e4nniskor vi formas som personer. Trygga familjer och andra n\u00e4ra gemenskaper \u00e4r d\u00e4rf\u00f6r en f\u00f6ruts\u00e4ttning f\u00f6r ett v\u00e4l fungerande samh\u00e4lle. Ingen familj \u00e4r dock den andra lik. V\u00e5r utg\u00e5ngspunkt \u00e4r d\u00e4rf\u00f6r att familjen och andra n\u00e4ra gemenskaper sj\u00e4lva s\u00e5 l\u00e5ngt som m\u00f6jligt ska ha makten att utforma den egna Read More"}