{"version":"1.0","provider_name":"Kristdemokraterna i V\u00e4rmland","provider_url":"https:\/\/wp.kristdemokraterna.se\/varmland","title":"Redo att kapa v\u00e5rdk\u00f6erna - Kristdemokraterna i V\u00e4rmland","type":"rich","width":600,"height":338,"html":"<blockquote class=\"wp-embedded-content\" data-secret=\"EDdZlDvbxC\"><a href=\"https:\/\/wp.kristdemokraterna.se\/varmland\/redo-att-kapa-vardkoerna\/\">Redo att kapa v\u00e5rdk\u00f6erna<\/a><\/blockquote><iframe sandbox=\"allow-scripts\" security=\"restricted\" src=\"https:\/\/wp.kristdemokraterna.se\/varmland\/redo-att-kapa-vardkoerna\/embed\/#?secret=EDdZlDvbxC\" width=\"600\" height=\"338\" title=\"\u201dRedo att kapa v\u00e5rdk\u00f6erna\u201d &ndash; Kristdemokraterna i V\u00e4rmland\" data-secret=\"EDdZlDvbxC\" frameborder=\"0\" marginwidth=\"0\" marginheight=\"0\" scrolling=\"no\" class=\"wp-embedded-content\"><\/iframe><script type=\"text\/javascript\">\n\/* <![CDATA[ *\/\n\/*! This file is auto-generated *\/\n!function(d,l){\"use strict\";l.querySelector&&d.addEventListener&&\"undefined\"!=typeof URL&&(d.wp=d.wp||{},d.wp.receiveEmbedMessage||(d.wp.receiveEmbedMessage=function(e){var t=e.data;if((t||t.secret||t.message||t.value)&&!\/[^a-zA-Z0-9]\/.test(t.secret)){for(var s,r,n,a=l.querySelectorAll('iframe[data-secret=\"'+t.secret+'\"]'),o=l.querySelectorAll('blockquote[data-secret=\"'+t.secret+'\"]'),c=new RegExp(\"^https?:$\",\"i\"),i=0;i<o.length;i++)o[i].style.display=\"none\";for(i=0;i<a.length;i++)s=a[i],e.source===s.contentWindow&&(s.removeAttribute(\"style\"),\"height\"===t.message?(1e3<(r=parseInt(t.value,10))?r=1e3:~~r<200&&(r=200),s.height=r):\"link\"===t.message&&(r=new URL(s.getAttribute(\"src\")),n=new URL(t.value),c.test(n.protocol))&&n.host===r.host&&l.activeElement===s&&(d.top.location.href=t.value))}},d.addEventListener(\"message\",d.wp.receiveEmbedMessage,!1),l.addEventListener(\"DOMContentLoaded\",function(){for(var e,t,s=l.querySelectorAll(\"iframe.wp-embedded-content\"),r=0;r<s.length;r++)(t=(e=s[r]).getAttribute(\"data-secret\"))||(t=Math.random().toString(36).substring(2,12),e.src+=\"#?secret=\"+t,e.setAttribute(\"data-secret\",t)),e.contentWindow.postMessage({message:\"ready\",secret:t},\"*\")},!1)))}(window,document);\n\/\/# sourceURL=https:\/\/wp.kristdemokraterna.se\/varmland\/wp-includes\/js\/wp-embed.min.js\n\/* ]]> *\/\n<\/script>\n","description":"V\u00e5rdk\u00f6erna \u00e4r rekordl\u00e5nga. De har f\u00f6rv\u00e4rrats av pandemin, men redan f\u00f6re dess hade de f\u00f6rdubblats under Stefan L\u00f6fvens regering. Ett viktigt sk\u00e4l \u00e4r att Sveriges v\u00e5rdsystem \u00e4r f\u00f6r\u00e5ldrat. Danmarks v\u00e5rdsystem \u00e4r fr\u00e5n 2007 och Norges \u00e4r fr\u00e5n 2002. Sveriges \u00e4r fr\u00e5n 1862. Ist\u00e4llet f\u00f6r 21 olika regioner vill vi inf\u00f6ra ett nationellt v\u00e5rdsystem som v\u00e5ra Read More"}