{"id":517,"date":"2018-06-15T16:11:25","date_gmt":"2018-06-15T14:11:25","guid":{"rendered":"http:\/\/wp.kristdemokraterna.se\/varmland2\/?page_id=517"},"modified":"2024-08-30T12:00:36","modified_gmt":"2024-08-30T10:00:36","slug":"ett-varmland-dar-det-ar-gott-att-leva","status":"publish","type":"page","link":"https:\/\/wp.kristdemokraterna.se\/varmland\/ett-varmland-dar-det-ar-gott-att-leva\/","title":{"rendered":"V\u00e5r politik"},"content":{"rendered":"<p>Kristdemokraterna har en politik f\u00f6r hela Sverige och hela V\u00e4rmland. Allt f\u00f6r ofta finns ett Stockholmsperspektiv p\u00e5 den politik som f\u00f6rs och de beslut som fattas. Men det \u00e4r ett perspektiv som inte funkar om man ska ha en politik f\u00f6r hela landet.<\/p>\n<p>Vi arbetar f\u00f6r ett samh\u00e4lle d\u00e4r alla tar ansvar och bryr sig om varandra. Vi vill g\u00f6ra Sverige till v\u00e4rldens b\u00e4sta land att v\u00e4xa upp i. Grunden f\u00f6r v\u00e5r politik \u00e4r v\u00e5r m\u00e4nniskosyn och \u00f6vertygelsen om varje m\u00e4nniskas absoluta och okr\u00e4nkbara m\u00e4nniskov\u00e4rde. Detta har sin grund i den judiskt-kristna etiken. <span style=\"float: none; background-color: transparent; color: #333333; font-family: Georgia,'Times New Roman','Bitstream Charter',Times,serif; font-size: 16px; font-style: normal; font-variant: normal; font-weight: 400; letter-spacing: normal; line-height: 24px; text-align: left; text-decoration: none; text-indent: 0px;\">En vanlig missuppfattning \u00e4r att man m\u00e5ste vara troende f\u00f6r att vara med. Det \u00e4r fel. Alla som delar v\u00e5ra id\u00e9er \u00e4r v\u00e4lkomna i partiet.<\/span><\/p>\n<p>V\u00e5r \u00f6vertygelse \u00e4r att m\u00e4nniskor utvecklas, mognar och m\u00e5r b\u00e4st i sm\u00e5 grupper. I den lilla gemenskap som en familj utg\u00f6r f\u00e5r familjemedlemmarna m\u00f6jlighet att ge och m\u00f6ta k\u00e4rlek, omtanke och f\u00f6rst\u00e5else, men ocks\u00e5 st\u00e4llas inf\u00f6r krav och ta ansvar. P\u00e5 det s\u00e4ttet anknyter familjen som gemenskap till m\u00e4nniskans djupaste behov \u2013 behovet att bli sedd och inte vara utbytbar.<\/p>\n<p>Men ocks\u00e5 i f\u00f6reningen, frivilligorganisationen och f\u00f6rsamlingen ges vi m\u00f6jlighet att bli sedda f\u00f6r de vi \u00e4r och uppleva delaktighet men ocks\u00e5 fostras till ansvarstagande. D\u00e4rf\u00f6r anser vi att det s\u00e5 kallade civila samh\u00e4llet \u00e4r en omistlig del i ett gott samh\u00e4lle.\u00a0Vi anser att makt och inflytande ska ligga s\u00e5 n\u00e4ra de enskilda m\u00e4nniskorna som m\u00f6jligt. Det offentliga ska inte utan goda sk\u00e4l l\u00e4gga sig i hur familjer formar sin vardag eller hur f\u00f6reningar organiserar sin verksamhet. Det offentliga &#8211; stat, regioner och kommuner- ska i f\u00f6rsta hand st\u00f6dja och inte styra.<\/p>\n<p>&nbsp;<\/p>\n<p>&nbsp;<\/p>\n<p>&nbsp;<\/p>\n<p>&nbsp;<\/p>\n","protected":false},"excerpt":{"rendered":"<p>Kristdemokraterna har en politik f\u00f6r hela Sverige och hela V\u00e4rmland. Allt f\u00f6r ofta finns ett Stockholmsperspektiv p\u00e5 den politik som f\u00f6rs och de beslut som fattas. Men det \u00e4r ett perspektiv som inte funkar om man ska ha en politik f\u00f6r hela landet. Vi arbetar f\u00f6r ett samh\u00e4lle d\u00e4r alla tar ansvar och bryr sig <a class=\"read-more-link\" href=\"https:\/\/wp.kristdemokraterna.se\/varmland\/ett-varmland-dar-det-ar-gott-att-leva\/\">Read More<\/a><\/p>\n","protected":false},"author":770,"featured_media":0,"parent":0,"menu_order":0,"comment_status":"closed","ping_status":"closed","template":"","meta":{"_acf_changed":false,"footnotes":""},"class_list":["post-517","page","type-page","status-publish","hentry"],"acf":[],"yoast_head":"<!-- This site is optimized with the Yoast SEO plugin v27.4 - https:\/\/yoast.com\/product\/yoast-seo-wordpress\/ -->\n<title>V\u00e5r politik - Kristdemokraterna i V\u00e4rmland<\/title>\n<meta name=\"robots\" content=\"index, follow, max-snippet:-1, max-image-preview:large, max-video-preview:-1\" \/>\n<link rel=\"canonical\" href=\"https:\/\/wp.kristdemokraterna.se\/varmland\/ett-varmland-dar-det-ar-gott-att-leva\/\" \/>\n<meta property=\"og:locale\" content=\"sv_SE\" \/>\n<meta property=\"og:type\" content=\"article\" \/>\n<meta property=\"og:title\" content=\"V\u00e5r politik - Kristdemokraterna i V\u00e4rmland\" \/>\n<meta property=\"og:description\" content=\"Kristdemokraterna har en politik f\u00f6r hela Sverige och hela V\u00e4rmland. Allt f\u00f6r ofta finns ett Stockholmsperspektiv p\u00e5 den politik som f\u00f6rs och de beslut som fattas. Men det \u00e4r ett perspektiv som inte funkar om man ska ha en politik f\u00f6r hela landet. Vi arbetar f\u00f6r ett samh\u00e4lle d\u00e4r alla tar ansvar och bryr sig Read More\" \/>\n<meta property=\"og:url\" content=\"https:\/\/wp.kristdemokraterna.se\/varmland\/ett-varmland-dar-det-ar-gott-att-leva\/\" \/>\n<meta property=\"og:site_name\" content=\"Kristdemokraterna i V\u00e4rmland\" \/>\n<meta property=\"article:modified_time\" content=\"2024-08-30T10:00:36+00:00\" \/>\n<meta name=\"twitter:card\" content=\"summary_large_image\" \/>\n<meta name=\"twitter:label1\" content=\"Ber\u00e4knad l\u00e4stid\" \/>\n\t<meta name=\"twitter:data1\" content=\"2 minuter\" \/>\n<script type=\"application\/ld+json\" class=\"yoast-schema-graph\">{\"@context\":\"https:\\\/\\\/schema.org\",\"@graph\":[{\"@type\":\"WebPage\",\"@id\":\"https:\\\/\\\/wp.kristdemokraterna.se\\\/varmland\\\/ett-varmland-dar-det-ar-gott-att-leva\\\/\",\"url\":\"https:\\\/\\\/wp.kristdemokraterna.se\\\/varmland\\\/ett-varmland-dar-det-ar-gott-att-leva\\\/\",\"name\":\"V\u00e5r politik - Kristdemokraterna i V\u00e4rmland\",\"isPartOf\":{\"@id\":\"https:\\\/\\\/wp.kristdemokraterna.se\\\/varmland\\\/#website\"},\"datePublished\":\"2018-06-15T14:11:25+00:00\",\"dateModified\":\"2024-08-30T10:00:36+00:00\",\"breadcrumb\":{\"@id\":\"https:\\\/\\\/wp.kristdemokraterna.se\\\/varmland\\\/ett-varmland-dar-det-ar-gott-att-leva\\\/#breadcrumb\"},\"inLanguage\":\"sv-SE\",\"potentialAction\":[{\"@type\":\"ReadAction\",\"target\":[\"https:\\\/\\\/wp.kristdemokraterna.se\\\/varmland\\\/ett-varmland-dar-det-ar-gott-att-leva\\\/\"]}]},{\"@type\":\"BreadcrumbList\",\"@id\":\"https:\\\/\\\/wp.kristdemokraterna.se\\\/varmland\\\/ett-varmland-dar-det-ar-gott-att-leva\\\/#breadcrumb\",\"itemListElement\":[{\"@type\":\"ListItem\",\"position\":1,\"name\":\"Hem\",\"item\":\"https:\\\/\\\/wp.kristdemokraterna.se\\\/varmland\\\/\"},{\"@type\":\"ListItem\",\"position\":2,\"name\":\"V\u00e5r politik\"}]},{\"@type\":\"WebSite\",\"@id\":\"https:\\\/\\\/wp.kristdemokraterna.se\\\/varmland\\\/#website\",\"url\":\"https:\\\/\\\/wp.kristdemokraterna.se\\\/varmland\\\/\",\"name\":\"Kristdemokraterna i V\u00e4rmland\",\"description\":\"En till Kristdemokraterna webbplats\",\"inLanguage\":\"sv-SE\"}]}<\/script>\n<!-- \/ Yoast SEO plugin. -->","yoast_head_json":{"title":"V\u00e5r politik - Kristdemokraterna i V\u00e4rmland","robots":{"index":"index","follow":"follow","max-snippet":"max-snippet:-1","max-image-preview":"max-image-preview:large","max-video-preview":"max-video-preview:-1"},"canonical":"https:\/\/wp.kristdemokraterna.se\/varmland\/ett-varmland-dar-det-ar-gott-att-leva\/","og_locale":"sv_SE","og_type":"article","og_title":"V\u00e5r politik - Kristdemokraterna i V\u00e4rmland","og_description":"Kristdemokraterna har en politik f\u00f6r hela Sverige och hela V\u00e4rmland. Allt f\u00f6r ofta finns ett Stockholmsperspektiv p\u00e5 den politik som f\u00f6rs och de beslut som fattas. Men det \u00e4r ett perspektiv som inte funkar om man ska ha en politik f\u00f6r hela landet. Vi arbetar f\u00f6r ett samh\u00e4lle d\u00e4r alla tar ansvar och bryr sig Read More","og_url":"https:\/\/wp.kristdemokraterna.se\/varmland\/ett-varmland-dar-det-ar-gott-att-leva\/","og_site_name":"Kristdemokraterna i V\u00e4rmland","article_modified_time":"2024-08-30T10:00:36+00:00","twitter_card":"summary_large_image","twitter_misc":{"Ber\u00e4knad l\u00e4stid":"2 minuter"},"schema":{"@context":"https:\/\/schema.org","@graph":[{"@type":"WebPage","@id":"https:\/\/wp.kristdemokraterna.se\/varmland\/ett-varmland-dar-det-ar-gott-att-leva\/","url":"https:\/\/wp.kristdemokraterna.se\/varmland\/ett-varmland-dar-det-ar-gott-att-leva\/","name":"V\u00e5r politik - Kristdemokraterna i V\u00e4rmland","isPartOf":{"@id":"https:\/\/wp.kristdemokraterna.se\/varmland\/#website"},"datePublished":"2018-06-15T14:11:25+00:00","dateModified":"2024-08-30T10:00:36+00:00","breadcrumb":{"@id":"https:\/\/wp.kristdemokraterna.se\/varmland\/ett-varmland-dar-det-ar-gott-att-leva\/#breadcrumb"},"inLanguage":"sv-SE","potentialAction":[{"@type":"ReadAction","target":["https:\/\/wp.kristdemokraterna.se\/varmland\/ett-varmland-dar-det-ar-gott-att-leva\/"]}]},{"@type":"BreadcrumbList","@id":"https:\/\/wp.kristdemokraterna.se\/varmland\/ett-varmland-dar-det-ar-gott-att-leva\/#breadcrumb","itemListElement":[{"@type":"ListItem","position":1,"name":"Hem","item":"https:\/\/wp.kristdemokraterna.se\/varmland\/"},{"@type":"ListItem","position":2,"name":"V\u00e5r politik"}]},{"@type":"WebSite","@id":"https:\/\/wp.kristdemokraterna.se\/varmland\/#website","url":"https:\/\/wp.kristdemokraterna.se\/varmland\/","name":"Kristdemokraterna i V\u00e4rmland","description":"En till Kristdemokraterna webbplats","inLanguage":"sv-SE"}]}},"_links":{"self":[{"href":"https:\/\/wp.kristdemokraterna.se\/varmland\/wp-json\/wp\/v2\/pages\/517","targetHints":{"allow":["GET"]}}],"collection":[{"href":"https:\/\/wp.kristdemokraterna.se\/varmland\/wp-json\/wp\/v2\/pages"}],"about":[{"href":"https:\/\/wp.kristdemokraterna.se\/varmland\/wp-json\/wp\/v2\/types\/page"}],"author":[{"embeddable":true,"href":"https:\/\/wp.kristdemokraterna.se\/varmland\/wp-json\/wp\/v2\/users\/770"}],"replies":[{"embeddable":true,"href":"https:\/\/wp.kristdemokraterna.se\/varmland\/wp-json\/wp\/v2\/comments?post=517"}],"version-history":[{"count":9,"href":"https:\/\/wp.kristdemokraterna.se\/varmland\/wp-json\/wp\/v2\/pages\/517\/revisions"}],"predecessor-version":[{"id":898,"href":"https:\/\/wp.kristdemokraterna.se\/varmland\/wp-json\/wp\/v2\/pages\/517\/revisions\/898"}],"wp:attachment":[{"href":"https:\/\/wp.kristdemokraterna.se\/varmland\/wp-json\/wp\/v2\/media?parent=517"}],"curies":[{"name":"wp","href":"https:\/\/api.w.org\/{rel}","templated":true}]}}